{"id":1419,"date":"2024-03-04T15:32:15","date_gmt":"2024-03-04T14:32:15","guid":{"rendered":"https:\/\/www.losencuentrosdepamplona.com\/news\/"},"modified":"2026-03-04T17:22:45","modified_gmt":"2026-03-04T16:22:45","slug":"news","status":"publish","type":"page","link":"https:\/\/www.losencuentrosdepamplona.com\/en\/news\/","title":{"rendered":"News"},"content":{"rendered":"\t\t<div data-elementor-type=\"wp-page\" data-elementor-id=\"1419\" class=\"elementor elementor-1419 elementor-1077\" data-elementor-post-type=\"page\">\n\t\t\t\t<div data-dce-background-overlay-color=\"#FFFFFF\" data-dce-background-image-url=\"https:\/\/www.losencuentrosdepamplona.com\/wp-content\/uploads\/2026\/02\/Recurso-2-100.jpg\" class=\"elementor-element elementor-element-e410683 e-flex e-con-boxed e-con e-parent\" data-id=\"e410683\" data-element_type=\"container\" data-settings=\"{&quot;background_background&quot;:&quot;classic&quot;}\">\n\t\t\t\t\t<div class=\"e-con-inner\">\n\t\t\t\t<div class=\"elementor-element elementor-element-376f822 elementor-widget elementor-widget-heading\" data-id=\"376f822\" data-element_type=\"widget\" data-widget_type=\"heading.default\">\n\t\t\t\t<div class=\"elementor-widget-container\">\n\t\t\t<h2 class=\"elementor-heading-title elementor-size-default\">NEWS<\/h2>\t\t<\/div>\n\t\t\t\t<\/div>\n\t\t\t\t\t<\/div>\n\t\t\t\t<\/div>\n\t\t<div class=\"elementor-element elementor-element-e283b04 e-flex e-con-boxed e-con e-parent\" data-id=\"e283b04\" data-element_type=\"container\">\n\t\t\t\t\t<div class=\"e-con-inner\">\n\t\t\t\t<div class=\"elementor-element elementor-element-d25591e uael-equal__height-yes uael-posts-thumbnail-ratio elementor-widget elementor-widget-uael-posts\" data-id=\"d25591e\" data-element_type=\"widget\" data-settings=\"{&quot;classic_slides_to_show&quot;:3,&quot;classic_slides_to_show_tablet&quot;:2,&quot;classic_slides_to_show_mobile&quot;:1,&quot;classic_pagination_type&quot;:&quot;ajax&quot;,&quot;classic_show_filters&quot;:&quot;no&quot;}\" data-widget_type=\"uael-posts.classic\">\n\t\t\t\t<div class=\"elementor-widget-container\">\n\t\t\t\t\t<div class=\"uael-post__header\">\n\t\t\t\t\t<\/div>\n\t\t<div class=\"uael-post__body\">\n\t\t\t\n\t\t\n\t\t<div class=\"uael-blog-terms-position-above_content uael-post-image-top uael-post-grid uael-posts\" data-query-type=\"custom\" data-structure=\"normal\" data-layout=\"\" data-page=\"1419\" data-skin=\"classic\" data-filter-default=\"\" data-offset-top=\"30\" >\n\n\t\t\t\t\t\t\t<div class=\"uael-post-grid__inner uael-post__columns-3 uael-post__columns-tablet-2 uael-post__columns-mobile-1\">\n\t\t\t\n<div class=\"uael-post-wrapper   +-encuentros-navarra \">\n\t<div class=\"uael-post__bg-wrap uael-bg-wrap-disabled \">\n\n\t\t\t\t\n\t\t<div class=\"uael-post__inner-wrap uael-inner-wrap-disabled\">\n\n\t\t\t\t<div class=\"uael-post__thumbnail\">\n\t\t\t\n\t\t\t<a href=\"https:\/\/www.losencuentrosdepamplona.com\/en\/artistas-y-alumnado-rural-y-de-bachillerato-artistico-se-unen-para-reflexionar-y-experimentar-en-la-escuela-de-los-encuentros-topaketen-eskola-2026\/\" target=\"_self\" title=\"Artistas y alumnado rural y de bachillerato art\u00edstico se unen para reflexionar y experimentar en la Escuela de los Encuentros \/ Topaketen Eskola 2026\"><img fetchpriority=\"high\" decoding=\"async\" width=\"1800\" height=\"1199\" src=\"https:\/\/www.losencuentrosdepamplona.com\/wp-content\/uploads\/2026\/03\/Presentacion-Escuela-de-los-Encuentros-2026-01_baja.jpg\" class=\"attachment-full size-full wp-image-14877\" alt=\"\" srcset=\"https:\/\/www.losencuentrosdepamplona.com\/wp-content\/uploads\/2026\/03\/Presentacion-Escuela-de-los-Encuentros-2026-01_baja.jpg 1800w, https:\/\/www.losencuentrosdepamplona.com\/wp-content\/uploads\/2026\/03\/Presentacion-Escuela-de-los-Encuentros-2026-01_baja-300x200.jpg 300w, https:\/\/www.losencuentrosdepamplona.com\/wp-content\/uploads\/2026\/03\/Presentacion-Escuela-de-los-Encuentros-2026-01_baja-1024x682.jpg 1024w, https:\/\/www.losencuentrosdepamplona.com\/wp-content\/uploads\/2026\/03\/Presentacion-Escuela-de-los-Encuentros-2026-01_baja-768x512.jpg 768w, https:\/\/www.losencuentrosdepamplona.com\/wp-content\/uploads\/2026\/03\/Presentacion-Escuela-de-los-Encuentros-2026-01_baja-391x260.jpg 391w, https:\/\/www.losencuentrosdepamplona.com\/wp-content\/uploads\/2026\/03\/Presentacion-Escuela-de-los-Encuentros-2026-01_baja-1536x1023.jpg 1536w, https:\/\/www.losencuentrosdepamplona.com\/wp-content\/uploads\/2026\/03\/Presentacion-Escuela-de-los-Encuentros-2026-01_baja-930x620.jpg 930w\" sizes=\"(max-width: 1800px) 100vw, 1800px\" \/><\/a>\n\t\t\t\t\t<\/div>\n\t\t\n\t\t\t\n\t\t\t<div class=\"uael-post__content-wrap uael-content-wrap-disabled\">\n\t\t\t\t\t\t\t<div class=\"uael-post__terms-wrap\"><span class=\"uael-post__terms\"><span class=\"uael-listing__terms-link\">+ Encuentros Navarra<\/span><\/span><\/div>\n\t\t\t\t\t\t<h3 class=\"uael-post__title\">\n\n\t\t\n\t\t\t\t\t\t<a href=\"https:\/\/www.losencuentrosdepamplona.com\/en\/artistas-y-alumnado-rural-y-de-bachillerato-artistico-se-unen-para-reflexionar-y-experimentar-en-la-escuela-de-los-encuentros-topaketen-eskola-2026\/\" target=\"_self\">\n\t\t\t\tArtistas y alumnado rural y de bachillerato art\u00edstico se unen para reflexionar y experimentar en la Escuela de los Encuentros \/ Topaketen Eskola 2026\t\t\t<\/a>\n\n\t\t\t\t<\/h3>\n\t\t\t\t\t<div class=\"uael-post__meta-data\">\n\t\t\t\t\t<span class=\"uael-post__date\">\n\t\t\t\t\t\t\t\t\t\t\t\t\t\t\t\t\t\t\t\t\t\t\n\t\t\t24\/03\/2026\t\t<\/span>\n\t\t\t\t<\/div>\n\t\t\t\t\t<\/div>\n\t\t\t\n\t\t<\/div>\n\t\t\n\t<\/div>\n\n<\/div>\n\n<div class=\"uael-post-wrapper   encuentros \">\n\t<div class=\"uael-post__bg-wrap uael-bg-wrap-disabled \">\n\n\t\t\t\t\n\t\t<div class=\"uael-post__inner-wrap uael-inner-wrap-disabled\">\n\n\t\t\t\t<div class=\"uael-post__thumbnail\">\n\t\t\t\n\t\t\t<a href=\"https:\/\/www.losencuentrosdepamplona.com\/en\/la-bienal-encuentros-de-pamplona-iruneko-topaketak-presenta-en-caixaforum-madrid-el-cartel-de-su-tercera-edicion-obra-de-perejaume-y-avanza-nombres-de-su-programa\/\" target=\"_self\" title=\"La bienal Encuentros de Pamplona \/ Iru\u00f1eko Topaketak presenta en CaixaForum Madrid el cartel de su tercera edici\u00f3n, obra de Perejaume, y avanza nombres de su programa\"><img decoding=\"async\" width=\"2560\" height=\"1441\" src=\"https:\/\/www.losencuentrosdepamplona.com\/wp-content\/uploads\/2026\/03\/Presentacion-Los-Encuentros-050326-scaled.jpg\" class=\"attachment-full size-full wp-image-14177\" alt=\"\" srcset=\"https:\/\/www.losencuentrosdepamplona.com\/wp-content\/uploads\/2026\/03\/Presentacion-Los-Encuentros-050326-scaled.jpg 2560w, https:\/\/www.losencuentrosdepamplona.com\/wp-content\/uploads\/2026\/03\/Presentacion-Los-Encuentros-050326-300x169.jpg 300w, https:\/\/www.losencuentrosdepamplona.com\/wp-content\/uploads\/2026\/03\/Presentacion-Los-Encuentros-050326-1024x577.jpg 1024w, https:\/\/www.losencuentrosdepamplona.com\/wp-content\/uploads\/2026\/03\/Presentacion-Los-Encuentros-050326-768x432.jpg 768w, https:\/\/www.losencuentrosdepamplona.com\/wp-content\/uploads\/2026\/03\/Presentacion-Los-Encuentros-050326-1536x865.jpg 1536w, https:\/\/www.losencuentrosdepamplona.com\/wp-content\/uploads\/2026\/03\/Presentacion-Los-Encuentros-050326-2048x1153.jpg 2048w\" sizes=\"(max-width: 2560px) 100vw, 2560px\" \/><\/a>\n\t\t\t\t\t<\/div>\n\t\t\n\t\t\t\n\t\t\t<div class=\"uael-post__content-wrap uael-content-wrap-disabled\">\n\t\t\t\t\t\t\t<div class=\"uael-post__terms-wrap\"><span class=\"uael-post__terms\"><span class=\"uael-listing__terms-link\">Encuentros<\/span><\/span><\/div>\n\t\t\t\t\t\t<h3 class=\"uael-post__title\">\n\n\t\t\n\t\t\t\t\t\t<a href=\"https:\/\/www.losencuentrosdepamplona.com\/en\/la-bienal-encuentros-de-pamplona-iruneko-topaketak-presenta-en-caixaforum-madrid-el-cartel-de-su-tercera-edicion-obra-de-perejaume-y-avanza-nombres-de-su-programa\/\" target=\"_self\">\n\t\t\t\tLa bienal Encuentros de Pamplona \/ Iru\u00f1eko Topaketak presenta en CaixaForum Madrid el cartel de su tercera edici\u00f3n, obra de Perejaume, y avanza nombres de su programa\t\t\t<\/a>\n\n\t\t\t\t<\/h3>\n\t\t\t\t\t<div class=\"uael-post__meta-data\">\n\t\t\t\t\t<span class=\"uael-post__date\">\n\t\t\t\t\t\t\t\t\t\t\t\t\t\t\t\t\t\t\t\t\t\t\n\t\t\t05\/03\/2026\t\t<\/span>\n\t\t\t\t<\/div>\n\t\t\t\t\t<\/div>\n\t\t\t\n\t\t<\/div>\n\t\t\n\t<\/div>\n\n<\/div>\n\n<div class=\"uael-post-wrapper   sin-categorizar \">\n\t<div class=\"uael-post__bg-wrap uael-bg-wrap-disabled \">\n\n\t\t\t\t\n\t\t<div class=\"uael-post__inner-wrap uael-inner-wrap-disabled\">\n\n\t\t\t\t<div class=\"uael-post__thumbnail\">\n\t\t\t\n\t\t\t<a href=\"https:\/\/www.losencuentrosdepamplona.com\/en\/inaugurada-la-exposicion-de-los-proyectos-seleccionados-en-la-memoria-artistica-de-los-encuentros-topaketen-memoria-artistikoa\/\" target=\"_self\" title=\"Inaugurada la Exposici\u00f3n de los proyectos seleccionados en la MEMORIA ART\u00cdSTICA DE LOS ENCUENTROS \/ TOPAKETEN MEMORIA ARTISTIKOA\"><img decoding=\"async\" width=\"2560\" height=\"1441\" src=\"https:\/\/www.losencuentrosdepamplona.com\/wp-content\/uploads\/2025\/10\/Foto-Grupo-Memoria-Encuentros-scaled.jpeg\" class=\"attachment-full size-full wp-image-13277\" alt=\"\" srcset=\"https:\/\/www.losencuentrosdepamplona.com\/wp-content\/uploads\/2025\/10\/Foto-Grupo-Memoria-Encuentros-scaled.jpeg 2560w, https:\/\/www.losencuentrosdepamplona.com\/wp-content\/uploads\/2025\/10\/Foto-Grupo-Memoria-Encuentros-300x169.jpeg 300w, https:\/\/www.losencuentrosdepamplona.com\/wp-content\/uploads\/2025\/10\/Foto-Grupo-Memoria-Encuentros-1024x577.jpeg 1024w, https:\/\/www.losencuentrosdepamplona.com\/wp-content\/uploads\/2025\/10\/Foto-Grupo-Memoria-Encuentros-768x432.jpeg 768w, https:\/\/www.losencuentrosdepamplona.com\/wp-content\/uploads\/2025\/10\/Foto-Grupo-Memoria-Encuentros-1536x865.jpeg 1536w, https:\/\/www.losencuentrosdepamplona.com\/wp-content\/uploads\/2025\/10\/Foto-Grupo-Memoria-Encuentros-2048x1153.jpeg 2048w\" sizes=\"(max-width: 2560px) 100vw, 2560px\" \/><\/a>\n\t\t\t\t\t<\/div>\n\t\t\n\t\t\t\n\t\t\t<div class=\"uael-post__content-wrap uael-content-wrap-disabled\">\n\t\t\t\t\t\t\t<div class=\"uael-post__terms-wrap\"><span class=\"uael-post__terms\"><span class=\"uael-listing__terms-link\">Sin categorizar<\/span><\/span><\/div>\n\t\t\t\t\t\t<h3 class=\"uael-post__title\">\n\n\t\t\n\t\t\t\t\t\t<a href=\"https:\/\/www.losencuentrosdepamplona.com\/en\/inaugurada-la-exposicion-de-los-proyectos-seleccionados-en-la-memoria-artistica-de-los-encuentros-topaketen-memoria-artistikoa\/\" target=\"_self\">\n\t\t\t\tInaugurada la Exposici\u00f3n de los proyectos seleccionados en la MEMORIA ART\u00cdSTICA DE LOS ENCUENTROS \/ TOPAKETEN MEMORIA ARTISTIKOA\t\t\t<\/a>\n\n\t\t\t\t<\/h3>\n\t\t\t\t\t<div class=\"uael-post__meta-data\">\n\t\t\t\t\t<span class=\"uael-post__date\">\n\t\t\t\t\t\t\t\t\t\t\t\t\t\t\t\t\t\t\t\t\t\t\n\t\t\t30\/10\/2025\t\t<\/span>\n\t\t\t\t<\/div>\n\t\t\t\t\t<\/div>\n\t\t\t\n\t\t<\/div>\n\t\t\n\t<\/div>\n\n<\/div>\n\n<div class=\"uael-post-wrapper   encuentros \">\n\t<div class=\"uael-post__bg-wrap uael-bg-wrap-disabled \">\n\n\t\t\t\t\n\t\t<div class=\"uael-post__inner-wrap uael-inner-wrap-disabled\">\n\n\t\t\t\t<div class=\"uael-post__thumbnail\">\n\t\t\t\n\t\t\t<a href=\"https:\/\/www.losencuentrosdepamplona.com\/en\/la-tercera-edicion-de-los-encuentros-de-pamplona-iruneko-topaketak-tendra-lugar-del-2-al-12-de-octubre-de-2026\/\" target=\"_self\" title=\"La tercera edici\u00f3n de los Encuentros de Pamplona\/Iru\u00f1eko Topaketak  tendr\u00e1 lugar del 2 al 12 de octubre de 2026\"><img loading=\"lazy\" decoding=\"async\" width=\"2560\" height=\"1707\" src=\"https:\/\/www.losencuentrosdepamplona.com\/wp-content\/uploads\/2025\/10\/091025-CUL-Encuentros-1-scaled.jpg\" class=\"attachment-full size-full wp-image-13188\" alt=\"\" srcset=\"https:\/\/www.losencuentrosdepamplona.com\/wp-content\/uploads\/2025\/10\/091025-CUL-Encuentros-1-scaled.jpg 2560w, https:\/\/www.losencuentrosdepamplona.com\/wp-content\/uploads\/2025\/10\/091025-CUL-Encuentros-1-300x200.jpg 300w, https:\/\/www.losencuentrosdepamplona.com\/wp-content\/uploads\/2025\/10\/091025-CUL-Encuentros-1-1024x683.jpg 1024w, https:\/\/www.losencuentrosdepamplona.com\/wp-content\/uploads\/2025\/10\/091025-CUL-Encuentros-1-768x512.jpg 768w, https:\/\/www.losencuentrosdepamplona.com\/wp-content\/uploads\/2025\/10\/091025-CUL-Encuentros-1-391x260.jpg 391w, https:\/\/www.losencuentrosdepamplona.com\/wp-content\/uploads\/2025\/10\/091025-CUL-Encuentros-1-1536x1024.jpg 1536w, https:\/\/www.losencuentrosdepamplona.com\/wp-content\/uploads\/2025\/10\/091025-CUL-Encuentros-1-2048x1365.jpg 2048w, https:\/\/www.losencuentrosdepamplona.com\/wp-content\/uploads\/2025\/10\/091025-CUL-Encuentros-1-930x620.jpg 930w\" sizes=\"(max-width: 2560px) 100vw, 2560px\" \/><\/a>\n\t\t\t\t\t<\/div>\n\t\t\n\t\t\t\n\t\t\t<div class=\"uael-post__content-wrap uael-content-wrap-disabled\">\n\t\t\t\t\t\t\t<div class=\"uael-post__terms-wrap\"><span class=\"uael-post__terms\"><span class=\"uael-listing__terms-link\">Encuentros<\/span><\/span><\/div>\n\t\t\t\t\t\t<h3 class=\"uael-post__title\">\n\n\t\t\n\t\t\t\t\t\t<a href=\"https:\/\/www.losencuentrosdepamplona.com\/en\/la-tercera-edicion-de-los-encuentros-de-pamplona-iruneko-topaketak-tendra-lugar-del-2-al-12-de-octubre-de-2026\/\" target=\"_self\">\n\t\t\t\tLa tercera edici\u00f3n de los Encuentros de Pamplona\/Iru\u00f1eko Topaketak  tendr\u00e1 lugar del 2 al 12 de octubre de 2026\t\t\t<\/a>\n\n\t\t\t\t<\/h3>\n\t\t\t\t\t<div class=\"uael-post__meta-data\">\n\t\t\t\t\t<span class=\"uael-post__date\">\n\t\t\t\t\t\t\t\t\t\t\t\t\t\t\t\t\t\t\t\t\t\t\n\t\t\t09\/10\/2025\t\t<\/span>\n\t\t\t\t<\/div>\n\t\t\t\t\t<\/div>\n\t\t\t\n\t\t<\/div>\n\t\t\n\t<\/div>\n\n<\/div>\n\n<div class=\"uael-post-wrapper   encuentros \">\n\t<div class=\"uael-post__bg-wrap uael-bg-wrap-disabled \">\n\n\t\t\t\t\n\t\t<div class=\"uael-post__inner-wrap uael-inner-wrap-disabled\">\n\n\t\t\t\t<div class=\"uael-post__thumbnail\">\n\t\t\t\n\t\t\t<a href=\"https:\/\/www.losencuentrosdepamplona.com\/en\/las-instalaciones-en-la-plaza-de-baluarte-para-los-encuentros-de-pamplona-72-22-y-2024-de-la-escuela-tecnica-superior-de-arquitectura-universidad-de-navarra-premiadas-en-los-premios-coavn-2025\/\" target=\"_self\" title=\"Las instalaciones en la plaza de Baluarte para los Encuentros de Pamplona 72-22 y 2024 de la Escuela T\u00e9cnica Superior de Arquitectura Universidad de Navarra premiadas en los premios COAVN 2025\"><img loading=\"lazy\" decoding=\"async\" width=\"1440\" height=\"960\" src=\"https:\/\/www.losencuentrosdepamplona.com\/wp-content\/uploads\/2025\/04\/010-escuela_de_arqutectura_universidad_de_navarra-los_encuentros_72_22-photo_txisti.jpg\" class=\"attachment-full size-full wp-image-13146\" alt=\"\" srcset=\"https:\/\/www.losencuentrosdepamplona.com\/wp-content\/uploads\/2025\/04\/010-escuela_de_arqutectura_universidad_de_navarra-los_encuentros_72_22-photo_txisti.jpg 1440w, https:\/\/www.losencuentrosdepamplona.com\/wp-content\/uploads\/2025\/04\/010-escuela_de_arqutectura_universidad_de_navarra-los_encuentros_72_22-photo_txisti-300x200.jpg 300w, https:\/\/www.losencuentrosdepamplona.com\/wp-content\/uploads\/2025\/04\/010-escuela_de_arqutectura_universidad_de_navarra-los_encuentros_72_22-photo_txisti-1024x683.jpg 1024w, https:\/\/www.losencuentrosdepamplona.com\/wp-content\/uploads\/2025\/04\/010-escuela_de_arqutectura_universidad_de_navarra-los_encuentros_72_22-photo_txisti-768x512.jpg 768w, https:\/\/www.losencuentrosdepamplona.com\/wp-content\/uploads\/2025\/04\/010-escuela_de_arqutectura_universidad_de_navarra-los_encuentros_72_22-photo_txisti-391x260.jpg 391w, https:\/\/www.losencuentrosdepamplona.com\/wp-content\/uploads\/2025\/04\/010-escuela_de_arqutectura_universidad_de_navarra-los_encuentros_72_22-photo_txisti-930x620.jpg 930w\" sizes=\"(max-width: 1440px) 100vw, 1440px\" \/><\/a>\n\t\t\t\t\t<\/div>\n\t\t\n\t\t\t\n\t\t\t<div class=\"uael-post__content-wrap uael-content-wrap-disabled\">\n\t\t\t\t\t\t\t<div class=\"uael-post__terms-wrap\"><span class=\"uael-post__terms\"><span class=\"uael-listing__terms-link\">Encuentros<\/span><\/span><\/div>\n\t\t\t\t\t\t<h3 class=\"uael-post__title\">\n\n\t\t\n\t\t\t\t\t\t<a href=\"https:\/\/www.losencuentrosdepamplona.com\/en\/las-instalaciones-en-la-plaza-de-baluarte-para-los-encuentros-de-pamplona-72-22-y-2024-de-la-escuela-tecnica-superior-de-arquitectura-universidad-de-navarra-premiadas-en-los-premios-coavn-2025\/\" target=\"_self\">\n\t\t\t\tLas instalaciones en la plaza de Baluarte para los Encuentros de Pamplona 72-22 y 2024 de la Escuela T\u00e9cnica Superior de Arquitectura Universidad de Navarra premiadas en los premios COAVN 2025\t\t\t<\/a>\n\n\t\t\t\t<\/h3>\n\t\t\t\t\t<div class=\"uael-post__meta-data\">\n\t\t\t\t\t<span class=\"uael-post__date\">\n\t\t\t\t\t\t\t\t\t\t\t\t\t\t\t\t\t\t\t\t\t\t\n\t\t\t03\/04\/2025\t\t<\/span>\n\t\t\t\t<\/div>\n\t\t\t\t\t<\/div>\n\t\t\t\n\t\t<\/div>\n\t\t\n\t<\/div>\n\n<\/div>\n\n<div class=\"uael-post-wrapper   encuentros \">\n\t<div class=\"uael-post__bg-wrap uael-bg-wrap-disabled \">\n\n\t\t\t\t\n\t\t<div class=\"uael-post__inner-wrap uael-inner-wrap-disabled\">\n\n\t\t\t\t<div class=\"uael-post__thumbnail\">\n\t\t\t\n\t\t\t<a href=\"https:\/\/www.losencuentrosdepamplona.com\/en\/presentados-los-6-proyectos-de-creacion-seleccionados-en-la-convocatoria-memoria-artistica-de-los-encuentros-2024\/\" target=\"_self\" title=\"Presentados los 6 proyectos de creaci\u00f3n seleccionados en la convocatoria Memoria Art\u00edstica de los Encuentros 2024\"><img loading=\"lazy\" decoding=\"async\" width=\"1480\" height=\"987\" src=\"https:\/\/www.losencuentrosdepamplona.com\/wp-content\/uploads\/2025\/02\/100225-MO1_9749-grupo.jpg-scaled-e1739189132103.jpg\" class=\"attachment-full size-full wp-image-13095\" alt=\"\" \/><\/a>\n\t\t\t\t\t<\/div>\n\t\t\n\t\t\t\n\t\t\t<div class=\"uael-post__content-wrap uael-content-wrap-disabled\">\n\t\t\t\t\t\t\t<div class=\"uael-post__terms-wrap\"><span class=\"uael-post__terms\"><span class=\"uael-listing__terms-link\">Encuentros<\/span><\/span><\/div>\n\t\t\t\t\t\t<h3 class=\"uael-post__title\">\n\n\t\t\n\t\t\t\t\t\t<a href=\"https:\/\/www.losencuentrosdepamplona.com\/en\/presentados-los-6-proyectos-de-creacion-seleccionados-en-la-convocatoria-memoria-artistica-de-los-encuentros-2024\/\" target=\"_self\">\n\t\t\t\tPresentados los 6 proyectos de creaci\u00f3n seleccionados en la convocatoria Memoria Art\u00edstica de los Encuentros 2024\t\t\t<\/a>\n\n\t\t\t\t<\/h3>\n\t\t\t\t\t<div class=\"uael-post__meta-data\">\n\t\t\t\t\t<span class=\"uael-post__date\">\n\t\t\t\t\t\t\t\t\t\t\t\t\t\t\t\t\t\t\t\t\t\t\n\t\t\t10\/02\/2025\t\t<\/span>\n\t\t\t\t<\/div>\n\t\t\t\t\t<\/div>\n\t\t\t\n\t\t<\/div>\n\t\t\n\t<\/div>\n\n<\/div>\n\n<div class=\"uael-post-wrapper   encuentros \">\n\t<div class=\"uael-post__bg-wrap uael-bg-wrap-disabled \">\n\n\t\t\t\t\n\t\t<div class=\"uael-post__inner-wrap uael-inner-wrap-disabled\">\n\n\t\t\t\t<div class=\"uael-post__thumbnail\">\n\t\t\t\n\t\t\t<a href=\"https:\/\/www.losencuentrosdepamplona.com\/en\/los-encuentros-se-consolidan-como-un-referente-cultural-en-el-panorama-nacional\/\" target=\"_self\" title=\"Los Encuentros se consolidan como un referente cultural en el panorama nacional\u00a0\"><img loading=\"lazy\" decoding=\"async\" width=\"8000\" height=\"4716\" src=\"https:\/\/www.losencuentrosdepamplona.com\/wp-content\/uploads\/2025\/01\/LOGO-BILINGUE_Mesa-de-trabajo-1-copia.png\" class=\"attachment-full size-full wp-image-12987\" alt=\"\" srcset=\"https:\/\/www.losencuentrosdepamplona.com\/wp-content\/uploads\/2025\/01\/LOGO-BILINGUE_Mesa-de-trabajo-1-copia.png 8000w, https:\/\/www.losencuentrosdepamplona.com\/wp-content\/uploads\/2025\/01\/LOGO-BILINGUE_Mesa-de-trabajo-1-copia-300x177.png 300w, https:\/\/www.losencuentrosdepamplona.com\/wp-content\/uploads\/2025\/01\/LOGO-BILINGUE_Mesa-de-trabajo-1-copia-1024x604.png 1024w, https:\/\/www.losencuentrosdepamplona.com\/wp-content\/uploads\/2025\/01\/LOGO-BILINGUE_Mesa-de-trabajo-1-copia-768x453.png 768w, https:\/\/www.losencuentrosdepamplona.com\/wp-content\/uploads\/2025\/01\/LOGO-BILINGUE_Mesa-de-trabajo-1-copia-1536x905.png 1536w, https:\/\/www.losencuentrosdepamplona.com\/wp-content\/uploads\/2025\/01\/LOGO-BILINGUE_Mesa-de-trabajo-1-copia-2048x1207.png 2048w\" sizes=\"(max-width: 8000px) 100vw, 8000px\" \/><\/a>\n\t\t\t\t\t<\/div>\n\t\t\n\t\t\t\n\t\t\t<div class=\"uael-post__content-wrap uael-content-wrap-disabled\">\n\t\t\t\t\t\t\t<div class=\"uael-post__terms-wrap\"><span class=\"uael-post__terms\"><span class=\"uael-listing__terms-link\">Encuentros<\/span><\/span><\/div>\n\t\t\t\t\t\t<h3 class=\"uael-post__title\">\n\n\t\t\n\t\t\t\t\t\t<a href=\"https:\/\/www.losencuentrosdepamplona.com\/en\/los-encuentros-se-consolidan-como-un-referente-cultural-en-el-panorama-nacional\/\" target=\"_self\">\n\t\t\t\tLos Encuentros se consolidan como un referente cultural en el panorama nacional\u00a0\t\t\t<\/a>\n\n\t\t\t\t<\/h3>\n\t\t\t\t\t<div class=\"uael-post__meta-data\">\n\t\t\t\t\t<span class=\"uael-post__date\">\n\t\t\t\t\t\t\t\t\t\t\t\t\t\t\t\t\t\t\t\t\t\t\n\t\t\t30\/01\/2025\t\t<\/span>\n\t\t\t\t<\/div>\n\t\t\t\t\t<\/div>\n\t\t\t\n\t\t<\/div>\n\t\t\n\t<\/div>\n\n<\/div>\n\n<div class=\"uael-post-wrapper   +-encuentros-navarra sin-categorizar \">\n\t<div class=\"uael-post__bg-wrap uael-bg-wrap-disabled \">\n\n\t\t\t\t\n\t\t<div class=\"uael-post__inner-wrap uael-inner-wrap-disabled\">\n\n\t\t\t\t<div class=\"uael-post__thumbnail\">\n\t\t\t\n\t\t\t<a href=\"https:\/\/www.losencuentrosdepamplona.com\/en\/encuentros-lleva-la-bienal-al-territorio-con-conferencias-y-actividades-artisticas-en-tudela-tafalla-san-adrian-estella-altsasu-bera-lesaka-y-aoiz\/\" target=\"_self\" title=\"+Encuentros\u00a0lleva la bienal al territorio con conferencias y actividades art\u00edsticas en Tudela, Tafalla, San Adr\u00edan, Estella, Altsasu, Bera, Lesaka y Aoiz\u00a0\"><img loading=\"lazy\" decoding=\"async\" width=\"1600\" height=\"1067\" src=\"https:\/\/www.losencuentrosdepamplona.com\/wp-content\/uploads\/2024\/10\/mas-encuentros.jpg\" class=\"attachment-full size-full wp-image-12873\" alt=\"\" srcset=\"https:\/\/www.losencuentrosdepamplona.com\/wp-content\/uploads\/2024\/10\/mas-encuentros.jpg 1600w, https:\/\/www.losencuentrosdepamplona.com\/wp-content\/uploads\/2024\/10\/mas-encuentros-300x200.jpg 300w, https:\/\/www.losencuentrosdepamplona.com\/wp-content\/uploads\/2024\/10\/mas-encuentros-1024x683.jpg 1024w, https:\/\/www.losencuentrosdepamplona.com\/wp-content\/uploads\/2024\/10\/mas-encuentros-768x512.jpg 768w, https:\/\/www.losencuentrosdepamplona.com\/wp-content\/uploads\/2024\/10\/mas-encuentros-391x260.jpg 391w, https:\/\/www.losencuentrosdepamplona.com\/wp-content\/uploads\/2024\/10\/mas-encuentros-1536x1024.jpg 1536w, https:\/\/www.losencuentrosdepamplona.com\/wp-content\/uploads\/2024\/10\/mas-encuentros-930x620.jpg 930w\" sizes=\"(max-width: 1600px) 100vw, 1600px\" \/><\/a>\n\t\t\t\t\t<\/div>\n\t\t\n\t\t\t\n\t\t\t<div class=\"uael-post__content-wrap uael-content-wrap-disabled\">\n\t\t\t\t\t\t\t<div class=\"uael-post__terms-wrap\"><span class=\"uael-post__terms\"><span class=\"uael-listing__terms-link\">+ Encuentros Navarra<\/span><\/span><\/div>\n\t\t\t\t\t\t<h3 class=\"uael-post__title\">\n\n\t\t\n\t\t\t\t\t\t<a href=\"https:\/\/www.losencuentrosdepamplona.com\/en\/encuentros-lleva-la-bienal-al-territorio-con-conferencias-y-actividades-artisticas-en-tudela-tafalla-san-adrian-estella-altsasu-bera-lesaka-y-aoiz\/\" target=\"_self\">\n\t\t\t\t+Encuentros\u00a0lleva la bienal al territorio con conferencias y actividades art\u00edsticas en Tudela, Tafalla, San Adr\u00edan, Estella, Altsasu, Bera, Lesaka y Aoiz\u00a0\t\t\t<\/a>\n\n\t\t\t\t<\/h3>\n\t\t\t\t\t<div class=\"uael-post__meta-data\">\n\t\t\t\t\t<span class=\"uael-post__date\">\n\t\t\t\t\t\t\t\t\t\t\t\t\t\t\t\t\t\t\t\t\t\t\n\t\t\t30\/10\/2024\t\t<\/span>\n\t\t\t\t<\/div>\n\t\t\t\t\t<\/div>\n\t\t\t\n\t\t<\/div>\n\t\t\n\t<\/div>\n\n<\/div>\n\n<div class=\"uael-post-wrapper   encuentros sin-categorizar \">\n\t<div class=\"uael-post__bg-wrap uael-bg-wrap-disabled \">\n\n\t\t\t\t\n\t\t<div class=\"uael-post__inner-wrap uael-inner-wrap-disabled\">\n\n\t\t\t\t<div class=\"uael-post__thumbnail\">\n\t\t\t\n\t\t\t<a href=\"https:\/\/www.losencuentrosdepamplona.com\/en\/los-encuentros-de-pamplona-iruneko-topaketak-2024-refuerzan-su-compromiso-con-una-sociedad-dialogante-y-se-consolidan-como-bienal-internacional\/\" target=\"_self\" title=\"Los Encuentros de Pamplona \/ Iru\u00f1eko Topaketak 2024 refuerzan su compromiso con una sociedad dialogante y se consolidan como bienal internacional\u00a0\"><img loading=\"lazy\" decoding=\"async\" width=\"1400\" height=\"933\" src=\"https:\/\/www.losencuentrosdepamplona.com\/wp-content\/uploads\/2024\/10\/resultados-encuentros.jpg\" class=\"attachment-full size-full wp-image-12609\" alt=\"\" srcset=\"https:\/\/www.losencuentrosdepamplona.com\/wp-content\/uploads\/2024\/10\/resultados-encuentros.jpg 1400w, https:\/\/www.losencuentrosdepamplona.com\/wp-content\/uploads\/2024\/10\/resultados-encuentros-300x200.jpg 300w, https:\/\/www.losencuentrosdepamplona.com\/wp-content\/uploads\/2024\/10\/resultados-encuentros-1024x682.jpg 1024w, https:\/\/www.losencuentrosdepamplona.com\/wp-content\/uploads\/2024\/10\/resultados-encuentros-768x512.jpg 768w, https:\/\/www.losencuentrosdepamplona.com\/wp-content\/uploads\/2024\/10\/resultados-encuentros-391x260.jpg 391w, https:\/\/www.losencuentrosdepamplona.com\/wp-content\/uploads\/2024\/10\/resultados-encuentros-930x620.jpg 930w\" sizes=\"(max-width: 1400px) 100vw, 1400px\" \/><\/a>\n\t\t\t\t\t<\/div>\n\t\t\n\t\t\t\n\t\t\t<div class=\"uael-post__content-wrap uael-content-wrap-disabled\">\n\t\t\t\t\t\t\t<div class=\"uael-post__terms-wrap\"><span class=\"uael-post__terms\"><span class=\"uael-listing__terms-link\">Encuentros<\/span><\/span><\/div>\n\t\t\t\t\t\t<h3 class=\"uael-post__title\">\n\n\t\t\n\t\t\t\t\t\t<a href=\"https:\/\/www.losencuentrosdepamplona.com\/en\/los-encuentros-de-pamplona-iruneko-topaketak-2024-refuerzan-su-compromiso-con-una-sociedad-dialogante-y-se-consolidan-como-bienal-internacional\/\" target=\"_self\">\n\t\t\t\tLos Encuentros de Pamplona \/ Iru\u00f1eko Topaketak 2024 refuerzan su compromiso con una sociedad dialogante y se consolidan como bienal internacional\u00a0\t\t\t<\/a>\n\n\t\t\t\t<\/h3>\n\t\t\t\t\t<div class=\"uael-post__meta-data\">\n\t\t\t\t\t<span class=\"uael-post__date\">\n\t\t\t\t\t\t\t\t\t\t\t\t\t\t\t\t\t\t\t\t\t\t\n\t\t\t16\/10\/2024\t\t<\/span>\n\t\t\t\t<\/div>\n\t\t\t\t\t<\/div>\n\t\t\t\n\t\t<\/div>\n\t\t\n\t<\/div>\n\n<\/div>\n\n<div class=\"uael-post-wrapper   encuentros \">\n\t<div class=\"uael-post__bg-wrap uael-bg-wrap-disabled \">\n\n\t\t\t\t\n\t\t<div class=\"uael-post__inner-wrap uael-inner-wrap-disabled\">\n\n\t\t\t\t<div class=\"uael-post__thumbnail\">\n\t\t\t\n\t\t\t<a href=\"https:\/\/www.losencuentrosdepamplona.com\/en\/palabras-y-melodias-para-el-broche-final-de-los-encuentros-2014\/\" target=\"_self\" title=\"Palabras y melod\u00edas para el broche final de los Encuentros 2014\"><img loading=\"lazy\" decoding=\"async\" width=\"1440\" height=\"960\" src=\"https:\/\/www.losencuentrosdepamplona.com\/wp-content\/uploads\/2024\/10\/011255-Los-Encuentros-2024-Bruto.jpg\" class=\"attachment-full size-full wp-image-12493\" alt=\"\" srcset=\"https:\/\/www.losencuentrosdepamplona.com\/wp-content\/uploads\/2024\/10\/011255-Los-Encuentros-2024-Bruto.jpg 1440w, https:\/\/www.losencuentrosdepamplona.com\/wp-content\/uploads\/2024\/10\/011255-Los-Encuentros-2024-Bruto-300x200.jpg 300w, https:\/\/www.losencuentrosdepamplona.com\/wp-content\/uploads\/2024\/10\/011255-Los-Encuentros-2024-Bruto-1024x683.jpg 1024w, https:\/\/www.losencuentrosdepamplona.com\/wp-content\/uploads\/2024\/10\/011255-Los-Encuentros-2024-Bruto-768x512.jpg 768w, https:\/\/www.losencuentrosdepamplona.com\/wp-content\/uploads\/2024\/10\/011255-Los-Encuentros-2024-Bruto-391x260.jpg 391w, https:\/\/www.losencuentrosdepamplona.com\/wp-content\/uploads\/2024\/10\/011255-Los-Encuentros-2024-Bruto-930x620.jpg 930w\" sizes=\"(max-width: 1440px) 100vw, 1440px\" \/><\/a>\n\t\t\t\t\t<\/div>\n\t\t\n\t\t\t\n\t\t\t<div class=\"uael-post__content-wrap uael-content-wrap-disabled\">\n\t\t\t\t\t\t\t<div class=\"uael-post__terms-wrap\"><span class=\"uael-post__terms\"><span class=\"uael-listing__terms-link\">Encuentros<\/span><\/span><\/div>\n\t\t\t\t\t\t<h3 class=\"uael-post__title\">\n\n\t\t\n\t\t\t\t\t\t<a href=\"https:\/\/www.losencuentrosdepamplona.com\/en\/palabras-y-melodias-para-el-broche-final-de-los-encuentros-2014\/\" target=\"_self\">\n\t\t\t\tPalabras y melod\u00edas para el broche final de los Encuentros 2014\t\t\t<\/a>\n\n\t\t\t\t<\/h3>\n\t\t\t\t\t<div class=\"uael-post__meta-data\">\n\t\t\t\t\t<span class=\"uael-post__date\">\n\t\t\t\t\t\t\t\t\t\t\t\t\t\t\t\t\t\t\t\t\t\t\n\t\t\t14\/10\/2024\t\t<\/span>\n\t\t\t\t<\/div>\n\t\t\t\t\t<\/div>\n\t\t\t\n\t\t<\/div>\n\t\t\n\t<\/div>\n\n<\/div>\n\n<div class=\"uael-post-wrapper   encuentros \">\n\t<div class=\"uael-post__bg-wrap uael-bg-wrap-disabled \">\n\n\t\t\t\t\n\t\t<div class=\"uael-post__inner-wrap uael-inner-wrap-disabled\">\n\n\t\t\t\t<div class=\"uael-post__thumbnail\">\n\t\t\t\n\t\t\t<a href=\"https:\/\/www.losencuentrosdepamplona.com\/en\/un-super-sabado-cargado-de-ovaciones\/\" target=\"_self\" title=\"Un super s\u00e1bado cargado de ovaciones\"><img loading=\"lazy\" decoding=\"async\" width=\"1440\" height=\"960\" src=\"https:\/\/www.losencuentrosdepamplona.com\/wp-content\/uploads\/2024\/10\/009030-Los-Encuentros-2024-Bruto-1.jpg\" class=\"attachment-full size-full wp-image-12273\" alt=\"\" srcset=\"https:\/\/www.losencuentrosdepamplona.com\/wp-content\/uploads\/2024\/10\/009030-Los-Encuentros-2024-Bruto-1.jpg 1440w, https:\/\/www.losencuentrosdepamplona.com\/wp-content\/uploads\/2024\/10\/009030-Los-Encuentros-2024-Bruto-1-300x200.jpg 300w, https:\/\/www.losencuentrosdepamplona.com\/wp-content\/uploads\/2024\/10\/009030-Los-Encuentros-2024-Bruto-1-1024x683.jpg 1024w, https:\/\/www.losencuentrosdepamplona.com\/wp-content\/uploads\/2024\/10\/009030-Los-Encuentros-2024-Bruto-1-768x512.jpg 768w, https:\/\/www.losencuentrosdepamplona.com\/wp-content\/uploads\/2024\/10\/009030-Los-Encuentros-2024-Bruto-1-391x260.jpg 391w, https:\/\/www.losencuentrosdepamplona.com\/wp-content\/uploads\/2024\/10\/009030-Los-Encuentros-2024-Bruto-1-930x620.jpg 930w\" sizes=\"(max-width: 1440px) 100vw, 1440px\" \/><\/a>\n\t\t\t\t\t<\/div>\n\t\t\n\t\t\t\n\t\t\t<div class=\"uael-post__content-wrap uael-content-wrap-disabled\">\n\t\t\t\t\t\t\t<div class=\"uael-post__terms-wrap\"><span class=\"uael-post__terms\"><span class=\"uael-listing__terms-link\">Encuentros<\/span><\/span><\/div>\n\t\t\t\t\t\t<h3 class=\"uael-post__title\">\n\n\t\t\n\t\t\t\t\t\t<a href=\"https:\/\/www.losencuentrosdepamplona.com\/en\/un-super-sabado-cargado-de-ovaciones\/\" target=\"_self\">\n\t\t\t\tUn super s\u00e1bado cargado de ovaciones\t\t\t<\/a>\n\n\t\t\t\t<\/h3>\n\t\t\t\t\t<div class=\"uael-post__meta-data\">\n\t\t\t\t\t<span class=\"uael-post__date\">\n\t\t\t\t\t\t\t\t\t\t\t\t\t\t\t\t\t\t\t\t\t\t\n\t\t\t13\/10\/2024\t\t<\/span>\n\t\t\t\t<\/div>\n\t\t\t\t\t<\/div>\n\t\t\t\n\t\t<\/div>\n\t\t\n\t<\/div>\n\n<\/div>\n\n<div class=\"uael-post-wrapper   encuentros \">\n\t<div class=\"uael-post__bg-wrap uael-bg-wrap-disabled \">\n\n\t\t\t\t\n\t\t<div class=\"uael-post__inner-wrap uael-inner-wrap-disabled\">\n\n\t\t\t\t<div class=\"uael-post__thumbnail\">\n\t\t\t\n\t\t\t<a href=\"https:\/\/www.losencuentrosdepamplona.com\/en\/imaginacion-y-creatividad-ante-los-autoritarismos-y-los-pensamientos-reaccionarios\/\" target=\"_self\" title=\"Imaginaci\u00f3n y creatividad ante los autoritarismos y los pensamientos reaccionarios\"><img loading=\"lazy\" decoding=\"async\" width=\"1440\" height=\"960\" src=\"https:\/\/www.losencuentrosdepamplona.com\/wp-content\/uploads\/2024\/10\/003885-Los-Encuentros-2024-Bruto.jpg\" class=\"attachment-full size-full wp-image-12206\" alt=\"\" srcset=\"https:\/\/www.losencuentrosdepamplona.com\/wp-content\/uploads\/2024\/10\/003885-Los-Encuentros-2024-Bruto.jpg 1440w, https:\/\/www.losencuentrosdepamplona.com\/wp-content\/uploads\/2024\/10\/003885-Los-Encuentros-2024-Bruto-300x200.jpg 300w, https:\/\/www.losencuentrosdepamplona.com\/wp-content\/uploads\/2024\/10\/003885-Los-Encuentros-2024-Bruto-1024x683.jpg 1024w, https:\/\/www.losencuentrosdepamplona.com\/wp-content\/uploads\/2024\/10\/003885-Los-Encuentros-2024-Bruto-768x512.jpg 768w, https:\/\/www.losencuentrosdepamplona.com\/wp-content\/uploads\/2024\/10\/003885-Los-Encuentros-2024-Bruto-391x260.jpg 391w, https:\/\/www.losencuentrosdepamplona.com\/wp-content\/uploads\/2024\/10\/003885-Los-Encuentros-2024-Bruto-930x620.jpg 930w\" sizes=\"(max-width: 1440px) 100vw, 1440px\" \/><\/a>\n\t\t\t\t\t<\/div>\n\t\t\n\t\t\t\n\t\t\t<div class=\"uael-post__content-wrap uael-content-wrap-disabled\">\n\t\t\t\t\t\t\t<div class=\"uael-post__terms-wrap\"><span class=\"uael-post__terms\"><span class=\"uael-listing__terms-link\">Encuentros<\/span><\/span><\/div>\n\t\t\t\t\t\t<h3 class=\"uael-post__title\">\n\n\t\t\n\t\t\t\t\t\t<a href=\"https:\/\/www.losencuentrosdepamplona.com\/en\/imaginacion-y-creatividad-ante-los-autoritarismos-y-los-pensamientos-reaccionarios\/\" target=\"_self\">\n\t\t\t\tImaginaci\u00f3n y creatividad ante los autoritarismos y los pensamientos reaccionarios\t\t\t<\/a>\n\n\t\t\t\t<\/h3>\n\t\t\t\t\t<div class=\"uael-post__meta-data\">\n\t\t\t\t\t<span class=\"uael-post__date\">\n\t\t\t\t\t\t\t\t\t\t\t\t\t\t\t\t\t\t\t\t\t\t\n\t\t\t12\/10\/2024\t\t<\/span>\n\t\t\t\t<\/div>\n\t\t\t\t\t<\/div>\n\t\t\t\n\t\t<\/div>\n\t\t\n\t<\/div>\n\n<\/div>\n\t\t\t\t<\/div>\n\t\t\t\t\t\t\n\t\t<\/div>\n\n\t\t\t\t\t\t<\/div>\n\t\t<div class=\"uael-post__footer\">\n\t\t\t\t\t\t<nav class=\"uael-grid-pagination\"  role=\"navigation\" aria-label=\"Pagination\" data-total=\"3\" data-next-page=\"2\">\n\t\t\t\t<span aria-current=\"page\" class=\"page-numbers current\">1<\/span>\n<a class=\"page-numbers\" href=\"https:\/\/www.losencuentrosdepamplona.com\/en\/wp-json\/wp\/v2\/pages\/1419\/page\/2\/\">2<\/a>\n<a class=\"page-numbers\" href=\"https:\/\/www.losencuentrosdepamplona.com\/en\/wp-json\/wp\/v2\/pages\/1419\/page\/3\/\">3<\/a>\n<a class=\"next page-numbers\" href=\"https:\/\/www.losencuentrosdepamplona.com\/en\/wp-json\/wp\/v2\/pages\/1419\/page\/2\/\">Next &raquo;<\/a>\t\t\t<\/nav>\n\t\t\t\t\t<\/div>\n\t\t\t\t<\/div>\n\t\t\t\t<\/div>\n\t\t\t\t\t<\/div>\n\t\t\t\t<\/div>\n\t\t\t\t<\/div>\n\t\t","protected":false},"excerpt":{"rendered":"<p>NEWS Sin categorizar Inaugurada la Exposici\u00f3n de los proyectos seleccionados en la MEMORIA ART\u00cdSTICA DE LOS ENCUENTROS \/ TOPAKETEN MEMORIA ARTISTIKOA 30\/10\/2025 Encuentros La tercera edici\u00f3n de los Encuentros de Pamplona\/Iru\u00f1eko Topaketak tendr\u00e1 lugar del 2 al 12 de octubre de 2026 09\/10\/2025 Encuentros Las instalaciones en la plaza de Baluarte para los Encuentros de&hellip;&nbsp;<a href=\"https:\/\/www.losencuentrosdepamplona.com\/en\/imaginacion-y-creatividad-ante-los-autoritarismos-y-los-pensamientos-reaccionarios\/\" rel=\"bookmark\">Read More &raquo;<span class=\"screen-reader-text\">Imaginaci\u00f3n y creatividad ante los autoritarismos y los pensamientos reaccionarios<\/span><\/a><\/p>\n","protected":false},"author":1,"featured_media":0,"parent":0,"menu_order":0,"comment_status":"closed","ping_status":"closed","template":"page-templates\/template-pagebuilder-full-width.php","meta":{"_acf_changed":false,"_uag_custom_page_level_css":"","_monsterinsights_skip_tracking":false,"_monsterinsights_sitenote_active":false,"_monsterinsights_sitenote_note":"","_monsterinsights_sitenote_category":0,"neve_meta_sidebar":"","neve_meta_container":"","neve_meta_enable_content_width":"","neve_meta_content_width":0,"neve_meta_title_alignment":"","neve_meta_author_avatar":"","neve_post_elements_order":"","neve_meta_disable_header":"","neve_meta_disable_footer":"","neve_meta_disable_title":"","neve_meta_reading_time":"","footnotes":""},"class_list":["post-1419","page","type-page","status-publish","hentry"],"acf":[],"yoast_head":"<!-- This site is optimized with the Yoast SEO plugin v23.5 - https:\/\/yoast.com\/wordpress\/plugins\/seo\/ -->\n<title>News - Encuentros de Pamplona \/ Iru\u00f1eko Topaketak<\/title>\n<meta name=\"robots\" content=\"index, follow, max-snippet:-1, max-image-preview:large, max-video-preview:-1\" \/>\n<link rel=\"canonical\" href=\"https:\/\/www.losencuentrosdepamplona.com\/en\/news\/\" \/>\n<meta property=\"og:locale\" content=\"en_US\" \/>\n<meta property=\"og:type\" content=\"article\" \/>\n<meta property=\"og:title\" content=\"News - Encuentros de Pamplona \/ Iru\u00f1eko Topaketak\" \/>\n<meta property=\"og:description\" content=\"NEWS Sin categorizar Inaugurada la Exposici\u00f3n de los proyectos seleccionados en la MEMORIA ART\u00cdSTICA DE LOS ENCUENTROS \/ TOPAKETEN MEMORIA ARTISTIKOA 30\/10\/2025 Encuentros La tercera edici\u00f3n de los Encuentros de Pamplona\/Iru\u00f1eko Topaketak tendr\u00e1 lugar del 2 al 12 de octubre de 2026 09\/10\/2025 Encuentros Las instalaciones en la plaza de Baluarte para los Encuentros de&hellip;&nbsp;Read More &raquo;Imaginaci\u00f3n y creatividad ante los autoritarismos y los pensamientos reaccionarios\" \/>\n<meta property=\"og:url\" content=\"https:\/\/www.losencuentrosdepamplona.com\/en\/news\/\" \/>\n<meta property=\"og:site_name\" content=\"Encuentros de Pamplona \/ Iru\u00f1eko Topaketak\" \/>\n<meta property=\"article:publisher\" content=\"https:\/\/www.facebook.com\/encuentrosdepamplona\/\" \/>\n<meta property=\"article:modified_time\" content=\"2026-03-04T16:22:45+00:00\" \/>\n<meta property=\"og:image\" content=\"https:\/\/www.losencuentrosdepamplona.com\/wp-content\/uploads\/2025\/10\/Foto-Grupo-Memoria-Encuentros-scaled.jpeg\" \/>\n<meta name=\"twitter:card\" content=\"summary_large_image\" \/>\n<meta name=\"twitter:site\" content=\"@encuentros2024\" \/>\n<meta name=\"twitter:label1\" content=\"Est. reading time\" \/>\n\t<meta name=\"twitter:data1\" content=\"4 minutes\" \/>\n<script type=\"application\/ld+json\" class=\"yoast-schema-graph\">{\"@context\":\"https:\/\/schema.org\",\"@graph\":[{\"@type\":\"WebPage\",\"@id\":\"https:\/\/www.losencuentrosdepamplona.com\/en\/news\/\",\"url\":\"https:\/\/www.losencuentrosdepamplona.com\/en\/news\/\",\"name\":\"News - Encuentros de Pamplona \/ Iru\u00f1eko Topaketak\",\"isPartOf\":{\"@id\":\"https:\/\/www.losencuentrosdepamplona.com\/#website\"},\"primaryImageOfPage\":{\"@id\":\"https:\/\/www.losencuentrosdepamplona.com\/en\/news\/#primaryimage\"},\"image\":{\"@id\":\"https:\/\/www.losencuentrosdepamplona.com\/en\/news\/#primaryimage\"},\"thumbnailUrl\":\"https:\/\/www.losencuentrosdepamplona.com\/wp-content\/uploads\/2025\/10\/Foto-Grupo-Memoria-Encuentros-scaled.jpeg\",\"datePublished\":\"2024-03-04T14:32:15+00:00\",\"dateModified\":\"2026-03-04T16:22:45+00:00\",\"breadcrumb\":{\"@id\":\"https:\/\/www.losencuentrosdepamplona.com\/en\/news\/#breadcrumb\"},\"inLanguage\":\"en-US\",\"potentialAction\":[{\"@type\":\"ReadAction\",\"target\":[\"https:\/\/www.losencuentrosdepamplona.com\/en\/news\/\"]}]},{\"@type\":\"ImageObject\",\"inLanguage\":\"en-US\",\"@id\":\"https:\/\/www.losencuentrosdepamplona.com\/en\/news\/#primaryimage\",\"url\":\"https:\/\/www.losencuentrosdepamplona.com\/wp-content\/uploads\/2025\/10\/Foto-Grupo-Memoria-Encuentros-scaled.jpeg\",\"contentUrl\":\"https:\/\/www.losencuentrosdepamplona.com\/wp-content\/uploads\/2025\/10\/Foto-Grupo-Memoria-Encuentros-scaled.jpeg\"},{\"@type\":\"BreadcrumbList\",\"@id\":\"https:\/\/www.losencuentrosdepamplona.com\/en\/news\/#breadcrumb\",\"itemListElement\":[{\"@type\":\"ListItem\",\"position\":1,\"name\":\"Portada\",\"item\":\"https:\/\/www.losencuentrosdepamplona.com\/en\/\"},{\"@type\":\"ListItem\",\"position\":2,\"name\":\"News\"}]},{\"@type\":\"WebSite\",\"@id\":\"https:\/\/www.losencuentrosdepamplona.com\/#website\",\"url\":\"https:\/\/www.losencuentrosdepamplona.com\/\",\"name\":\"Encuentros de Pamplona \/ Iru\u00f1eko Topaketak\",\"description\":\"Bienal internacional de cultura, arte y pensamiento\",\"publisher\":{\"@id\":\"https:\/\/www.losencuentrosdepamplona.com\/#organization\"},\"potentialAction\":[{\"@type\":\"SearchAction\",\"target\":{\"@type\":\"EntryPoint\",\"urlTemplate\":\"https:\/\/www.losencuentrosdepamplona.com\/?s={search_term_string}\"},\"query-input\":{\"@type\":\"PropertyValueSpecification\",\"valueRequired\":true,\"valueName\":\"search_term_string\"}}],\"inLanguage\":\"en-US\"},{\"@type\":\"Organization\",\"@id\":\"https:\/\/www.losencuentrosdepamplona.com\/#organization\",\"name\":\"Encuentros de Pamplona \/ Iru\u00f1eko Topaketak\",\"url\":\"https:\/\/www.losencuentrosdepamplona.com\/\",\"logo\":{\"@type\":\"ImageObject\",\"inLanguage\":\"en-US\",\"@id\":\"https:\/\/www.losencuentrosdepamplona.com\/#\/schema\/logo\/image\/\",\"url\":\"https:\/\/www.losencuentrosdepamplona.com\/wp-content\/uploads\/2024\/02\/encuentros__mid-dark.svg\",\"contentUrl\":\"https:\/\/www.losencuentrosdepamplona.com\/wp-content\/uploads\/2024\/02\/encuentros__mid-dark.svg\",\"width\":1103,\"height\":294,\"caption\":\"Encuentros de Pamplona \/ Iru\u00f1eko Topaketak\"},\"image\":{\"@id\":\"https:\/\/www.losencuentrosdepamplona.com\/#\/schema\/logo\/image\/\"},\"sameAs\":[\"https:\/\/www.facebook.com\/encuentrosdepamplona\/\",\"https:\/\/x.com\/encuentros2024\",\"https:\/\/www.instagram.com\/losencuentrosdepamplona\/?hl=es\"]}]}<\/script>\n<!-- \/ Yoast SEO plugin. -->","yoast_head_json":{"title":"News - Encuentros de Pamplona \/ Iru\u00f1eko Topaketak","robots":{"index":"index","follow":"follow","max-snippet":"max-snippet:-1","max-image-preview":"max-image-preview:large","max-video-preview":"max-video-preview:-1"},"canonical":"https:\/\/www.losencuentrosdepamplona.com\/en\/news\/","og_locale":"en_US","og_type":"article","og_title":"News - Encuentros de Pamplona \/ Iru\u00f1eko Topaketak","og_description":"NEWS Sin categorizar Inaugurada la Exposici\u00f3n de los proyectos seleccionados en la MEMORIA ART\u00cdSTICA DE LOS ENCUENTROS \/ TOPAKETEN MEMORIA ARTISTIKOA 30\/10\/2025 Encuentros La tercera edici\u00f3n de los Encuentros de Pamplona\/Iru\u00f1eko Topaketak tendr\u00e1 lugar del 2 al 12 de octubre de 2026 09\/10\/2025 Encuentros Las instalaciones en la plaza de Baluarte para los Encuentros de&hellip;&nbsp;Read More &raquo;Imaginaci\u00f3n y creatividad ante los autoritarismos y los pensamientos reaccionarios","og_url":"https:\/\/www.losencuentrosdepamplona.com\/en\/news\/","og_site_name":"Encuentros de Pamplona \/ Iru\u00f1eko Topaketak","article_publisher":"https:\/\/www.facebook.com\/encuentrosdepamplona\/","article_modified_time":"2026-03-04T16:22:45+00:00","og_image":[{"url":"https:\/\/www.losencuentrosdepamplona.com\/wp-content\/uploads\/2025\/10\/Foto-Grupo-Memoria-Encuentros-scaled.jpeg"}],"twitter_card":"summary_large_image","twitter_site":"@encuentros2024","twitter_misc":{"Est. reading time":"4 minutes"},"schema":{"@context":"https:\/\/schema.org","@graph":[{"@type":"WebPage","@id":"https:\/\/www.losencuentrosdepamplona.com\/en\/news\/","url":"https:\/\/www.losencuentrosdepamplona.com\/en\/news\/","name":"News - Encuentros de Pamplona \/ Iru\u00f1eko Topaketak","isPartOf":{"@id":"https:\/\/www.losencuentrosdepamplona.com\/#website"},"primaryImageOfPage":{"@id":"https:\/\/www.losencuentrosdepamplona.com\/en\/news\/#primaryimage"},"image":{"@id":"https:\/\/www.losencuentrosdepamplona.com\/en\/news\/#primaryimage"},"thumbnailUrl":"https:\/\/www.losencuentrosdepamplona.com\/wp-content\/uploads\/2025\/10\/Foto-Grupo-Memoria-Encuentros-scaled.jpeg","datePublished":"2024-03-04T14:32:15+00:00","dateModified":"2026-03-04T16:22:45+00:00","breadcrumb":{"@id":"https:\/\/www.losencuentrosdepamplona.com\/en\/news\/#breadcrumb"},"inLanguage":"en-US","potentialAction":[{"@type":"ReadAction","target":["https:\/\/www.losencuentrosdepamplona.com\/en\/news\/"]}]},{"@type":"ImageObject","inLanguage":"en-US","@id":"https:\/\/www.losencuentrosdepamplona.com\/en\/news\/#primaryimage","url":"https:\/\/www.losencuentrosdepamplona.com\/wp-content\/uploads\/2025\/10\/Foto-Grupo-Memoria-Encuentros-scaled.jpeg","contentUrl":"https:\/\/www.losencuentrosdepamplona.com\/wp-content\/uploads\/2025\/10\/Foto-Grupo-Memoria-Encuentros-scaled.jpeg"},{"@type":"BreadcrumbList","@id":"https:\/\/www.losencuentrosdepamplona.com\/en\/news\/#breadcrumb","itemListElement":[{"@type":"ListItem","position":1,"name":"Portada","item":"https:\/\/www.losencuentrosdepamplona.com\/en\/"},{"@type":"ListItem","position":2,"name":"News"}]},{"@type":"WebSite","@id":"https:\/\/www.losencuentrosdepamplona.com\/#website","url":"https:\/\/www.losencuentrosdepamplona.com\/","name":"Encuentros de Pamplona \/ Iru\u00f1eko Topaketak","description":"Bienal internacional de cultura, arte y pensamiento","publisher":{"@id":"https:\/\/www.losencuentrosdepamplona.com\/#organization"},"potentialAction":[{"@type":"SearchAction","target":{"@type":"EntryPoint","urlTemplate":"https:\/\/www.losencuentrosdepamplona.com\/?s={search_term_string}"},"query-input":{"@type":"PropertyValueSpecification","valueRequired":true,"valueName":"search_term_string"}}],"inLanguage":"en-US"},{"@type":"Organization","@id":"https:\/\/www.losencuentrosdepamplona.com\/#organization","name":"Encuentros de Pamplona \/ Iru\u00f1eko Topaketak","url":"https:\/\/www.losencuentrosdepamplona.com\/","logo":{"@type":"ImageObject","inLanguage":"en-US","@id":"https:\/\/www.losencuentrosdepamplona.com\/#\/schema\/logo\/image\/","url":"https:\/\/www.losencuentrosdepamplona.com\/wp-content\/uploads\/2024\/02\/encuentros__mid-dark.svg","contentUrl":"https:\/\/www.losencuentrosdepamplona.com\/wp-content\/uploads\/2024\/02\/encuentros__mid-dark.svg","width":1103,"height":294,"caption":"Encuentros de Pamplona \/ Iru\u00f1eko Topaketak"},"image":{"@id":"https:\/\/www.losencuentrosdepamplona.com\/#\/schema\/logo\/image\/"},"sameAs":["https:\/\/www.facebook.com\/encuentrosdepamplona\/","https:\/\/x.com\/encuentros2024","https:\/\/www.instagram.com\/losencuentrosdepamplona\/?hl=es"]}]}},"uagb_featured_image_src":{"full":false,"thumbnail":false,"medium":false,"medium_large":false,"large":false,"thumblist":false,"thumbrelated":false,"meccarouselthumb":false,"gridsquare":false,"tileview":false,"1536x1536":false,"2048x2048":false,"neve-blog":false},"uagb_author_info":{"display_name":"ec6eef2fcc","author_link":"https:\/\/www.losencuentrosdepamplona.com\/en\/author\/ec6eef2fcc\/"},"uagb_comment_info":0,"uagb_excerpt":"NEWS Sin categorizar Inaugurada la Exposici\u00f3n de los proyectos seleccionados en la MEMORIA ART\u00cdSTICA DE LOS ENCUENTROS \/ TOPAKETEN MEMORIA ARTISTIKOA 30\/10\/2025 Encuentros La tercera edici\u00f3n de los Encuentros de Pamplona\/Iru\u00f1eko Topaketak tendr\u00e1 lugar del 2 al 12 de octubre de 2026 09\/10\/2025 Encuentros Las instalaciones en la plaza de Baluarte para los Encuentros de&hellip;&nbsp;Read&hellip;","_links":{"self":[{"href":"https:\/\/www.losencuentrosdepamplona.com\/en\/wp-json\/wp\/v2\/pages\/1419","targetHints":{"allow":["GET"]}}],"collection":[{"href":"https:\/\/www.losencuentrosdepamplona.com\/en\/wp-json\/wp\/v2\/pages"}],"about":[{"href":"https:\/\/www.losencuentrosdepamplona.com\/en\/wp-json\/wp\/v2\/types\/page"}],"author":[{"embeddable":true,"href":"https:\/\/www.losencuentrosdepamplona.com\/en\/wp-json\/wp\/v2\/users\/1"}],"replies":[{"embeddable":true,"href":"https:\/\/www.losencuentrosdepamplona.com\/en\/wp-json\/wp\/v2\/comments?post=1419"}],"version-history":[{"count":6,"href":"https:\/\/www.losencuentrosdepamplona.com\/en\/wp-json\/wp\/v2\/pages\/1419\/revisions"}],"predecessor-version":[{"id":14145,"href":"https:\/\/www.losencuentrosdepamplona.com\/en\/wp-json\/wp\/v2\/pages\/1419\/revisions\/14145"}],"wp:attachment":[{"href":"https:\/\/www.losencuentrosdepamplona.com\/en\/wp-json\/wp\/v2\/media?parent=1419"}],"curies":[{"name":"wp","href":"https:\/\/api.w.org\/{rel}","templated":true}]}}