{"id":2330,"date":"2024-04-08T12:59:13","date_gmt":"2024-04-08T10:59:13","guid":{"rendered":"https:\/\/www.losencuentrosdepamplona.com\/participante\/donatella-di-cesare\/"},"modified":"2024-04-08T13:01:26","modified_gmt":"2024-04-08T11:01:26","slug":"donatella-di-cesare","status":"publish","type":"participante","link":"https:\/\/www.losencuentrosdepamplona.com\/en\/participante\/donatella-di-cesare\/","title":{"rendered":"Donatella Di Cesare"},"content":{"rendered":"\n<p>Professor of Theoretical Philosophy at the Sapienza University of Rome. The ethical and political issue of violence in the era of globalisation has led her to study the phenomenon of torture and terror, as well as the dark side of the global civil war in her books&nbsp;<em>Torture<\/em>&nbsp;(Polity Press, 2018) and&nbsp;<em>Terrorismo. Una guerra civil global<\/em>&nbsp;(published in Spanish by Gedisa, 2017).&nbsp;<\/p>\n\n\n\n<p>The clash between the state and migrants is the central issue in her most recent book,&nbsp;<em>Resident Foreigners: A Philosophy of Migration<\/em>&nbsp;(Polity Press, 2020), winner of the Pozzale prize for non-fiction in 2018 and the Sila economics and society prize in 2018. Her most recent publications include:&nbsp;<em>Marranos. El otro del otro<\/em>&nbsp;(published in Spanish by Gedisa, 2019);&nbsp;<em>\u00bfVirus soberano?<\/em>&nbsp;(published in Spanish by Akal, 2020);&nbsp;<em>Asfixia capitalista; El tiempo de la revuelta<\/em>&nbsp;(published in Spanish by Akal, 2021);&nbsp;<em>La vocaci\u00f3n pol\u00edtica de la filosof\u00eda es sobria<\/em>&nbsp;(published in Spanish by Gedisa, 2021).<\/p>\n","protected":false},"featured_media":2328,"template":"","categoria-participante":[77],"class_list":["post-2330","participante","type-participante","status-publish","has-post-thumbnail","hentry","categoria-participante-thinking-the-21st-century"],"acf":[],"yoast_head":"<!-- This site is optimized with the Yoast SEO plugin v23.5 - https:\/\/yoast.com\/wordpress\/plugins\/seo\/ -->\n<title>Donatella Di Cesare - Encuentros de Pamplona \/ Iru\u00f1eko Topaketak<\/title>\n<meta name=\"robots\" content=\"index, follow, max-snippet:-1, max-image-preview:large, max-video-preview:-1\" \/>\n<link rel=\"canonical\" href=\"https:\/\/www.losencuentrosdepamplona.com\/participante\/donatella-di-cesare\/\" \/>\n<meta property=\"og:locale\" content=\"en_US\" \/>\n<meta property=\"og:type\" content=\"article\" \/>\n<meta property=\"og:title\" content=\"Donatella Di Cesare - Encuentros de Pamplona \/ Iru\u00f1eko Topaketak\" \/>\n<meta property=\"og:description\" content=\"Professor of Theoretical Philosophy at the Sapienza University of Rome. The ethical and political issue of violence in the era of globalisation has led her to study the phenomenon of torture and terror, as well as the dark side of the global civil war in her books&nbsp;Torture&nbsp;(Polity Press, 2018) and&nbsp;Terrorismo. Una guerra civil global&nbsp;(published in&hellip;&nbsp;Read More &raquo;Donatella Di Cesare\" \/>\n<meta property=\"og:url\" content=\"https:\/\/www.losencuentrosdepamplona.com\/participante\/donatella-di-cesare\/\" \/>\n<meta property=\"og:site_name\" content=\"Encuentros de Pamplona \/ Iru\u00f1eko Topaketak\" \/>\n<meta property=\"article:publisher\" content=\"https:\/\/www.facebook.com\/encuentrosdepamplona\/\" \/>\n<meta property=\"article:modified_time\" content=\"2024-04-08T11:01:26+00:00\" \/>\n<meta property=\"og:image\" content=\"https:\/\/www.losencuentrosdepamplona.com\/wp-content\/uploads\/2024\/04\/donatella-di-cesare-760x760-1.jpg\" \/>\n\t<meta property=\"og:image:width\" content=\"760\" \/>\n\t<meta property=\"og:image:height\" content=\"760\" \/>\n\t<meta property=\"og:image:type\" content=\"image\/jpeg\" \/>\n<meta name=\"twitter:card\" content=\"summary_large_image\" \/>\n<meta name=\"twitter:site\" content=\"@encuentros2024\" \/>\n<meta name=\"twitter:label1\" content=\"Est. reading time\" \/>\n\t<meta name=\"twitter:data1\" content=\"1 minute\" \/>\n<script type=\"application\/ld+json\" class=\"yoast-schema-graph\">{\"@context\":\"https:\/\/schema.org\",\"@graph\":[{\"@type\":\"WebPage\",\"@id\":\"https:\/\/www.losencuentrosdepamplona.com\/participante\/donatella-di-cesare\/\",\"url\":\"https:\/\/www.losencuentrosdepamplona.com\/participante\/donatella-di-cesare\/\",\"name\":\"Donatella Di Cesare - Encuentros de Pamplona \/ Iru\u00f1eko Topaketak\",\"isPartOf\":{\"@id\":\"https:\/\/www.losencuentrosdepamplona.com\/#website\"},\"primaryImageOfPage\":{\"@id\":\"https:\/\/www.losencuentrosdepamplona.com\/participante\/donatella-di-cesare\/#primaryimage\"},\"image\":{\"@id\":\"https:\/\/www.losencuentrosdepamplona.com\/participante\/donatella-di-cesare\/#primaryimage\"},\"thumbnailUrl\":\"https:\/\/www.losencuentrosdepamplona.com\/wp-content\/uploads\/2024\/04\/donatella-di-cesare-760x760-1.jpg\",\"datePublished\":\"2024-04-08T10:59:13+00:00\",\"dateModified\":\"2024-04-08T11:01:26+00:00\",\"breadcrumb\":{\"@id\":\"https:\/\/www.losencuentrosdepamplona.com\/participante\/donatella-di-cesare\/#breadcrumb\"},\"inLanguage\":\"en-US\",\"potentialAction\":[{\"@type\":\"ReadAction\",\"target\":[\"https:\/\/www.losencuentrosdepamplona.com\/participante\/donatella-di-cesare\/\"]}]},{\"@type\":\"ImageObject\",\"inLanguage\":\"en-US\",\"@id\":\"https:\/\/www.losencuentrosdepamplona.com\/participante\/donatella-di-cesare\/#primaryimage\",\"url\":\"https:\/\/www.losencuentrosdepamplona.com\/wp-content\/uploads\/2024\/04\/donatella-di-cesare-760x760-1.jpg\",\"contentUrl\":\"https:\/\/www.losencuentrosdepamplona.com\/wp-content\/uploads\/2024\/04\/donatella-di-cesare-760x760-1.jpg\",\"width\":760,\"height\":760},{\"@type\":\"BreadcrumbList\",\"@id\":\"https:\/\/www.losencuentrosdepamplona.com\/participante\/donatella-di-cesare\/#breadcrumb\",\"itemListElement\":[{\"@type\":\"ListItem\",\"position\":1,\"name\":\"Portada\",\"item\":\"https:\/\/www.losencuentrosdepamplona.com\/en\/\"},{\"@type\":\"ListItem\",\"position\":2,\"name\":\"Donatella Di Cesare\"}]},{\"@type\":\"WebSite\",\"@id\":\"https:\/\/www.losencuentrosdepamplona.com\/#website\",\"url\":\"https:\/\/www.losencuentrosdepamplona.com\/\",\"name\":\"Encuentros de Pamplona \/ Iru\u00f1eko Topaketak\",\"description\":\"Bienal internacional de cultura, arte y pensamiento\",\"publisher\":{\"@id\":\"https:\/\/www.losencuentrosdepamplona.com\/#organization\"},\"potentialAction\":[{\"@type\":\"SearchAction\",\"target\":{\"@type\":\"EntryPoint\",\"urlTemplate\":\"https:\/\/www.losencuentrosdepamplona.com\/?s={search_term_string}\"},\"query-input\":{\"@type\":\"PropertyValueSpecification\",\"valueRequired\":true,\"valueName\":\"search_term_string\"}}],\"inLanguage\":\"en-US\"},{\"@type\":\"Organization\",\"@id\":\"https:\/\/www.losencuentrosdepamplona.com\/#organization\",\"name\":\"Encuentros de Pamplona \/ Iru\u00f1eko Topaketak\",\"url\":\"https:\/\/www.losencuentrosdepamplona.com\/\",\"logo\":{\"@type\":\"ImageObject\",\"inLanguage\":\"en-US\",\"@id\":\"https:\/\/www.losencuentrosdepamplona.com\/#\/schema\/logo\/image\/\",\"url\":\"https:\/\/www.losencuentrosdepamplona.com\/wp-content\/uploads\/2024\/02\/encuentros__mid-dark.svg\",\"contentUrl\":\"https:\/\/www.losencuentrosdepamplona.com\/wp-content\/uploads\/2024\/02\/encuentros__mid-dark.svg\",\"width\":1103,\"height\":294,\"caption\":\"Encuentros de Pamplona \/ Iru\u00f1eko Topaketak\"},\"image\":{\"@id\":\"https:\/\/www.losencuentrosdepamplona.com\/#\/schema\/logo\/image\/\"},\"sameAs\":[\"https:\/\/www.facebook.com\/encuentrosdepamplona\/\",\"https:\/\/x.com\/encuentros2024\",\"https:\/\/www.instagram.com\/losencuentrosdepamplona\/?hl=es\"]}]}<\/script>\n<!-- \/ Yoast SEO plugin. -->","yoast_head_json":{"title":"Donatella Di Cesare - Encuentros de Pamplona \/ Iru\u00f1eko Topaketak","robots":{"index":"index","follow":"follow","max-snippet":"max-snippet:-1","max-image-preview":"max-image-preview:large","max-video-preview":"max-video-preview:-1"},"canonical":"https:\/\/www.losencuentrosdepamplona.com\/participante\/donatella-di-cesare\/","og_locale":"en_US","og_type":"article","og_title":"Donatella Di Cesare - Encuentros de Pamplona \/ Iru\u00f1eko Topaketak","og_description":"Professor of Theoretical Philosophy at the Sapienza University of Rome. The ethical and political issue of violence in the era of globalisation has led her to study the phenomenon of torture and terror, as well as the dark side of the global civil war in her books&nbsp;Torture&nbsp;(Polity Press, 2018) and&nbsp;Terrorismo. Una guerra civil global&nbsp;(published in&hellip;&nbsp;Read More &raquo;Donatella Di Cesare","og_url":"https:\/\/www.losencuentrosdepamplona.com\/participante\/donatella-di-cesare\/","og_site_name":"Encuentros de Pamplona \/ Iru\u00f1eko Topaketak","article_publisher":"https:\/\/www.facebook.com\/encuentrosdepamplona\/","article_modified_time":"2024-04-08T11:01:26+00:00","og_image":[{"width":760,"height":760,"url":"https:\/\/www.losencuentrosdepamplona.com\/wp-content\/uploads\/2024\/04\/donatella-di-cesare-760x760-1.jpg","type":"image\/jpeg"}],"twitter_card":"summary_large_image","twitter_site":"@encuentros2024","twitter_misc":{"Est. reading time":"1 minute"},"schema":{"@context":"https:\/\/schema.org","@graph":[{"@type":"WebPage","@id":"https:\/\/www.losencuentrosdepamplona.com\/participante\/donatella-di-cesare\/","url":"https:\/\/www.losencuentrosdepamplona.com\/participante\/donatella-di-cesare\/","name":"Donatella Di Cesare - Encuentros de Pamplona \/ Iru\u00f1eko Topaketak","isPartOf":{"@id":"https:\/\/www.losencuentrosdepamplona.com\/#website"},"primaryImageOfPage":{"@id":"https:\/\/www.losencuentrosdepamplona.com\/participante\/donatella-di-cesare\/#primaryimage"},"image":{"@id":"https:\/\/www.losencuentrosdepamplona.com\/participante\/donatella-di-cesare\/#primaryimage"},"thumbnailUrl":"https:\/\/www.losencuentrosdepamplona.com\/wp-content\/uploads\/2024\/04\/donatella-di-cesare-760x760-1.jpg","datePublished":"2024-04-08T10:59:13+00:00","dateModified":"2024-04-08T11:01:26+00:00","breadcrumb":{"@id":"https:\/\/www.losencuentrosdepamplona.com\/participante\/donatella-di-cesare\/#breadcrumb"},"inLanguage":"en-US","potentialAction":[{"@type":"ReadAction","target":["https:\/\/www.losencuentrosdepamplona.com\/participante\/donatella-di-cesare\/"]}]},{"@type":"ImageObject","inLanguage":"en-US","@id":"https:\/\/www.losencuentrosdepamplona.com\/participante\/donatella-di-cesare\/#primaryimage","url":"https:\/\/www.losencuentrosdepamplona.com\/wp-content\/uploads\/2024\/04\/donatella-di-cesare-760x760-1.jpg","contentUrl":"https:\/\/www.losencuentrosdepamplona.com\/wp-content\/uploads\/2024\/04\/donatella-di-cesare-760x760-1.jpg","width":760,"height":760},{"@type":"BreadcrumbList","@id":"https:\/\/www.losencuentrosdepamplona.com\/participante\/donatella-di-cesare\/#breadcrumb","itemListElement":[{"@type":"ListItem","position":1,"name":"Portada","item":"https:\/\/www.losencuentrosdepamplona.com\/en\/"},{"@type":"ListItem","position":2,"name":"Donatella Di Cesare"}]},{"@type":"WebSite","@id":"https:\/\/www.losencuentrosdepamplona.com\/#website","url":"https:\/\/www.losencuentrosdepamplona.com\/","name":"Encuentros de Pamplona \/ Iru\u00f1eko Topaketak","description":"Bienal internacional de cultura, arte y pensamiento","publisher":{"@id":"https:\/\/www.losencuentrosdepamplona.com\/#organization"},"potentialAction":[{"@type":"SearchAction","target":{"@type":"EntryPoint","urlTemplate":"https:\/\/www.losencuentrosdepamplona.com\/?s={search_term_string}"},"query-input":{"@type":"PropertyValueSpecification","valueRequired":true,"valueName":"search_term_string"}}],"inLanguage":"en-US"},{"@type":"Organization","@id":"https:\/\/www.losencuentrosdepamplona.com\/#organization","name":"Encuentros de Pamplona \/ Iru\u00f1eko Topaketak","url":"https:\/\/www.losencuentrosdepamplona.com\/","logo":{"@type":"ImageObject","inLanguage":"en-US","@id":"https:\/\/www.losencuentrosdepamplona.com\/#\/schema\/logo\/image\/","url":"https:\/\/www.losencuentrosdepamplona.com\/wp-content\/uploads\/2024\/02\/encuentros__mid-dark.svg","contentUrl":"https:\/\/www.losencuentrosdepamplona.com\/wp-content\/uploads\/2024\/02\/encuentros__mid-dark.svg","width":1103,"height":294,"caption":"Encuentros de Pamplona \/ Iru\u00f1eko Topaketak"},"image":{"@id":"https:\/\/www.losencuentrosdepamplona.com\/#\/schema\/logo\/image\/"},"sameAs":["https:\/\/www.facebook.com\/encuentrosdepamplona\/","https:\/\/x.com\/encuentros2024","https:\/\/www.instagram.com\/losencuentrosdepamplona\/?hl=es"]}]}},"uagb_featured_image_src":{"full":["https:\/\/www.losencuentrosdepamplona.com\/wp-content\/uploads\/2024\/04\/donatella-di-cesare-760x760-1.jpg",760,760,false],"thumbnail":["https:\/\/www.losencuentrosdepamplona.com\/wp-content\/uploads\/2024\/04\/donatella-di-cesare-760x760-1-150x150.jpg",150,150,true],"medium":["https:\/\/www.losencuentrosdepamplona.com\/wp-content\/uploads\/2024\/04\/donatella-di-cesare-760x760-1-300x300.jpg",300,300,true],"medium_large":["https:\/\/www.losencuentrosdepamplona.com\/wp-content\/uploads\/2024\/04\/donatella-di-cesare-760x760-1.jpg",760,760,false],"large":["https:\/\/www.losencuentrosdepamplona.com\/wp-content\/uploads\/2024\/04\/donatella-di-cesare-760x760-1.jpg",760,760,false],"thumblist":["https:\/\/www.losencuentrosdepamplona.com\/wp-content\/uploads\/2024\/04\/donatella-di-cesare-760x760-1.jpg",300,300,false],"thumbrelated":["https:\/\/www.losencuentrosdepamplona.com\/wp-content\/uploads\/2024\/04\/donatella-di-cesare-760x760-1.jpg",500,500,false],"meccarouselthumb":["https:\/\/www.losencuentrosdepamplona.com\/wp-content\/uploads\/2024\/04\/donatella-di-cesare-760x760-1.jpg",324,324,false],"gridsquare":["https:\/\/www.losencuentrosdepamplona.com\/wp-content\/uploads\/2024\/04\/donatella-di-cesare-760x760-1.jpg",260,260,false],"tileview":["https:\/\/www.losencuentrosdepamplona.com\/wp-content\/uploads\/2024\/04\/donatella-di-cesare-760x760-1.jpg",300,300,false],"1536x1536":["https:\/\/www.losencuentrosdepamplona.com\/wp-content\/uploads\/2024\/04\/donatella-di-cesare-760x760-1.jpg",760,760,false],"2048x2048":["https:\/\/www.losencuentrosdepamplona.com\/wp-content\/uploads\/2024\/04\/donatella-di-cesare-760x760-1.jpg",760,760,false],"neve-blog":["https:\/\/www.losencuentrosdepamplona.com\/wp-content\/uploads\/2024\/04\/donatella-di-cesare-760x760-1-760x620.jpg",760,620,true]},"uagb_author_info":{"display_name":"ec6eef2fcc","author_link":"https:\/\/www.losencuentrosdepamplona.com\/en\/author\/"},"uagb_comment_info":0,"uagb_excerpt":"Professor of Theoretical Philosophy at the Sapienza University of Rome. The ethical and political issue of violence in the era of globalisation has led her to study the phenomenon of torture and terror, as well as the dark side of the global civil war in her books&nbsp;Torture&nbsp;(Polity Press, 2018) and&nbsp;Terrorismo. Una guerra civil global&nbsp;(published in&hellip;&nbsp;Read&hellip;","_links":{"self":[{"href":"https:\/\/www.losencuentrosdepamplona.com\/en\/wp-json\/wp\/v2\/participante\/2330","targetHints":{"allow":["GET"]}}],"collection":[{"href":"https:\/\/www.losencuentrosdepamplona.com\/en\/wp-json\/wp\/v2\/participante"}],"about":[{"href":"https:\/\/www.losencuentrosdepamplona.com\/en\/wp-json\/wp\/v2\/types\/participante"}],"wp:featuredmedia":[{"embeddable":true,"href":"https:\/\/www.losencuentrosdepamplona.com\/en\/wp-json\/wp\/v2\/media\/2328"}],"wp:attachment":[{"href":"https:\/\/www.losencuentrosdepamplona.com\/en\/wp-json\/wp\/v2\/media?parent=2330"}],"wp:term":[{"taxonomy":"categoria-participante","embeddable":true,"href":"https:\/\/www.losencuentrosdepamplona.com\/en\/wp-json\/wp\/v2\/categoria-participante?post=2330"}],"curies":[{"name":"wp","href":"https:\/\/api.w.org\/{rel}","templated":true}]}}