{"id":2633,"date":"2024-04-09T16:17:45","date_gmt":"2024-04-09T14:17:45","guid":{"rendered":"https:\/\/www.losencuentrosdepamplona.com\/participante\/pedro-costa\/"},"modified":"2024-04-09T16:19:12","modified_gmt":"2024-04-09T14:19:12","slug":"pedro-costa","status":"publish","type":"participante","link":"https:\/\/www.losencuentrosdepamplona.com\/en\/participante\/pedro-costa\/","title":{"rendered":"Pedro Costa"},"content":{"rendered":"\n<p>He gave up his history studies to attend classes with Ant\u00f3nio Reis at the Escola Superior de Cinema in Lisbon. His d\u00e9but film&nbsp;<em>O Sangue<\/em>&nbsp;had its world premi\u00e8re at the Venice film festival in 1990.&nbsp;<em>Casa de Lava<\/em>, shot in Cabo Verde, premi\u00e8red at the Cannes film festival in 1994.&nbsp;<em>Cavalo Dinhero<\/em>&nbsp;won the Leopard for best director at the Locarno festival in 2014.<\/p>\n\n\n\n<p>His last feature film,&nbsp;<em>Vitalina Varela<\/em>, won the Golden Leopard and the Leopard for Best Actress at the Locarno festival in 2019.&nbsp;<\/p>\n\n\n\n<p>In 2018 he devised the exhibition&nbsp;<em>Companhia<\/em>&nbsp;for the Serralves museum, putting works by G\u00e9ricault, Picasso, Max Beckmann, Jacob Riis and Jeff Wall together with some of his own films, as well as collaborations with Chantal Akerman, Dani\u00e8le Huillet and Jean-Marie&nbsp;Straub.<\/p>\n","protected":false},"featured_media":2631,"template":"","categoria-participante":[84],"class_list":["post-2633","participante","type-participante","status-publish","has-post-thumbnail","hentry","categoria-participante-film-when-its-film"],"acf":[],"yoast_head":"<!-- This site is optimized with the Yoast SEO plugin v23.5 - https:\/\/yoast.com\/wordpress\/plugins\/seo\/ -->\n<title>Pedro Costa - Encuentros de Pamplona \/ Iru\u00f1eko Topaketak<\/title>\n<meta name=\"robots\" content=\"index, follow, max-snippet:-1, max-image-preview:large, max-video-preview:-1\" \/>\n<link rel=\"canonical\" href=\"https:\/\/www.losencuentrosdepamplona.com\/participante\/pedro-costa\/\" \/>\n<meta property=\"og:locale\" content=\"en_US\" \/>\n<meta property=\"og:type\" content=\"article\" \/>\n<meta property=\"og:title\" content=\"Pedro Costa - Encuentros de Pamplona \/ Iru\u00f1eko Topaketak\" \/>\n<meta property=\"og:description\" content=\"He gave up his history studies to attend classes with Ant\u00f3nio Reis at the Escola Superior de Cinema in Lisbon. His d\u00e9but film&nbsp;O Sangue&nbsp;had its world premi\u00e8re at the Venice film festival in 1990.&nbsp;Casa de Lava, shot in Cabo Verde, premi\u00e8red at the Cannes film festival in 1994.&nbsp;Cavalo Dinhero&nbsp;won the Leopard for best director at&hellip;&nbsp;Read More &raquo;Pedro Costa\" \/>\n<meta property=\"og:url\" content=\"https:\/\/www.losencuentrosdepamplona.com\/participante\/pedro-costa\/\" \/>\n<meta property=\"og:site_name\" content=\"Encuentros de Pamplona \/ Iru\u00f1eko Topaketak\" \/>\n<meta property=\"article:publisher\" content=\"https:\/\/www.facebook.com\/encuentrosdepamplona\/\" \/>\n<meta property=\"article:modified_time\" content=\"2024-04-09T14:19:12+00:00\" \/>\n<meta property=\"og:image\" content=\"https:\/\/www.losencuentrosdepamplona.com\/wp-content\/uploads\/2024\/04\/pedro-costa-760x760-1.jpg\" \/>\n\t<meta property=\"og:image:width\" content=\"760\" \/>\n\t<meta property=\"og:image:height\" content=\"760\" \/>\n\t<meta property=\"og:image:type\" content=\"image\/jpeg\" \/>\n<meta name=\"twitter:card\" content=\"summary_large_image\" \/>\n<meta name=\"twitter:site\" content=\"@encuentros2024\" \/>\n<meta name=\"twitter:label1\" content=\"Est. reading time\" \/>\n\t<meta name=\"twitter:data1\" content=\"1 minute\" \/>\n<script type=\"application\/ld+json\" class=\"yoast-schema-graph\">{\"@context\":\"https:\/\/schema.org\",\"@graph\":[{\"@type\":\"WebPage\",\"@id\":\"https:\/\/www.losencuentrosdepamplona.com\/participante\/pedro-costa\/\",\"url\":\"https:\/\/www.losencuentrosdepamplona.com\/participante\/pedro-costa\/\",\"name\":\"Pedro Costa - Encuentros de Pamplona \/ Iru\u00f1eko Topaketak\",\"isPartOf\":{\"@id\":\"https:\/\/www.losencuentrosdepamplona.com\/#website\"},\"primaryImageOfPage\":{\"@id\":\"https:\/\/www.losencuentrosdepamplona.com\/participante\/pedro-costa\/#primaryimage\"},\"image\":{\"@id\":\"https:\/\/www.losencuentrosdepamplona.com\/participante\/pedro-costa\/#primaryimage\"},\"thumbnailUrl\":\"https:\/\/www.losencuentrosdepamplona.com\/wp-content\/uploads\/2024\/04\/pedro-costa-760x760-1.jpg\",\"datePublished\":\"2024-04-09T14:17:45+00:00\",\"dateModified\":\"2024-04-09T14:19:12+00:00\",\"breadcrumb\":{\"@id\":\"https:\/\/www.losencuentrosdepamplona.com\/participante\/pedro-costa\/#breadcrumb\"},\"inLanguage\":\"en-US\",\"potentialAction\":[{\"@type\":\"ReadAction\",\"target\":[\"https:\/\/www.losencuentrosdepamplona.com\/participante\/pedro-costa\/\"]}]},{\"@type\":\"ImageObject\",\"inLanguage\":\"en-US\",\"@id\":\"https:\/\/www.losencuentrosdepamplona.com\/participante\/pedro-costa\/#primaryimage\",\"url\":\"https:\/\/www.losencuentrosdepamplona.com\/wp-content\/uploads\/2024\/04\/pedro-costa-760x760-1.jpg\",\"contentUrl\":\"https:\/\/www.losencuentrosdepamplona.com\/wp-content\/uploads\/2024\/04\/pedro-costa-760x760-1.jpg\",\"width\":760,\"height\":760},{\"@type\":\"BreadcrumbList\",\"@id\":\"https:\/\/www.losencuentrosdepamplona.com\/participante\/pedro-costa\/#breadcrumb\",\"itemListElement\":[{\"@type\":\"ListItem\",\"position\":1,\"name\":\"Portada\",\"item\":\"https:\/\/www.losencuentrosdepamplona.com\/en\/\"},{\"@type\":\"ListItem\",\"position\":2,\"name\":\"Pedro Costa\"}]},{\"@type\":\"WebSite\",\"@id\":\"https:\/\/www.losencuentrosdepamplona.com\/#website\",\"url\":\"https:\/\/www.losencuentrosdepamplona.com\/\",\"name\":\"Encuentros de Pamplona \/ Iru\u00f1eko Topaketak\",\"description\":\"Bienal internacional de cultura, arte y pensamiento\",\"publisher\":{\"@id\":\"https:\/\/www.losencuentrosdepamplona.com\/#organization\"},\"potentialAction\":[{\"@type\":\"SearchAction\",\"target\":{\"@type\":\"EntryPoint\",\"urlTemplate\":\"https:\/\/www.losencuentrosdepamplona.com\/?s={search_term_string}\"},\"query-input\":{\"@type\":\"PropertyValueSpecification\",\"valueRequired\":true,\"valueName\":\"search_term_string\"}}],\"inLanguage\":\"en-US\"},{\"@type\":\"Organization\",\"@id\":\"https:\/\/www.losencuentrosdepamplona.com\/#organization\",\"name\":\"Encuentros de Pamplona \/ Iru\u00f1eko Topaketak\",\"url\":\"https:\/\/www.losencuentrosdepamplona.com\/\",\"logo\":{\"@type\":\"ImageObject\",\"inLanguage\":\"en-US\",\"@id\":\"https:\/\/www.losencuentrosdepamplona.com\/#\/schema\/logo\/image\/\",\"url\":\"https:\/\/www.losencuentrosdepamplona.com\/wp-content\/uploads\/2024\/02\/encuentros__mid-dark.svg\",\"contentUrl\":\"https:\/\/www.losencuentrosdepamplona.com\/wp-content\/uploads\/2024\/02\/encuentros__mid-dark.svg\",\"width\":1103,\"height\":294,\"caption\":\"Encuentros de Pamplona \/ Iru\u00f1eko Topaketak\"},\"image\":{\"@id\":\"https:\/\/www.losencuentrosdepamplona.com\/#\/schema\/logo\/image\/\"},\"sameAs\":[\"https:\/\/www.facebook.com\/encuentrosdepamplona\/\",\"https:\/\/x.com\/encuentros2024\",\"https:\/\/www.instagram.com\/losencuentrosdepamplona\/?hl=es\"]}]}<\/script>\n<!-- \/ Yoast SEO plugin. -->","yoast_head_json":{"title":"Pedro Costa - Encuentros de Pamplona \/ Iru\u00f1eko Topaketak","robots":{"index":"index","follow":"follow","max-snippet":"max-snippet:-1","max-image-preview":"max-image-preview:large","max-video-preview":"max-video-preview:-1"},"canonical":"https:\/\/www.losencuentrosdepamplona.com\/participante\/pedro-costa\/","og_locale":"en_US","og_type":"article","og_title":"Pedro Costa - Encuentros de Pamplona \/ Iru\u00f1eko Topaketak","og_description":"He gave up his history studies to attend classes with Ant\u00f3nio Reis at the Escola Superior de Cinema in Lisbon. His d\u00e9but film&nbsp;O Sangue&nbsp;had its world premi\u00e8re at the Venice film festival in 1990.&nbsp;Casa de Lava, shot in Cabo Verde, premi\u00e8red at the Cannes film festival in 1994.&nbsp;Cavalo Dinhero&nbsp;won the Leopard for best director at&hellip;&nbsp;Read More &raquo;Pedro Costa","og_url":"https:\/\/www.losencuentrosdepamplona.com\/participante\/pedro-costa\/","og_site_name":"Encuentros de Pamplona \/ Iru\u00f1eko Topaketak","article_publisher":"https:\/\/www.facebook.com\/encuentrosdepamplona\/","article_modified_time":"2024-04-09T14:19:12+00:00","og_image":[{"width":760,"height":760,"url":"https:\/\/www.losencuentrosdepamplona.com\/wp-content\/uploads\/2024\/04\/pedro-costa-760x760-1.jpg","type":"image\/jpeg"}],"twitter_card":"summary_large_image","twitter_site":"@encuentros2024","twitter_misc":{"Est. reading time":"1 minute"},"schema":{"@context":"https:\/\/schema.org","@graph":[{"@type":"WebPage","@id":"https:\/\/www.losencuentrosdepamplona.com\/participante\/pedro-costa\/","url":"https:\/\/www.losencuentrosdepamplona.com\/participante\/pedro-costa\/","name":"Pedro Costa - Encuentros de Pamplona \/ Iru\u00f1eko Topaketak","isPartOf":{"@id":"https:\/\/www.losencuentrosdepamplona.com\/#website"},"primaryImageOfPage":{"@id":"https:\/\/www.losencuentrosdepamplona.com\/participante\/pedro-costa\/#primaryimage"},"image":{"@id":"https:\/\/www.losencuentrosdepamplona.com\/participante\/pedro-costa\/#primaryimage"},"thumbnailUrl":"https:\/\/www.losencuentrosdepamplona.com\/wp-content\/uploads\/2024\/04\/pedro-costa-760x760-1.jpg","datePublished":"2024-04-09T14:17:45+00:00","dateModified":"2024-04-09T14:19:12+00:00","breadcrumb":{"@id":"https:\/\/www.losencuentrosdepamplona.com\/participante\/pedro-costa\/#breadcrumb"},"inLanguage":"en-US","potentialAction":[{"@type":"ReadAction","target":["https:\/\/www.losencuentrosdepamplona.com\/participante\/pedro-costa\/"]}]},{"@type":"ImageObject","inLanguage":"en-US","@id":"https:\/\/www.losencuentrosdepamplona.com\/participante\/pedro-costa\/#primaryimage","url":"https:\/\/www.losencuentrosdepamplona.com\/wp-content\/uploads\/2024\/04\/pedro-costa-760x760-1.jpg","contentUrl":"https:\/\/www.losencuentrosdepamplona.com\/wp-content\/uploads\/2024\/04\/pedro-costa-760x760-1.jpg","width":760,"height":760},{"@type":"BreadcrumbList","@id":"https:\/\/www.losencuentrosdepamplona.com\/participante\/pedro-costa\/#breadcrumb","itemListElement":[{"@type":"ListItem","position":1,"name":"Portada","item":"https:\/\/www.losencuentrosdepamplona.com\/en\/"},{"@type":"ListItem","position":2,"name":"Pedro Costa"}]},{"@type":"WebSite","@id":"https:\/\/www.losencuentrosdepamplona.com\/#website","url":"https:\/\/www.losencuentrosdepamplona.com\/","name":"Encuentros de Pamplona \/ Iru\u00f1eko Topaketak","description":"Bienal internacional de cultura, arte y pensamiento","publisher":{"@id":"https:\/\/www.losencuentrosdepamplona.com\/#organization"},"potentialAction":[{"@type":"SearchAction","target":{"@type":"EntryPoint","urlTemplate":"https:\/\/www.losencuentrosdepamplona.com\/?s={search_term_string}"},"query-input":{"@type":"PropertyValueSpecification","valueRequired":true,"valueName":"search_term_string"}}],"inLanguage":"en-US"},{"@type":"Organization","@id":"https:\/\/www.losencuentrosdepamplona.com\/#organization","name":"Encuentros de Pamplona \/ Iru\u00f1eko Topaketak","url":"https:\/\/www.losencuentrosdepamplona.com\/","logo":{"@type":"ImageObject","inLanguage":"en-US","@id":"https:\/\/www.losencuentrosdepamplona.com\/#\/schema\/logo\/image\/","url":"https:\/\/www.losencuentrosdepamplona.com\/wp-content\/uploads\/2024\/02\/encuentros__mid-dark.svg","contentUrl":"https:\/\/www.losencuentrosdepamplona.com\/wp-content\/uploads\/2024\/02\/encuentros__mid-dark.svg","width":1103,"height":294,"caption":"Encuentros de Pamplona \/ Iru\u00f1eko Topaketak"},"image":{"@id":"https:\/\/www.losencuentrosdepamplona.com\/#\/schema\/logo\/image\/"},"sameAs":["https:\/\/www.facebook.com\/encuentrosdepamplona\/","https:\/\/x.com\/encuentros2024","https:\/\/www.instagram.com\/losencuentrosdepamplona\/?hl=es"]}]}},"uagb_featured_image_src":{"full":["https:\/\/www.losencuentrosdepamplona.com\/wp-content\/uploads\/2024\/04\/pedro-costa-760x760-1.jpg",760,760,false],"thumbnail":["https:\/\/www.losencuentrosdepamplona.com\/wp-content\/uploads\/2024\/04\/pedro-costa-760x760-1-150x150.jpg",150,150,true],"medium":["https:\/\/www.losencuentrosdepamplona.com\/wp-content\/uploads\/2024\/04\/pedro-costa-760x760-1-300x300.jpg",300,300,true],"medium_large":["https:\/\/www.losencuentrosdepamplona.com\/wp-content\/uploads\/2024\/04\/pedro-costa-760x760-1.jpg",760,760,false],"large":["https:\/\/www.losencuentrosdepamplona.com\/wp-content\/uploads\/2024\/04\/pedro-costa-760x760-1.jpg",760,760,false],"thumblist":["https:\/\/www.losencuentrosdepamplona.com\/wp-content\/uploads\/2024\/04\/pedro-costa-760x760-1.jpg",300,300,false],"thumbrelated":["https:\/\/www.losencuentrosdepamplona.com\/wp-content\/uploads\/2024\/04\/pedro-costa-760x760-1.jpg",500,500,false],"meccarouselthumb":["https:\/\/www.losencuentrosdepamplona.com\/wp-content\/uploads\/2024\/04\/pedro-costa-760x760-1.jpg",324,324,false],"gridsquare":["https:\/\/www.losencuentrosdepamplona.com\/wp-content\/uploads\/2024\/04\/pedro-costa-760x760-1.jpg",260,260,false],"tileview":["https:\/\/www.losencuentrosdepamplona.com\/wp-content\/uploads\/2024\/04\/pedro-costa-760x760-1.jpg",300,300,false],"1536x1536":["https:\/\/www.losencuentrosdepamplona.com\/wp-content\/uploads\/2024\/04\/pedro-costa-760x760-1.jpg",760,760,false],"2048x2048":["https:\/\/www.losencuentrosdepamplona.com\/wp-content\/uploads\/2024\/04\/pedro-costa-760x760-1.jpg",760,760,false],"neve-blog":["https:\/\/www.losencuentrosdepamplona.com\/wp-content\/uploads\/2024\/04\/pedro-costa-760x760-1-760x620.jpg",760,620,true]},"uagb_author_info":{"display_name":"ec6eef2fcc","author_link":"https:\/\/www.losencuentrosdepamplona.com\/en\/author\/"},"uagb_comment_info":0,"uagb_excerpt":"He gave up his history studies to attend classes with Ant\u00f3nio Reis at the Escola Superior de Cinema in Lisbon. His d\u00e9but film&nbsp;O Sangue&nbsp;had its world premi\u00e8re at the Venice film festival in 1990.&nbsp;Casa de Lava, shot in Cabo Verde, premi\u00e8red at the Cannes film festival in 1994.&nbsp;Cavalo Dinhero&nbsp;won the Leopard for best director at&hellip;&nbsp;Read&hellip;","_links":{"self":[{"href":"https:\/\/www.losencuentrosdepamplona.com\/en\/wp-json\/wp\/v2\/participante\/2633","targetHints":{"allow":["GET"]}}],"collection":[{"href":"https:\/\/www.losencuentrosdepamplona.com\/en\/wp-json\/wp\/v2\/participante"}],"about":[{"href":"https:\/\/www.losencuentrosdepamplona.com\/en\/wp-json\/wp\/v2\/types\/participante"}],"wp:featuredmedia":[{"embeddable":true,"href":"https:\/\/www.losencuentrosdepamplona.com\/en\/wp-json\/wp\/v2\/media\/2631"}],"wp:attachment":[{"href":"https:\/\/www.losencuentrosdepamplona.com\/en\/wp-json\/wp\/v2\/media?parent=2633"}],"wp:term":[{"taxonomy":"categoria-participante","embeddable":true,"href":"https:\/\/www.losencuentrosdepamplona.com\/en\/wp-json\/wp\/v2\/categoria-participante?post=2633"}],"curies":[{"name":"wp","href":"https:\/\/api.w.org\/{rel}","templated":true}]}}