{"id":3037,"date":"2024-04-11T11:38:04","date_gmt":"2024-04-11T09:38:04","guid":{"rendered":"https:\/\/www.losencuentrosdepamplona.com\/participante\/verde-prato\/"},"modified":"2024-04-11T11:38:04","modified_gmt":"2024-04-11T09:38:04","slug":"verde-prato","status":"publish","type":"participante","link":"https:\/\/www.losencuentrosdepamplona.com\/en\/participante\/verde-prato\/","title":{"rendered":"Verde Prato"},"content":{"rendered":"\n<p>Verde Prato es el proyecto en solitario de la pintora y m\u00fasica Ana Arsuaga. Canta en euskera y recupera la tradici\u00f3n oral vasca en sus canciones, a trav\u00e9s de temas minimalistas, a partir de un teclado, su voz y sonidos pregrabados, a menudo inspirados en la tradici\u00f3n de folklore local, llevando el pasado al futuro. Cantos populares y cantos lit\u00fargicos en formato voz y electr\u00f3nica, cruce (im)posible entre Mazzy Star o Nico y Mikel Laboa.<\/p>\n\n\n\n<p>Verde Prato public\u00f3 en 2021 su disco debut&nbsp;<em>Kondaira eder hura<\/em>&nbsp;(Aquella bella historia), grabado y producido por Jon Aguirrezabalaga (We Are Standard) y editado por Plan B rec. En 2022 presenta&nbsp;<em>Jaikiera<\/em>, en colaboraci\u00f3n con el sello londinense Hegoa Diskak.<\/p>\n\n\n\n<p>Exponente de una nueva generaci\u00f3n de j\u00f3venes artistas que est\u00e1n recuperando la tradici\u00f3n vasca llev\u00e1ndola a lugares insospechados y por ello sorprendentes y emocionantes, Verde Prato pone en valor la presencia de la voz en el cancionero popular de muchas culturas y es algo que cobra especial importancia en sus Composiciones.<\/p>\n\n\n\n<p>Imagen&nbsp;\u00a9 Mar\u00eda Muriedas<\/p>\n","protected":false},"featured_media":3035,"template":"","categoria-participante":[104],"class_list":["post-3037","participante","type-participante","status-publish","has-post-thumbnail","hentry","categoria-participante-creating-looking-listening-to-the-world"],"acf":[],"yoast_head":"<!-- This site is optimized with the Yoast SEO plugin v23.5 - https:\/\/yoast.com\/wordpress\/plugins\/seo\/ -->\n<title>Verde Prato - Encuentros de Pamplona \/ Iru\u00f1eko Topaketak<\/title>\n<meta name=\"robots\" content=\"index, follow, max-snippet:-1, max-image-preview:large, max-video-preview:-1\" \/>\n<link rel=\"canonical\" href=\"https:\/\/www.losencuentrosdepamplona.com\/en\/participante\/verde-prato\/\" \/>\n<meta property=\"og:locale\" content=\"en_US\" \/>\n<meta property=\"og:type\" content=\"article\" \/>\n<meta property=\"og:title\" content=\"Verde Prato - Encuentros de Pamplona \/ Iru\u00f1eko Topaketak\" \/>\n<meta property=\"og:description\" content=\"Verde Prato es el proyecto en solitario de la pintora y m\u00fasica Ana Arsuaga. Canta en euskera y recupera la tradici\u00f3n oral vasca en sus canciones, a trav\u00e9s de temas minimalistas, a partir de un teclado, su voz y sonidos pregrabados, a menudo inspirados en la tradici\u00f3n de folklore local, llevando el pasado al futuro.&hellip;&nbsp;Read More &raquo;Verde Prato\" \/>\n<meta property=\"og:url\" content=\"https:\/\/www.losencuentrosdepamplona.com\/en\/participante\/verde-prato\/\" \/>\n<meta property=\"og:site_name\" content=\"Encuentros de Pamplona \/ Iru\u00f1eko Topaketak\" \/>\n<meta property=\"article:publisher\" content=\"https:\/\/www.facebook.com\/encuentrosdepamplona\/\" \/>\n<meta property=\"og:image\" content=\"https:\/\/www.losencuentrosdepamplona.com\/wp-content\/uploads\/2024\/04\/Verde-Prato-foto-de-Maria-Muriedas-foto-2.jpg\" \/>\n\t<meta property=\"og:image:width\" content=\"561\" \/>\n\t<meta property=\"og:image:height\" content=\"561\" \/>\n\t<meta property=\"og:image:type\" content=\"image\/jpeg\" \/>\n<meta name=\"twitter:card\" content=\"summary_large_image\" \/>\n<meta name=\"twitter:site\" content=\"@encuentros2024\" \/>\n<meta name=\"twitter:label1\" content=\"Est. reading time\" \/>\n\t<meta name=\"twitter:data1\" content=\"1 minute\" \/>\n<script type=\"application\/ld+json\" class=\"yoast-schema-graph\">{\"@context\":\"https:\/\/schema.org\",\"@graph\":[{\"@type\":\"WebPage\",\"@id\":\"https:\/\/www.losencuentrosdepamplona.com\/en\/participante\/verde-prato\/\",\"url\":\"https:\/\/www.losencuentrosdepamplona.com\/en\/participante\/verde-prato\/\",\"name\":\"Verde Prato - Encuentros de Pamplona \/ Iru\u00f1eko Topaketak\",\"isPartOf\":{\"@id\":\"https:\/\/www.losencuentrosdepamplona.com\/#website\"},\"primaryImageOfPage\":{\"@id\":\"https:\/\/www.losencuentrosdepamplona.com\/en\/participante\/verde-prato\/#primaryimage\"},\"image\":{\"@id\":\"https:\/\/www.losencuentrosdepamplona.com\/en\/participante\/verde-prato\/#primaryimage\"},\"thumbnailUrl\":\"https:\/\/www.losencuentrosdepamplona.com\/wp-content\/uploads\/2024\/04\/Verde-Prato-foto-de-Maria-Muriedas-foto-2.jpg\",\"datePublished\":\"2024-04-11T09:38:04+00:00\",\"dateModified\":\"2024-04-11T09:38:04+00:00\",\"breadcrumb\":{\"@id\":\"https:\/\/www.losencuentrosdepamplona.com\/en\/participante\/verde-prato\/#breadcrumb\"},\"inLanguage\":\"en-US\",\"potentialAction\":[{\"@type\":\"ReadAction\",\"target\":[\"https:\/\/www.losencuentrosdepamplona.com\/en\/participante\/verde-prato\/\"]}]},{\"@type\":\"ImageObject\",\"inLanguage\":\"en-US\",\"@id\":\"https:\/\/www.losencuentrosdepamplona.com\/en\/participante\/verde-prato\/#primaryimage\",\"url\":\"https:\/\/www.losencuentrosdepamplona.com\/wp-content\/uploads\/2024\/04\/Verde-Prato-foto-de-Maria-Muriedas-foto-2.jpg\",\"contentUrl\":\"https:\/\/www.losencuentrosdepamplona.com\/wp-content\/uploads\/2024\/04\/Verde-Prato-foto-de-Maria-Muriedas-foto-2.jpg\",\"width\":561,\"height\":561},{\"@type\":\"BreadcrumbList\",\"@id\":\"https:\/\/www.losencuentrosdepamplona.com\/en\/participante\/verde-prato\/#breadcrumb\",\"itemListElement\":[{\"@type\":\"ListItem\",\"position\":1,\"name\":\"Portada\",\"item\":\"https:\/\/www.losencuentrosdepamplona.com\/en\/\"},{\"@type\":\"ListItem\",\"position\":2,\"name\":\"Verde Prato\"}]},{\"@type\":\"WebSite\",\"@id\":\"https:\/\/www.losencuentrosdepamplona.com\/#website\",\"url\":\"https:\/\/www.losencuentrosdepamplona.com\/\",\"name\":\"Encuentros de Pamplona \/ Iru\u00f1eko Topaketak\",\"description\":\"Bienal internacional de cultura, arte y pensamiento\",\"publisher\":{\"@id\":\"https:\/\/www.losencuentrosdepamplona.com\/#organization\"},\"potentialAction\":[{\"@type\":\"SearchAction\",\"target\":{\"@type\":\"EntryPoint\",\"urlTemplate\":\"https:\/\/www.losencuentrosdepamplona.com\/?s={search_term_string}\"},\"query-input\":{\"@type\":\"PropertyValueSpecification\",\"valueRequired\":true,\"valueName\":\"search_term_string\"}}],\"inLanguage\":\"en-US\"},{\"@type\":\"Organization\",\"@id\":\"https:\/\/www.losencuentrosdepamplona.com\/#organization\",\"name\":\"Encuentros de Pamplona \/ Iru\u00f1eko Topaketak\",\"url\":\"https:\/\/www.losencuentrosdepamplona.com\/\",\"logo\":{\"@type\":\"ImageObject\",\"inLanguage\":\"en-US\",\"@id\":\"https:\/\/www.losencuentrosdepamplona.com\/#\/schema\/logo\/image\/\",\"url\":\"https:\/\/www.losencuentrosdepamplona.com\/wp-content\/uploads\/2024\/02\/encuentros__mid-dark.svg\",\"contentUrl\":\"https:\/\/www.losencuentrosdepamplona.com\/wp-content\/uploads\/2024\/02\/encuentros__mid-dark.svg\",\"width\":1103,\"height\":294,\"caption\":\"Encuentros de Pamplona \/ Iru\u00f1eko Topaketak\"},\"image\":{\"@id\":\"https:\/\/www.losencuentrosdepamplona.com\/#\/schema\/logo\/image\/\"},\"sameAs\":[\"https:\/\/www.facebook.com\/encuentrosdepamplona\/\",\"https:\/\/x.com\/encuentros2024\",\"https:\/\/www.instagram.com\/losencuentrosdepamplona\/?hl=es\"]}]}<\/script>\n<!-- \/ Yoast SEO plugin. -->","yoast_head_json":{"title":"Verde Prato - Encuentros de Pamplona \/ Iru\u00f1eko Topaketak","robots":{"index":"index","follow":"follow","max-snippet":"max-snippet:-1","max-image-preview":"max-image-preview:large","max-video-preview":"max-video-preview:-1"},"canonical":"https:\/\/www.losencuentrosdepamplona.com\/en\/participante\/verde-prato\/","og_locale":"en_US","og_type":"article","og_title":"Verde Prato - Encuentros de Pamplona \/ Iru\u00f1eko Topaketak","og_description":"Verde Prato es el proyecto en solitario de la pintora y m\u00fasica Ana Arsuaga. Canta en euskera y recupera la tradici\u00f3n oral vasca en sus canciones, a trav\u00e9s de temas minimalistas, a partir de un teclado, su voz y sonidos pregrabados, a menudo inspirados en la tradici\u00f3n de folklore local, llevando el pasado al futuro.&hellip;&nbsp;Read More &raquo;Verde Prato","og_url":"https:\/\/www.losencuentrosdepamplona.com\/en\/participante\/verde-prato\/","og_site_name":"Encuentros de Pamplona \/ Iru\u00f1eko Topaketak","article_publisher":"https:\/\/www.facebook.com\/encuentrosdepamplona\/","og_image":[{"width":561,"height":561,"url":"https:\/\/www.losencuentrosdepamplona.com\/wp-content\/uploads\/2024\/04\/Verde-Prato-foto-de-Maria-Muriedas-foto-2.jpg","type":"image\/jpeg"}],"twitter_card":"summary_large_image","twitter_site":"@encuentros2024","twitter_misc":{"Est. reading time":"1 minute"},"schema":{"@context":"https:\/\/schema.org","@graph":[{"@type":"WebPage","@id":"https:\/\/www.losencuentrosdepamplona.com\/en\/participante\/verde-prato\/","url":"https:\/\/www.losencuentrosdepamplona.com\/en\/participante\/verde-prato\/","name":"Verde Prato - Encuentros de Pamplona \/ Iru\u00f1eko Topaketak","isPartOf":{"@id":"https:\/\/www.losencuentrosdepamplona.com\/#website"},"primaryImageOfPage":{"@id":"https:\/\/www.losencuentrosdepamplona.com\/en\/participante\/verde-prato\/#primaryimage"},"image":{"@id":"https:\/\/www.losencuentrosdepamplona.com\/en\/participante\/verde-prato\/#primaryimage"},"thumbnailUrl":"https:\/\/www.losencuentrosdepamplona.com\/wp-content\/uploads\/2024\/04\/Verde-Prato-foto-de-Maria-Muriedas-foto-2.jpg","datePublished":"2024-04-11T09:38:04+00:00","dateModified":"2024-04-11T09:38:04+00:00","breadcrumb":{"@id":"https:\/\/www.losencuentrosdepamplona.com\/en\/participante\/verde-prato\/#breadcrumb"},"inLanguage":"en-US","potentialAction":[{"@type":"ReadAction","target":["https:\/\/www.losencuentrosdepamplona.com\/en\/participante\/verde-prato\/"]}]},{"@type":"ImageObject","inLanguage":"en-US","@id":"https:\/\/www.losencuentrosdepamplona.com\/en\/participante\/verde-prato\/#primaryimage","url":"https:\/\/www.losencuentrosdepamplona.com\/wp-content\/uploads\/2024\/04\/Verde-Prato-foto-de-Maria-Muriedas-foto-2.jpg","contentUrl":"https:\/\/www.losencuentrosdepamplona.com\/wp-content\/uploads\/2024\/04\/Verde-Prato-foto-de-Maria-Muriedas-foto-2.jpg","width":561,"height":561},{"@type":"BreadcrumbList","@id":"https:\/\/www.losencuentrosdepamplona.com\/en\/participante\/verde-prato\/#breadcrumb","itemListElement":[{"@type":"ListItem","position":1,"name":"Portada","item":"https:\/\/www.losencuentrosdepamplona.com\/en\/"},{"@type":"ListItem","position":2,"name":"Verde Prato"}]},{"@type":"WebSite","@id":"https:\/\/www.losencuentrosdepamplona.com\/#website","url":"https:\/\/www.losencuentrosdepamplona.com\/","name":"Encuentros de Pamplona \/ Iru\u00f1eko Topaketak","description":"Bienal internacional de cultura, arte y pensamiento","publisher":{"@id":"https:\/\/www.losencuentrosdepamplona.com\/#organization"},"potentialAction":[{"@type":"SearchAction","target":{"@type":"EntryPoint","urlTemplate":"https:\/\/www.losencuentrosdepamplona.com\/?s={search_term_string}"},"query-input":{"@type":"PropertyValueSpecification","valueRequired":true,"valueName":"search_term_string"}}],"inLanguage":"en-US"},{"@type":"Organization","@id":"https:\/\/www.losencuentrosdepamplona.com\/#organization","name":"Encuentros de Pamplona \/ Iru\u00f1eko Topaketak","url":"https:\/\/www.losencuentrosdepamplona.com\/","logo":{"@type":"ImageObject","inLanguage":"en-US","@id":"https:\/\/www.losencuentrosdepamplona.com\/#\/schema\/logo\/image\/","url":"https:\/\/www.losencuentrosdepamplona.com\/wp-content\/uploads\/2024\/02\/encuentros__mid-dark.svg","contentUrl":"https:\/\/www.losencuentrosdepamplona.com\/wp-content\/uploads\/2024\/02\/encuentros__mid-dark.svg","width":1103,"height":294,"caption":"Encuentros de Pamplona \/ Iru\u00f1eko Topaketak"},"image":{"@id":"https:\/\/www.losencuentrosdepamplona.com\/#\/schema\/logo\/image\/"},"sameAs":["https:\/\/www.facebook.com\/encuentrosdepamplona\/","https:\/\/x.com\/encuentros2024","https:\/\/www.instagram.com\/losencuentrosdepamplona\/?hl=es"]}]}},"uagb_featured_image_src":{"full":["https:\/\/www.losencuentrosdepamplona.com\/wp-content\/uploads\/2024\/04\/Verde-Prato-foto-de-Maria-Muriedas-foto-2.jpg",561,561,false],"thumbnail":["https:\/\/www.losencuentrosdepamplona.com\/wp-content\/uploads\/2024\/04\/Verde-Prato-foto-de-Maria-Muriedas-foto-2-150x150.jpg",150,150,true],"medium":["https:\/\/www.losencuentrosdepamplona.com\/wp-content\/uploads\/2024\/04\/Verde-Prato-foto-de-Maria-Muriedas-foto-2-300x300.jpg",300,300,true],"medium_large":["https:\/\/www.losencuentrosdepamplona.com\/wp-content\/uploads\/2024\/04\/Verde-Prato-foto-de-Maria-Muriedas-foto-2.jpg",561,561,false],"large":["https:\/\/www.losencuentrosdepamplona.com\/wp-content\/uploads\/2024\/04\/Verde-Prato-foto-de-Maria-Muriedas-foto-2.jpg",561,561,false],"thumblist":["https:\/\/www.losencuentrosdepamplona.com\/wp-content\/uploads\/2024\/04\/Verde-Prato-foto-de-Maria-Muriedas-foto-2-300x300.jpg",300,300,true],"thumbrelated":["https:\/\/www.losencuentrosdepamplona.com\/wp-content\/uploads\/2024\/04\/Verde-Prato-foto-de-Maria-Muriedas-foto-2-500x500.jpg",500,500,true],"meccarouselthumb":["https:\/\/www.losencuentrosdepamplona.com\/wp-content\/uploads\/2024\/04\/Verde-Prato-foto-de-Maria-Muriedas-foto-2-474x324.jpg",474,324,true],"gridsquare":["https:\/\/www.losencuentrosdepamplona.com\/wp-content\/uploads\/2024\/04\/Verde-Prato-foto-de-Maria-Muriedas-foto-2-391x260.jpg",391,260,true],"tileview":["https:\/\/www.losencuentrosdepamplona.com\/wp-content\/uploads\/2024\/04\/Verde-Prato-foto-de-Maria-Muriedas-foto-2-300x400.jpg",300,400,true],"1536x1536":["https:\/\/www.losencuentrosdepamplona.com\/wp-content\/uploads\/2024\/04\/Verde-Prato-foto-de-Maria-Muriedas-foto-2.jpg",561,561,false],"2048x2048":["https:\/\/www.losencuentrosdepamplona.com\/wp-content\/uploads\/2024\/04\/Verde-Prato-foto-de-Maria-Muriedas-foto-2.jpg",561,561,false],"neve-blog":["https:\/\/www.losencuentrosdepamplona.com\/wp-content\/uploads\/2024\/04\/Verde-Prato-foto-de-Maria-Muriedas-foto-2.jpg",561,561,false]},"uagb_author_info":{"display_name":"ec6eef2fcc","author_link":"https:\/\/www.losencuentrosdepamplona.com\/en\/author\/"},"uagb_comment_info":0,"uagb_excerpt":"Verde Prato es el proyecto en solitario de la pintora y m\u00fasica Ana Arsuaga. Canta en euskera y recupera la tradici\u00f3n oral vasca en sus canciones, a trav\u00e9s de temas minimalistas, a partir de un teclado, su voz y sonidos pregrabados, a menudo inspirados en la tradici\u00f3n de folklore local, llevando el pasado al futuro.&hellip;&nbsp;Read&hellip;","_links":{"self":[{"href":"https:\/\/www.losencuentrosdepamplona.com\/en\/wp-json\/wp\/v2\/participante\/3037","targetHints":{"allow":["GET"]}}],"collection":[{"href":"https:\/\/www.losencuentrosdepamplona.com\/en\/wp-json\/wp\/v2\/participante"}],"about":[{"href":"https:\/\/www.losencuentrosdepamplona.com\/en\/wp-json\/wp\/v2\/types\/participante"}],"wp:featuredmedia":[{"embeddable":true,"href":"https:\/\/www.losencuentrosdepamplona.com\/en\/wp-json\/wp\/v2\/media\/3035"}],"wp:attachment":[{"href":"https:\/\/www.losencuentrosdepamplona.com\/en\/wp-json\/wp\/v2\/media?parent=3037"}],"wp:term":[{"taxonomy":"categoria-participante","embeddable":true,"href":"https:\/\/www.losencuentrosdepamplona.com\/en\/wp-json\/wp\/v2\/categoria-participante?post=3037"}],"curies":[{"name":"wp","href":"https:\/\/api.w.org\/{rel}","templated":true}]}}