{"id":3856,"date":"2024-03-04T12:59:26","date_gmt":"2024-03-04T11:59:26","guid":{"rendered":"https:\/\/www.losencuentrosdepamplona.com\/?post_type=participante&#038;p=3856"},"modified":"2024-04-19T13:42:28","modified_gmt":"2024-04-19T11:42:28","slug":"francisco-jarauta","status":"publish","type":"participante","link":"https:\/\/www.losencuentrosdepamplona.com\/en\/participante\/francisco-jarauta\/","title":{"rendered":"Francisco Jarauta"},"content":{"rendered":"\n<p><em>Fil\u00f3sofo, comisario y ensayista.<\/em><\/p>\n\n\n\n<p>Es catedr\u00e1tico de Filosof\u00eda de la Universidad de Murcia, profesor invitado en universidades europeas y americanas, miembro y patrono de Consejos cient\u00edficos de museos como el IVAM, Museo Reina Sof\u00eda, la Fundaci\u00f3n Bot\u00edn o el Instituto Europeo di Design, y curador de exposiciones internacionales. Recientemente ha comisariado \u00abMicro-Utopias. Arte y Arquitectura\u00bb (2023), donde afirma que las grandes utop\u00edas han quedado atr\u00e1s y que uno de los signos de la contemporaneidad, en un planeta completamente urbanizado y sometido a constantes conflictos, es la construcci\u00f3n de micro-utop\u00edas, cuya \u00e1rea de acci\u00f3n se limita al entorno comunitario pr\u00f3ximo, sea ciudad o barrio. Afirma la cr\u00edtica que \u201csus ensayos son una acreditada br\u00fajula en las microfisuras de la pol\u00edtica, la est\u00e9tica, la filosof\u00eda y el arte\u201d. Su \u00faltima obra ensay\u00edstica es&nbsp;<em>La amistad como una de las bellas artes&nbsp;<\/em>(2023), escrito junto con los pensadores Sami Nair y Javier de Lucas (2023).&nbsp;<\/p>\n","protected":false},"featured_media":992,"template":"","categoria-participante":[57],"class_list":["post-3856","participante","type-participante","status-publish","has-post-thumbnail","hentry","categoria-participante-1st-century-philosophy-to-find-our-way"],"acf":[],"yoast_head":"<!-- This site is optimized with the Yoast SEO plugin v23.5 - https:\/\/yoast.com\/wordpress\/plugins\/seo\/ -->\n<title>Francisco Jarauta - Encuentros de Pamplona \/ Iru\u00f1eko Topaketak<\/title>\n<meta name=\"robots\" content=\"index, follow, max-snippet:-1, max-image-preview:large, max-video-preview:-1\" \/>\n<link rel=\"canonical\" href=\"https:\/\/www.losencuentrosdepamplona.com\/participante\/francisco-jarauta\/\" \/>\n<meta property=\"og:locale\" content=\"en_US\" \/>\n<meta property=\"og:type\" content=\"article\" \/>\n<meta property=\"og:title\" content=\"Francisco Jarauta - Encuentros de Pamplona \/ Iru\u00f1eko Topaketak\" \/>\n<meta property=\"og:description\" content=\"Fil\u00f3sofo, comisario y ensayista. Es catedr\u00e1tico de Filosof\u00eda de la Universidad de Murcia, profesor invitado en universidades europeas y americanas, miembro y patrono de Consejos cient\u00edficos de museos como el IVAM, Museo Reina Sof\u00eda, la Fundaci\u00f3n Bot\u00edn o el Instituto Europeo di Design, y curador de exposiciones internacionales. Recientemente ha comisariado \u00abMicro-Utopias. Arte y Arquitectura\u00bb&hellip;&nbsp;Read More &raquo;Francisco Jarauta\" \/>\n<meta property=\"og:url\" content=\"https:\/\/www.losencuentrosdepamplona.com\/participante\/francisco-jarauta\/\" \/>\n<meta property=\"og:site_name\" content=\"Encuentros de Pamplona \/ Iru\u00f1eko Topaketak\" \/>\n<meta property=\"article:publisher\" content=\"https:\/\/www.facebook.com\/encuentrosdepamplona\/\" \/>\n<meta property=\"article:modified_time\" content=\"2024-04-19T11:42:28+00:00\" \/>\n<meta property=\"og:image\" content=\"https:\/\/www.losencuentrosdepamplona.com\/wp-content\/uploads\/2024\/03\/Retrato-Francisco-Jarauta-firmar-Enrique-Martinez-Bueso-.webp\" \/>\n\t<meta property=\"og:image:width\" content=\"800\" \/>\n\t<meta property=\"og:image:height\" content=\"915\" \/>\n\t<meta property=\"og:image:type\" content=\"image\/jpeg\" \/>\n<meta name=\"twitter:card\" content=\"summary_large_image\" \/>\n<meta name=\"twitter:site\" content=\"@encuentros2024\" \/>\n<meta name=\"twitter:label1\" content=\"Est. reading time\" \/>\n\t<meta name=\"twitter:data1\" content=\"1 minute\" \/>\n<script type=\"application\/ld+json\" class=\"yoast-schema-graph\">{\"@context\":\"https:\/\/schema.org\",\"@graph\":[{\"@type\":\"WebPage\",\"@id\":\"https:\/\/www.losencuentrosdepamplona.com\/participante\/francisco-jarauta\/\",\"url\":\"https:\/\/www.losencuentrosdepamplona.com\/participante\/francisco-jarauta\/\",\"name\":\"Francisco Jarauta - Encuentros de Pamplona \/ Iru\u00f1eko Topaketak\",\"isPartOf\":{\"@id\":\"https:\/\/www.losencuentrosdepamplona.com\/#website\"},\"primaryImageOfPage\":{\"@id\":\"https:\/\/www.losencuentrosdepamplona.com\/participante\/francisco-jarauta\/#primaryimage\"},\"image\":{\"@id\":\"https:\/\/www.losencuentrosdepamplona.com\/participante\/francisco-jarauta\/#primaryimage\"},\"thumbnailUrl\":\"https:\/\/www.losencuentrosdepamplona.com\/wp-content\/uploads\/2024\/03\/Retrato-Francisco-Jarauta-firmar-Enrique-Martinez-Bueso-.webp\",\"datePublished\":\"2024-03-04T11:59:26+00:00\",\"dateModified\":\"2024-04-19T11:42:28+00:00\",\"breadcrumb\":{\"@id\":\"https:\/\/www.losencuentrosdepamplona.com\/participante\/francisco-jarauta\/#breadcrumb\"},\"inLanguage\":\"en-US\",\"potentialAction\":[{\"@type\":\"ReadAction\",\"target\":[\"https:\/\/www.losencuentrosdepamplona.com\/participante\/francisco-jarauta\/\"]}]},{\"@type\":\"ImageObject\",\"inLanguage\":\"en-US\",\"@id\":\"https:\/\/www.losencuentrosdepamplona.com\/participante\/francisco-jarauta\/#primaryimage\",\"url\":\"https:\/\/www.losencuentrosdepamplona.com\/wp-content\/uploads\/2024\/03\/Retrato-Francisco-Jarauta-firmar-Enrique-Martinez-Bueso-.webp\",\"contentUrl\":\"https:\/\/www.losencuentrosdepamplona.com\/wp-content\/uploads\/2024\/03\/Retrato-Francisco-Jarauta-firmar-Enrique-Martinez-Bueso-.webp\",\"width\":800,\"height\":915},{\"@type\":\"BreadcrumbList\",\"@id\":\"https:\/\/www.losencuentrosdepamplona.com\/participante\/francisco-jarauta\/#breadcrumb\",\"itemListElement\":[{\"@type\":\"ListItem\",\"position\":1,\"name\":\"Portada\",\"item\":\"https:\/\/www.losencuentrosdepamplona.com\/en\/\"},{\"@type\":\"ListItem\",\"position\":2,\"name\":\"Francisco Jarauta\"}]},{\"@type\":\"WebSite\",\"@id\":\"https:\/\/www.losencuentrosdepamplona.com\/#website\",\"url\":\"https:\/\/www.losencuentrosdepamplona.com\/\",\"name\":\"Encuentros de Pamplona \/ Iru\u00f1eko Topaketak\",\"description\":\"Bienal internacional de cultura, arte y pensamiento\",\"publisher\":{\"@id\":\"https:\/\/www.losencuentrosdepamplona.com\/#organization\"},\"potentialAction\":[{\"@type\":\"SearchAction\",\"target\":{\"@type\":\"EntryPoint\",\"urlTemplate\":\"https:\/\/www.losencuentrosdepamplona.com\/?s={search_term_string}\"},\"query-input\":{\"@type\":\"PropertyValueSpecification\",\"valueRequired\":true,\"valueName\":\"search_term_string\"}}],\"inLanguage\":\"en-US\"},{\"@type\":\"Organization\",\"@id\":\"https:\/\/www.losencuentrosdepamplona.com\/#organization\",\"name\":\"Encuentros de Pamplona \/ Iru\u00f1eko Topaketak\",\"url\":\"https:\/\/www.losencuentrosdepamplona.com\/\",\"logo\":{\"@type\":\"ImageObject\",\"inLanguage\":\"en-US\",\"@id\":\"https:\/\/www.losencuentrosdepamplona.com\/#\/schema\/logo\/image\/\",\"url\":\"https:\/\/www.losencuentrosdepamplona.com\/wp-content\/uploads\/2024\/02\/encuentros__mid-dark.svg\",\"contentUrl\":\"https:\/\/www.losencuentrosdepamplona.com\/wp-content\/uploads\/2024\/02\/encuentros__mid-dark.svg\",\"width\":1103,\"height\":294,\"caption\":\"Encuentros de Pamplona \/ Iru\u00f1eko Topaketak\"},\"image\":{\"@id\":\"https:\/\/www.losencuentrosdepamplona.com\/#\/schema\/logo\/image\/\"},\"sameAs\":[\"https:\/\/www.facebook.com\/encuentrosdepamplona\/\",\"https:\/\/x.com\/encuentros2024\",\"https:\/\/www.instagram.com\/losencuentrosdepamplona\/?hl=es\"]}]}<\/script>\n<!-- \/ Yoast SEO plugin. -->","yoast_head_json":{"title":"Francisco Jarauta - Encuentros de Pamplona \/ Iru\u00f1eko Topaketak","robots":{"index":"index","follow":"follow","max-snippet":"max-snippet:-1","max-image-preview":"max-image-preview:large","max-video-preview":"max-video-preview:-1"},"canonical":"https:\/\/www.losencuentrosdepamplona.com\/participante\/francisco-jarauta\/","og_locale":"en_US","og_type":"article","og_title":"Francisco Jarauta - Encuentros de Pamplona \/ Iru\u00f1eko Topaketak","og_description":"Fil\u00f3sofo, comisario y ensayista. Es catedr\u00e1tico de Filosof\u00eda de la Universidad de Murcia, profesor invitado en universidades europeas y americanas, miembro y patrono de Consejos cient\u00edficos de museos como el IVAM, Museo Reina Sof\u00eda, la Fundaci\u00f3n Bot\u00edn o el Instituto Europeo di Design, y curador de exposiciones internacionales. Recientemente ha comisariado \u00abMicro-Utopias. Arte y Arquitectura\u00bb&hellip;&nbsp;Read More &raquo;Francisco Jarauta","og_url":"https:\/\/www.losencuentrosdepamplona.com\/participante\/francisco-jarauta\/","og_site_name":"Encuentros de Pamplona \/ Iru\u00f1eko Topaketak","article_publisher":"https:\/\/www.facebook.com\/encuentrosdepamplona\/","article_modified_time":"2024-04-19T11:42:28+00:00","og_image":[{"width":800,"height":915,"url":"https:\/\/www.losencuentrosdepamplona.com\/wp-content\/uploads\/2024\/03\/Retrato-Francisco-Jarauta-firmar-Enrique-Martinez-Bueso-.webp","type":"image\/jpeg"}],"twitter_card":"summary_large_image","twitter_site":"@encuentros2024","twitter_misc":{"Est. reading time":"1 minute"},"schema":{"@context":"https:\/\/schema.org","@graph":[{"@type":"WebPage","@id":"https:\/\/www.losencuentrosdepamplona.com\/participante\/francisco-jarauta\/","url":"https:\/\/www.losencuentrosdepamplona.com\/participante\/francisco-jarauta\/","name":"Francisco Jarauta - Encuentros de Pamplona \/ Iru\u00f1eko Topaketak","isPartOf":{"@id":"https:\/\/www.losencuentrosdepamplona.com\/#website"},"primaryImageOfPage":{"@id":"https:\/\/www.losencuentrosdepamplona.com\/participante\/francisco-jarauta\/#primaryimage"},"image":{"@id":"https:\/\/www.losencuentrosdepamplona.com\/participante\/francisco-jarauta\/#primaryimage"},"thumbnailUrl":"https:\/\/www.losencuentrosdepamplona.com\/wp-content\/uploads\/2024\/03\/Retrato-Francisco-Jarauta-firmar-Enrique-Martinez-Bueso-.webp","datePublished":"2024-03-04T11:59:26+00:00","dateModified":"2024-04-19T11:42:28+00:00","breadcrumb":{"@id":"https:\/\/www.losencuentrosdepamplona.com\/participante\/francisco-jarauta\/#breadcrumb"},"inLanguage":"en-US","potentialAction":[{"@type":"ReadAction","target":["https:\/\/www.losencuentrosdepamplona.com\/participante\/francisco-jarauta\/"]}]},{"@type":"ImageObject","inLanguage":"en-US","@id":"https:\/\/www.losencuentrosdepamplona.com\/participante\/francisco-jarauta\/#primaryimage","url":"https:\/\/www.losencuentrosdepamplona.com\/wp-content\/uploads\/2024\/03\/Retrato-Francisco-Jarauta-firmar-Enrique-Martinez-Bueso-.webp","contentUrl":"https:\/\/www.losencuentrosdepamplona.com\/wp-content\/uploads\/2024\/03\/Retrato-Francisco-Jarauta-firmar-Enrique-Martinez-Bueso-.webp","width":800,"height":915},{"@type":"BreadcrumbList","@id":"https:\/\/www.losencuentrosdepamplona.com\/participante\/francisco-jarauta\/#breadcrumb","itemListElement":[{"@type":"ListItem","position":1,"name":"Portada","item":"https:\/\/www.losencuentrosdepamplona.com\/en\/"},{"@type":"ListItem","position":2,"name":"Francisco Jarauta"}]},{"@type":"WebSite","@id":"https:\/\/www.losencuentrosdepamplona.com\/#website","url":"https:\/\/www.losencuentrosdepamplona.com\/","name":"Encuentros de Pamplona \/ Iru\u00f1eko Topaketak","description":"Bienal internacional de cultura, arte y pensamiento","publisher":{"@id":"https:\/\/www.losencuentrosdepamplona.com\/#organization"},"potentialAction":[{"@type":"SearchAction","target":{"@type":"EntryPoint","urlTemplate":"https:\/\/www.losencuentrosdepamplona.com\/?s={search_term_string}"},"query-input":{"@type":"PropertyValueSpecification","valueRequired":true,"valueName":"search_term_string"}}],"inLanguage":"en-US"},{"@type":"Organization","@id":"https:\/\/www.losencuentrosdepamplona.com\/#organization","name":"Encuentros de Pamplona \/ Iru\u00f1eko Topaketak","url":"https:\/\/www.losencuentrosdepamplona.com\/","logo":{"@type":"ImageObject","inLanguage":"en-US","@id":"https:\/\/www.losencuentrosdepamplona.com\/#\/schema\/logo\/image\/","url":"https:\/\/www.losencuentrosdepamplona.com\/wp-content\/uploads\/2024\/02\/encuentros__mid-dark.svg","contentUrl":"https:\/\/www.losencuentrosdepamplona.com\/wp-content\/uploads\/2024\/02\/encuentros__mid-dark.svg","width":1103,"height":294,"caption":"Encuentros de Pamplona \/ Iru\u00f1eko Topaketak"},"image":{"@id":"https:\/\/www.losencuentrosdepamplona.com\/#\/schema\/logo\/image\/"},"sameAs":["https:\/\/www.facebook.com\/encuentrosdepamplona\/","https:\/\/x.com\/encuentros2024","https:\/\/www.instagram.com\/losencuentrosdepamplona\/?hl=es"]}]}},"uagb_featured_image_src":{"full":["https:\/\/www.losencuentrosdepamplona.com\/wp-content\/uploads\/2024\/03\/Retrato-Francisco-Jarauta-firmar-Enrique-Martinez-Bueso-.webp",800,915,false],"thumbnail":["https:\/\/www.losencuentrosdepamplona.com\/wp-content\/uploads\/2024\/03\/Retrato-Francisco-Jarauta-firmar-Enrique-Martinez-Bueso--150x150.jpg",150,150,true],"medium":["https:\/\/www.losencuentrosdepamplona.com\/wp-content\/uploads\/2024\/03\/Retrato-Francisco-Jarauta-firmar-Enrique-Martinez-Bueso--262x300.jpg",262,300,true],"medium_large":["https:\/\/www.losencuentrosdepamplona.com\/wp-content\/uploads\/2024\/03\/Retrato-Francisco-Jarauta-firmar-Enrique-Martinez-Bueso--768x878.jpg",768,878,true],"large":["https:\/\/www.losencuentrosdepamplona.com\/wp-content\/uploads\/2024\/03\/Retrato-Francisco-Jarauta-firmar-Enrique-Martinez-Bueso-.webp",800,915,false],"thumblist":["https:\/\/www.losencuentrosdepamplona.com\/wp-content\/uploads\/2024\/03\/Retrato-Francisco-Jarauta-firmar-Enrique-Martinez-Bueso-.webp",262,300,false],"thumbrelated":["https:\/\/www.losencuentrosdepamplona.com\/wp-content\/uploads\/2024\/03\/Retrato-Francisco-Jarauta-firmar-Enrique-Martinez-Bueso-.webp",437,500,false],"meccarouselthumb":["https:\/\/www.losencuentrosdepamplona.com\/wp-content\/uploads\/2024\/03\/Retrato-Francisco-Jarauta-firmar-Enrique-Martinez-Bueso-.webp",283,324,false],"gridsquare":["https:\/\/www.losencuentrosdepamplona.com\/wp-content\/uploads\/2024\/03\/Retrato-Francisco-Jarauta-firmar-Enrique-Martinez-Bueso-.webp",227,260,false],"tileview":["https:\/\/www.losencuentrosdepamplona.com\/wp-content\/uploads\/2024\/03\/Retrato-Francisco-Jarauta-firmar-Enrique-Martinez-Bueso-.webp",300,343,false],"1536x1536":["https:\/\/www.losencuentrosdepamplona.com\/wp-content\/uploads\/2024\/03\/Retrato-Francisco-Jarauta-firmar-Enrique-Martinez-Bueso-.webp",800,915,false],"2048x2048":["https:\/\/www.losencuentrosdepamplona.com\/wp-content\/uploads\/2024\/03\/Retrato-Francisco-Jarauta-firmar-Enrique-Martinez-Bueso-.webp",800,915,false],"neve-blog":["https:\/\/www.losencuentrosdepamplona.com\/wp-content\/uploads\/2024\/03\/Retrato-Francisco-Jarauta-firmar-Enrique-Martinez-Bueso--800x620.jpg",800,620,true]},"uagb_author_info":{"display_name":"ec6eef2fcc","author_link":"https:\/\/www.losencuentrosdepamplona.com\/en\/author\/"},"uagb_comment_info":0,"uagb_excerpt":"Fil\u00f3sofo, comisario y ensayista. Es catedr\u00e1tico de Filosof\u00eda de la Universidad de Murcia, profesor invitado en universidades europeas y americanas, miembro y patrono de Consejos cient\u00edficos de museos como el IVAM, Museo Reina Sof\u00eda, la Fundaci\u00f3n Bot\u00edn o el Instituto Europeo di Design, y curador de exposiciones internacionales. Recientemente ha comisariado \u00abMicro-Utopias. Arte y Arquitectura\u00bb&hellip;&nbsp;Read&hellip;","_links":{"self":[{"href":"https:\/\/www.losencuentrosdepamplona.com\/en\/wp-json\/wp\/v2\/participante\/3856","targetHints":{"allow":["GET"]}}],"collection":[{"href":"https:\/\/www.losencuentrosdepamplona.com\/en\/wp-json\/wp\/v2\/participante"}],"about":[{"href":"https:\/\/www.losencuentrosdepamplona.com\/en\/wp-json\/wp\/v2\/types\/participante"}],"wp:featuredmedia":[{"embeddable":true,"href":"https:\/\/www.losencuentrosdepamplona.com\/en\/wp-json\/wp\/v2\/media\/992"}],"wp:attachment":[{"href":"https:\/\/www.losencuentrosdepamplona.com\/en\/wp-json\/wp\/v2\/media?parent=3856"}],"wp:term":[{"taxonomy":"categoria-participante","embeddable":true,"href":"https:\/\/www.losencuentrosdepamplona.com\/en\/wp-json\/wp\/v2\/categoria-participante?post=3856"}],"curies":[{"name":"wp","href":"https:\/\/api.w.org\/{rel}","templated":true}]}}