{"id":3867,"date":"2024-06-24T09:51:02","date_gmt":"2024-06-24T07:51:02","guid":{"rendered":"https:\/\/www.losencuentrosdepamplona.com\/?post_type=participante&#038;p=3867"},"modified":"2024-06-24T09:51:02","modified_gmt":"2024-06-24T07:51:02","slug":"marta-segarra","status":"publish","type":"participante","link":"https:\/\/www.losencuentrosdepamplona.com\/en\/participante\/marta-segarra\/","title":{"rendered":"Marta Segarra"},"content":{"rendered":"\n<p><em>Estudiosa del g\u00e9nero y el posthumanismo.<\/em><\/p>\n\n<p>Catedr\u00e1tica de Literatura Francesa y de Estudios de G\u00e9nero en la Universidad de Barcelona (UB); directora de investigaci\u00f3n en el Laboratoire d\u2019\u00c9tudes de Genre et de Sexualit\u00e9-LEGS, del Centre National de la Recherche Scientifique franc\u00e9s; e investigadora en el Centro de Investigaci\u00f3n Teor\u00eda, G\u00e9nero, Sexualidad de la UB. Su trabajo se centra en los \u00e1mbitos de los estudios de g\u00e9nero y sexualidad, de la biopol\u00edtica y el posthumanismo. Su libro\u00a0<em>Humanimales: abrir las fronteras de lo humano<\/em>\u00a0(2022) analiza el paso de las humanidades cl\u00e1sicas a las posthumanidades, que incluyen los estudios animales as\u00ed como otras perspectivas que desaf\u00edan la noci\u00f3n tradicional del sujeto humano, como los estudios de g\u00e9nero, poscoloniales y decoloniales, la ecocr\u00edtica o la teor\u00eda\u00a0<em>queer<\/em>. Ha publicado tambi\u00e9n\u00a0<em>Comunidades con acento<\/em>\u00a0(2021),\u00a0<em>G\u00e9nero. Una inmersi\u00f3n r\u00e1pida<\/em>\u00a0(2021) y\u00a0<em>El mundo que necesitamos<\/em>, en di\u00e1logo con la cient\u00edfica Donna Haraway (2020).\u00a0<\/p>\n","protected":false},"featured_media":996,"template":"","categoria-participante":[53],"class_list":["post-3867","participante","type-participante","status-publish","has-post-thumbnail","hentry","categoria-participante-the-trees-that-remain"],"acf":[],"yoast_head":"<!-- This site is optimized with the Yoast SEO plugin v23.5 - https:\/\/yoast.com\/wordpress\/plugins\/seo\/ -->\n<title>Marta Segarra - Encuentros de Pamplona \/ Iru\u00f1eko Topaketak<\/title>\n<meta name=\"robots\" content=\"index, follow, max-snippet:-1, max-image-preview:large, max-video-preview:-1\" \/>\n<link rel=\"canonical\" href=\"https:\/\/www.losencuentrosdepamplona.com\/participante\/marta-segarra\/\" \/>\n<meta property=\"og:locale\" content=\"en_US\" \/>\n<meta property=\"og:type\" content=\"article\" \/>\n<meta property=\"og:title\" content=\"Marta Segarra - Encuentros de Pamplona \/ Iru\u00f1eko Topaketak\" \/>\n<meta property=\"og:description\" content=\"Estudiosa del g\u00e9nero y el posthumanismo. Catedr\u00e1tica de Literatura Francesa y de Estudios de G\u00e9nero en la Universidad de Barcelona (UB); directora de investigaci\u00f3n en el Laboratoire d\u2019\u00c9tudes de Genre et de Sexualit\u00e9-LEGS, del Centre National de la Recherche Scientifique franc\u00e9s; e investigadora en el Centro de Investigaci\u00f3n Teor\u00eda, G\u00e9nero, Sexualidad de la UB. Su&hellip;&nbsp;Read More &raquo;Marta Segarra\" \/>\n<meta property=\"og:url\" content=\"https:\/\/www.losencuentrosdepamplona.com\/participante\/marta-segarra\/\" \/>\n<meta property=\"og:site_name\" content=\"Encuentros de Pamplona \/ Iru\u00f1eko Topaketak\" \/>\n<meta property=\"article:publisher\" content=\"https:\/\/www.facebook.com\/encuentrosdepamplona\/\" \/>\n<meta property=\"og:image\" content=\"https:\/\/www.losencuentrosdepamplona.com\/wp-content\/uploads\/2024\/03\/Marta-Segarra-Autor-Miquel-Taverna.webp\" \/>\n\t<meta property=\"og:image:width\" content=\"800\" \/>\n\t<meta property=\"og:image:height\" content=\"915\" \/>\n\t<meta property=\"og:image:type\" content=\"image\/jpeg\" \/>\n<meta name=\"twitter:card\" content=\"summary_large_image\" \/>\n<meta name=\"twitter:site\" content=\"@encuentros2024\" \/>\n<meta name=\"twitter:label1\" content=\"Est. reading time\" \/>\n\t<meta name=\"twitter:data1\" content=\"1 minute\" \/>\n<script type=\"application\/ld+json\" class=\"yoast-schema-graph\">{\"@context\":\"https:\/\/schema.org\",\"@graph\":[{\"@type\":\"WebPage\",\"@id\":\"https:\/\/www.losencuentrosdepamplona.com\/participante\/marta-segarra\/\",\"url\":\"https:\/\/www.losencuentrosdepamplona.com\/participante\/marta-segarra\/\",\"name\":\"Marta Segarra - Encuentros de Pamplona \/ Iru\u00f1eko Topaketak\",\"isPartOf\":{\"@id\":\"https:\/\/www.losencuentrosdepamplona.com\/#website\"},\"primaryImageOfPage\":{\"@id\":\"https:\/\/www.losencuentrosdepamplona.com\/participante\/marta-segarra\/#primaryimage\"},\"image\":{\"@id\":\"https:\/\/www.losencuentrosdepamplona.com\/participante\/marta-segarra\/#primaryimage\"},\"thumbnailUrl\":\"https:\/\/www.losencuentrosdepamplona.com\/wp-content\/uploads\/2024\/03\/Marta-Segarra-Autor-Miquel-Taverna.webp\",\"datePublished\":\"2024-06-24T07:51:02+00:00\",\"dateModified\":\"2024-06-24T07:51:02+00:00\",\"breadcrumb\":{\"@id\":\"https:\/\/www.losencuentrosdepamplona.com\/participante\/marta-segarra\/#breadcrumb\"},\"inLanguage\":\"en-US\",\"potentialAction\":[{\"@type\":\"ReadAction\",\"target\":[\"https:\/\/www.losencuentrosdepamplona.com\/participante\/marta-segarra\/\"]}]},{\"@type\":\"ImageObject\",\"inLanguage\":\"en-US\",\"@id\":\"https:\/\/www.losencuentrosdepamplona.com\/participante\/marta-segarra\/#primaryimage\",\"url\":\"https:\/\/www.losencuentrosdepamplona.com\/wp-content\/uploads\/2024\/03\/Marta-Segarra-Autor-Miquel-Taverna.webp\",\"contentUrl\":\"https:\/\/www.losencuentrosdepamplona.com\/wp-content\/uploads\/2024\/03\/Marta-Segarra-Autor-Miquel-Taverna.webp\",\"width\":800,\"height\":915},{\"@type\":\"BreadcrumbList\",\"@id\":\"https:\/\/www.losencuentrosdepamplona.com\/participante\/marta-segarra\/#breadcrumb\",\"itemListElement\":[{\"@type\":\"ListItem\",\"position\":1,\"name\":\"Portada\",\"item\":\"https:\/\/www.losencuentrosdepamplona.com\/en\/\"},{\"@type\":\"ListItem\",\"position\":2,\"name\":\"Marta Segarra\"}]},{\"@type\":\"WebSite\",\"@id\":\"https:\/\/www.losencuentrosdepamplona.com\/#website\",\"url\":\"https:\/\/www.losencuentrosdepamplona.com\/\",\"name\":\"Encuentros de Pamplona \/ Iru\u00f1eko Topaketak\",\"description\":\"Bienal internacional de cultura, arte y pensamiento\",\"publisher\":{\"@id\":\"https:\/\/www.losencuentrosdepamplona.com\/#organization\"},\"potentialAction\":[{\"@type\":\"SearchAction\",\"target\":{\"@type\":\"EntryPoint\",\"urlTemplate\":\"https:\/\/www.losencuentrosdepamplona.com\/?s={search_term_string}\"},\"query-input\":{\"@type\":\"PropertyValueSpecification\",\"valueRequired\":true,\"valueName\":\"search_term_string\"}}],\"inLanguage\":\"en-US\"},{\"@type\":\"Organization\",\"@id\":\"https:\/\/www.losencuentrosdepamplona.com\/#organization\",\"name\":\"Encuentros de Pamplona \/ Iru\u00f1eko Topaketak\",\"url\":\"https:\/\/www.losencuentrosdepamplona.com\/\",\"logo\":{\"@type\":\"ImageObject\",\"inLanguage\":\"en-US\",\"@id\":\"https:\/\/www.losencuentrosdepamplona.com\/#\/schema\/logo\/image\/\",\"url\":\"https:\/\/www.losencuentrosdepamplona.com\/wp-content\/uploads\/2024\/02\/encuentros__mid-dark.svg\",\"contentUrl\":\"https:\/\/www.losencuentrosdepamplona.com\/wp-content\/uploads\/2024\/02\/encuentros__mid-dark.svg\",\"width\":1103,\"height\":294,\"caption\":\"Encuentros de Pamplona \/ Iru\u00f1eko Topaketak\"},\"image\":{\"@id\":\"https:\/\/www.losencuentrosdepamplona.com\/#\/schema\/logo\/image\/\"},\"sameAs\":[\"https:\/\/www.facebook.com\/encuentrosdepamplona\/\",\"https:\/\/x.com\/encuentros2024\",\"https:\/\/www.instagram.com\/losencuentrosdepamplona\/?hl=es\"]}]}<\/script>\n<!-- \/ Yoast SEO plugin. -->","yoast_head_json":{"title":"Marta Segarra - Encuentros de Pamplona \/ Iru\u00f1eko Topaketak","robots":{"index":"index","follow":"follow","max-snippet":"max-snippet:-1","max-image-preview":"max-image-preview:large","max-video-preview":"max-video-preview:-1"},"canonical":"https:\/\/www.losencuentrosdepamplona.com\/participante\/marta-segarra\/","og_locale":"en_US","og_type":"article","og_title":"Marta Segarra - Encuentros de Pamplona \/ Iru\u00f1eko Topaketak","og_description":"Estudiosa del g\u00e9nero y el posthumanismo. Catedr\u00e1tica de Literatura Francesa y de Estudios de G\u00e9nero en la Universidad de Barcelona (UB); directora de investigaci\u00f3n en el Laboratoire d\u2019\u00c9tudes de Genre et de Sexualit\u00e9-LEGS, del Centre National de la Recherche Scientifique franc\u00e9s; e investigadora en el Centro de Investigaci\u00f3n Teor\u00eda, G\u00e9nero, Sexualidad de la UB. Su&hellip;&nbsp;Read More &raquo;Marta Segarra","og_url":"https:\/\/www.losencuentrosdepamplona.com\/participante\/marta-segarra\/","og_site_name":"Encuentros de Pamplona \/ Iru\u00f1eko Topaketak","article_publisher":"https:\/\/www.facebook.com\/encuentrosdepamplona\/","og_image":[{"width":800,"height":915,"url":"https:\/\/www.losencuentrosdepamplona.com\/wp-content\/uploads\/2024\/03\/Marta-Segarra-Autor-Miquel-Taverna.webp","type":"image\/jpeg"}],"twitter_card":"summary_large_image","twitter_site":"@encuentros2024","twitter_misc":{"Est. reading time":"1 minute"},"schema":{"@context":"https:\/\/schema.org","@graph":[{"@type":"WebPage","@id":"https:\/\/www.losencuentrosdepamplona.com\/participante\/marta-segarra\/","url":"https:\/\/www.losencuentrosdepamplona.com\/participante\/marta-segarra\/","name":"Marta Segarra - Encuentros de Pamplona \/ Iru\u00f1eko Topaketak","isPartOf":{"@id":"https:\/\/www.losencuentrosdepamplona.com\/#website"},"primaryImageOfPage":{"@id":"https:\/\/www.losencuentrosdepamplona.com\/participante\/marta-segarra\/#primaryimage"},"image":{"@id":"https:\/\/www.losencuentrosdepamplona.com\/participante\/marta-segarra\/#primaryimage"},"thumbnailUrl":"https:\/\/www.losencuentrosdepamplona.com\/wp-content\/uploads\/2024\/03\/Marta-Segarra-Autor-Miquel-Taverna.webp","datePublished":"2024-06-24T07:51:02+00:00","dateModified":"2024-06-24T07:51:02+00:00","breadcrumb":{"@id":"https:\/\/www.losencuentrosdepamplona.com\/participante\/marta-segarra\/#breadcrumb"},"inLanguage":"en-US","potentialAction":[{"@type":"ReadAction","target":["https:\/\/www.losencuentrosdepamplona.com\/participante\/marta-segarra\/"]}]},{"@type":"ImageObject","inLanguage":"en-US","@id":"https:\/\/www.losencuentrosdepamplona.com\/participante\/marta-segarra\/#primaryimage","url":"https:\/\/www.losencuentrosdepamplona.com\/wp-content\/uploads\/2024\/03\/Marta-Segarra-Autor-Miquel-Taverna.webp","contentUrl":"https:\/\/www.losencuentrosdepamplona.com\/wp-content\/uploads\/2024\/03\/Marta-Segarra-Autor-Miquel-Taverna.webp","width":800,"height":915},{"@type":"BreadcrumbList","@id":"https:\/\/www.losencuentrosdepamplona.com\/participante\/marta-segarra\/#breadcrumb","itemListElement":[{"@type":"ListItem","position":1,"name":"Portada","item":"https:\/\/www.losencuentrosdepamplona.com\/en\/"},{"@type":"ListItem","position":2,"name":"Marta Segarra"}]},{"@type":"WebSite","@id":"https:\/\/www.losencuentrosdepamplona.com\/#website","url":"https:\/\/www.losencuentrosdepamplona.com\/","name":"Encuentros de Pamplona \/ Iru\u00f1eko Topaketak","description":"Bienal internacional de cultura, arte y pensamiento","publisher":{"@id":"https:\/\/www.losencuentrosdepamplona.com\/#organization"},"potentialAction":[{"@type":"SearchAction","target":{"@type":"EntryPoint","urlTemplate":"https:\/\/www.losencuentrosdepamplona.com\/?s={search_term_string}"},"query-input":{"@type":"PropertyValueSpecification","valueRequired":true,"valueName":"search_term_string"}}],"inLanguage":"en-US"},{"@type":"Organization","@id":"https:\/\/www.losencuentrosdepamplona.com\/#organization","name":"Encuentros de Pamplona \/ Iru\u00f1eko Topaketak","url":"https:\/\/www.losencuentrosdepamplona.com\/","logo":{"@type":"ImageObject","inLanguage":"en-US","@id":"https:\/\/www.losencuentrosdepamplona.com\/#\/schema\/logo\/image\/","url":"https:\/\/www.losencuentrosdepamplona.com\/wp-content\/uploads\/2024\/02\/encuentros__mid-dark.svg","contentUrl":"https:\/\/www.losencuentrosdepamplona.com\/wp-content\/uploads\/2024\/02\/encuentros__mid-dark.svg","width":1103,"height":294,"caption":"Encuentros de Pamplona \/ Iru\u00f1eko Topaketak"},"image":{"@id":"https:\/\/www.losencuentrosdepamplona.com\/#\/schema\/logo\/image\/"},"sameAs":["https:\/\/www.facebook.com\/encuentrosdepamplona\/","https:\/\/x.com\/encuentros2024","https:\/\/www.instagram.com\/losencuentrosdepamplona\/?hl=es"]}]}},"uagb_featured_image_src":{"full":["https:\/\/www.losencuentrosdepamplona.com\/wp-content\/uploads\/2024\/03\/Marta-Segarra-Autor-Miquel-Taverna.webp",800,915,false],"thumbnail":["https:\/\/www.losencuentrosdepamplona.com\/wp-content\/uploads\/2024\/03\/Marta-Segarra-Autor-Miquel-Taverna-150x150.jpg",150,150,true],"medium":["https:\/\/www.losencuentrosdepamplona.com\/wp-content\/uploads\/2024\/03\/Marta-Segarra-Autor-Miquel-Taverna-262x300.jpg",262,300,true],"medium_large":["https:\/\/www.losencuentrosdepamplona.com\/wp-content\/uploads\/2024\/03\/Marta-Segarra-Autor-Miquel-Taverna-768x878.jpg",768,878,true],"large":["https:\/\/www.losencuentrosdepamplona.com\/wp-content\/uploads\/2024\/03\/Marta-Segarra-Autor-Miquel-Taverna.webp",800,915,false],"thumblist":["https:\/\/www.losencuentrosdepamplona.com\/wp-content\/uploads\/2024\/03\/Marta-Segarra-Autor-Miquel-Taverna.webp",262,300,false],"thumbrelated":["https:\/\/www.losencuentrosdepamplona.com\/wp-content\/uploads\/2024\/03\/Marta-Segarra-Autor-Miquel-Taverna.webp",437,500,false],"meccarouselthumb":["https:\/\/www.losencuentrosdepamplona.com\/wp-content\/uploads\/2024\/03\/Marta-Segarra-Autor-Miquel-Taverna.webp",283,324,false],"gridsquare":["https:\/\/www.losencuentrosdepamplona.com\/wp-content\/uploads\/2024\/03\/Marta-Segarra-Autor-Miquel-Taverna.webp",227,260,false],"tileview":["https:\/\/www.losencuentrosdepamplona.com\/wp-content\/uploads\/2024\/03\/Marta-Segarra-Autor-Miquel-Taverna.webp",300,343,false],"1536x1536":["https:\/\/www.losencuentrosdepamplona.com\/wp-content\/uploads\/2024\/03\/Marta-Segarra-Autor-Miquel-Taverna.webp",800,915,false],"2048x2048":["https:\/\/www.losencuentrosdepamplona.com\/wp-content\/uploads\/2024\/03\/Marta-Segarra-Autor-Miquel-Taverna.webp",800,915,false],"neve-blog":["https:\/\/www.losencuentrosdepamplona.com\/wp-content\/uploads\/2024\/03\/Marta-Segarra-Autor-Miquel-Taverna-800x620.jpg",800,620,true]},"uagb_author_info":{"display_name":"ec6eef2fcc","author_link":"https:\/\/www.losencuentrosdepamplona.com\/en\/author\/"},"uagb_comment_info":0,"uagb_excerpt":"Estudiosa del g\u00e9nero y el posthumanismo. Catedr\u00e1tica de Literatura Francesa y de Estudios de G\u00e9nero en la Universidad de Barcelona (UB); directora de investigaci\u00f3n en el Laboratoire d\u2019\u00c9tudes de Genre et de Sexualit\u00e9-LEGS, del Centre National de la Recherche Scientifique franc\u00e9s; e investigadora en el Centro de Investigaci\u00f3n Teor\u00eda, G\u00e9nero, Sexualidad de la UB. Su&hellip;&nbsp;Read&hellip;","_links":{"self":[{"href":"https:\/\/www.losencuentrosdepamplona.com\/en\/wp-json\/wp\/v2\/participante\/3867","targetHints":{"allow":["GET"]}}],"collection":[{"href":"https:\/\/www.losencuentrosdepamplona.com\/en\/wp-json\/wp\/v2\/participante"}],"about":[{"href":"https:\/\/www.losencuentrosdepamplona.com\/en\/wp-json\/wp\/v2\/types\/participante"}],"wp:featuredmedia":[{"embeddable":true,"href":"https:\/\/www.losencuentrosdepamplona.com\/en\/wp-json\/wp\/v2\/media\/996"}],"wp:attachment":[{"href":"https:\/\/www.losencuentrosdepamplona.com\/en\/wp-json\/wp\/v2\/media?parent=3867"}],"wp:term":[{"taxonomy":"categoria-participante","embeddable":true,"href":"https:\/\/www.losencuentrosdepamplona.com\/en\/wp-json\/wp\/v2\/categoria-participante?post=3867"}],"curies":[{"name":"wp","href":"https:\/\/api.w.org\/{rel}","templated":true}]}}