{"id":6495,"date":"2024-06-10T10:13:24","date_gmt":"2024-06-10T08:13:24","guid":{"rendered":"https:\/\/www.losencuentrosdepamplona.com\/?post_type=participante&#038;p=6495"},"modified":"2024-06-10T10:13:25","modified_gmt":"2024-06-10T08:13:25","slug":"eudald-espluga-2","status":"publish","type":"participante","link":"https:\/\/www.losencuentrosdepamplona.com\/en\/participante\/eudald-espluga-2\/","title":{"rendered":"Eudald Espluga"},"content":{"rendered":"\n<p><em>Philosopher and essayist<\/em>.<\/p>\n\n\n\n<p>With a bachelor&#8217;s degree in Philosophy and a master in Communication and Cultural Studies from the University of Girona, he is the author of the essays <em>Las pasiones ponderadas<\/em> (Capit\u00e1n Swing, 2015), <em>Rebeldes<\/em> (Lumen, 2021) and <em>No seas t\u00fa mismo<\/em> (Paid\u00f3s, 2021). The latter essay dissects the millennial generation, formed in the shadow a voracious capitalism. His concerns also include ecology. In Espluga&#8217;s words, in the neoliberal context, the exhaustion of the subject turned into &#8220;self-entrepreneur&#8221; adds to the anxiety and uncertainty of an ecosocial crisis to make it seem that there is no way out. However, he also asks whether fatigue and eco-anxiety can be positive feelings, and if so whether they can be the seeds of an emancipating movement. He also works for media including <em>El Salto<\/em>, <em>El Pa\u00eds<\/em> and <em>RAC1<\/em>.<\/p>\n","protected":false},"featured_media":6686,"template":"","categoria-participante":[138,47],"class_list":["post-6495","participante","type-participante","status-publish","has-post-thumbnail","hentry","categoria-participante-facilitators","categoria-participante-the-feminist-mirror"],"acf":[],"yoast_head":"<!-- This site is optimized with the Yoast SEO plugin v23.5 - https:\/\/yoast.com\/wordpress\/plugins\/seo\/ -->\n<title>Eudald Espluga - Encuentros de Pamplona \/ Iru\u00f1eko Topaketak<\/title>\n<meta name=\"robots\" content=\"index, follow, max-snippet:-1, max-image-preview:large, max-video-preview:-1\" \/>\n<link rel=\"canonical\" href=\"https:\/\/www.losencuentrosdepamplona.com\/participante\/eudald-espluga-2\/\" \/>\n<meta property=\"og:locale\" content=\"en_US\" \/>\n<meta property=\"og:type\" content=\"article\" \/>\n<meta property=\"og:title\" content=\"Eudald Espluga - Encuentros de Pamplona \/ Iru\u00f1eko Topaketak\" \/>\n<meta property=\"og:description\" content=\"Philosopher and essayist. With a bachelor&#8217;s degree in Philosophy and a master in Communication and Cultural Studies from the University of Girona, he is the author of the essays Las pasiones ponderadas (Capit\u00e1n Swing, 2015), Rebeldes (Lumen, 2021) and No seas t\u00fa mismo (Paid\u00f3s, 2021). The latter essay dissects the millennial generation, formed in the&hellip;&nbsp;Read More &raquo;Eudald Espluga\" \/>\n<meta property=\"og:url\" content=\"https:\/\/www.losencuentrosdepamplona.com\/participante\/eudald-espluga-2\/\" \/>\n<meta property=\"og:site_name\" content=\"Encuentros de Pamplona \/ Iru\u00f1eko Topaketak\" \/>\n<meta property=\"article:publisher\" content=\"https:\/\/www.facebook.com\/encuentrosdepamplona\/\" \/>\n<meta property=\"article:modified_time\" content=\"2024-06-10T08:13:25+00:00\" \/>\n<meta property=\"og:image\" content=\"https:\/\/www.losencuentrosdepamplona.com\/wp-content\/uploads\/2024\/06\/Eudald-Espluga.jpg\" \/>\n\t<meta property=\"og:image:width\" content=\"800\" \/>\n\t<meta property=\"og:image:height\" content=\"915\" \/>\n\t<meta property=\"og:image:type\" content=\"image\/jpeg\" \/>\n<meta name=\"twitter:card\" content=\"summary_large_image\" \/>\n<meta name=\"twitter:site\" content=\"@encuentros2024\" \/>\n<meta name=\"twitter:label1\" content=\"Est. reading time\" \/>\n\t<meta name=\"twitter:data1\" content=\"1 minute\" \/>\n<script type=\"application\/ld+json\" class=\"yoast-schema-graph\">{\"@context\":\"https:\/\/schema.org\",\"@graph\":[{\"@type\":\"WebPage\",\"@id\":\"https:\/\/www.losencuentrosdepamplona.com\/participante\/eudald-espluga-2\/\",\"url\":\"https:\/\/www.losencuentrosdepamplona.com\/participante\/eudald-espluga-2\/\",\"name\":\"Eudald Espluga - Encuentros de Pamplona \/ Iru\u00f1eko Topaketak\",\"isPartOf\":{\"@id\":\"https:\/\/www.losencuentrosdepamplona.com\/#website\"},\"primaryImageOfPage\":{\"@id\":\"https:\/\/www.losencuentrosdepamplona.com\/participante\/eudald-espluga-2\/#primaryimage\"},\"image\":{\"@id\":\"https:\/\/www.losencuentrosdepamplona.com\/participante\/eudald-espluga-2\/#primaryimage\"},\"thumbnailUrl\":\"https:\/\/www.losencuentrosdepamplona.com\/wp-content\/uploads\/2024\/06\/Eudald-Espluga.jpg\",\"datePublished\":\"2024-06-10T08:13:24+00:00\",\"dateModified\":\"2024-06-10T08:13:25+00:00\",\"breadcrumb\":{\"@id\":\"https:\/\/www.losencuentrosdepamplona.com\/participante\/eudald-espluga-2\/#breadcrumb\"},\"inLanguage\":\"en-US\",\"potentialAction\":[{\"@type\":\"ReadAction\",\"target\":[\"https:\/\/www.losencuentrosdepamplona.com\/participante\/eudald-espluga-2\/\"]}]},{\"@type\":\"ImageObject\",\"inLanguage\":\"en-US\",\"@id\":\"https:\/\/www.losencuentrosdepamplona.com\/participante\/eudald-espluga-2\/#primaryimage\",\"url\":\"https:\/\/www.losencuentrosdepamplona.com\/wp-content\/uploads\/2024\/06\/Eudald-Espluga.jpg\",\"contentUrl\":\"https:\/\/www.losencuentrosdepamplona.com\/wp-content\/uploads\/2024\/06\/Eudald-Espluga.jpg\",\"width\":800,\"height\":915},{\"@type\":\"BreadcrumbList\",\"@id\":\"https:\/\/www.losencuentrosdepamplona.com\/participante\/eudald-espluga-2\/#breadcrumb\",\"itemListElement\":[{\"@type\":\"ListItem\",\"position\":1,\"name\":\"Portada\",\"item\":\"https:\/\/www.losencuentrosdepamplona.com\/en\/\"},{\"@type\":\"ListItem\",\"position\":2,\"name\":\"Eudald Espluga\"}]},{\"@type\":\"WebSite\",\"@id\":\"https:\/\/www.losencuentrosdepamplona.com\/#website\",\"url\":\"https:\/\/www.losencuentrosdepamplona.com\/\",\"name\":\"Encuentros de Pamplona \/ Iru\u00f1eko Topaketak\",\"description\":\"Bienal internacional de cultura, arte y pensamiento\",\"publisher\":{\"@id\":\"https:\/\/www.losencuentrosdepamplona.com\/#organization\"},\"potentialAction\":[{\"@type\":\"SearchAction\",\"target\":{\"@type\":\"EntryPoint\",\"urlTemplate\":\"https:\/\/www.losencuentrosdepamplona.com\/?s={search_term_string}\"},\"query-input\":{\"@type\":\"PropertyValueSpecification\",\"valueRequired\":true,\"valueName\":\"search_term_string\"}}],\"inLanguage\":\"en-US\"},{\"@type\":\"Organization\",\"@id\":\"https:\/\/www.losencuentrosdepamplona.com\/#organization\",\"name\":\"Encuentros de Pamplona \/ Iru\u00f1eko Topaketak\",\"url\":\"https:\/\/www.losencuentrosdepamplona.com\/\",\"logo\":{\"@type\":\"ImageObject\",\"inLanguage\":\"en-US\",\"@id\":\"https:\/\/www.losencuentrosdepamplona.com\/#\/schema\/logo\/image\/\",\"url\":\"https:\/\/www.losencuentrosdepamplona.com\/wp-content\/uploads\/2024\/02\/encuentros__mid-dark.svg\",\"contentUrl\":\"https:\/\/www.losencuentrosdepamplona.com\/wp-content\/uploads\/2024\/02\/encuentros__mid-dark.svg\",\"width\":1103,\"height\":294,\"caption\":\"Encuentros de Pamplona \/ Iru\u00f1eko Topaketak\"},\"image\":{\"@id\":\"https:\/\/www.losencuentrosdepamplona.com\/#\/schema\/logo\/image\/\"},\"sameAs\":[\"https:\/\/www.facebook.com\/encuentrosdepamplona\/\",\"https:\/\/x.com\/encuentros2024\",\"https:\/\/www.instagram.com\/losencuentrosdepamplona\/?hl=es\"]}]}<\/script>\n<!-- \/ Yoast SEO plugin. -->","yoast_head_json":{"title":"Eudald Espluga - Encuentros de Pamplona \/ Iru\u00f1eko Topaketak","robots":{"index":"index","follow":"follow","max-snippet":"max-snippet:-1","max-image-preview":"max-image-preview:large","max-video-preview":"max-video-preview:-1"},"canonical":"https:\/\/www.losencuentrosdepamplona.com\/participante\/eudald-espluga-2\/","og_locale":"en_US","og_type":"article","og_title":"Eudald Espluga - Encuentros de Pamplona \/ Iru\u00f1eko Topaketak","og_description":"Philosopher and essayist. With a bachelor&#8217;s degree in Philosophy and a master in Communication and Cultural Studies from the University of Girona, he is the author of the essays Las pasiones ponderadas (Capit\u00e1n Swing, 2015), Rebeldes (Lumen, 2021) and No seas t\u00fa mismo (Paid\u00f3s, 2021). The latter essay dissects the millennial generation, formed in the&hellip;&nbsp;Read More &raquo;Eudald Espluga","og_url":"https:\/\/www.losencuentrosdepamplona.com\/participante\/eudald-espluga-2\/","og_site_name":"Encuentros de Pamplona \/ Iru\u00f1eko Topaketak","article_publisher":"https:\/\/www.facebook.com\/encuentrosdepamplona\/","article_modified_time":"2024-06-10T08:13:25+00:00","og_image":[{"width":800,"height":915,"url":"https:\/\/www.losencuentrosdepamplona.com\/wp-content\/uploads\/2024\/06\/Eudald-Espluga.jpg","type":"image\/jpeg"}],"twitter_card":"summary_large_image","twitter_site":"@encuentros2024","twitter_misc":{"Est. reading time":"1 minute"},"schema":{"@context":"https:\/\/schema.org","@graph":[{"@type":"WebPage","@id":"https:\/\/www.losencuentrosdepamplona.com\/participante\/eudald-espluga-2\/","url":"https:\/\/www.losencuentrosdepamplona.com\/participante\/eudald-espluga-2\/","name":"Eudald Espluga - Encuentros de Pamplona \/ Iru\u00f1eko Topaketak","isPartOf":{"@id":"https:\/\/www.losencuentrosdepamplona.com\/#website"},"primaryImageOfPage":{"@id":"https:\/\/www.losencuentrosdepamplona.com\/participante\/eudald-espluga-2\/#primaryimage"},"image":{"@id":"https:\/\/www.losencuentrosdepamplona.com\/participante\/eudald-espluga-2\/#primaryimage"},"thumbnailUrl":"https:\/\/www.losencuentrosdepamplona.com\/wp-content\/uploads\/2024\/06\/Eudald-Espluga.jpg","datePublished":"2024-06-10T08:13:24+00:00","dateModified":"2024-06-10T08:13:25+00:00","breadcrumb":{"@id":"https:\/\/www.losencuentrosdepamplona.com\/participante\/eudald-espluga-2\/#breadcrumb"},"inLanguage":"en-US","potentialAction":[{"@type":"ReadAction","target":["https:\/\/www.losencuentrosdepamplona.com\/participante\/eudald-espluga-2\/"]}]},{"@type":"ImageObject","inLanguage":"en-US","@id":"https:\/\/www.losencuentrosdepamplona.com\/participante\/eudald-espluga-2\/#primaryimage","url":"https:\/\/www.losencuentrosdepamplona.com\/wp-content\/uploads\/2024\/06\/Eudald-Espluga.jpg","contentUrl":"https:\/\/www.losencuentrosdepamplona.com\/wp-content\/uploads\/2024\/06\/Eudald-Espluga.jpg","width":800,"height":915},{"@type":"BreadcrumbList","@id":"https:\/\/www.losencuentrosdepamplona.com\/participante\/eudald-espluga-2\/#breadcrumb","itemListElement":[{"@type":"ListItem","position":1,"name":"Portada","item":"https:\/\/www.losencuentrosdepamplona.com\/en\/"},{"@type":"ListItem","position":2,"name":"Eudald Espluga"}]},{"@type":"WebSite","@id":"https:\/\/www.losencuentrosdepamplona.com\/#website","url":"https:\/\/www.losencuentrosdepamplona.com\/","name":"Encuentros de Pamplona \/ Iru\u00f1eko Topaketak","description":"Bienal internacional de cultura, arte y pensamiento","publisher":{"@id":"https:\/\/www.losencuentrosdepamplona.com\/#organization"},"potentialAction":[{"@type":"SearchAction","target":{"@type":"EntryPoint","urlTemplate":"https:\/\/www.losencuentrosdepamplona.com\/?s={search_term_string}"},"query-input":{"@type":"PropertyValueSpecification","valueRequired":true,"valueName":"search_term_string"}}],"inLanguage":"en-US"},{"@type":"Organization","@id":"https:\/\/www.losencuentrosdepamplona.com\/#organization","name":"Encuentros de Pamplona \/ Iru\u00f1eko Topaketak","url":"https:\/\/www.losencuentrosdepamplona.com\/","logo":{"@type":"ImageObject","inLanguage":"en-US","@id":"https:\/\/www.losencuentrosdepamplona.com\/#\/schema\/logo\/image\/","url":"https:\/\/www.losencuentrosdepamplona.com\/wp-content\/uploads\/2024\/02\/encuentros__mid-dark.svg","contentUrl":"https:\/\/www.losencuentrosdepamplona.com\/wp-content\/uploads\/2024\/02\/encuentros__mid-dark.svg","width":1103,"height":294,"caption":"Encuentros de Pamplona \/ Iru\u00f1eko Topaketak"},"image":{"@id":"https:\/\/www.losencuentrosdepamplona.com\/#\/schema\/logo\/image\/"},"sameAs":["https:\/\/www.facebook.com\/encuentrosdepamplona\/","https:\/\/x.com\/encuentros2024","https:\/\/www.instagram.com\/losencuentrosdepamplona\/?hl=es"]}]}},"uagb_featured_image_src":{"full":["https:\/\/www.losencuentrosdepamplona.com\/wp-content\/uploads\/2024\/06\/Eudald-Espluga.jpg",800,915,false],"thumbnail":["https:\/\/www.losencuentrosdepamplona.com\/wp-content\/uploads\/2024\/06\/Eudald-Espluga-150x150.jpg",150,150,true],"medium":["https:\/\/www.losencuentrosdepamplona.com\/wp-content\/uploads\/2024\/06\/Eudald-Espluga-262x300.jpg",262,300,true],"medium_large":["https:\/\/www.losencuentrosdepamplona.com\/wp-content\/uploads\/2024\/06\/Eudald-Espluga-768x878.jpg",768,878,true],"large":["https:\/\/www.losencuentrosdepamplona.com\/wp-content\/uploads\/2024\/06\/Eudald-Espluga.jpg",800,915,false],"thumblist":["https:\/\/www.losencuentrosdepamplona.com\/wp-content\/uploads\/2024\/06\/Eudald-Espluga-300x300.jpg",300,300,true],"thumbrelated":["https:\/\/www.losencuentrosdepamplona.com\/wp-content\/uploads\/2024\/06\/Eudald-Espluga-500x500.jpg",500,500,true],"meccarouselthumb":["https:\/\/www.losencuentrosdepamplona.com\/wp-content\/uploads\/2024\/06\/Eudald-Espluga-474x324.jpg",474,324,true],"gridsquare":["https:\/\/www.losencuentrosdepamplona.com\/wp-content\/uploads\/2024\/06\/Eudald-Espluga-391x260.jpg",391,260,true],"tileview":["https:\/\/www.losencuentrosdepamplona.com\/wp-content\/uploads\/2024\/06\/Eudald-Espluga-300x400.jpg",300,400,true],"1536x1536":["https:\/\/www.losencuentrosdepamplona.com\/wp-content\/uploads\/2024\/06\/Eudald-Espluga.jpg",800,915,false],"2048x2048":["https:\/\/www.losencuentrosdepamplona.com\/wp-content\/uploads\/2024\/06\/Eudald-Espluga.jpg",800,915,false],"neve-blog":["https:\/\/www.losencuentrosdepamplona.com\/wp-content\/uploads\/2024\/06\/Eudald-Espluga-800x620.jpg",800,620,true]},"uagb_author_info":{"display_name":"ec6eef2fcc","author_link":"https:\/\/www.losencuentrosdepamplona.com\/en\/author\/"},"uagb_comment_info":0,"uagb_excerpt":"Philosopher and essayist. With a bachelor&#8217;s degree in Philosophy and a master in Communication and Cultural Studies from the University of Girona, he is the author of the essays Las pasiones ponderadas (Capit\u00e1n Swing, 2015), Rebeldes (Lumen, 2021) and No seas t\u00fa mismo (Paid\u00f3s, 2021). The latter essay dissects the millennial generation, formed in the&hellip;&nbsp;Read&hellip;","_links":{"self":[{"href":"https:\/\/www.losencuentrosdepamplona.com\/en\/wp-json\/wp\/v2\/participante\/6495","targetHints":{"allow":["GET"]}}],"collection":[{"href":"https:\/\/www.losencuentrosdepamplona.com\/en\/wp-json\/wp\/v2\/participante"}],"about":[{"href":"https:\/\/www.losencuentrosdepamplona.com\/en\/wp-json\/wp\/v2\/types\/participante"}],"wp:featuredmedia":[{"embeddable":true,"href":"https:\/\/www.losencuentrosdepamplona.com\/en\/wp-json\/wp\/v2\/media\/6686"}],"wp:attachment":[{"href":"https:\/\/www.losencuentrosdepamplona.com\/en\/wp-json\/wp\/v2\/media?parent=6495"}],"wp:term":[{"taxonomy":"categoria-participante","embeddable":true,"href":"https:\/\/www.losencuentrosdepamplona.com\/en\/wp-json\/wp\/v2\/categoria-participante?post=6495"}],"curies":[{"name":"wp","href":"https:\/\/api.w.org\/{rel}","templated":true}]}}