{"id":6700,"date":"2024-06-10T11:49:05","date_gmt":"2024-06-10T09:49:05","guid":{"rendered":"https:\/\/www.losencuentrosdepamplona.com\/participante\/roberto-valencia\/"},"modified":"2024-06-10T11:50:27","modified_gmt":"2024-06-10T09:50:27","slug":"roberto-valencia","status":"publish","type":"participante","link":"https:\/\/www.losencuentrosdepamplona.com\/en\/participante\/roberto-valencia\/","title":{"rendered":"Roberto Valencia"},"content":{"rendered":"\n<p><em>Writer and literature lecturer.<\/em><\/p>\n\n\n\n<p>In 2020 he published the essay <em>Palacios, hangares y cuevas. 12 museos de Europa<\/em>. In 2010 he published the book of short stories <em>Sonr\u00eda a c\u00e1mara <\/em>(Lengua de trapo). And in 2014, <em>Todos somos autores y p\u00fablico<\/em>, in which he interviewed 17 prominent creative talents, thinkers and critics on the Spanish-language creative scene. In 2019 he released the novel <em>Al final uno tambi\u00e9n muere<\/em>, published by La Navaja Suiza. He is guest lecturer on the degree in Literature and Creative Writing at the Universidad de Navarra.<\/p>\n","protected":false},"featured_media":6698,"template":"","categoria-participante":[415,57,138],"class_list":["post-6700","participante","type-participante","status-publish","has-post-thumbnail","hentry","categoria-participante-encuentros-facilitators","categoria-participante-1st-century-philosophy-to-find-our-way","categoria-participante-facilitators"],"acf":[],"yoast_head":"<!-- This site is optimized with the Yoast SEO plugin v23.5 - https:\/\/yoast.com\/wordpress\/plugins\/seo\/ -->\n<title>Roberto Valencia - Encuentros de Pamplona \/ Iru\u00f1eko Topaketak<\/title>\n<meta name=\"robots\" content=\"index, follow, max-snippet:-1, max-image-preview:large, max-video-preview:-1\" \/>\n<link rel=\"canonical\" href=\"https:\/\/www.losencuentrosdepamplona.com\/en\/participante\/roberto-valencia\/\" \/>\n<meta property=\"og:locale\" content=\"en_US\" \/>\n<meta property=\"og:type\" content=\"article\" \/>\n<meta property=\"og:title\" content=\"Roberto Valencia - Encuentros de Pamplona \/ Iru\u00f1eko Topaketak\" \/>\n<meta property=\"og:description\" content=\"Writer and literature lecturer. In 2020 he published the essay Palacios, hangares y cuevas. 12 museos de Europa. In 2010 he published the book of short stories Sonr\u00eda a c\u00e1mara (Lengua de trapo). And in 2014, Todos somos autores y p\u00fablico, in which he interviewed 17 prominent creative talents, thinkers and critics on the Spanish-language&hellip;&nbsp;Read More &raquo;Roberto Valencia\" \/>\n<meta property=\"og:url\" content=\"https:\/\/www.losencuentrosdepamplona.com\/en\/participante\/roberto-valencia\/\" \/>\n<meta property=\"og:site_name\" content=\"Encuentros de Pamplona \/ Iru\u00f1eko Topaketak\" \/>\n<meta property=\"article:publisher\" content=\"https:\/\/www.facebook.com\/encuentrosdepamplona\/\" \/>\n<meta property=\"article:modified_time\" content=\"2024-06-10T09:50:27+00:00\" \/>\n<meta property=\"og:image\" content=\"https:\/\/www.losencuentrosdepamplona.com\/wp-content\/uploads\/2024\/06\/Roberto-Valencia-Foto-de-Fermin-Lizarraga.jpg\" \/>\n\t<meta property=\"og:image:width\" content=\"800\" \/>\n\t<meta property=\"og:image:height\" content=\"915\" \/>\n\t<meta property=\"og:image:type\" content=\"image\/jpeg\" \/>\n<meta name=\"twitter:card\" content=\"summary_large_image\" \/>\n<meta name=\"twitter:site\" content=\"@encuentros2024\" \/>\n<meta name=\"twitter:label1\" content=\"Est. reading time\" \/>\n\t<meta name=\"twitter:data1\" content=\"1 minute\" \/>\n<script type=\"application\/ld+json\" class=\"yoast-schema-graph\">{\"@context\":\"https:\/\/schema.org\",\"@graph\":[{\"@type\":\"WebPage\",\"@id\":\"https:\/\/www.losencuentrosdepamplona.com\/en\/participante\/roberto-valencia\/\",\"url\":\"https:\/\/www.losencuentrosdepamplona.com\/en\/participante\/roberto-valencia\/\",\"name\":\"Roberto Valencia - Encuentros de Pamplona \/ Iru\u00f1eko Topaketak\",\"isPartOf\":{\"@id\":\"https:\/\/www.losencuentrosdepamplona.com\/#website\"},\"primaryImageOfPage\":{\"@id\":\"https:\/\/www.losencuentrosdepamplona.com\/en\/participante\/roberto-valencia\/#primaryimage\"},\"image\":{\"@id\":\"https:\/\/www.losencuentrosdepamplona.com\/en\/participante\/roberto-valencia\/#primaryimage\"},\"thumbnailUrl\":\"https:\/\/www.losencuentrosdepamplona.com\/wp-content\/uploads\/2024\/06\/Roberto-Valencia-Foto-de-Fermin-Lizarraga.jpg\",\"datePublished\":\"2024-06-10T09:49:05+00:00\",\"dateModified\":\"2024-06-10T09:50:27+00:00\",\"breadcrumb\":{\"@id\":\"https:\/\/www.losencuentrosdepamplona.com\/en\/participante\/roberto-valencia\/#breadcrumb\"},\"inLanguage\":\"en-US\",\"potentialAction\":[{\"@type\":\"ReadAction\",\"target\":[\"https:\/\/www.losencuentrosdepamplona.com\/en\/participante\/roberto-valencia\/\"]}]},{\"@type\":\"ImageObject\",\"inLanguage\":\"en-US\",\"@id\":\"https:\/\/www.losencuentrosdepamplona.com\/en\/participante\/roberto-valencia\/#primaryimage\",\"url\":\"https:\/\/www.losencuentrosdepamplona.com\/wp-content\/uploads\/2024\/06\/Roberto-Valencia-Foto-de-Fermin-Lizarraga.jpg\",\"contentUrl\":\"https:\/\/www.losencuentrosdepamplona.com\/wp-content\/uploads\/2024\/06\/Roberto-Valencia-Foto-de-Fermin-Lizarraga.jpg\",\"width\":800,\"height\":915},{\"@type\":\"BreadcrumbList\",\"@id\":\"https:\/\/www.losencuentrosdepamplona.com\/en\/participante\/roberto-valencia\/#breadcrumb\",\"itemListElement\":[{\"@type\":\"ListItem\",\"position\":1,\"name\":\"Portada\",\"item\":\"https:\/\/www.losencuentrosdepamplona.com\/en\/\"},{\"@type\":\"ListItem\",\"position\":2,\"name\":\"Roberto Valencia\"}]},{\"@type\":\"WebSite\",\"@id\":\"https:\/\/www.losencuentrosdepamplona.com\/#website\",\"url\":\"https:\/\/www.losencuentrosdepamplona.com\/\",\"name\":\"Encuentros de Pamplona \/ Iru\u00f1eko Topaketak\",\"description\":\"Bienal internacional de cultura, arte y pensamiento\",\"publisher\":{\"@id\":\"https:\/\/www.losencuentrosdepamplona.com\/#organization\"},\"potentialAction\":[{\"@type\":\"SearchAction\",\"target\":{\"@type\":\"EntryPoint\",\"urlTemplate\":\"https:\/\/www.losencuentrosdepamplona.com\/?s={search_term_string}\"},\"query-input\":{\"@type\":\"PropertyValueSpecification\",\"valueRequired\":true,\"valueName\":\"search_term_string\"}}],\"inLanguage\":\"en-US\"},{\"@type\":\"Organization\",\"@id\":\"https:\/\/www.losencuentrosdepamplona.com\/#organization\",\"name\":\"Encuentros de Pamplona \/ Iru\u00f1eko Topaketak\",\"url\":\"https:\/\/www.losencuentrosdepamplona.com\/\",\"logo\":{\"@type\":\"ImageObject\",\"inLanguage\":\"en-US\",\"@id\":\"https:\/\/www.losencuentrosdepamplona.com\/#\/schema\/logo\/image\/\",\"url\":\"https:\/\/www.losencuentrosdepamplona.com\/wp-content\/uploads\/2024\/02\/encuentros__mid-dark.svg\",\"contentUrl\":\"https:\/\/www.losencuentrosdepamplona.com\/wp-content\/uploads\/2024\/02\/encuentros__mid-dark.svg\",\"width\":1103,\"height\":294,\"caption\":\"Encuentros de Pamplona \/ Iru\u00f1eko Topaketak\"},\"image\":{\"@id\":\"https:\/\/www.losencuentrosdepamplona.com\/#\/schema\/logo\/image\/\"},\"sameAs\":[\"https:\/\/www.facebook.com\/encuentrosdepamplona\/\",\"https:\/\/x.com\/encuentros2024\",\"https:\/\/www.instagram.com\/losencuentrosdepamplona\/?hl=es\"]}]}<\/script>\n<!-- \/ Yoast SEO plugin. -->","yoast_head_json":{"title":"Roberto Valencia - Encuentros de Pamplona \/ Iru\u00f1eko Topaketak","robots":{"index":"index","follow":"follow","max-snippet":"max-snippet:-1","max-image-preview":"max-image-preview:large","max-video-preview":"max-video-preview:-1"},"canonical":"https:\/\/www.losencuentrosdepamplona.com\/en\/participante\/roberto-valencia\/","og_locale":"en_US","og_type":"article","og_title":"Roberto Valencia - Encuentros de Pamplona \/ Iru\u00f1eko Topaketak","og_description":"Writer and literature lecturer. In 2020 he published the essay Palacios, hangares y cuevas. 12 museos de Europa. In 2010 he published the book of short stories Sonr\u00eda a c\u00e1mara (Lengua de trapo). And in 2014, Todos somos autores y p\u00fablico, in which he interviewed 17 prominent creative talents, thinkers and critics on the Spanish-language&hellip;&nbsp;Read More &raquo;Roberto Valencia","og_url":"https:\/\/www.losencuentrosdepamplona.com\/en\/participante\/roberto-valencia\/","og_site_name":"Encuentros de Pamplona \/ Iru\u00f1eko Topaketak","article_publisher":"https:\/\/www.facebook.com\/encuentrosdepamplona\/","article_modified_time":"2024-06-10T09:50:27+00:00","og_image":[{"width":800,"height":915,"url":"https:\/\/www.losencuentrosdepamplona.com\/wp-content\/uploads\/2024\/06\/Roberto-Valencia-Foto-de-Fermin-Lizarraga.jpg","type":"image\/jpeg"}],"twitter_card":"summary_large_image","twitter_site":"@encuentros2024","twitter_misc":{"Est. reading time":"1 minute"},"schema":{"@context":"https:\/\/schema.org","@graph":[{"@type":"WebPage","@id":"https:\/\/www.losencuentrosdepamplona.com\/en\/participante\/roberto-valencia\/","url":"https:\/\/www.losencuentrosdepamplona.com\/en\/participante\/roberto-valencia\/","name":"Roberto Valencia - Encuentros de Pamplona \/ Iru\u00f1eko Topaketak","isPartOf":{"@id":"https:\/\/www.losencuentrosdepamplona.com\/#website"},"primaryImageOfPage":{"@id":"https:\/\/www.losencuentrosdepamplona.com\/en\/participante\/roberto-valencia\/#primaryimage"},"image":{"@id":"https:\/\/www.losencuentrosdepamplona.com\/en\/participante\/roberto-valencia\/#primaryimage"},"thumbnailUrl":"https:\/\/www.losencuentrosdepamplona.com\/wp-content\/uploads\/2024\/06\/Roberto-Valencia-Foto-de-Fermin-Lizarraga.jpg","datePublished":"2024-06-10T09:49:05+00:00","dateModified":"2024-06-10T09:50:27+00:00","breadcrumb":{"@id":"https:\/\/www.losencuentrosdepamplona.com\/en\/participante\/roberto-valencia\/#breadcrumb"},"inLanguage":"en-US","potentialAction":[{"@type":"ReadAction","target":["https:\/\/www.losencuentrosdepamplona.com\/en\/participante\/roberto-valencia\/"]}]},{"@type":"ImageObject","inLanguage":"en-US","@id":"https:\/\/www.losencuentrosdepamplona.com\/en\/participante\/roberto-valencia\/#primaryimage","url":"https:\/\/www.losencuentrosdepamplona.com\/wp-content\/uploads\/2024\/06\/Roberto-Valencia-Foto-de-Fermin-Lizarraga.jpg","contentUrl":"https:\/\/www.losencuentrosdepamplona.com\/wp-content\/uploads\/2024\/06\/Roberto-Valencia-Foto-de-Fermin-Lizarraga.jpg","width":800,"height":915},{"@type":"BreadcrumbList","@id":"https:\/\/www.losencuentrosdepamplona.com\/en\/participante\/roberto-valencia\/#breadcrumb","itemListElement":[{"@type":"ListItem","position":1,"name":"Portada","item":"https:\/\/www.losencuentrosdepamplona.com\/en\/"},{"@type":"ListItem","position":2,"name":"Roberto Valencia"}]},{"@type":"WebSite","@id":"https:\/\/www.losencuentrosdepamplona.com\/#website","url":"https:\/\/www.losencuentrosdepamplona.com\/","name":"Encuentros de Pamplona \/ Iru\u00f1eko Topaketak","description":"Bienal internacional de cultura, arte y pensamiento","publisher":{"@id":"https:\/\/www.losencuentrosdepamplona.com\/#organization"},"potentialAction":[{"@type":"SearchAction","target":{"@type":"EntryPoint","urlTemplate":"https:\/\/www.losencuentrosdepamplona.com\/?s={search_term_string}"},"query-input":{"@type":"PropertyValueSpecification","valueRequired":true,"valueName":"search_term_string"}}],"inLanguage":"en-US"},{"@type":"Organization","@id":"https:\/\/www.losencuentrosdepamplona.com\/#organization","name":"Encuentros de Pamplona \/ Iru\u00f1eko Topaketak","url":"https:\/\/www.losencuentrosdepamplona.com\/","logo":{"@type":"ImageObject","inLanguage":"en-US","@id":"https:\/\/www.losencuentrosdepamplona.com\/#\/schema\/logo\/image\/","url":"https:\/\/www.losencuentrosdepamplona.com\/wp-content\/uploads\/2024\/02\/encuentros__mid-dark.svg","contentUrl":"https:\/\/www.losencuentrosdepamplona.com\/wp-content\/uploads\/2024\/02\/encuentros__mid-dark.svg","width":1103,"height":294,"caption":"Encuentros de Pamplona \/ Iru\u00f1eko Topaketak"},"image":{"@id":"https:\/\/www.losencuentrosdepamplona.com\/#\/schema\/logo\/image\/"},"sameAs":["https:\/\/www.facebook.com\/encuentrosdepamplona\/","https:\/\/x.com\/encuentros2024","https:\/\/www.instagram.com\/losencuentrosdepamplona\/?hl=es"]}]}},"uagb_featured_image_src":{"full":["https:\/\/www.losencuentrosdepamplona.com\/wp-content\/uploads\/2024\/06\/Roberto-Valencia-Foto-de-Fermin-Lizarraga.jpg",800,915,false],"thumbnail":["https:\/\/www.losencuentrosdepamplona.com\/wp-content\/uploads\/2024\/06\/Roberto-Valencia-Foto-de-Fermin-Lizarraga-150x150.jpg",150,150,true],"medium":["https:\/\/www.losencuentrosdepamplona.com\/wp-content\/uploads\/2024\/06\/Roberto-Valencia-Foto-de-Fermin-Lizarraga-262x300.jpg",262,300,true],"medium_large":["https:\/\/www.losencuentrosdepamplona.com\/wp-content\/uploads\/2024\/06\/Roberto-Valencia-Foto-de-Fermin-Lizarraga-768x878.jpg",768,878,true],"large":["https:\/\/www.losencuentrosdepamplona.com\/wp-content\/uploads\/2024\/06\/Roberto-Valencia-Foto-de-Fermin-Lizarraga.jpg",800,915,false],"thumblist":["https:\/\/www.losencuentrosdepamplona.com\/wp-content\/uploads\/2024\/06\/Roberto-Valencia-Foto-de-Fermin-Lizarraga-300x300.jpg",300,300,true],"thumbrelated":["https:\/\/www.losencuentrosdepamplona.com\/wp-content\/uploads\/2024\/06\/Roberto-Valencia-Foto-de-Fermin-Lizarraga-500x500.jpg",500,500,true],"meccarouselthumb":["https:\/\/www.losencuentrosdepamplona.com\/wp-content\/uploads\/2024\/06\/Roberto-Valencia-Foto-de-Fermin-Lizarraga-474x324.jpg",474,324,true],"gridsquare":["https:\/\/www.losencuentrosdepamplona.com\/wp-content\/uploads\/2024\/06\/Roberto-Valencia-Foto-de-Fermin-Lizarraga-391x260.jpg",391,260,true],"tileview":["https:\/\/www.losencuentrosdepamplona.com\/wp-content\/uploads\/2024\/06\/Roberto-Valencia-Foto-de-Fermin-Lizarraga-300x400.jpg",300,400,true],"1536x1536":["https:\/\/www.losencuentrosdepamplona.com\/wp-content\/uploads\/2024\/06\/Roberto-Valencia-Foto-de-Fermin-Lizarraga.jpg",800,915,false],"2048x2048":["https:\/\/www.losencuentrosdepamplona.com\/wp-content\/uploads\/2024\/06\/Roberto-Valencia-Foto-de-Fermin-Lizarraga.jpg",800,915,false],"neve-blog":["https:\/\/www.losencuentrosdepamplona.com\/wp-content\/uploads\/2024\/06\/Roberto-Valencia-Foto-de-Fermin-Lizarraga-800x620.jpg",800,620,true]},"uagb_author_info":{"display_name":"ec6eef2fcc","author_link":"https:\/\/www.losencuentrosdepamplona.com\/en\/author\/"},"uagb_comment_info":0,"uagb_excerpt":"Writer and literature lecturer. In 2020 he published the essay Palacios, hangares y cuevas. 12 museos de Europa. In 2010 he published the book of short stories Sonr\u00eda a c\u00e1mara (Lengua de trapo). And in 2014, Todos somos autores y p\u00fablico, in which he interviewed 17 prominent creative talents, thinkers and critics on the Spanish-language&hellip;&nbsp;Read&hellip;","_links":{"self":[{"href":"https:\/\/www.losencuentrosdepamplona.com\/en\/wp-json\/wp\/v2\/participante\/6700","targetHints":{"allow":["GET"]}}],"collection":[{"href":"https:\/\/www.losencuentrosdepamplona.com\/en\/wp-json\/wp\/v2\/participante"}],"about":[{"href":"https:\/\/www.losencuentrosdepamplona.com\/en\/wp-json\/wp\/v2\/types\/participante"}],"wp:featuredmedia":[{"embeddable":true,"href":"https:\/\/www.losencuentrosdepamplona.com\/en\/wp-json\/wp\/v2\/media\/6698"}],"wp:attachment":[{"href":"https:\/\/www.losencuentrosdepamplona.com\/en\/wp-json\/wp\/v2\/media?parent=6700"}],"wp:term":[{"taxonomy":"categoria-participante","embeddable":true,"href":"https:\/\/www.losencuentrosdepamplona.com\/en\/wp-json\/wp\/v2\/categoria-participante?post=6700"}],"curies":[{"name":"wp","href":"https:\/\/api.w.org\/{rel}","templated":true}]}}