{"id":12655,"date":"2024-10-22T11:14:35","date_gmt":"2024-10-22T09:14:35","guid":{"rendered":"https:\/\/www.losencuentrosdepamplona.com\/eventos\/la-distribucion-del-caos\/"},"modified":"2024-10-25T12:29:21","modified_gmt":"2024-10-25T10:29:21","slug":"la-distribucion-del-caos","status":"publish","type":"mec-events","link":"https:\/\/www.losencuentrosdepamplona.com\/eu\/eventos\/la-distribucion-del-caos\/","title":{"rendered":"La distribuci\u00f3n del caos"},"content":{"rendered":"<div><span lang=\"es\">Patxi Araujo artistak <\/span><span lang=\"es\">Encuentros de Pamplona &#8211; Iru\u00f1eko Topaketak 2024rak<\/span><span lang=\"es\">o sortu duen <i>La distribuci\u00f3n del caos, 2024 <\/i>arte-instalazioaren egokitzapena da. Aldi berean eta espazio honetan bertan, erradiazio kosmiko saihetsezin eta ikusezin baten partikula batzuek Geiger sentsoreren seinalea kitzikatzen dute, erritmo purua, ausazkoa sortuz, eta hori \u2013hemen eta orain\u2013 hitzetara eramango dute.<\/span><\/div>\n<p><span style=\"font-weight: 400;\">Azaroak <\/span>2<span style=\"font-weight: 400;\">7, 18:30: Aurkezpena eta solasaldia Patxi Araujorekin.<\/span><\/p>\n","protected":false},"excerpt":{"rendered":"<p>Patxi Araujo artistak Encuentros de Pamplona &#8211; Iru\u00f1eko Topaketak 2024rako sortu duen La distribuci\u00f3n del caos, 2024 arte-instalazioaren egokitzapena da. Aldi berean eta espazio honetan bertan, erradiazio kosmiko saihetsezin eta ikusezin baten partikula batzuek Geiger sentsoreren seinalea kitzikatzen dute, erritmo purua, ausazkoa sortuz, eta hori \u2013hemen eta orain\u2013 hitzetara eramango dute. Azaroak 27, 18:30: Aurkezpena&hellip;&nbsp;<a href=\"https:\/\/www.losencuentrosdepamplona.com\/eu\/eventos\/la-distribucion-del-caos\/\" rel=\"bookmark\">Read More &raquo;<span class=\"screen-reader-text\">La distribuci\u00f3n del caos<\/span><\/a><\/p>\n","protected":false},"author":1,"featured_media":9715,"comment_status":"open","ping_status":"closed","template":"","tags":[],"mec_category":[430],"mec_sponsor":[],"class_list":["post-12655","mec-events","type-mec-events","status-publish","has-post-thumbnail","hentry","mec_category-proposamen-artistikoak"],"acf":[],"yoast_head":"<!-- This site is optimized with the Yoast SEO plugin v23.5 - https:\/\/yoast.com\/wordpress\/plugins\/seo\/ -->\n<title>La distribuci\u00f3n del caos - Encuentros de Pamplona \/ Iru\u00f1eko Topaketak<\/title>\n<meta name=\"robots\" content=\"index, follow, max-snippet:-1, max-image-preview:large, max-video-preview:-1\" \/>\n<link rel=\"canonical\" href=\"https:\/\/www.losencuentrosdepamplona.com\/eventos\/la-distribucion-del-caos\/\" \/>\n<meta property=\"og:locale\" content=\"eu_ES\" \/>\n<meta property=\"og:type\" content=\"article\" \/>\n<meta property=\"og:title\" content=\"La distribuci\u00f3n del caos - Encuentros de Pamplona \/ Iru\u00f1eko Topaketak\" \/>\n<meta property=\"og:description\" content=\"Patxi Araujo artistak Encuentros de Pamplona &#8211; Iru\u00f1eko Topaketak 2024rako sortu duen La distribuci\u00f3n del caos, 2024 arte-instalazioaren egokitzapena da. Aldi berean eta espazio honetan bertan, erradiazio kosmiko saihetsezin eta ikusezin baten partikula batzuek Geiger sentsoreren seinalea kitzikatzen dute, erritmo purua, ausazkoa sortuz, eta hori \u2013hemen eta orain\u2013 hitzetara eramango dute. Azaroak 27, 18:30: Aurkezpena&hellip;&nbsp;Read More &raquo;La distribuci\u00f3n del caos\" \/>\n<meta property=\"og:url\" content=\"https:\/\/www.losencuentrosdepamplona.com\/eventos\/la-distribucion-del-caos\/\" \/>\n<meta property=\"og:site_name\" content=\"Encuentros de Pamplona \/ Iru\u00f1eko Topaketak\" \/>\n<meta property=\"article:publisher\" content=\"https:\/\/www.facebook.com\/encuentrosdepamplona\/\" \/>\n<meta property=\"article:modified_time\" content=\"2024-10-25T10:29:21+00:00\" \/>\n<meta property=\"og:image\" content=\"https:\/\/www.losencuentrosdepamplona.com\/wp-content\/uploads\/2024\/06\/la-distribucion-del-caos.jpg\" \/>\n\t<meta property=\"og:image:width\" content=\"900\" \/>\n\t<meta property=\"og:image:height\" content=\"354\" \/>\n\t<meta property=\"og:image:type\" content=\"image\/jpeg\" \/>\n<meta name=\"twitter:card\" content=\"summary_large_image\" \/>\n<meta name=\"twitter:site\" content=\"@encuentros2024\" \/>\n<meta name=\"twitter:label1\" content=\"Est. reading time\" \/>\n\t<meta name=\"twitter:data1\" content=\"1 minute\" \/>\n<script type=\"application\/ld+json\" class=\"yoast-schema-graph\">{\"@context\":\"https:\/\/schema.org\",\"@graph\":[{\"@type\":\"WebPage\",\"@id\":\"https:\/\/www.losencuentrosdepamplona.com\/eventos\/la-distribucion-del-caos\/\",\"url\":\"https:\/\/www.losencuentrosdepamplona.com\/eventos\/la-distribucion-del-caos\/\",\"name\":\"La distribuci\u00f3n del caos - Encuentros de Pamplona \/ Iru\u00f1eko Topaketak\",\"isPartOf\":{\"@id\":\"https:\/\/www.losencuentrosdepamplona.com\/#website\"},\"primaryImageOfPage\":{\"@id\":\"https:\/\/www.losencuentrosdepamplona.com\/eventos\/la-distribucion-del-caos\/#primaryimage\"},\"image\":{\"@id\":\"https:\/\/www.losencuentrosdepamplona.com\/eventos\/la-distribucion-del-caos\/#primaryimage\"},\"thumbnailUrl\":\"https:\/\/www.losencuentrosdepamplona.com\/wp-content\/uploads\/2024\/06\/la-distribucion-del-caos.jpg\",\"datePublished\":\"2024-10-22T09:14:35+00:00\",\"dateModified\":\"2024-10-25T10:29:21+00:00\",\"breadcrumb\":{\"@id\":\"https:\/\/www.losencuentrosdepamplona.com\/eventos\/la-distribucion-del-caos\/#breadcrumb\"},\"inLanguage\":\"eu-ES\",\"potentialAction\":[{\"@type\":\"ReadAction\",\"target\":[\"https:\/\/www.losencuentrosdepamplona.com\/eventos\/la-distribucion-del-caos\/\"]}]},{\"@type\":\"ImageObject\",\"inLanguage\":\"eu-ES\",\"@id\":\"https:\/\/www.losencuentrosdepamplona.com\/eventos\/la-distribucion-del-caos\/#primaryimage\",\"url\":\"https:\/\/www.losencuentrosdepamplona.com\/wp-content\/uploads\/2024\/06\/la-distribucion-del-caos.jpg\",\"contentUrl\":\"https:\/\/www.losencuentrosdepamplona.com\/wp-content\/uploads\/2024\/06\/la-distribucion-del-caos.jpg\",\"width\":900,\"height\":354},{\"@type\":\"BreadcrumbList\",\"@id\":\"https:\/\/www.losencuentrosdepamplona.com\/eventos\/la-distribucion-del-caos\/#breadcrumb\",\"itemListElement\":[{\"@type\":\"ListItem\",\"position\":1,\"name\":\"Portada\",\"item\":\"https:\/\/www.losencuentrosdepamplona.com\/eu\/\"},{\"@type\":\"ListItem\",\"position\":2,\"name\":\"Eventos\",\"item\":\"https:\/\/www.losencuentrosdepamplona.com\/eventos\/\"},{\"@type\":\"ListItem\",\"position\":3,\"name\":\"La distribuci\u00f3n del caos\"}]},{\"@type\":\"WebSite\",\"@id\":\"https:\/\/www.losencuentrosdepamplona.com\/#website\",\"url\":\"https:\/\/www.losencuentrosdepamplona.com\/\",\"name\":\"Encuentros de Pamplona \/ Iru\u00f1eko Topaketak\",\"description\":\"Bienal internacional de cultura, arte y pensamiento\",\"publisher\":{\"@id\":\"https:\/\/www.losencuentrosdepamplona.com\/#organization\"},\"potentialAction\":[{\"@type\":\"SearchAction\",\"target\":{\"@type\":\"EntryPoint\",\"urlTemplate\":\"https:\/\/www.losencuentrosdepamplona.com\/?s={search_term_string}\"},\"query-input\":{\"@type\":\"PropertyValueSpecification\",\"valueRequired\":true,\"valueName\":\"search_term_string\"}}],\"inLanguage\":\"eu-ES\"},{\"@type\":\"Organization\",\"@id\":\"https:\/\/www.losencuentrosdepamplona.com\/#organization\",\"name\":\"Encuentros de Pamplona \/ Iru\u00f1eko Topaketak\",\"url\":\"https:\/\/www.losencuentrosdepamplona.com\/\",\"logo\":{\"@type\":\"ImageObject\",\"inLanguage\":\"eu-ES\",\"@id\":\"https:\/\/www.losencuentrosdepamplona.com\/#\/schema\/logo\/image\/\",\"url\":\"https:\/\/www.losencuentrosdepamplona.com\/wp-content\/uploads\/2024\/02\/encuentros__mid-dark.svg\",\"contentUrl\":\"https:\/\/www.losencuentrosdepamplona.com\/wp-content\/uploads\/2024\/02\/encuentros__mid-dark.svg\",\"width\":1103,\"height\":294,\"caption\":\"Encuentros de Pamplona \/ Iru\u00f1eko Topaketak\"},\"image\":{\"@id\":\"https:\/\/www.losencuentrosdepamplona.com\/#\/schema\/logo\/image\/\"},\"sameAs\":[\"https:\/\/www.facebook.com\/encuentrosdepamplona\/\",\"https:\/\/x.com\/encuentros2024\",\"https:\/\/www.instagram.com\/losencuentrosdepamplona\/?hl=es\"]}]}<\/script>\n<!-- \/ Yoast SEO plugin. -->","yoast_head_json":{"title":"La distribuci\u00f3n del caos - Encuentros de Pamplona \/ Iru\u00f1eko Topaketak","robots":{"index":"index","follow":"follow","max-snippet":"max-snippet:-1","max-image-preview":"max-image-preview:large","max-video-preview":"max-video-preview:-1"},"canonical":"https:\/\/www.losencuentrosdepamplona.com\/eventos\/la-distribucion-del-caos\/","og_locale":"eu_ES","og_type":"article","og_title":"La distribuci\u00f3n del caos - Encuentros de Pamplona \/ Iru\u00f1eko Topaketak","og_description":"Patxi Araujo artistak Encuentros de Pamplona &#8211; Iru\u00f1eko Topaketak 2024rako sortu duen La distribuci\u00f3n del caos, 2024 arte-instalazioaren egokitzapena da. Aldi berean eta espazio honetan bertan, erradiazio kosmiko saihetsezin eta ikusezin baten partikula batzuek Geiger sentsoreren seinalea kitzikatzen dute, erritmo purua, ausazkoa sortuz, eta hori \u2013hemen eta orain\u2013 hitzetara eramango dute. Azaroak 27, 18:30: Aurkezpena&hellip;&nbsp;Read More &raquo;La distribuci\u00f3n del caos","og_url":"https:\/\/www.losencuentrosdepamplona.com\/eventos\/la-distribucion-del-caos\/","og_site_name":"Encuentros de Pamplona \/ Iru\u00f1eko Topaketak","article_publisher":"https:\/\/www.facebook.com\/encuentrosdepamplona\/","article_modified_time":"2024-10-25T10:29:21+00:00","og_image":[{"width":900,"height":354,"url":"https:\/\/www.losencuentrosdepamplona.com\/wp-content\/uploads\/2024\/06\/la-distribucion-del-caos.jpg","type":"image\/jpeg"}],"twitter_card":"summary_large_image","twitter_site":"@encuentros2024","twitter_misc":{"Est. reading time":"1 minute"},"schema":{"@context":"https:\/\/schema.org","@graph":[{"@type":"WebPage","@id":"https:\/\/www.losencuentrosdepamplona.com\/eventos\/la-distribucion-del-caos\/","url":"https:\/\/www.losencuentrosdepamplona.com\/eventos\/la-distribucion-del-caos\/","name":"La distribuci\u00f3n del caos - Encuentros de Pamplona \/ Iru\u00f1eko Topaketak","isPartOf":{"@id":"https:\/\/www.losencuentrosdepamplona.com\/#website"},"primaryImageOfPage":{"@id":"https:\/\/www.losencuentrosdepamplona.com\/eventos\/la-distribucion-del-caos\/#primaryimage"},"image":{"@id":"https:\/\/www.losencuentrosdepamplona.com\/eventos\/la-distribucion-del-caos\/#primaryimage"},"thumbnailUrl":"https:\/\/www.losencuentrosdepamplona.com\/wp-content\/uploads\/2024\/06\/la-distribucion-del-caos.jpg","datePublished":"2024-10-22T09:14:35+00:00","dateModified":"2024-10-25T10:29:21+00:00","breadcrumb":{"@id":"https:\/\/www.losencuentrosdepamplona.com\/eventos\/la-distribucion-del-caos\/#breadcrumb"},"inLanguage":"eu-ES","potentialAction":[{"@type":"ReadAction","target":["https:\/\/www.losencuentrosdepamplona.com\/eventos\/la-distribucion-del-caos\/"]}]},{"@type":"ImageObject","inLanguage":"eu-ES","@id":"https:\/\/www.losencuentrosdepamplona.com\/eventos\/la-distribucion-del-caos\/#primaryimage","url":"https:\/\/www.losencuentrosdepamplona.com\/wp-content\/uploads\/2024\/06\/la-distribucion-del-caos.jpg","contentUrl":"https:\/\/www.losencuentrosdepamplona.com\/wp-content\/uploads\/2024\/06\/la-distribucion-del-caos.jpg","width":900,"height":354},{"@type":"BreadcrumbList","@id":"https:\/\/www.losencuentrosdepamplona.com\/eventos\/la-distribucion-del-caos\/#breadcrumb","itemListElement":[{"@type":"ListItem","position":1,"name":"Portada","item":"https:\/\/www.losencuentrosdepamplona.com\/eu\/"},{"@type":"ListItem","position":2,"name":"Eventos","item":"https:\/\/www.losencuentrosdepamplona.com\/eventos\/"},{"@type":"ListItem","position":3,"name":"La distribuci\u00f3n del caos"}]},{"@type":"WebSite","@id":"https:\/\/www.losencuentrosdepamplona.com\/#website","url":"https:\/\/www.losencuentrosdepamplona.com\/","name":"Encuentros de Pamplona \/ Iru\u00f1eko Topaketak","description":"Bienal internacional de cultura, arte y pensamiento","publisher":{"@id":"https:\/\/www.losencuentrosdepamplona.com\/#organization"},"potentialAction":[{"@type":"SearchAction","target":{"@type":"EntryPoint","urlTemplate":"https:\/\/www.losencuentrosdepamplona.com\/?s={search_term_string}"},"query-input":{"@type":"PropertyValueSpecification","valueRequired":true,"valueName":"search_term_string"}}],"inLanguage":"eu-ES"},{"@type":"Organization","@id":"https:\/\/www.losencuentrosdepamplona.com\/#organization","name":"Encuentros de Pamplona \/ Iru\u00f1eko Topaketak","url":"https:\/\/www.losencuentrosdepamplona.com\/","logo":{"@type":"ImageObject","inLanguage":"eu-ES","@id":"https:\/\/www.losencuentrosdepamplona.com\/#\/schema\/logo\/image\/","url":"https:\/\/www.losencuentrosdepamplona.com\/wp-content\/uploads\/2024\/02\/encuentros__mid-dark.svg","contentUrl":"https:\/\/www.losencuentrosdepamplona.com\/wp-content\/uploads\/2024\/02\/encuentros__mid-dark.svg","width":1103,"height":294,"caption":"Encuentros de Pamplona \/ Iru\u00f1eko Topaketak"},"image":{"@id":"https:\/\/www.losencuentrosdepamplona.com\/#\/schema\/logo\/image\/"},"sameAs":["https:\/\/www.facebook.com\/encuentrosdepamplona\/","https:\/\/x.com\/encuentros2024","https:\/\/www.instagram.com\/losencuentrosdepamplona\/?hl=es"]}]}},"uagb_featured_image_src":{"full":["https:\/\/www.losencuentrosdepamplona.com\/wp-content\/uploads\/2024\/06\/la-distribucion-del-caos.jpg",900,354,false],"thumbnail":["https:\/\/www.losencuentrosdepamplona.com\/wp-content\/uploads\/2024\/06\/la-distribucion-del-caos-150x150.jpg",150,150,true],"medium":["https:\/\/www.losencuentrosdepamplona.com\/wp-content\/uploads\/2024\/06\/la-distribucion-del-caos-300x118.jpg",300,118,true],"medium_large":["https:\/\/www.losencuentrosdepamplona.com\/wp-content\/uploads\/2024\/06\/la-distribucion-del-caos-768x302.jpg",768,302,true],"large":["https:\/\/www.losencuentrosdepamplona.com\/wp-content\/uploads\/2024\/06\/la-distribucion-del-caos.jpg",900,354,false],"thumblist":["https:\/\/www.losencuentrosdepamplona.com\/wp-content\/uploads\/2024\/06\/la-distribucion-del-caos-300x300.jpg",300,300,true],"thumbrelated":["https:\/\/www.losencuentrosdepamplona.com\/wp-content\/uploads\/2024\/06\/la-distribucion-del-caos-500x354.jpg",500,354,true],"meccarouselthumb":["https:\/\/www.losencuentrosdepamplona.com\/wp-content\/uploads\/2024\/06\/la-distribucion-del-caos-474x324.jpg",474,324,true],"gridsquare":["https:\/\/www.losencuentrosdepamplona.com\/wp-content\/uploads\/2024\/06\/la-distribucion-del-caos-391x260.jpg",391,260,true],"tileview":["https:\/\/www.losencuentrosdepamplona.com\/wp-content\/uploads\/2024\/06\/la-distribucion-del-caos-300x354.jpg",300,354,true],"1536x1536":["https:\/\/www.losencuentrosdepamplona.com\/wp-content\/uploads\/2024\/06\/la-distribucion-del-caos.jpg",900,354,false],"2048x2048":["https:\/\/www.losencuentrosdepamplona.com\/wp-content\/uploads\/2024\/06\/la-distribucion-del-caos.jpg",900,354,false],"neve-blog":["https:\/\/www.losencuentrosdepamplona.com\/wp-content\/uploads\/2024\/06\/la-distribucion-del-caos.jpg",900,354,false]},"uagb_author_info":{"display_name":"ec6eef2fcc","author_link":"https:\/\/www.losencuentrosdepamplona.com\/eu\/author\/ec6eef2fcc\/"},"uagb_comment_info":0,"uagb_excerpt":"Patxi Araujo artistak Encuentros de Pamplona &#8211; Iru\u00f1eko Topaketak 2024rako sortu duen La distribuci\u00f3n del caos, 2024 arte-instalazioaren egokitzapena da. Aldi berean eta espazio honetan bertan, erradiazio kosmiko saihetsezin eta ikusezin baten partikula batzuek Geiger sentsoreren seinalea kitzikatzen dute, erritmo purua, ausazkoa sortuz, eta hori \u2013hemen eta orain\u2013 hitzetara eramango dute. Azaroak 27, 18:30: Aurkezpena&hellip;&nbsp;Read&hellip;","_links":{"self":[{"href":"https:\/\/www.losencuentrosdepamplona.com\/eu\/wp-json\/wp\/v2\/mec-events\/12655","targetHints":{"allow":["GET"]}}],"collection":[{"href":"https:\/\/www.losencuentrosdepamplona.com\/eu\/wp-json\/wp\/v2\/mec-events"}],"about":[{"href":"https:\/\/www.losencuentrosdepamplona.com\/eu\/wp-json\/wp\/v2\/types\/mec-events"}],"author":[{"embeddable":true,"href":"https:\/\/www.losencuentrosdepamplona.com\/eu\/wp-json\/wp\/v2\/users\/1"}],"replies":[{"embeddable":true,"href":"https:\/\/www.losencuentrosdepamplona.com\/eu\/wp-json\/wp\/v2\/comments?post=12655"}],"version-history":[{"count":4,"href":"https:\/\/www.losencuentrosdepamplona.com\/eu\/wp-json\/wp\/v2\/mec-events\/12655\/revisions"}],"predecessor-version":[{"id":12775,"href":"https:\/\/www.losencuentrosdepamplona.com\/eu\/wp-json\/wp\/v2\/mec-events\/12655\/revisions\/12775"}],"wp:featuredmedia":[{"embeddable":true,"href":"https:\/\/www.losencuentrosdepamplona.com\/eu\/wp-json\/wp\/v2\/media\/9715"}],"wp:attachment":[{"href":"https:\/\/www.losencuentrosdepamplona.com\/eu\/wp-json\/wp\/v2\/media?parent=12655"}],"wp:term":[{"taxonomy":"post_tag","embeddable":true,"href":"https:\/\/www.losencuentrosdepamplona.com\/eu\/wp-json\/wp\/v2\/tags?post=12655"},{"taxonomy":"mec_category","embeddable":true,"href":"https:\/\/www.losencuentrosdepamplona.com\/eu\/wp-json\/wp\/v2\/mec_category?post=12655"},{"taxonomy":"mec_sponsor","embeddable":true,"href":"https:\/\/www.losencuentrosdepamplona.com\/eu\/wp-json\/wp\/v2\/mec_sponsor?post=12655"}],"curies":[{"name":"wp","href":"https:\/\/api.w.org\/{rel}","templated":true}]}}