{"id":18255,"date":"2026-08-21T10:38:45","date_gmt":"2026-08-21T08:38:45","guid":{"rendered":"https:\/\/www.losencuentrosdepamplona.com\/?post_type=mec-events&#038;p=18255"},"modified":"2026-08-26T13:21:53","modified_gmt":"2026-08-26T11:21:53","slug":"errealismo-poetiko-zinematografikorantz","status":"publish","type":"mec-events","link":"https:\/\/www.losencuentrosdepamplona.com\/eu\/eventos\/errealismo-poetiko-zinematografikorantz\/","title":{"rendered":"Errealismo poetiko zinematografikorantz"},"content":{"rendered":"<p><span style=\"font-weight: 400;\">Carla Sim\u00f3n eta Elena L\u00f3pez Riera zinemagileak aspalditik ari dira hausnartzen nola definitu errealismoaren etiketatik kanpo geratzen den zinema mota bat. <\/span><i><span style=\"font-weight: 400;\">Alcarr\u00e0s<\/span><\/i><span style=\"font-weight: 400;\"> eta <\/span><i><span style=\"font-weight: 400;\">Romer\u00eda<\/span><\/i><span style=\"font-weight: 400;\"> filmetan, Sim\u00f3nek ikuspegi subjektibotik aztertzen du familia-memoria, eta azken pelikulan onirismora jotzen du. <\/span><i><span style=\"font-weight: 400;\">El agua<\/span><\/i><span style=\"font-weight: 400;\"> lanean, L\u00f3pez Rierak paisaia eta mitoa aktibatzen ditu, esperientzia kolektiboari eragiten dioten indar gisa. L\u00f3pez Rierak <\/span><i><span style=\"font-weight: 400;\">Caim\u00e1n<\/span><\/i><span style=\"font-weight: 400;\"> aldizkarirako idatzitako artikuluan aldarrikatzen duenez, begiratzeko beste modu batzuk esploratu nahi dituzte, \u201cpertzepzio subjektiboa tresna estetiko eta politiko gisa\u201d erabiliz. Horretarako, erreferentziatzat hartzen dute Henry Jamesek <\/span><i><span style=\"font-weight: 400;\">The Art of Fiction<\/span><\/i><span style=\"font-weight: 400;\"> (gaztelaniaz: <\/span><i><span style=\"font-weight: 400;\">El arte de la ficci\u00f3n<\/span><\/i><span style=\"font-weight: 400;\">) testuan esandako hau: \u201cerrealitatea izan dadila irudimena azaleratzeko aitzakia bihurria\u201d. Elkarrizketa hau gai horien gainean elkarrekin hausnartzen jarraitzeko beste aukera bat izango da.\u00a0<\/span><\/p>\n","protected":false},"excerpt":{"rendered":"<p>Carla Sim\u00f3n eta Elena L\u00f3pez Riera zinemagileak aspalditik ari dira hausnartzen nola definitu errealismoaren etiketatik kanpo geratzen den zinema mota bat. Alcarr\u00e0s eta Romer\u00eda filmetan, Sim\u00f3nek ikuspegi subjektibotik aztertzen du familia-memoria, eta azken pelikulan onirismora jotzen du. El agua lanean, L\u00f3pez Rierak paisaia eta mitoa aktibatzen ditu, esperientzia kolektiboari eragiten dioten indar gisa. L\u00f3pez Rierak&hellip;&nbsp;<a href=\"https:\/\/www.losencuentrosdepamplona.com\/eu\/eventos\/errealismo-poetiko-zinematografikorantz\/\" rel=\"bookmark\">Read More &raquo;<span class=\"screen-reader-text\">Errealismo poetiko zinematografikorantz<\/span><\/a><\/p>\n","protected":false},"author":7,"featured_media":18226,"comment_status":"closed","ping_status":"closed","template":"","tags":[],"mec_category":[142],"mec_sponsor":[],"class_list":["post-18255","mec-events","type-mec-events","status-publish","has-post-thumbnail","hentry","mec_category-hitzaldiak-eta-elkarrizketak"],"acf":[],"yoast_head":"<!-- This site is optimized with the Yoast SEO plugin v23.5 - https:\/\/yoast.com\/wordpress\/plugins\/seo\/ -->\n<title>Errealismo poetiko zinematografikorantz - Encuentros de Pamplona \/ Iru\u00f1eko Topaketak<\/title>\n<meta name=\"robots\" content=\"index, follow, max-snippet:-1, max-image-preview:large, max-video-preview:-1\" \/>\n<link rel=\"canonical\" href=\"https:\/\/www.losencuentrosdepamplona.com\/eu\/eventos\/errealismo-poetiko-zinematografikorantz\/\" \/>\n<meta property=\"og:locale\" content=\"eu_ES\" \/>\n<meta property=\"og:type\" content=\"article\" \/>\n<meta property=\"og:title\" content=\"Errealismo poetiko zinematografikorantz - Encuentros de Pamplona \/ Iru\u00f1eko Topaketak\" \/>\n<meta property=\"og:description\" content=\"Carla Sim\u00f3n eta Elena L\u00f3pez Riera zinemagileak aspalditik ari dira hausnartzen nola definitu errealismoaren etiketatik kanpo geratzen den zinema mota bat. Alcarr\u00e0s eta Romer\u00eda filmetan, Sim\u00f3nek ikuspegi subjektibotik aztertzen du familia-memoria, eta azken pelikulan onirismora jotzen du. El agua lanean, L\u00f3pez Rierak paisaia eta mitoa aktibatzen ditu, esperientzia kolektiboari eragiten dioten indar gisa. L\u00f3pez Rierak&hellip;&nbsp;Read More &raquo;Errealismo poetiko zinematografikorantz\" \/>\n<meta property=\"og:url\" content=\"https:\/\/www.losencuentrosdepamplona.com\/eu\/eventos\/errealismo-poetiko-zinematografikorantz\/\" \/>\n<meta property=\"og:site_name\" content=\"Encuentros de Pamplona \/ Iru\u00f1eko Topaketak\" \/>\n<meta property=\"article:publisher\" content=\"https:\/\/www.facebook.com\/encuentrosdepamplona\/\" \/>\n<meta property=\"article:modified_time\" content=\"2026-08-26T11:21:53+00:00\" \/>\n<meta property=\"og:image\" content=\"https:\/\/www.losencuentrosdepamplona.com\/wp-content\/uploads\/2026\/08\/Carla-Simon-Elena-Lopez-Riera.jpg\" \/>\n\t<meta property=\"og:image:width\" content=\"1164\" \/>\n\t<meta property=\"og:image:height\" content=\"611\" \/>\n\t<meta property=\"og:image:type\" content=\"image\/jpeg\" \/>\n<meta name=\"twitter:card\" content=\"summary_large_image\" \/>\n<meta name=\"twitter:site\" content=\"@encuentros2024\" \/>\n<meta name=\"twitter:label1\" content=\"Est. reading time\" \/>\n\t<meta name=\"twitter:data1\" content=\"1 minute\" \/>\n<script type=\"application\/ld+json\" class=\"yoast-schema-graph\">{\"@context\":\"https:\/\/schema.org\",\"@graph\":[{\"@type\":\"WebPage\",\"@id\":\"https:\/\/www.losencuentrosdepamplona.com\/eu\/eventos\/errealismo-poetiko-zinematografikorantz\/\",\"url\":\"https:\/\/www.losencuentrosdepamplona.com\/eu\/eventos\/errealismo-poetiko-zinematografikorantz\/\",\"name\":\"Errealismo poetiko zinematografikorantz - Encuentros de Pamplona \/ Iru\u00f1eko Topaketak\",\"isPartOf\":{\"@id\":\"https:\/\/www.losencuentrosdepamplona.com\/#website\"},\"primaryImageOfPage\":{\"@id\":\"https:\/\/www.losencuentrosdepamplona.com\/eu\/eventos\/errealismo-poetiko-zinematografikorantz\/#primaryimage\"},\"image\":{\"@id\":\"https:\/\/www.losencuentrosdepamplona.com\/eu\/eventos\/errealismo-poetiko-zinematografikorantz\/#primaryimage\"},\"thumbnailUrl\":\"https:\/\/www.losencuentrosdepamplona.com\/wp-content\/uploads\/2026\/08\/Carla-Simon-Elena-Lopez-Riera.jpg\",\"datePublished\":\"2026-08-21T08:38:45+00:00\",\"dateModified\":\"2026-08-26T11:21:53+00:00\",\"breadcrumb\":{\"@id\":\"https:\/\/www.losencuentrosdepamplona.com\/eu\/eventos\/errealismo-poetiko-zinematografikorantz\/#breadcrumb\"},\"inLanguage\":\"eu-ES\",\"potentialAction\":[{\"@type\":\"ReadAction\",\"target\":[\"https:\/\/www.losencuentrosdepamplona.com\/eu\/eventos\/errealismo-poetiko-zinematografikorantz\/\"]}]},{\"@type\":\"ImageObject\",\"inLanguage\":\"eu-ES\",\"@id\":\"https:\/\/www.losencuentrosdepamplona.com\/eu\/eventos\/errealismo-poetiko-zinematografikorantz\/#primaryimage\",\"url\":\"https:\/\/www.losencuentrosdepamplona.com\/wp-content\/uploads\/2026\/08\/Carla-Simon-Elena-Lopez-Riera.jpg\",\"contentUrl\":\"https:\/\/www.losencuentrosdepamplona.com\/wp-content\/uploads\/2026\/08\/Carla-Simon-Elena-Lopez-Riera.jpg\",\"width\":1164,\"height\":611},{\"@type\":\"BreadcrumbList\",\"@id\":\"https:\/\/www.losencuentrosdepamplona.com\/eu\/eventos\/errealismo-poetiko-zinematografikorantz\/#breadcrumb\",\"itemListElement\":[{\"@type\":\"ListItem\",\"position\":1,\"name\":\"Portada\",\"item\":\"https:\/\/www.losencuentrosdepamplona.com\/eu\/\"},{\"@type\":\"ListItem\",\"position\":2,\"name\":\"Eventos\",\"item\":\"https:\/\/www.losencuentrosdepamplona.com\/eventos\/\"},{\"@type\":\"ListItem\",\"position\":3,\"name\":\"Errealismo poetiko zinematografikorantz\"}]},{\"@type\":\"WebSite\",\"@id\":\"https:\/\/www.losencuentrosdepamplona.com\/#website\",\"url\":\"https:\/\/www.losencuentrosdepamplona.com\/\",\"name\":\"Encuentros de Pamplona \/ Iru\u00f1eko Topaketak\",\"description\":\"Bienal internacional de cultura, arte y pensamiento\",\"publisher\":{\"@id\":\"https:\/\/www.losencuentrosdepamplona.com\/#organization\"},\"potentialAction\":[{\"@type\":\"SearchAction\",\"target\":{\"@type\":\"EntryPoint\",\"urlTemplate\":\"https:\/\/www.losencuentrosdepamplona.com\/?s={search_term_string}\"},\"query-input\":{\"@type\":\"PropertyValueSpecification\",\"valueRequired\":true,\"valueName\":\"search_term_string\"}}],\"inLanguage\":\"eu-ES\"},{\"@type\":\"Organization\",\"@id\":\"https:\/\/www.losencuentrosdepamplona.com\/#organization\",\"name\":\"Encuentros de Pamplona \/ Iru\u00f1eko Topaketak\",\"url\":\"https:\/\/www.losencuentrosdepamplona.com\/\",\"logo\":{\"@type\":\"ImageObject\",\"inLanguage\":\"eu-ES\",\"@id\":\"https:\/\/www.losencuentrosdepamplona.com\/#\/schema\/logo\/image\/\",\"url\":\"https:\/\/www.losencuentrosdepamplona.com\/wp-content\/uploads\/2024\/02\/encuentros__mid-dark.svg\",\"contentUrl\":\"https:\/\/www.losencuentrosdepamplona.com\/wp-content\/uploads\/2024\/02\/encuentros__mid-dark.svg\",\"width\":1103,\"height\":294,\"caption\":\"Encuentros de Pamplona \/ Iru\u00f1eko Topaketak\"},\"image\":{\"@id\":\"https:\/\/www.losencuentrosdepamplona.com\/#\/schema\/logo\/image\/\"},\"sameAs\":[\"https:\/\/www.facebook.com\/encuentrosdepamplona\/\",\"https:\/\/x.com\/encuentros2024\",\"https:\/\/www.instagram.com\/losencuentrosdepamplona\/?hl=es\"]}]}<\/script>\n<!-- \/ Yoast SEO plugin. -->","yoast_head_json":{"title":"Errealismo poetiko zinematografikorantz - Encuentros de Pamplona \/ Iru\u00f1eko Topaketak","robots":{"index":"index","follow":"follow","max-snippet":"max-snippet:-1","max-image-preview":"max-image-preview:large","max-video-preview":"max-video-preview:-1"},"canonical":"https:\/\/www.losencuentrosdepamplona.com\/eu\/eventos\/errealismo-poetiko-zinematografikorantz\/","og_locale":"eu_ES","og_type":"article","og_title":"Errealismo poetiko zinematografikorantz - Encuentros de Pamplona \/ Iru\u00f1eko Topaketak","og_description":"Carla Sim\u00f3n eta Elena L\u00f3pez Riera zinemagileak aspalditik ari dira hausnartzen nola definitu errealismoaren etiketatik kanpo geratzen den zinema mota bat. Alcarr\u00e0s eta Romer\u00eda filmetan, Sim\u00f3nek ikuspegi subjektibotik aztertzen du familia-memoria, eta azken pelikulan onirismora jotzen du. El agua lanean, L\u00f3pez Rierak paisaia eta mitoa aktibatzen ditu, esperientzia kolektiboari eragiten dioten indar gisa. L\u00f3pez Rierak&hellip;&nbsp;Read More &raquo;Errealismo poetiko zinematografikorantz","og_url":"https:\/\/www.losencuentrosdepamplona.com\/eu\/eventos\/errealismo-poetiko-zinematografikorantz\/","og_site_name":"Encuentros de Pamplona \/ Iru\u00f1eko Topaketak","article_publisher":"https:\/\/www.facebook.com\/encuentrosdepamplona\/","article_modified_time":"2026-08-26T11:21:53+00:00","og_image":[{"width":1164,"height":611,"url":"https:\/\/www.losencuentrosdepamplona.com\/wp-content\/uploads\/2026\/08\/Carla-Simon-Elena-Lopez-Riera.jpg","type":"image\/jpeg"}],"twitter_card":"summary_large_image","twitter_site":"@encuentros2024","twitter_misc":{"Est. reading time":"1 minute"},"schema":{"@context":"https:\/\/schema.org","@graph":[{"@type":"WebPage","@id":"https:\/\/www.losencuentrosdepamplona.com\/eu\/eventos\/errealismo-poetiko-zinematografikorantz\/","url":"https:\/\/www.losencuentrosdepamplona.com\/eu\/eventos\/errealismo-poetiko-zinematografikorantz\/","name":"Errealismo poetiko zinematografikorantz - Encuentros de Pamplona \/ Iru\u00f1eko Topaketak","isPartOf":{"@id":"https:\/\/www.losencuentrosdepamplona.com\/#website"},"primaryImageOfPage":{"@id":"https:\/\/www.losencuentrosdepamplona.com\/eu\/eventos\/errealismo-poetiko-zinematografikorantz\/#primaryimage"},"image":{"@id":"https:\/\/www.losencuentrosdepamplona.com\/eu\/eventos\/errealismo-poetiko-zinematografikorantz\/#primaryimage"},"thumbnailUrl":"https:\/\/www.losencuentrosdepamplona.com\/wp-content\/uploads\/2026\/08\/Carla-Simon-Elena-Lopez-Riera.jpg","datePublished":"2026-08-21T08:38:45+00:00","dateModified":"2026-08-26T11:21:53+00:00","breadcrumb":{"@id":"https:\/\/www.losencuentrosdepamplona.com\/eu\/eventos\/errealismo-poetiko-zinematografikorantz\/#breadcrumb"},"inLanguage":"eu-ES","potentialAction":[{"@type":"ReadAction","target":["https:\/\/www.losencuentrosdepamplona.com\/eu\/eventos\/errealismo-poetiko-zinematografikorantz\/"]}]},{"@type":"ImageObject","inLanguage":"eu-ES","@id":"https:\/\/www.losencuentrosdepamplona.com\/eu\/eventos\/errealismo-poetiko-zinematografikorantz\/#primaryimage","url":"https:\/\/www.losencuentrosdepamplona.com\/wp-content\/uploads\/2026\/08\/Carla-Simon-Elena-Lopez-Riera.jpg","contentUrl":"https:\/\/www.losencuentrosdepamplona.com\/wp-content\/uploads\/2026\/08\/Carla-Simon-Elena-Lopez-Riera.jpg","width":1164,"height":611},{"@type":"BreadcrumbList","@id":"https:\/\/www.losencuentrosdepamplona.com\/eu\/eventos\/errealismo-poetiko-zinematografikorantz\/#breadcrumb","itemListElement":[{"@type":"ListItem","position":1,"name":"Portada","item":"https:\/\/www.losencuentrosdepamplona.com\/eu\/"},{"@type":"ListItem","position":2,"name":"Eventos","item":"https:\/\/www.losencuentrosdepamplona.com\/eventos\/"},{"@type":"ListItem","position":3,"name":"Errealismo poetiko zinematografikorantz"}]},{"@type":"WebSite","@id":"https:\/\/www.losencuentrosdepamplona.com\/#website","url":"https:\/\/www.losencuentrosdepamplona.com\/","name":"Encuentros de Pamplona \/ Iru\u00f1eko Topaketak","description":"Bienal internacional de cultura, arte y pensamiento","publisher":{"@id":"https:\/\/www.losencuentrosdepamplona.com\/#organization"},"potentialAction":[{"@type":"SearchAction","target":{"@type":"EntryPoint","urlTemplate":"https:\/\/www.losencuentrosdepamplona.com\/?s={search_term_string}"},"query-input":{"@type":"PropertyValueSpecification","valueRequired":true,"valueName":"search_term_string"}}],"inLanguage":"eu-ES"},{"@type":"Organization","@id":"https:\/\/www.losencuentrosdepamplona.com\/#organization","name":"Encuentros de Pamplona \/ Iru\u00f1eko Topaketak","url":"https:\/\/www.losencuentrosdepamplona.com\/","logo":{"@type":"ImageObject","inLanguage":"eu-ES","@id":"https:\/\/www.losencuentrosdepamplona.com\/#\/schema\/logo\/image\/","url":"https:\/\/www.losencuentrosdepamplona.com\/wp-content\/uploads\/2024\/02\/encuentros__mid-dark.svg","contentUrl":"https:\/\/www.losencuentrosdepamplona.com\/wp-content\/uploads\/2024\/02\/encuentros__mid-dark.svg","width":1103,"height":294,"caption":"Encuentros de Pamplona \/ Iru\u00f1eko Topaketak"},"image":{"@id":"https:\/\/www.losencuentrosdepamplona.com\/#\/schema\/logo\/image\/"},"sameAs":["https:\/\/www.facebook.com\/encuentrosdepamplona\/","https:\/\/x.com\/encuentros2024","https:\/\/www.instagram.com\/losencuentrosdepamplona\/?hl=es"]}]}},"uagb_featured_image_src":{"full":["https:\/\/www.losencuentrosdepamplona.com\/wp-content\/uploads\/2026\/08\/Carla-Simon-Elena-Lopez-Riera.jpg",1164,611,false],"thumbnail":["https:\/\/www.losencuentrosdepamplona.com\/wp-content\/uploads\/2026\/08\/Carla-Simon-Elena-Lopez-Riera-150x150.jpg",150,150,true],"medium":["https:\/\/www.losencuentrosdepamplona.com\/wp-content\/uploads\/2026\/08\/Carla-Simon-Elena-Lopez-Riera-300x157.jpg",300,157,true],"medium_large":["https:\/\/www.losencuentrosdepamplona.com\/wp-content\/uploads\/2026\/08\/Carla-Simon-Elena-Lopez-Riera-768x403.jpg",768,403,true],"large":["https:\/\/www.losencuentrosdepamplona.com\/wp-content\/uploads\/2026\/08\/Carla-Simon-Elena-Lopez-Riera-1024x538.jpg",1024,538,true],"thumblist":["https:\/\/www.losencuentrosdepamplona.com\/wp-content\/uploads\/2026\/08\/Carla-Simon-Elena-Lopez-Riera-300x300.jpg",300,300,true],"thumbrelated":["https:\/\/www.losencuentrosdepamplona.com\/wp-content\/uploads\/2026\/08\/Carla-Simon-Elena-Lopez-Riera-500x500.jpg",500,500,true],"meccarouselthumb":["https:\/\/www.losencuentrosdepamplona.com\/wp-content\/uploads\/2026\/08\/Carla-Simon-Elena-Lopez-Riera-474x324.jpg",474,324,true],"gridsquare":["https:\/\/www.losencuentrosdepamplona.com\/wp-content\/uploads\/2026\/08\/Carla-Simon-Elena-Lopez-Riera-391x260.jpg",391,260,true],"tileview":["https:\/\/www.losencuentrosdepamplona.com\/wp-content\/uploads\/2026\/08\/Carla-Simon-Elena-Lopez-Riera-300x400.jpg",300,400,true],"1536x1536":["https:\/\/www.losencuentrosdepamplona.com\/wp-content\/uploads\/2026\/08\/Carla-Simon-Elena-Lopez-Riera.jpg",1164,611,false],"2048x2048":["https:\/\/www.losencuentrosdepamplona.com\/wp-content\/uploads\/2026\/08\/Carla-Simon-Elena-Lopez-Riera.jpg",1164,611,false],"neve-blog":["https:\/\/www.losencuentrosdepamplona.com\/wp-content\/uploads\/2026\/08\/Carla-Simon-Elena-Lopez-Riera-930x611.jpg",930,611,true]},"uagb_author_info":{"display_name":"Julen Buldain","author_link":"https:\/\/www.losencuentrosdepamplona.com\/eu\/author\/julen-buldain\/"},"uagb_comment_info":0,"uagb_excerpt":"Carla Sim\u00f3n eta Elena L\u00f3pez Riera zinemagileak aspalditik ari dira hausnartzen nola definitu errealismoaren etiketatik kanpo geratzen den zinema mota bat. Alcarr\u00e0s eta Romer\u00eda filmetan, Sim\u00f3nek ikuspegi subjektibotik aztertzen du familia-memoria, eta azken pelikulan onirismora jotzen du. El agua lanean, L\u00f3pez Rierak paisaia eta mitoa aktibatzen ditu, esperientzia kolektiboari eragiten dioten indar gisa. L\u00f3pez Rierak&hellip;&nbsp;Read&hellip;","_links":{"self":[{"href":"https:\/\/www.losencuentrosdepamplona.com\/eu\/wp-json\/wp\/v2\/mec-events\/18255","targetHints":{"allow":["GET"]}}],"collection":[{"href":"https:\/\/www.losencuentrosdepamplona.com\/eu\/wp-json\/wp\/v2\/mec-events"}],"about":[{"href":"https:\/\/www.losencuentrosdepamplona.com\/eu\/wp-json\/wp\/v2\/types\/mec-events"}],"author":[{"embeddable":true,"href":"https:\/\/www.losencuentrosdepamplona.com\/eu\/wp-json\/wp\/v2\/users\/7"}],"replies":[{"embeddable":true,"href":"https:\/\/www.losencuentrosdepamplona.com\/eu\/wp-json\/wp\/v2\/comments?post=18255"}],"version-history":[{"count":1,"href":"https:\/\/www.losencuentrosdepamplona.com\/eu\/wp-json\/wp\/v2\/mec-events\/18255\/revisions"}],"predecessor-version":[{"id":18256,"href":"https:\/\/www.losencuentrosdepamplona.com\/eu\/wp-json\/wp\/v2\/mec-events\/18255\/revisions\/18256"}],"wp:featuredmedia":[{"embeddable":true,"href":"https:\/\/www.losencuentrosdepamplona.com\/eu\/wp-json\/wp\/v2\/media\/18226"}],"wp:attachment":[{"href":"https:\/\/www.losencuentrosdepamplona.com\/eu\/wp-json\/wp\/v2\/media?parent=18255"}],"wp:term":[{"taxonomy":"post_tag","embeddable":true,"href":"https:\/\/www.losencuentrosdepamplona.com\/eu\/wp-json\/wp\/v2\/tags?post=18255"},{"taxonomy":"mec_category","embeddable":true,"href":"https:\/\/www.losencuentrosdepamplona.com\/eu\/wp-json\/wp\/v2\/mec_category?post=18255"},{"taxonomy":"mec_sponsor","embeddable":true,"href":"https:\/\/www.losencuentrosdepamplona.com\/eu\/wp-json\/wp\/v2\/mec_sponsor?post=18255"}],"curies":[{"name":"wp","href":"https:\/\/api.w.org\/{rel}","templated":true}]}}