{"id":11562,"date":"2024-10-10T17:00:45","date_gmt":"2024-10-10T15:00:45","guid":{"rendered":"https:\/\/www.losencuentrosdepamplona.com\/participante\/stefania-fantauzzi\/"},"modified":"2024-10-10T17:01:27","modified_gmt":"2024-10-10T15:01:27","slug":"stefania-fantauzzi","status":"publish","type":"participante","link":"https:\/\/www.losencuentrosdepamplona.com\/eu\/participante\/stefania-fantauzzi\/","title":{"rendered":"Stefania Fantauzzi\u00a0"},"content":{"rendered":"\n<p><em>Filosofoa eta irakaslea.<\/em><\/p>\n\n\n\n<p>Bartzelonako Unibertsitateko &#8220;Seminari Filosofia i G\u00e8nere&#8221; eta &#8220;GAPP&#8221; (Grup arendti\u00e0 de pensament i pol\u00edtica) taldeko ikertzailea da, eta filosofia irakaslea Bartzelonako Unibertsitate Autonomoan eta Universitat Oberta de Catalunya unibertsitatean. Filosofian lizentziaduna da Boloniako Unibertsitatean, eta filosofian doktorea Bartzelonako Unibertsitatean. Bere interesak filosofia politikora bideratuta daude, batez ere Hannah Arendt eta G\u00fcnther Anders autoreen pentsamendura. Egile horiei buruz hainbat artikulu argitaratu ditu aldizkarietan. Hannah Arendten\u00a0<em>Participar del m\u00f3n<\/em>\u00a0(Lleonard Muntaner, 2020), Arendten 1941 eta 1945 arteko idatziei eskainia, eta\u00a0<em>La desobedi\u00e8ncia civil<\/em>\u00a0(Lleonard Muntaner, 2022) liburuen editorea da, eta baita G\u00fcnther Andersen\u00a0<em>L&#8217;home dalt del pont<\/em>\u00a0liburuarena ere (Club Editor, 2023). Itzulpen-lanekin uztartzen du bere ikerketa lana.<\/p>\n\n\n\n<p><\/p>\n","protected":false},"featured_media":11560,"template":"","categoria-participante":[395,46],"class_list":["post-11562","participante","type-participante","status-publish","has-post-thumbnail","hentry","categoria-participante-nafarroako-topaketak","categoria-participante-feminismoaren-isla"],"acf":[],"yoast_head":"<!-- This site is optimized with the Yoast SEO plugin v23.5 - https:\/\/yoast.com\/wordpress\/plugins\/seo\/ -->\n<title>Stefania Fantauzzi\u00a0 - Encuentros de Pamplona \/ Iru\u00f1eko Topaketak<\/title>\n<meta name=\"robots\" content=\"index, follow, max-snippet:-1, max-image-preview:large, max-video-preview:-1\" \/>\n<link rel=\"canonical\" href=\"https:\/\/www.losencuentrosdepamplona.com\/participante\/stefania-fantauzzi\/\" \/>\n<meta property=\"og:locale\" content=\"eu_ES\" \/>\n<meta property=\"og:type\" content=\"article\" \/>\n<meta property=\"og:title\" content=\"Stefania Fantauzzi\u00a0 - Encuentros de Pamplona \/ Iru\u00f1eko Topaketak\" \/>\n<meta property=\"og:description\" content=\"Filosofoa eta irakaslea. Bartzelonako Unibertsitateko &#8220;Seminari Filosofia i G\u00e8nere&#8221; eta &#8220;GAPP&#8221; (Grup arendti\u00e0 de pensament i pol\u00edtica) taldeko ikertzailea da, eta filosofia irakaslea Bartzelonako Unibertsitate Autonomoan eta Universitat Oberta de Catalunya unibertsitatean. Filosofian lizentziaduna da Boloniako Unibertsitatean, eta filosofian doktorea Bartzelonako Unibertsitatean. Bere interesak filosofia politikora bideratuta daude, batez ere Hannah Arendt eta G\u00fcnther Anders&hellip;&nbsp;Read More &raquo;Stefania Fantauzzi\u00a0\" \/>\n<meta property=\"og:url\" content=\"https:\/\/www.losencuentrosdepamplona.com\/participante\/stefania-fantauzzi\/\" \/>\n<meta property=\"og:site_name\" content=\"Encuentros de Pamplona \/ Iru\u00f1eko Topaketak\" \/>\n<meta property=\"article:publisher\" content=\"https:\/\/www.facebook.com\/encuentrosdepamplona\/\" \/>\n<meta property=\"article:modified_time\" content=\"2024-10-10T15:01:27+00:00\" \/>\n<meta property=\"og:image\" content=\"https:\/\/www.losencuentrosdepamplona.com\/wp-content\/uploads\/2024\/10\/Stefania-Fantauzzi.jpg\" \/>\n\t<meta property=\"og:image:width\" content=\"800\" \/>\n\t<meta property=\"og:image:height\" content=\"915\" \/>\n\t<meta property=\"og:image:type\" content=\"image\/jpeg\" \/>\n<meta name=\"twitter:card\" content=\"summary_large_image\" \/>\n<meta name=\"twitter:site\" content=\"@encuentros2024\" \/>\n<meta name=\"twitter:label1\" content=\"Est. reading time\" \/>\n\t<meta name=\"twitter:data1\" content=\"1 minute\" \/>\n<script type=\"application\/ld+json\" class=\"yoast-schema-graph\">{\"@context\":\"https:\/\/schema.org\",\"@graph\":[{\"@type\":\"WebPage\",\"@id\":\"https:\/\/www.losencuentrosdepamplona.com\/participante\/stefania-fantauzzi\/\",\"url\":\"https:\/\/www.losencuentrosdepamplona.com\/participante\/stefania-fantauzzi\/\",\"name\":\"Stefania Fantauzzi\u00a0 - Encuentros de Pamplona \/ Iru\u00f1eko Topaketak\",\"isPartOf\":{\"@id\":\"https:\/\/www.losencuentrosdepamplona.com\/#website\"},\"primaryImageOfPage\":{\"@id\":\"https:\/\/www.losencuentrosdepamplona.com\/participante\/stefania-fantauzzi\/#primaryimage\"},\"image\":{\"@id\":\"https:\/\/www.losencuentrosdepamplona.com\/participante\/stefania-fantauzzi\/#primaryimage\"},\"thumbnailUrl\":\"https:\/\/www.losencuentrosdepamplona.com\/wp-content\/uploads\/2024\/10\/Stefania-Fantauzzi.jpg\",\"datePublished\":\"2024-10-10T15:00:45+00:00\",\"dateModified\":\"2024-10-10T15:01:27+00:00\",\"breadcrumb\":{\"@id\":\"https:\/\/www.losencuentrosdepamplona.com\/participante\/stefania-fantauzzi\/#breadcrumb\"},\"inLanguage\":\"eu-ES\",\"potentialAction\":[{\"@type\":\"ReadAction\",\"target\":[\"https:\/\/www.losencuentrosdepamplona.com\/participante\/stefania-fantauzzi\/\"]}]},{\"@type\":\"ImageObject\",\"inLanguage\":\"eu-ES\",\"@id\":\"https:\/\/www.losencuentrosdepamplona.com\/participante\/stefania-fantauzzi\/#primaryimage\",\"url\":\"https:\/\/www.losencuentrosdepamplona.com\/wp-content\/uploads\/2024\/10\/Stefania-Fantauzzi.jpg\",\"contentUrl\":\"https:\/\/www.losencuentrosdepamplona.com\/wp-content\/uploads\/2024\/10\/Stefania-Fantauzzi.jpg\",\"width\":800,\"height\":915},{\"@type\":\"BreadcrumbList\",\"@id\":\"https:\/\/www.losencuentrosdepamplona.com\/participante\/stefania-fantauzzi\/#breadcrumb\",\"itemListElement\":[{\"@type\":\"ListItem\",\"position\":1,\"name\":\"Portada\",\"item\":\"https:\/\/www.losencuentrosdepamplona.com\/eu\/\"},{\"@type\":\"ListItem\",\"position\":2,\"name\":\"Stefania Fantauzzi\u00a0\"}]},{\"@type\":\"WebSite\",\"@id\":\"https:\/\/www.losencuentrosdepamplona.com\/#website\",\"url\":\"https:\/\/www.losencuentrosdepamplona.com\/\",\"name\":\"Encuentros de Pamplona \/ Iru\u00f1eko Topaketak\",\"description\":\"Bienal internacional de cultura, arte y pensamiento\",\"publisher\":{\"@id\":\"https:\/\/www.losencuentrosdepamplona.com\/#organization\"},\"potentialAction\":[{\"@type\":\"SearchAction\",\"target\":{\"@type\":\"EntryPoint\",\"urlTemplate\":\"https:\/\/www.losencuentrosdepamplona.com\/?s={search_term_string}\"},\"query-input\":{\"@type\":\"PropertyValueSpecification\",\"valueRequired\":true,\"valueName\":\"search_term_string\"}}],\"inLanguage\":\"eu-ES\"},{\"@type\":\"Organization\",\"@id\":\"https:\/\/www.losencuentrosdepamplona.com\/#organization\",\"name\":\"Encuentros de Pamplona \/ Iru\u00f1eko Topaketak\",\"url\":\"https:\/\/www.losencuentrosdepamplona.com\/\",\"logo\":{\"@type\":\"ImageObject\",\"inLanguage\":\"eu-ES\",\"@id\":\"https:\/\/www.losencuentrosdepamplona.com\/#\/schema\/logo\/image\/\",\"url\":\"https:\/\/www.losencuentrosdepamplona.com\/wp-content\/uploads\/2024\/02\/encuentros__mid-dark.svg\",\"contentUrl\":\"https:\/\/www.losencuentrosdepamplona.com\/wp-content\/uploads\/2024\/02\/encuentros__mid-dark.svg\",\"width\":1103,\"height\":294,\"caption\":\"Encuentros de Pamplona \/ Iru\u00f1eko Topaketak\"},\"image\":{\"@id\":\"https:\/\/www.losencuentrosdepamplona.com\/#\/schema\/logo\/image\/\"},\"sameAs\":[\"https:\/\/www.facebook.com\/encuentrosdepamplona\/\",\"https:\/\/x.com\/encuentros2024\",\"https:\/\/www.instagram.com\/losencuentrosdepamplona\/?hl=es\"]}]}<\/script>\n<!-- \/ Yoast SEO plugin. -->","yoast_head_json":{"title":"Stefania Fantauzzi\u00a0 - Encuentros de Pamplona \/ Iru\u00f1eko Topaketak","robots":{"index":"index","follow":"follow","max-snippet":"max-snippet:-1","max-image-preview":"max-image-preview:large","max-video-preview":"max-video-preview:-1"},"canonical":"https:\/\/www.losencuentrosdepamplona.com\/participante\/stefania-fantauzzi\/","og_locale":"eu_ES","og_type":"article","og_title":"Stefania Fantauzzi\u00a0 - Encuentros de Pamplona \/ Iru\u00f1eko Topaketak","og_description":"Filosofoa eta irakaslea. Bartzelonako Unibertsitateko &#8220;Seminari Filosofia i G\u00e8nere&#8221; eta &#8220;GAPP&#8221; (Grup arendti\u00e0 de pensament i pol\u00edtica) taldeko ikertzailea da, eta filosofia irakaslea Bartzelonako Unibertsitate Autonomoan eta Universitat Oberta de Catalunya unibertsitatean. Filosofian lizentziaduna da Boloniako Unibertsitatean, eta filosofian doktorea Bartzelonako Unibertsitatean. Bere interesak filosofia politikora bideratuta daude, batez ere Hannah Arendt eta G\u00fcnther Anders&hellip;&nbsp;Read More &raquo;Stefania Fantauzzi\u00a0","og_url":"https:\/\/www.losencuentrosdepamplona.com\/participante\/stefania-fantauzzi\/","og_site_name":"Encuentros de Pamplona \/ Iru\u00f1eko Topaketak","article_publisher":"https:\/\/www.facebook.com\/encuentrosdepamplona\/","article_modified_time":"2024-10-10T15:01:27+00:00","og_image":[{"width":800,"height":915,"url":"https:\/\/www.losencuentrosdepamplona.com\/wp-content\/uploads\/2024\/10\/Stefania-Fantauzzi.jpg","type":"image\/jpeg"}],"twitter_card":"summary_large_image","twitter_site":"@encuentros2024","twitter_misc":{"Est. reading time":"1 minute"},"schema":{"@context":"https:\/\/schema.org","@graph":[{"@type":"WebPage","@id":"https:\/\/www.losencuentrosdepamplona.com\/participante\/stefania-fantauzzi\/","url":"https:\/\/www.losencuentrosdepamplona.com\/participante\/stefania-fantauzzi\/","name":"Stefania Fantauzzi\u00a0 - Encuentros de Pamplona \/ Iru\u00f1eko Topaketak","isPartOf":{"@id":"https:\/\/www.losencuentrosdepamplona.com\/#website"},"primaryImageOfPage":{"@id":"https:\/\/www.losencuentrosdepamplona.com\/participante\/stefania-fantauzzi\/#primaryimage"},"image":{"@id":"https:\/\/www.losencuentrosdepamplona.com\/participante\/stefania-fantauzzi\/#primaryimage"},"thumbnailUrl":"https:\/\/www.losencuentrosdepamplona.com\/wp-content\/uploads\/2024\/10\/Stefania-Fantauzzi.jpg","datePublished":"2024-10-10T15:00:45+00:00","dateModified":"2024-10-10T15:01:27+00:00","breadcrumb":{"@id":"https:\/\/www.losencuentrosdepamplona.com\/participante\/stefania-fantauzzi\/#breadcrumb"},"inLanguage":"eu-ES","potentialAction":[{"@type":"ReadAction","target":["https:\/\/www.losencuentrosdepamplona.com\/participante\/stefania-fantauzzi\/"]}]},{"@type":"ImageObject","inLanguage":"eu-ES","@id":"https:\/\/www.losencuentrosdepamplona.com\/participante\/stefania-fantauzzi\/#primaryimage","url":"https:\/\/www.losencuentrosdepamplona.com\/wp-content\/uploads\/2024\/10\/Stefania-Fantauzzi.jpg","contentUrl":"https:\/\/www.losencuentrosdepamplona.com\/wp-content\/uploads\/2024\/10\/Stefania-Fantauzzi.jpg","width":800,"height":915},{"@type":"BreadcrumbList","@id":"https:\/\/www.losencuentrosdepamplona.com\/participante\/stefania-fantauzzi\/#breadcrumb","itemListElement":[{"@type":"ListItem","position":1,"name":"Portada","item":"https:\/\/www.losencuentrosdepamplona.com\/eu\/"},{"@type":"ListItem","position":2,"name":"Stefania Fantauzzi\u00a0"}]},{"@type":"WebSite","@id":"https:\/\/www.losencuentrosdepamplona.com\/#website","url":"https:\/\/www.losencuentrosdepamplona.com\/","name":"Encuentros de Pamplona \/ Iru\u00f1eko Topaketak","description":"Bienal internacional de cultura, arte y pensamiento","publisher":{"@id":"https:\/\/www.losencuentrosdepamplona.com\/#organization"},"potentialAction":[{"@type":"SearchAction","target":{"@type":"EntryPoint","urlTemplate":"https:\/\/www.losencuentrosdepamplona.com\/?s={search_term_string}"},"query-input":{"@type":"PropertyValueSpecification","valueRequired":true,"valueName":"search_term_string"}}],"inLanguage":"eu-ES"},{"@type":"Organization","@id":"https:\/\/www.losencuentrosdepamplona.com\/#organization","name":"Encuentros de Pamplona \/ Iru\u00f1eko Topaketak","url":"https:\/\/www.losencuentrosdepamplona.com\/","logo":{"@type":"ImageObject","inLanguage":"eu-ES","@id":"https:\/\/www.losencuentrosdepamplona.com\/#\/schema\/logo\/image\/","url":"https:\/\/www.losencuentrosdepamplona.com\/wp-content\/uploads\/2024\/02\/encuentros__mid-dark.svg","contentUrl":"https:\/\/www.losencuentrosdepamplona.com\/wp-content\/uploads\/2024\/02\/encuentros__mid-dark.svg","width":1103,"height":294,"caption":"Encuentros de Pamplona \/ Iru\u00f1eko Topaketak"},"image":{"@id":"https:\/\/www.losencuentrosdepamplona.com\/#\/schema\/logo\/image\/"},"sameAs":["https:\/\/www.facebook.com\/encuentrosdepamplona\/","https:\/\/x.com\/encuentros2024","https:\/\/www.instagram.com\/losencuentrosdepamplona\/?hl=es"]}]}},"uagb_featured_image_src":{"full":["https:\/\/www.losencuentrosdepamplona.com\/wp-content\/uploads\/2024\/10\/Stefania-Fantauzzi.jpg",800,915,false],"thumbnail":["https:\/\/www.losencuentrosdepamplona.com\/wp-content\/uploads\/2024\/10\/Stefania-Fantauzzi-150x150.jpg",150,150,true],"medium":["https:\/\/www.losencuentrosdepamplona.com\/wp-content\/uploads\/2024\/10\/Stefania-Fantauzzi-262x300.jpg",262,300,true],"medium_large":["https:\/\/www.losencuentrosdepamplona.com\/wp-content\/uploads\/2024\/10\/Stefania-Fantauzzi-768x878.jpg",768,878,true],"large":["https:\/\/www.losencuentrosdepamplona.com\/wp-content\/uploads\/2024\/10\/Stefania-Fantauzzi.jpg",800,915,false],"thumblist":["https:\/\/www.losencuentrosdepamplona.com\/wp-content\/uploads\/2024\/10\/Stefania-Fantauzzi-300x300.jpg",300,300,true],"thumbrelated":["https:\/\/www.losencuentrosdepamplona.com\/wp-content\/uploads\/2024\/10\/Stefania-Fantauzzi-500x500.jpg",500,500,true],"meccarouselthumb":["https:\/\/www.losencuentrosdepamplona.com\/wp-content\/uploads\/2024\/10\/Stefania-Fantauzzi-474x324.jpg",474,324,true],"gridsquare":["https:\/\/www.losencuentrosdepamplona.com\/wp-content\/uploads\/2024\/10\/Stefania-Fantauzzi-391x260.jpg",391,260,true],"tileview":["https:\/\/www.losencuentrosdepamplona.com\/wp-content\/uploads\/2024\/10\/Stefania-Fantauzzi-300x400.jpg",300,400,true],"1536x1536":["https:\/\/www.losencuentrosdepamplona.com\/wp-content\/uploads\/2024\/10\/Stefania-Fantauzzi.jpg",800,915,false],"2048x2048":["https:\/\/www.losencuentrosdepamplona.com\/wp-content\/uploads\/2024\/10\/Stefania-Fantauzzi.jpg",800,915,false],"neve-blog":["https:\/\/www.losencuentrosdepamplona.com\/wp-content\/uploads\/2024\/10\/Stefania-Fantauzzi-800x620.jpg",800,620,true]},"uagb_author_info":{"display_name":"ec6eef2fcc","author_link":"https:\/\/www.losencuentrosdepamplona.com\/eu\/author\/"},"uagb_comment_info":0,"uagb_excerpt":"Filosofoa eta irakaslea. Bartzelonako Unibertsitateko &#8220;Seminari Filosofia i G\u00e8nere&#8221; eta &#8220;GAPP&#8221; (Grup arendti\u00e0 de pensament i pol\u00edtica) taldeko ikertzailea da, eta filosofia irakaslea Bartzelonako Unibertsitate Autonomoan eta Universitat Oberta de Catalunya unibertsitatean. Filosofian lizentziaduna da Boloniako Unibertsitatean, eta filosofian doktorea Bartzelonako Unibertsitatean. Bere interesak filosofia politikora bideratuta daude, batez ere Hannah Arendt eta G\u00fcnther Anders&hellip;&nbsp;Read&hellip;","_links":{"self":[{"href":"https:\/\/www.losencuentrosdepamplona.com\/eu\/wp-json\/wp\/v2\/participante\/11562","targetHints":{"allow":["GET"]}}],"collection":[{"href":"https:\/\/www.losencuentrosdepamplona.com\/eu\/wp-json\/wp\/v2\/participante"}],"about":[{"href":"https:\/\/www.losencuentrosdepamplona.com\/eu\/wp-json\/wp\/v2\/types\/participante"}],"wp:featuredmedia":[{"embeddable":true,"href":"https:\/\/www.losencuentrosdepamplona.com\/eu\/wp-json\/wp\/v2\/media\/11560"}],"wp:attachment":[{"href":"https:\/\/www.losencuentrosdepamplona.com\/eu\/wp-json\/wp\/v2\/media?parent=11562"}],"wp:term":[{"taxonomy":"categoria-participante","embeddable":true,"href":"https:\/\/www.losencuentrosdepamplona.com\/eu\/wp-json\/wp\/v2\/categoria-participante?post=11562"}],"curies":[{"name":"wp","href":"https:\/\/api.w.org\/{rel}","templated":true}]}}