{"id":1649,"date":"2024-02-28T18:23:07","date_gmt":"2024-02-28T17:23:07","guid":{"rendered":"https:\/\/www.losencuentrosdepamplona.com\/participante\/asli-erdogan\/"},"modified":"2024-06-14T11:36:20","modified_gmt":"2024-06-14T09:36:20","slug":"asli-erdogan","status":"publish","type":"participante","link":"https:\/\/www.losencuentrosdepamplona.com\/eu\/participante\/asli-erdogan\/","title":{"rendered":"Asli Erdogan"},"content":{"rendered":"\n<p><em>Idazle disidentea erbestean.<\/em><\/p>\n\n\n\n<p>Prestakuntzaz ingeniari fisikoa eta dantza klasikoko dantzaria da, eta bere prosa poetikoak Paul Celanen eta Ruth Kl\u00fcgerren lanen eragina du. Nazioarteko sari ugari eskuratu ditu eta, besteak beste, Orhan Pamuk idazlearen goraipamena. \u00a0<a href=\"https:\/\/es.wikipedia.org\/wiki\/PEN_Club_Internacional\">PEN International<\/a> erakundeko Espetxeratutako Idazleen Batzordeko ordezkari turkiarra izan zen. \u00a0<em>Los otros<\/em>\u00a0 izeneko zutabe bat idatzi zuen \u00a0<a href=\"https:\/\/es.wikipedia.org\/wiki\/Radikal\"><em>Radikal<\/em><\/a> turkiar egunkarian, espetxeratuei, errefuxiatuei, torturari eta eskubideei buruz. Europako hirietan zegoela hainbat urtez idazlea izan ondoren, kurduen aldeko \u00a0<a href=\"https:\/\/es.wikipedia.org\/wiki\/%C3%96zg%C3%BCr_G%C3%BCndem\"><em>\u00d6zg\u00fcr G\u00fcndem<\/em><\/a> egunkarirako idatzi zuen, eta horregatik espetxeratu egin zuten, terrorismoa egotzita. Bere testuak antzerkira egokitu dira, eta La Escala, Centre Pompidou eta Th\u00e9\u00e2tre des Champs-\u00c9lys\u00e9es erakundeetara eraman dira. Gaztelaniaz, Armaenia argitaletxeak <em>El edificio de piedra<\/em> (2021) lana argitaratu du.\u00a0<\/p>\n","protected":false},"featured_media":1125,"template":"","categoria-participante":[58],"class_list":["post-1649","participante","type-participante","status-publish","has-post-thumbnail","hentry","categoria-participante-oso-urrutitik-gatoz-denok"],"acf":[],"yoast_head":"<!-- This site is optimized with the Yoast SEO plugin v23.5 - https:\/\/yoast.com\/wordpress\/plugins\/seo\/ -->\n<title>Asli Erdogan - Encuentros de Pamplona \/ Iru\u00f1eko Topaketak<\/title>\n<meta name=\"robots\" content=\"index, follow, max-snippet:-1, max-image-preview:large, max-video-preview:-1\" \/>\n<link rel=\"canonical\" href=\"https:\/\/www.losencuentrosdepamplona.com\/participante\/asli-erdogan\/\" \/>\n<meta property=\"og:locale\" content=\"eu_ES\" \/>\n<meta property=\"og:type\" content=\"article\" \/>\n<meta property=\"og:title\" content=\"Asli Erdogan - Encuentros de Pamplona \/ Iru\u00f1eko Topaketak\" \/>\n<meta property=\"og:description\" content=\"Idazle disidentea erbestean. Prestakuntzaz ingeniari fisikoa eta dantza klasikoko dantzaria da, eta bere prosa poetikoak Paul Celanen eta Ruth Kl\u00fcgerren lanen eragina du. Nazioarteko sari ugari eskuratu ditu eta, besteak beste, Orhan Pamuk idazlearen goraipamena. \u00a0PEN International erakundeko Espetxeratutako Idazleen Batzordeko ordezkari turkiarra izan zen. \u00a0Los otros\u00a0 izeneko zutabe bat idatzi zuen \u00a0Radikal turkiar egunkarian,&hellip;&nbsp;Read More &raquo;Asli Erdogan\" \/>\n<meta property=\"og:url\" content=\"https:\/\/www.losencuentrosdepamplona.com\/participante\/asli-erdogan\/\" \/>\n<meta property=\"og:site_name\" content=\"Encuentros de Pamplona \/ Iru\u00f1eko Topaketak\" \/>\n<meta property=\"article:publisher\" content=\"https:\/\/www.facebook.com\/encuentrosdepamplona\/\" \/>\n<meta property=\"article:modified_time\" content=\"2024-06-14T09:36:20+00:00\" \/>\n<meta property=\"og:image\" content=\"https:\/\/www.losencuentrosdepamplona.com\/wp-content\/uploads\/2024\/02\/Asli-Erdogan.webp\" \/>\n\t<meta property=\"og:image:width\" content=\"800\" \/>\n\t<meta property=\"og:image:height\" content=\"915\" \/>\n\t<meta property=\"og:image:type\" content=\"image\/jpeg\" \/>\n<meta name=\"twitter:card\" content=\"summary_large_image\" \/>\n<meta name=\"twitter:site\" content=\"@encuentros2024\" \/>\n<meta name=\"twitter:label1\" content=\"Est. reading time\" \/>\n\t<meta name=\"twitter:data1\" content=\"1 minute\" \/>\n<script type=\"application\/ld+json\" class=\"yoast-schema-graph\">{\"@context\":\"https:\/\/schema.org\",\"@graph\":[{\"@type\":\"WebPage\",\"@id\":\"https:\/\/www.losencuentrosdepamplona.com\/participante\/asli-erdogan\/\",\"url\":\"https:\/\/www.losencuentrosdepamplona.com\/participante\/asli-erdogan\/\",\"name\":\"Asli Erdogan - Encuentros de Pamplona \/ Iru\u00f1eko Topaketak\",\"isPartOf\":{\"@id\":\"https:\/\/www.losencuentrosdepamplona.com\/#website\"},\"primaryImageOfPage\":{\"@id\":\"https:\/\/www.losencuentrosdepamplona.com\/participante\/asli-erdogan\/#primaryimage\"},\"image\":{\"@id\":\"https:\/\/www.losencuentrosdepamplona.com\/participante\/asli-erdogan\/#primaryimage\"},\"thumbnailUrl\":\"https:\/\/www.losencuentrosdepamplona.com\/wp-content\/uploads\/2024\/02\/Asli-Erdogan.webp\",\"datePublished\":\"2024-02-28T17:23:07+00:00\",\"dateModified\":\"2024-06-14T09:36:20+00:00\",\"breadcrumb\":{\"@id\":\"https:\/\/www.losencuentrosdepamplona.com\/participante\/asli-erdogan\/#breadcrumb\"},\"inLanguage\":\"eu-ES\",\"potentialAction\":[{\"@type\":\"ReadAction\",\"target\":[\"https:\/\/www.losencuentrosdepamplona.com\/participante\/asli-erdogan\/\"]}]},{\"@type\":\"ImageObject\",\"inLanguage\":\"eu-ES\",\"@id\":\"https:\/\/www.losencuentrosdepamplona.com\/participante\/asli-erdogan\/#primaryimage\",\"url\":\"https:\/\/www.losencuentrosdepamplona.com\/wp-content\/uploads\/2024\/02\/Asli-Erdogan.webp\",\"contentUrl\":\"https:\/\/www.losencuentrosdepamplona.com\/wp-content\/uploads\/2024\/02\/Asli-Erdogan.webp\",\"width\":800,\"height\":915},{\"@type\":\"BreadcrumbList\",\"@id\":\"https:\/\/www.losencuentrosdepamplona.com\/participante\/asli-erdogan\/#breadcrumb\",\"itemListElement\":[{\"@type\":\"ListItem\",\"position\":1,\"name\":\"Portada\",\"item\":\"https:\/\/www.losencuentrosdepamplona.com\/eu\/\"},{\"@type\":\"ListItem\",\"position\":2,\"name\":\"Asli Erdogan\"}]},{\"@type\":\"WebSite\",\"@id\":\"https:\/\/www.losencuentrosdepamplona.com\/#website\",\"url\":\"https:\/\/www.losencuentrosdepamplona.com\/\",\"name\":\"Encuentros de Pamplona \/ Iru\u00f1eko Topaketak\",\"description\":\"Bienal internacional de cultura, arte y pensamiento\",\"publisher\":{\"@id\":\"https:\/\/www.losencuentrosdepamplona.com\/#organization\"},\"potentialAction\":[{\"@type\":\"SearchAction\",\"target\":{\"@type\":\"EntryPoint\",\"urlTemplate\":\"https:\/\/www.losencuentrosdepamplona.com\/?s={search_term_string}\"},\"query-input\":{\"@type\":\"PropertyValueSpecification\",\"valueRequired\":true,\"valueName\":\"search_term_string\"}}],\"inLanguage\":\"eu-ES\"},{\"@type\":\"Organization\",\"@id\":\"https:\/\/www.losencuentrosdepamplona.com\/#organization\",\"name\":\"Encuentros de Pamplona \/ Iru\u00f1eko Topaketak\",\"url\":\"https:\/\/www.losencuentrosdepamplona.com\/\",\"logo\":{\"@type\":\"ImageObject\",\"inLanguage\":\"eu-ES\",\"@id\":\"https:\/\/www.losencuentrosdepamplona.com\/#\/schema\/logo\/image\/\",\"url\":\"https:\/\/www.losencuentrosdepamplona.com\/wp-content\/uploads\/2024\/02\/encuentros__mid-dark.svg\",\"contentUrl\":\"https:\/\/www.losencuentrosdepamplona.com\/wp-content\/uploads\/2024\/02\/encuentros__mid-dark.svg\",\"width\":1103,\"height\":294,\"caption\":\"Encuentros de Pamplona \/ Iru\u00f1eko Topaketak\"},\"image\":{\"@id\":\"https:\/\/www.losencuentrosdepamplona.com\/#\/schema\/logo\/image\/\"},\"sameAs\":[\"https:\/\/www.facebook.com\/encuentrosdepamplona\/\",\"https:\/\/x.com\/encuentros2024\",\"https:\/\/www.instagram.com\/losencuentrosdepamplona\/?hl=es\"]}]}<\/script>\n<!-- \/ Yoast SEO plugin. -->","yoast_head_json":{"title":"Asli Erdogan - Encuentros de Pamplona \/ Iru\u00f1eko Topaketak","robots":{"index":"index","follow":"follow","max-snippet":"max-snippet:-1","max-image-preview":"max-image-preview:large","max-video-preview":"max-video-preview:-1"},"canonical":"https:\/\/www.losencuentrosdepamplona.com\/participante\/asli-erdogan\/","og_locale":"eu_ES","og_type":"article","og_title":"Asli Erdogan - Encuentros de Pamplona \/ Iru\u00f1eko Topaketak","og_description":"Idazle disidentea erbestean. Prestakuntzaz ingeniari fisikoa eta dantza klasikoko dantzaria da, eta bere prosa poetikoak Paul Celanen eta Ruth Kl\u00fcgerren lanen eragina du. Nazioarteko sari ugari eskuratu ditu eta, besteak beste, Orhan Pamuk idazlearen goraipamena. \u00a0PEN International erakundeko Espetxeratutako Idazleen Batzordeko ordezkari turkiarra izan zen. \u00a0Los otros\u00a0 izeneko zutabe bat idatzi zuen \u00a0Radikal turkiar egunkarian,&hellip;&nbsp;Read More &raquo;Asli Erdogan","og_url":"https:\/\/www.losencuentrosdepamplona.com\/participante\/asli-erdogan\/","og_site_name":"Encuentros de Pamplona \/ Iru\u00f1eko Topaketak","article_publisher":"https:\/\/www.facebook.com\/encuentrosdepamplona\/","article_modified_time":"2024-06-14T09:36:20+00:00","og_image":[{"width":800,"height":915,"url":"https:\/\/www.losencuentrosdepamplona.com\/wp-content\/uploads\/2024\/02\/Asli-Erdogan.webp","type":"image\/jpeg"}],"twitter_card":"summary_large_image","twitter_site":"@encuentros2024","twitter_misc":{"Est. reading time":"1 minute"},"schema":{"@context":"https:\/\/schema.org","@graph":[{"@type":"WebPage","@id":"https:\/\/www.losencuentrosdepamplona.com\/participante\/asli-erdogan\/","url":"https:\/\/www.losencuentrosdepamplona.com\/participante\/asli-erdogan\/","name":"Asli Erdogan - Encuentros de Pamplona \/ Iru\u00f1eko Topaketak","isPartOf":{"@id":"https:\/\/www.losencuentrosdepamplona.com\/#website"},"primaryImageOfPage":{"@id":"https:\/\/www.losencuentrosdepamplona.com\/participante\/asli-erdogan\/#primaryimage"},"image":{"@id":"https:\/\/www.losencuentrosdepamplona.com\/participante\/asli-erdogan\/#primaryimage"},"thumbnailUrl":"https:\/\/www.losencuentrosdepamplona.com\/wp-content\/uploads\/2024\/02\/Asli-Erdogan.webp","datePublished":"2024-02-28T17:23:07+00:00","dateModified":"2024-06-14T09:36:20+00:00","breadcrumb":{"@id":"https:\/\/www.losencuentrosdepamplona.com\/participante\/asli-erdogan\/#breadcrumb"},"inLanguage":"eu-ES","potentialAction":[{"@type":"ReadAction","target":["https:\/\/www.losencuentrosdepamplona.com\/participante\/asli-erdogan\/"]}]},{"@type":"ImageObject","inLanguage":"eu-ES","@id":"https:\/\/www.losencuentrosdepamplona.com\/participante\/asli-erdogan\/#primaryimage","url":"https:\/\/www.losencuentrosdepamplona.com\/wp-content\/uploads\/2024\/02\/Asli-Erdogan.webp","contentUrl":"https:\/\/www.losencuentrosdepamplona.com\/wp-content\/uploads\/2024\/02\/Asli-Erdogan.webp","width":800,"height":915},{"@type":"BreadcrumbList","@id":"https:\/\/www.losencuentrosdepamplona.com\/participante\/asli-erdogan\/#breadcrumb","itemListElement":[{"@type":"ListItem","position":1,"name":"Portada","item":"https:\/\/www.losencuentrosdepamplona.com\/eu\/"},{"@type":"ListItem","position":2,"name":"Asli Erdogan"}]},{"@type":"WebSite","@id":"https:\/\/www.losencuentrosdepamplona.com\/#website","url":"https:\/\/www.losencuentrosdepamplona.com\/","name":"Encuentros de Pamplona \/ Iru\u00f1eko Topaketak","description":"Bienal internacional de cultura, arte y pensamiento","publisher":{"@id":"https:\/\/www.losencuentrosdepamplona.com\/#organization"},"potentialAction":[{"@type":"SearchAction","target":{"@type":"EntryPoint","urlTemplate":"https:\/\/www.losencuentrosdepamplona.com\/?s={search_term_string}"},"query-input":{"@type":"PropertyValueSpecification","valueRequired":true,"valueName":"search_term_string"}}],"inLanguage":"eu-ES"},{"@type":"Organization","@id":"https:\/\/www.losencuentrosdepamplona.com\/#organization","name":"Encuentros de Pamplona \/ Iru\u00f1eko Topaketak","url":"https:\/\/www.losencuentrosdepamplona.com\/","logo":{"@type":"ImageObject","inLanguage":"eu-ES","@id":"https:\/\/www.losencuentrosdepamplona.com\/#\/schema\/logo\/image\/","url":"https:\/\/www.losencuentrosdepamplona.com\/wp-content\/uploads\/2024\/02\/encuentros__mid-dark.svg","contentUrl":"https:\/\/www.losencuentrosdepamplona.com\/wp-content\/uploads\/2024\/02\/encuentros__mid-dark.svg","width":1103,"height":294,"caption":"Encuentros de Pamplona \/ Iru\u00f1eko Topaketak"},"image":{"@id":"https:\/\/www.losencuentrosdepamplona.com\/#\/schema\/logo\/image\/"},"sameAs":["https:\/\/www.facebook.com\/encuentrosdepamplona\/","https:\/\/x.com\/encuentros2024","https:\/\/www.instagram.com\/losencuentrosdepamplona\/?hl=es"]}]}},"uagb_featured_image_src":{"full":["https:\/\/www.losencuentrosdepamplona.com\/wp-content\/uploads\/2024\/02\/Asli-Erdogan.webp",800,915,false],"thumbnail":["https:\/\/www.losencuentrosdepamplona.com\/wp-content\/uploads\/2024\/02\/Asli-Erdogan-150x150.jpg",150,150,true],"medium":["https:\/\/www.losencuentrosdepamplona.com\/wp-content\/uploads\/2024\/02\/Asli-Erdogan-262x300.jpg",262,300,true],"medium_large":["https:\/\/www.losencuentrosdepamplona.com\/wp-content\/uploads\/2024\/02\/Asli-Erdogan-768x878.jpg",768,878,true],"large":["https:\/\/www.losencuentrosdepamplona.com\/wp-content\/uploads\/2024\/02\/Asli-Erdogan.webp",800,915,false],"thumblist":["https:\/\/www.losencuentrosdepamplona.com\/wp-content\/uploads\/2024\/02\/Asli-Erdogan.webp",262,300,false],"thumbrelated":["https:\/\/www.losencuentrosdepamplona.com\/wp-content\/uploads\/2024\/02\/Asli-Erdogan.webp",437,500,false],"meccarouselthumb":["https:\/\/www.losencuentrosdepamplona.com\/wp-content\/uploads\/2024\/02\/Asli-Erdogan.webp",283,324,false],"gridsquare":["https:\/\/www.losencuentrosdepamplona.com\/wp-content\/uploads\/2024\/02\/Asli-Erdogan.webp",227,260,false],"tileview":["https:\/\/www.losencuentrosdepamplona.com\/wp-content\/uploads\/2024\/02\/Asli-Erdogan.webp",300,343,false],"1536x1536":["https:\/\/www.losencuentrosdepamplona.com\/wp-content\/uploads\/2024\/02\/Asli-Erdogan.webp",800,915,false],"2048x2048":["https:\/\/www.losencuentrosdepamplona.com\/wp-content\/uploads\/2024\/02\/Asli-Erdogan.webp",800,915,false],"neve-blog":["https:\/\/www.losencuentrosdepamplona.com\/wp-content\/uploads\/2024\/02\/Asli-Erdogan-800x620.jpg",800,620,true]},"uagb_author_info":{"display_name":"ec6eef2fcc","author_link":"https:\/\/www.losencuentrosdepamplona.com\/eu\/author\/"},"uagb_comment_info":0,"uagb_excerpt":"Idazle disidentea erbestean. Prestakuntzaz ingeniari fisikoa eta dantza klasikoko dantzaria da, eta bere prosa poetikoak Paul Celanen eta Ruth Kl\u00fcgerren lanen eragina du. Nazioarteko sari ugari eskuratu ditu eta, besteak beste, Orhan Pamuk idazlearen goraipamena. \u00a0PEN International erakundeko Espetxeratutako Idazleen Batzordeko ordezkari turkiarra izan zen. \u00a0Los otros\u00a0 izeneko zutabe bat idatzi zuen \u00a0Radikal turkiar egunkarian,&hellip;&nbsp;Read&hellip;","_links":{"self":[{"href":"https:\/\/www.losencuentrosdepamplona.com\/eu\/wp-json\/wp\/v2\/participante\/1649","targetHints":{"allow":["GET"]}}],"collection":[{"href":"https:\/\/www.losencuentrosdepamplona.com\/eu\/wp-json\/wp\/v2\/participante"}],"about":[{"href":"https:\/\/www.losencuentrosdepamplona.com\/eu\/wp-json\/wp\/v2\/types\/participante"}],"wp:featuredmedia":[{"embeddable":true,"href":"https:\/\/www.losencuentrosdepamplona.com\/eu\/wp-json\/wp\/v2\/media\/1125"}],"wp:attachment":[{"href":"https:\/\/www.losencuentrosdepamplona.com\/eu\/wp-json\/wp\/v2\/media?parent=1649"}],"wp:term":[{"taxonomy":"categoria-participante","embeddable":true,"href":"https:\/\/www.losencuentrosdepamplona.com\/eu\/wp-json\/wp\/v2\/categoria-participante?post=1649"}],"curies":[{"name":"wp","href":"https:\/\/api.w.org\/{rel}","templated":true}]}}