{"id":1663,"date":"2024-03-05T14:59:38","date_gmt":"2024-03-05T13:59:38","guid":{"rendered":"https:\/\/www.losencuentrosdepamplona.com\/participante\/boris-groys\/"},"modified":"2024-03-07T12:31:15","modified_gmt":"2024-03-07T11:31:15","slug":"boris-groys","status":"publish","type":"participante","link":"https:\/\/www.losencuentrosdepamplona.com\/eu\/participante\/boris-groys\/","title":{"rendered":"Boris Groys\u00a0"},"content":{"rendered":"\n<p><em>Filosofoa, arte-kritikaria eta komunikabideen teorikoa.\u00a0<\/em><\/p>\n\n\n\n<p>Filosofia eta matematika ikasi zituen Leningradeko Unibertsitatean, eta filosofian doktoregoa egin zuen M\u00fcnsterreko Unibertsitatean. Nazioartean erreferentziako filosofoa izateaz gain, arte eta literatura sobietarrean aditua ere bada. Bere lanak modernitateari eta subjektuaren auziari buruzko hausnarketa baten emaitza dira. Saiakera ugari idatzi ditu, besteak beste, <em>Arte y Terrorismo<\/em>, <em>Obra de arte total Stalin<\/em>,<em> Introducci\u00f3n a la antifilosof\u00eda<\/em>, <em>Volverse p\u00fablico<\/em>. Gaztelaniara itzulitako azken lanak hauek dira: <em>Tecnolog\u00edas de la inmortalidad antes y despu\u00e9s de la Revoluci\u00f3n de Octubre<\/em> (2021), <em>Filosof\u00eda del cuidado<\/em> (2022),<em> Devenir obra de arte<\/em> (2023), hirurak Caja negra argitaletxearekin.<\/p>\n","protected":false},"featured_media":365,"template":"","categoria-participante":[56],"class_list":["post-1663","participante","type-participante","status-publish","has-post-thumbnail","hentry","categoria-participante-xxi-mendean-norabidea-aurkitzeko-filosofia"],"acf":[],"yoast_head":"<!-- This site is optimized with the Yoast SEO plugin v23.5 - https:\/\/yoast.com\/wordpress\/plugins\/seo\/ -->\n<title>Boris Groys\u00a0 - Encuentros de Pamplona \/ Iru\u00f1eko Topaketak<\/title>\n<meta name=\"robots\" content=\"index, follow, max-snippet:-1, max-image-preview:large, max-video-preview:-1\" \/>\n<link rel=\"canonical\" href=\"https:\/\/www.losencuentrosdepamplona.com\/eu\/participante\/boris-groys\/\" \/>\n<meta property=\"og:locale\" content=\"eu_ES\" \/>\n<meta property=\"og:type\" content=\"article\" \/>\n<meta property=\"og:title\" content=\"Boris Groys\u00a0 - Encuentros de Pamplona \/ Iru\u00f1eko Topaketak\" \/>\n<meta property=\"og:description\" content=\"Filosofoa, arte-kritikaria eta komunikabideen teorikoa.\u00a0 Filosofia eta matematika ikasi zituen Leningradeko Unibertsitatean, eta filosofian doktoregoa egin zuen M\u00fcnsterreko Unibertsitatean. Nazioartean erreferentziako filosofoa izateaz gain, arte eta literatura sobietarrean aditua ere bada. Bere lanak modernitateari eta subjektuaren auziari buruzko hausnarketa baten emaitza dira. Saiakera ugari idatzi ditu, besteak beste, Arte y Terrorismo, Obra de arte total&hellip;&nbsp;Read More &raquo;Boris Groys\u00a0\" \/>\n<meta property=\"og:url\" content=\"https:\/\/www.losencuentrosdepamplona.com\/eu\/participante\/boris-groys\/\" \/>\n<meta property=\"og:site_name\" content=\"Encuentros de Pamplona \/ Iru\u00f1eko Topaketak\" \/>\n<meta property=\"article:publisher\" content=\"https:\/\/www.facebook.com\/encuentrosdepamplona\/\" \/>\n<meta property=\"article:modified_time\" content=\"2024-03-07T11:31:15+00:00\" \/>\n<meta property=\"og:image\" content=\"https:\/\/www.losencuentrosdepamplona.com\/wp-content\/uploads\/2024\/02\/Boris-Groys-01.webp\" \/>\n\t<meta property=\"og:image:width\" content=\"800\" \/>\n\t<meta property=\"og:image:height\" content=\"915\" \/>\n\t<meta property=\"og:image:type\" content=\"image\/jpeg\" \/>\n<meta name=\"twitter:card\" content=\"summary_large_image\" \/>\n<meta name=\"twitter:site\" content=\"@encuentros2024\" \/>\n<script type=\"application\/ld+json\" class=\"yoast-schema-graph\">{\"@context\":\"https:\/\/schema.org\",\"@graph\":[{\"@type\":\"WebPage\",\"@id\":\"https:\/\/www.losencuentrosdepamplona.com\/eu\/participante\/boris-groys\/\",\"url\":\"https:\/\/www.losencuentrosdepamplona.com\/eu\/participante\/boris-groys\/\",\"name\":\"Boris Groys\u00a0 - Encuentros de Pamplona \/ Iru\u00f1eko Topaketak\",\"isPartOf\":{\"@id\":\"https:\/\/www.losencuentrosdepamplona.com\/#website\"},\"primaryImageOfPage\":{\"@id\":\"https:\/\/www.losencuentrosdepamplona.com\/eu\/participante\/boris-groys\/#primaryimage\"},\"image\":{\"@id\":\"https:\/\/www.losencuentrosdepamplona.com\/eu\/participante\/boris-groys\/#primaryimage\"},\"thumbnailUrl\":\"https:\/\/www.losencuentrosdepamplona.com\/wp-content\/uploads\/2024\/02\/Boris-Groys-01.webp\",\"datePublished\":\"2024-03-05T13:59:38+00:00\",\"dateModified\":\"2024-03-07T11:31:15+00:00\",\"breadcrumb\":{\"@id\":\"https:\/\/www.losencuentrosdepamplona.com\/eu\/participante\/boris-groys\/#breadcrumb\"},\"inLanguage\":\"eu-ES\",\"potentialAction\":[{\"@type\":\"ReadAction\",\"target\":[\"https:\/\/www.losencuentrosdepamplona.com\/eu\/participante\/boris-groys\/\"]}]},{\"@type\":\"ImageObject\",\"inLanguage\":\"eu-ES\",\"@id\":\"https:\/\/www.losencuentrosdepamplona.com\/eu\/participante\/boris-groys\/#primaryimage\",\"url\":\"https:\/\/www.losencuentrosdepamplona.com\/wp-content\/uploads\/2024\/02\/Boris-Groys-01.webp\",\"contentUrl\":\"https:\/\/www.losencuentrosdepamplona.com\/wp-content\/uploads\/2024\/02\/Boris-Groys-01.webp\",\"width\":800,\"height\":915},{\"@type\":\"BreadcrumbList\",\"@id\":\"https:\/\/www.losencuentrosdepamplona.com\/eu\/participante\/boris-groys\/#breadcrumb\",\"itemListElement\":[{\"@type\":\"ListItem\",\"position\":1,\"name\":\"Portada\",\"item\":\"https:\/\/www.losencuentrosdepamplona.com\/eu\/\"},{\"@type\":\"ListItem\",\"position\":2,\"name\":\"Boris Groys\u00a0\"}]},{\"@type\":\"WebSite\",\"@id\":\"https:\/\/www.losencuentrosdepamplona.com\/#website\",\"url\":\"https:\/\/www.losencuentrosdepamplona.com\/\",\"name\":\"Encuentros de Pamplona \/ Iru\u00f1eko Topaketak\",\"description\":\"Bienal internacional de cultura, arte y pensamiento\",\"publisher\":{\"@id\":\"https:\/\/www.losencuentrosdepamplona.com\/#organization\"},\"potentialAction\":[{\"@type\":\"SearchAction\",\"target\":{\"@type\":\"EntryPoint\",\"urlTemplate\":\"https:\/\/www.losencuentrosdepamplona.com\/?s={search_term_string}\"},\"query-input\":{\"@type\":\"PropertyValueSpecification\",\"valueRequired\":true,\"valueName\":\"search_term_string\"}}],\"inLanguage\":\"eu-ES\"},{\"@type\":\"Organization\",\"@id\":\"https:\/\/www.losencuentrosdepamplona.com\/#organization\",\"name\":\"Encuentros de Pamplona \/ Iru\u00f1eko Topaketak\",\"url\":\"https:\/\/www.losencuentrosdepamplona.com\/\",\"logo\":{\"@type\":\"ImageObject\",\"inLanguage\":\"eu-ES\",\"@id\":\"https:\/\/www.losencuentrosdepamplona.com\/#\/schema\/logo\/image\/\",\"url\":\"https:\/\/www.losencuentrosdepamplona.com\/wp-content\/uploads\/2024\/02\/encuentros__mid-dark.svg\",\"contentUrl\":\"https:\/\/www.losencuentrosdepamplona.com\/wp-content\/uploads\/2024\/02\/encuentros__mid-dark.svg\",\"width\":1103,\"height\":294,\"caption\":\"Encuentros de Pamplona \/ Iru\u00f1eko Topaketak\"},\"image\":{\"@id\":\"https:\/\/www.losencuentrosdepamplona.com\/#\/schema\/logo\/image\/\"},\"sameAs\":[\"https:\/\/www.facebook.com\/encuentrosdepamplona\/\",\"https:\/\/x.com\/encuentros2024\",\"https:\/\/www.instagram.com\/losencuentrosdepamplona\/?hl=es\"]}]}<\/script>\n<!-- \/ Yoast SEO plugin. -->","yoast_head_json":{"title":"Boris Groys\u00a0 - Encuentros de Pamplona \/ Iru\u00f1eko Topaketak","robots":{"index":"index","follow":"follow","max-snippet":"max-snippet:-1","max-image-preview":"max-image-preview:large","max-video-preview":"max-video-preview:-1"},"canonical":"https:\/\/www.losencuentrosdepamplona.com\/eu\/participante\/boris-groys\/","og_locale":"eu_ES","og_type":"article","og_title":"Boris Groys\u00a0 - Encuentros de Pamplona \/ Iru\u00f1eko Topaketak","og_description":"Filosofoa, arte-kritikaria eta komunikabideen teorikoa.\u00a0 Filosofia eta matematika ikasi zituen Leningradeko Unibertsitatean, eta filosofian doktoregoa egin zuen M\u00fcnsterreko Unibertsitatean. Nazioartean erreferentziako filosofoa izateaz gain, arte eta literatura sobietarrean aditua ere bada. Bere lanak modernitateari eta subjektuaren auziari buruzko hausnarketa baten emaitza dira. Saiakera ugari idatzi ditu, besteak beste, Arte y Terrorismo, Obra de arte total&hellip;&nbsp;Read More &raquo;Boris Groys\u00a0","og_url":"https:\/\/www.losencuentrosdepamplona.com\/eu\/participante\/boris-groys\/","og_site_name":"Encuentros de Pamplona \/ Iru\u00f1eko Topaketak","article_publisher":"https:\/\/www.facebook.com\/encuentrosdepamplona\/","article_modified_time":"2024-03-07T11:31:15+00:00","og_image":[{"width":800,"height":915,"url":"https:\/\/www.losencuentrosdepamplona.com\/wp-content\/uploads\/2024\/02\/Boris-Groys-01.webp","type":"image\/jpeg"}],"twitter_card":"summary_large_image","twitter_site":"@encuentros2024","schema":{"@context":"https:\/\/schema.org","@graph":[{"@type":"WebPage","@id":"https:\/\/www.losencuentrosdepamplona.com\/eu\/participante\/boris-groys\/","url":"https:\/\/www.losencuentrosdepamplona.com\/eu\/participante\/boris-groys\/","name":"Boris Groys\u00a0 - Encuentros de Pamplona \/ Iru\u00f1eko Topaketak","isPartOf":{"@id":"https:\/\/www.losencuentrosdepamplona.com\/#website"},"primaryImageOfPage":{"@id":"https:\/\/www.losencuentrosdepamplona.com\/eu\/participante\/boris-groys\/#primaryimage"},"image":{"@id":"https:\/\/www.losencuentrosdepamplona.com\/eu\/participante\/boris-groys\/#primaryimage"},"thumbnailUrl":"https:\/\/www.losencuentrosdepamplona.com\/wp-content\/uploads\/2024\/02\/Boris-Groys-01.webp","datePublished":"2024-03-05T13:59:38+00:00","dateModified":"2024-03-07T11:31:15+00:00","breadcrumb":{"@id":"https:\/\/www.losencuentrosdepamplona.com\/eu\/participante\/boris-groys\/#breadcrumb"},"inLanguage":"eu-ES","potentialAction":[{"@type":"ReadAction","target":["https:\/\/www.losencuentrosdepamplona.com\/eu\/participante\/boris-groys\/"]}]},{"@type":"ImageObject","inLanguage":"eu-ES","@id":"https:\/\/www.losencuentrosdepamplona.com\/eu\/participante\/boris-groys\/#primaryimage","url":"https:\/\/www.losencuentrosdepamplona.com\/wp-content\/uploads\/2024\/02\/Boris-Groys-01.webp","contentUrl":"https:\/\/www.losencuentrosdepamplona.com\/wp-content\/uploads\/2024\/02\/Boris-Groys-01.webp","width":800,"height":915},{"@type":"BreadcrumbList","@id":"https:\/\/www.losencuentrosdepamplona.com\/eu\/participante\/boris-groys\/#breadcrumb","itemListElement":[{"@type":"ListItem","position":1,"name":"Portada","item":"https:\/\/www.losencuentrosdepamplona.com\/eu\/"},{"@type":"ListItem","position":2,"name":"Boris Groys\u00a0"}]},{"@type":"WebSite","@id":"https:\/\/www.losencuentrosdepamplona.com\/#website","url":"https:\/\/www.losencuentrosdepamplona.com\/","name":"Encuentros de Pamplona \/ Iru\u00f1eko Topaketak","description":"Bienal internacional de cultura, arte y pensamiento","publisher":{"@id":"https:\/\/www.losencuentrosdepamplona.com\/#organization"},"potentialAction":[{"@type":"SearchAction","target":{"@type":"EntryPoint","urlTemplate":"https:\/\/www.losencuentrosdepamplona.com\/?s={search_term_string}"},"query-input":{"@type":"PropertyValueSpecification","valueRequired":true,"valueName":"search_term_string"}}],"inLanguage":"eu-ES"},{"@type":"Organization","@id":"https:\/\/www.losencuentrosdepamplona.com\/#organization","name":"Encuentros de Pamplona \/ Iru\u00f1eko Topaketak","url":"https:\/\/www.losencuentrosdepamplona.com\/","logo":{"@type":"ImageObject","inLanguage":"eu-ES","@id":"https:\/\/www.losencuentrosdepamplona.com\/#\/schema\/logo\/image\/","url":"https:\/\/www.losencuentrosdepamplona.com\/wp-content\/uploads\/2024\/02\/encuentros__mid-dark.svg","contentUrl":"https:\/\/www.losencuentrosdepamplona.com\/wp-content\/uploads\/2024\/02\/encuentros__mid-dark.svg","width":1103,"height":294,"caption":"Encuentros de Pamplona \/ Iru\u00f1eko Topaketak"},"image":{"@id":"https:\/\/www.losencuentrosdepamplona.com\/#\/schema\/logo\/image\/"},"sameAs":["https:\/\/www.facebook.com\/encuentrosdepamplona\/","https:\/\/x.com\/encuentros2024","https:\/\/www.instagram.com\/losencuentrosdepamplona\/?hl=es"]}]}},"uagb_featured_image_src":{"full":["https:\/\/www.losencuentrosdepamplona.com\/wp-content\/uploads\/2024\/02\/Boris-Groys-01.webp",800,915,false],"thumbnail":["https:\/\/www.losencuentrosdepamplona.com\/wp-content\/uploads\/2024\/02\/Boris-Groys-01-150x150.jpg",150,150,true],"medium":["https:\/\/www.losencuentrosdepamplona.com\/wp-content\/uploads\/2024\/02\/Boris-Groys-01-262x300.jpg",262,300,true],"medium_large":["https:\/\/www.losencuentrosdepamplona.com\/wp-content\/uploads\/2024\/02\/Boris-Groys-01-768x878.jpg",768,878,true],"large":["https:\/\/www.losencuentrosdepamplona.com\/wp-content\/uploads\/2024\/02\/Boris-Groys-01.webp",800,915,false],"thumblist":["https:\/\/www.losencuentrosdepamplona.com\/wp-content\/uploads\/2024\/02\/Boris-Groys-01.webp",262,300,false],"thumbrelated":["https:\/\/www.losencuentrosdepamplona.com\/wp-content\/uploads\/2024\/02\/Boris-Groys-01.webp",437,500,false],"meccarouselthumb":["https:\/\/www.losencuentrosdepamplona.com\/wp-content\/uploads\/2024\/02\/Boris-Groys-01.webp",283,324,false],"gridsquare":["https:\/\/www.losencuentrosdepamplona.com\/wp-content\/uploads\/2024\/02\/Boris-Groys-01.webp",227,260,false],"tileview":["https:\/\/www.losencuentrosdepamplona.com\/wp-content\/uploads\/2024\/02\/Boris-Groys-01.webp",300,343,false],"1536x1536":["https:\/\/www.losencuentrosdepamplona.com\/wp-content\/uploads\/2024\/02\/Boris-Groys-01.webp",800,915,false],"2048x2048":["https:\/\/www.losencuentrosdepamplona.com\/wp-content\/uploads\/2024\/02\/Boris-Groys-01.webp",800,915,false],"neve-blog":["https:\/\/www.losencuentrosdepamplona.com\/wp-content\/uploads\/2024\/02\/Boris-Groys-01-800x620.jpg",800,620,true]},"uagb_author_info":{"display_name":"ec6eef2fcc","author_link":"https:\/\/www.losencuentrosdepamplona.com\/eu\/author\/"},"uagb_comment_info":0,"uagb_excerpt":"Filosofoa, arte-kritikaria eta komunikabideen teorikoa.\u00a0 Filosofia eta matematika ikasi zituen Leningradeko Unibertsitatean, eta filosofian doktoregoa egin zuen M\u00fcnsterreko Unibertsitatean. Nazioartean erreferentziako filosofoa izateaz gain, arte eta literatura sobietarrean aditua ere bada. Bere lanak modernitateari eta subjektuaren auziari buruzko hausnarketa baten emaitza dira. Saiakera ugari idatzi ditu, besteak beste, Arte y Terrorismo, Obra de arte total&hellip;&nbsp;Read&hellip;","_links":{"self":[{"href":"https:\/\/www.losencuentrosdepamplona.com\/eu\/wp-json\/wp\/v2\/participante\/1663","targetHints":{"allow":["GET"]}}],"collection":[{"href":"https:\/\/www.losencuentrosdepamplona.com\/eu\/wp-json\/wp\/v2\/participante"}],"about":[{"href":"https:\/\/www.losencuentrosdepamplona.com\/eu\/wp-json\/wp\/v2\/types\/participante"}],"wp:featuredmedia":[{"embeddable":true,"href":"https:\/\/www.losencuentrosdepamplona.com\/eu\/wp-json\/wp\/v2\/media\/365"}],"wp:attachment":[{"href":"https:\/\/www.losencuentrosdepamplona.com\/eu\/wp-json\/wp\/v2\/media?parent=1663"}],"wp:term":[{"taxonomy":"categoria-participante","embeddable":true,"href":"https:\/\/www.losencuentrosdepamplona.com\/eu\/wp-json\/wp\/v2\/categoria-participante?post=1663"}],"curies":[{"name":"wp","href":"https:\/\/api.w.org\/{rel}","templated":true}]}}