{"id":18261,"date":"2026-08-21T10:42:56","date_gmt":"2026-08-21T08:42:56","guid":{"rendered":"https:\/\/www.losencuentrosdepamplona.com\/?post_type=participante&#038;p=18261"},"modified":"2026-08-26T13:31:10","modified_gmt":"2026-08-26T11:31:10","slug":"carla-simon","status":"publish","type":"participante","link":"https:\/\/www.losencuentrosdepamplona.com\/eu\/participante\/carla-simon\/","title":{"rendered":"Carla Sim\u00f3n"},"content":{"rendered":"<p>Carla Sim\u00f3n Pip\u00f3 (Bartzelona, 1986) Espainiako zinema garaikideko zuzendari eta gidoigile sarituenetako bat da, eta familia-memoria eta dolua aztertzen dituen trilogia zinematografiko intimo eta autobiografikoa sortu izanagatik da ezaguna. Bartzelonan, Kalifornian eta London Film School-en jaso zuen formakuntza. Nazioarteko ospea lortu zuen Verano 1993 (2017) opera primarekin, eta ondoren Alcarr\u00e0s filmarekin sendotu zuen, Berlinale jaialdian Urrezko Hartza irabazita (2022). Arrakasta horri esker, Zinematografiako Sari Nazionala jaso zuen, eta Canneseko Zinemaldian estreinatu zuen Romer\u00eda (2025) lana, zeinarekin itxi baitzuen bere familia-sustraiei buruzko zikloa.<\/p>\n","protected":false},"featured_media":18218,"template":"","categoria-participante":[501,510],"class_list":["post-18261","participante","type-participante","status-publish","has-post-thumbnail","hentry","categoria-participante-2026-edizioa","categoria-participante-zinema-amore-ematen-ez-duen-irudia"],"acf":[],"yoast_head":"<!-- This site is optimized with the Yoast SEO plugin v23.5 - https:\/\/yoast.com\/wordpress\/plugins\/seo\/ -->\n<title>Carla Sim\u00f3n - Encuentros de Pamplona \/ Iru\u00f1eko Topaketak<\/title>\n<meta name=\"robots\" content=\"index, follow, max-snippet:-1, max-image-preview:large, max-video-preview:-1\" \/>\n<link rel=\"canonical\" href=\"https:\/\/www.losencuentrosdepamplona.com\/eu\/participante\/carla-simon\/\" \/>\n<meta property=\"og:locale\" content=\"eu_ES\" \/>\n<meta property=\"og:type\" content=\"article\" \/>\n<meta property=\"og:title\" content=\"Carla Sim\u00f3n - Encuentros de Pamplona \/ Iru\u00f1eko Topaketak\" \/>\n<meta property=\"og:description\" content=\"Carla Sim\u00f3n Pip\u00f3 (Bartzelona, 1986) Espainiako zinema garaikideko zuzendari eta gidoigile sarituenetako bat da, eta familia-memoria eta dolua aztertzen dituen trilogia zinematografiko intimo eta autobiografikoa sortu izanagatik da ezaguna. Bartzelonan, Kalifornian eta London Film School-en jaso zuen formakuntza. Nazioarteko ospea lortu zuen Verano 1993 (2017) opera primarekin, eta ondoren Alcarr\u00e0s filmarekin sendotu zuen, Berlinale jaialdian&hellip;&nbsp;Read More &raquo;Carla Sim\u00f3n\" \/>\n<meta property=\"og:url\" content=\"https:\/\/www.losencuentrosdepamplona.com\/eu\/participante\/carla-simon\/\" \/>\n<meta property=\"og:site_name\" content=\"Encuentros de Pamplona \/ Iru\u00f1eko Topaketak\" \/>\n<meta property=\"article:publisher\" content=\"https:\/\/www.facebook.com\/encuentrosdepamplona\/\" \/>\n<meta property=\"article:modified_time\" content=\"2026-08-26T11:31:10+00:00\" \/>\n<meta property=\"og:image\" content=\"https:\/\/www.losencuentrosdepamplona.com\/wp-content\/uploads\/2026\/08\/Carla-Simon-c-David-Ruano-.jpg\" \/>\n\t<meta property=\"og:image:width\" content=\"1360\" \/>\n\t<meta property=\"og:image:height\" content=\"611\" \/>\n\t<meta property=\"og:image:type\" content=\"image\/jpeg\" \/>\n<meta name=\"twitter:card\" content=\"summary_large_image\" \/>\n<meta name=\"twitter:site\" content=\"@encuentros2024\" \/>\n<meta name=\"twitter:label1\" content=\"Est. reading time\" \/>\n\t<meta name=\"twitter:data1\" content=\"1 minute\" \/>\n<script type=\"application\/ld+json\" class=\"yoast-schema-graph\">{\"@context\":\"https:\/\/schema.org\",\"@graph\":[{\"@type\":\"WebPage\",\"@id\":\"https:\/\/www.losencuentrosdepamplona.com\/eu\/participante\/carla-simon\/\",\"url\":\"https:\/\/www.losencuentrosdepamplona.com\/eu\/participante\/carla-simon\/\",\"name\":\"Carla Sim\u00f3n - Encuentros de Pamplona \/ Iru\u00f1eko Topaketak\",\"isPartOf\":{\"@id\":\"https:\/\/www.losencuentrosdepamplona.com\/#website\"},\"primaryImageOfPage\":{\"@id\":\"https:\/\/www.losencuentrosdepamplona.com\/eu\/participante\/carla-simon\/#primaryimage\"},\"image\":{\"@id\":\"https:\/\/www.losencuentrosdepamplona.com\/eu\/participante\/carla-simon\/#primaryimage\"},\"thumbnailUrl\":\"https:\/\/www.losencuentrosdepamplona.com\/wp-content\/uploads\/2026\/08\/Carla-Simon-c-David-Ruano-.jpg\",\"datePublished\":\"2026-08-21T08:42:56+00:00\",\"dateModified\":\"2026-08-26T11:31:10+00:00\",\"breadcrumb\":{\"@id\":\"https:\/\/www.losencuentrosdepamplona.com\/eu\/participante\/carla-simon\/#breadcrumb\"},\"inLanguage\":\"eu-ES\",\"potentialAction\":[{\"@type\":\"ReadAction\",\"target\":[\"https:\/\/www.losencuentrosdepamplona.com\/eu\/participante\/carla-simon\/\"]}]},{\"@type\":\"ImageObject\",\"inLanguage\":\"eu-ES\",\"@id\":\"https:\/\/www.losencuentrosdepamplona.com\/eu\/participante\/carla-simon\/#primaryimage\",\"url\":\"https:\/\/www.losencuentrosdepamplona.com\/wp-content\/uploads\/2026\/08\/Carla-Simon-c-David-Ruano-.jpg\",\"contentUrl\":\"https:\/\/www.losencuentrosdepamplona.com\/wp-content\/uploads\/2026\/08\/Carla-Simon-c-David-Ruano-.jpg\",\"width\":1360,\"height\":611},{\"@type\":\"BreadcrumbList\",\"@id\":\"https:\/\/www.losencuentrosdepamplona.com\/eu\/participante\/carla-simon\/#breadcrumb\",\"itemListElement\":[{\"@type\":\"ListItem\",\"position\":1,\"name\":\"Portada\",\"item\":\"https:\/\/www.losencuentrosdepamplona.com\/eu\/\"},{\"@type\":\"ListItem\",\"position\":2,\"name\":\"Carla Sim\u00f3n\"}]},{\"@type\":\"WebSite\",\"@id\":\"https:\/\/www.losencuentrosdepamplona.com\/#website\",\"url\":\"https:\/\/www.losencuentrosdepamplona.com\/\",\"name\":\"Encuentros de Pamplona \/ Iru\u00f1eko Topaketak\",\"description\":\"Bienal internacional de cultura, arte y pensamiento\",\"publisher\":{\"@id\":\"https:\/\/www.losencuentrosdepamplona.com\/#organization\"},\"potentialAction\":[{\"@type\":\"SearchAction\",\"target\":{\"@type\":\"EntryPoint\",\"urlTemplate\":\"https:\/\/www.losencuentrosdepamplona.com\/?s={search_term_string}\"},\"query-input\":{\"@type\":\"PropertyValueSpecification\",\"valueRequired\":true,\"valueName\":\"search_term_string\"}}],\"inLanguage\":\"eu-ES\"},{\"@type\":\"Organization\",\"@id\":\"https:\/\/www.losencuentrosdepamplona.com\/#organization\",\"name\":\"Encuentros de Pamplona \/ Iru\u00f1eko Topaketak\",\"url\":\"https:\/\/www.losencuentrosdepamplona.com\/\",\"logo\":{\"@type\":\"ImageObject\",\"inLanguage\":\"eu-ES\",\"@id\":\"https:\/\/www.losencuentrosdepamplona.com\/#\/schema\/logo\/image\/\",\"url\":\"https:\/\/www.losencuentrosdepamplona.com\/wp-content\/uploads\/2024\/02\/encuentros__mid-dark.svg\",\"contentUrl\":\"https:\/\/www.losencuentrosdepamplona.com\/wp-content\/uploads\/2024\/02\/encuentros__mid-dark.svg\",\"width\":1103,\"height\":294,\"caption\":\"Encuentros de Pamplona \/ Iru\u00f1eko Topaketak\"},\"image\":{\"@id\":\"https:\/\/www.losencuentrosdepamplona.com\/#\/schema\/logo\/image\/\"},\"sameAs\":[\"https:\/\/www.facebook.com\/encuentrosdepamplona\/\",\"https:\/\/x.com\/encuentros2024\",\"https:\/\/www.instagram.com\/losencuentrosdepamplona\/?hl=es\"]}]}<\/script>\n<!-- \/ Yoast SEO plugin. -->","yoast_head_json":{"title":"Carla Sim\u00f3n - Encuentros de Pamplona \/ Iru\u00f1eko Topaketak","robots":{"index":"index","follow":"follow","max-snippet":"max-snippet:-1","max-image-preview":"max-image-preview:large","max-video-preview":"max-video-preview:-1"},"canonical":"https:\/\/www.losencuentrosdepamplona.com\/eu\/participante\/carla-simon\/","og_locale":"eu_ES","og_type":"article","og_title":"Carla Sim\u00f3n - Encuentros de Pamplona \/ Iru\u00f1eko Topaketak","og_description":"Carla Sim\u00f3n Pip\u00f3 (Bartzelona, 1986) Espainiako zinema garaikideko zuzendari eta gidoigile sarituenetako bat da, eta familia-memoria eta dolua aztertzen dituen trilogia zinematografiko intimo eta autobiografikoa sortu izanagatik da ezaguna. Bartzelonan, Kalifornian eta London Film School-en jaso zuen formakuntza. Nazioarteko ospea lortu zuen Verano 1993 (2017) opera primarekin, eta ondoren Alcarr\u00e0s filmarekin sendotu zuen, Berlinale jaialdian&hellip;&nbsp;Read More &raquo;Carla Sim\u00f3n","og_url":"https:\/\/www.losencuentrosdepamplona.com\/eu\/participante\/carla-simon\/","og_site_name":"Encuentros de Pamplona \/ Iru\u00f1eko Topaketak","article_publisher":"https:\/\/www.facebook.com\/encuentrosdepamplona\/","article_modified_time":"2026-08-26T11:31:10+00:00","og_image":[{"width":1360,"height":611,"url":"https:\/\/www.losencuentrosdepamplona.com\/wp-content\/uploads\/2026\/08\/Carla-Simon-c-David-Ruano-.jpg","type":"image\/jpeg"}],"twitter_card":"summary_large_image","twitter_site":"@encuentros2024","twitter_misc":{"Est. reading time":"1 minute"},"schema":{"@context":"https:\/\/schema.org","@graph":[{"@type":"WebPage","@id":"https:\/\/www.losencuentrosdepamplona.com\/eu\/participante\/carla-simon\/","url":"https:\/\/www.losencuentrosdepamplona.com\/eu\/participante\/carla-simon\/","name":"Carla Sim\u00f3n - Encuentros de Pamplona \/ Iru\u00f1eko Topaketak","isPartOf":{"@id":"https:\/\/www.losencuentrosdepamplona.com\/#website"},"primaryImageOfPage":{"@id":"https:\/\/www.losencuentrosdepamplona.com\/eu\/participante\/carla-simon\/#primaryimage"},"image":{"@id":"https:\/\/www.losencuentrosdepamplona.com\/eu\/participante\/carla-simon\/#primaryimage"},"thumbnailUrl":"https:\/\/www.losencuentrosdepamplona.com\/wp-content\/uploads\/2026\/08\/Carla-Simon-c-David-Ruano-.jpg","datePublished":"2026-08-21T08:42:56+00:00","dateModified":"2026-08-26T11:31:10+00:00","breadcrumb":{"@id":"https:\/\/www.losencuentrosdepamplona.com\/eu\/participante\/carla-simon\/#breadcrumb"},"inLanguage":"eu-ES","potentialAction":[{"@type":"ReadAction","target":["https:\/\/www.losencuentrosdepamplona.com\/eu\/participante\/carla-simon\/"]}]},{"@type":"ImageObject","inLanguage":"eu-ES","@id":"https:\/\/www.losencuentrosdepamplona.com\/eu\/participante\/carla-simon\/#primaryimage","url":"https:\/\/www.losencuentrosdepamplona.com\/wp-content\/uploads\/2026\/08\/Carla-Simon-c-David-Ruano-.jpg","contentUrl":"https:\/\/www.losencuentrosdepamplona.com\/wp-content\/uploads\/2026\/08\/Carla-Simon-c-David-Ruano-.jpg","width":1360,"height":611},{"@type":"BreadcrumbList","@id":"https:\/\/www.losencuentrosdepamplona.com\/eu\/participante\/carla-simon\/#breadcrumb","itemListElement":[{"@type":"ListItem","position":1,"name":"Portada","item":"https:\/\/www.losencuentrosdepamplona.com\/eu\/"},{"@type":"ListItem","position":2,"name":"Carla Sim\u00f3n"}]},{"@type":"WebSite","@id":"https:\/\/www.losencuentrosdepamplona.com\/#website","url":"https:\/\/www.losencuentrosdepamplona.com\/","name":"Encuentros de Pamplona \/ Iru\u00f1eko Topaketak","description":"Bienal internacional de cultura, arte y pensamiento","publisher":{"@id":"https:\/\/www.losencuentrosdepamplona.com\/#organization"},"potentialAction":[{"@type":"SearchAction","target":{"@type":"EntryPoint","urlTemplate":"https:\/\/www.losencuentrosdepamplona.com\/?s={search_term_string}"},"query-input":{"@type":"PropertyValueSpecification","valueRequired":true,"valueName":"search_term_string"}}],"inLanguage":"eu-ES"},{"@type":"Organization","@id":"https:\/\/www.losencuentrosdepamplona.com\/#organization","name":"Encuentros de Pamplona \/ Iru\u00f1eko Topaketak","url":"https:\/\/www.losencuentrosdepamplona.com\/","logo":{"@type":"ImageObject","inLanguage":"eu-ES","@id":"https:\/\/www.losencuentrosdepamplona.com\/#\/schema\/logo\/image\/","url":"https:\/\/www.losencuentrosdepamplona.com\/wp-content\/uploads\/2024\/02\/encuentros__mid-dark.svg","contentUrl":"https:\/\/www.losencuentrosdepamplona.com\/wp-content\/uploads\/2024\/02\/encuentros__mid-dark.svg","width":1103,"height":294,"caption":"Encuentros de Pamplona \/ Iru\u00f1eko Topaketak"},"image":{"@id":"https:\/\/www.losencuentrosdepamplona.com\/#\/schema\/logo\/image\/"},"sameAs":["https:\/\/www.facebook.com\/encuentrosdepamplona\/","https:\/\/x.com\/encuentros2024","https:\/\/www.instagram.com\/losencuentrosdepamplona\/?hl=es"]}]}},"uagb_featured_image_src":{"full":["https:\/\/www.losencuentrosdepamplona.com\/wp-content\/uploads\/2026\/08\/Carla-Simon-c-David-Ruano-.jpg",1360,611,false],"thumbnail":["https:\/\/www.losencuentrosdepamplona.com\/wp-content\/uploads\/2026\/08\/Carla-Simon-c-David-Ruano--150x150.jpg",150,150,true],"medium":["https:\/\/www.losencuentrosdepamplona.com\/wp-content\/uploads\/2026\/08\/Carla-Simon-c-David-Ruano--300x135.jpg",300,135,true],"medium_large":["https:\/\/www.losencuentrosdepamplona.com\/wp-content\/uploads\/2026\/08\/Carla-Simon-c-David-Ruano--768x345.jpg",768,345,true],"large":["https:\/\/www.losencuentrosdepamplona.com\/wp-content\/uploads\/2026\/08\/Carla-Simon-c-David-Ruano--1024x460.jpg",1024,460,true],"thumblist":["https:\/\/www.losencuentrosdepamplona.com\/wp-content\/uploads\/2026\/08\/Carla-Simon-c-David-Ruano--300x300.jpg",300,300,true],"thumbrelated":["https:\/\/www.losencuentrosdepamplona.com\/wp-content\/uploads\/2026\/08\/Carla-Simon-c-David-Ruano--500x500.jpg",500,500,true],"meccarouselthumb":["https:\/\/www.losencuentrosdepamplona.com\/wp-content\/uploads\/2026\/08\/Carla-Simon-c-David-Ruano--474x324.jpg",474,324,true],"gridsquare":["https:\/\/www.losencuentrosdepamplona.com\/wp-content\/uploads\/2026\/08\/Carla-Simon-c-David-Ruano--391x260.jpg",391,260,true],"tileview":["https:\/\/www.losencuentrosdepamplona.com\/wp-content\/uploads\/2026\/08\/Carla-Simon-c-David-Ruano--300x400.jpg",300,400,true],"1536x1536":["https:\/\/www.losencuentrosdepamplona.com\/wp-content\/uploads\/2026\/08\/Carla-Simon-c-David-Ruano-.jpg",1360,611,false],"2048x2048":["https:\/\/www.losencuentrosdepamplona.com\/wp-content\/uploads\/2026\/08\/Carla-Simon-c-David-Ruano-.jpg",1360,611,false],"neve-blog":["https:\/\/www.losencuentrosdepamplona.com\/wp-content\/uploads\/2026\/08\/Carla-Simon-c-David-Ruano--930x611.jpg",930,611,true]},"uagb_author_info":{"display_name":"Julen Buldain","author_link":"https:\/\/www.losencuentrosdepamplona.com\/eu\/author\/"},"uagb_comment_info":0,"uagb_excerpt":"Carla Sim\u00f3n Pip\u00f3 (Bartzelona, 1986) Espainiako zinema garaikideko zuzendari eta gidoigile sarituenetako bat da, eta familia-memoria eta dolua aztertzen dituen trilogia zinematografiko intimo eta autobiografikoa sortu izanagatik da ezaguna. Bartzelonan, Kalifornian eta London Film School-en jaso zuen formakuntza. Nazioarteko ospea lortu zuen Verano 1993 (2017) opera primarekin, eta ondoren Alcarr\u00e0s filmarekin sendotu zuen, Berlinale jaialdian&hellip;&nbsp;Read&hellip;","_links":{"self":[{"href":"https:\/\/www.losencuentrosdepamplona.com\/eu\/wp-json\/wp\/v2\/participante\/18261","targetHints":{"allow":["GET"]}}],"collection":[{"href":"https:\/\/www.losencuentrosdepamplona.com\/eu\/wp-json\/wp\/v2\/participante"}],"about":[{"href":"https:\/\/www.losencuentrosdepamplona.com\/eu\/wp-json\/wp\/v2\/types\/participante"}],"wp:featuredmedia":[{"embeddable":true,"href":"https:\/\/www.losencuentrosdepamplona.com\/eu\/wp-json\/wp\/v2\/media\/18218"}],"wp:attachment":[{"href":"https:\/\/www.losencuentrosdepamplona.com\/eu\/wp-json\/wp\/v2\/media?parent=18261"}],"wp:term":[{"taxonomy":"categoria-participante","embeddable":true,"href":"https:\/\/www.losencuentrosdepamplona.com\/eu\/wp-json\/wp\/v2\/categoria-participante?post=18261"}],"curies":[{"name":"wp","href":"https:\/\/api.w.org\/{rel}","templated":true}]}}