{"id":2664,"date":"2024-04-09T16:36:19","date_gmt":"2024-04-09T14:36:19","guid":{"rendered":"https:\/\/www.losencuentrosdepamplona.com\/participante\/francisco-jarauta-2\/"},"modified":"2024-04-09T16:39:30","modified_gmt":"2024-04-09T14:39:30","slug":"francisco-jarauta-2","status":"publish","type":"participante","link":"https:\/\/www.losencuentrosdepamplona.com\/eu\/participante\/francisco-jarauta-2\/","title":{"rendered":"Francisco Jarauta"},"content":{"rendered":"\n<p>Filosofiako katedraduna da Murtziako Unibertsitatean. Historia, Artearen Historia eta Filosofiako ikasketak egin zituen Valentzia, Erroma, M\u00fcnster, Berlin eta Parisko unibertsitateetan. Haren lanak Ideien historia, Kulturaren soziologia eta Artearen teoria arloetan birbideratzen dira. Besteak beste, lan hauek aipa daitezke:&nbsp;<em>Kierkegaard. Los l\u00edmites de la dial\u00e9ctica del individuo, La filosof\u00eda y su otro, Fragmento y totalidad: los l\u00edmites del clasicismo,<\/em>&nbsp;eta&nbsp;<em>La transformaci\u00f3n de la conciencia moderna<\/em>. L. B. Albertiren&nbsp;<em>Momo o del Principe<\/em>, J. Ruskinen&nbsp;<em>Las piedras de Venecia&nbsp;<\/em>eta Mallarm\u00e9ren&nbsp;<em>Fragmentos sobre el libro<\/em>&nbsp;editatu ditu. Kuradorea izan da besteak beste erakusketa hauetan:&nbsp;<em>Arquitectura radical 2002, Micro-Utop\u00edas, Arte y Arquitectura, Desde el puente de los a\u00f1os: Paul Celan y Gis\u00e8le Celan-Lestrange<\/em>,&nbsp;<em>Matisse y la Alhambra<\/em>&nbsp;eta&nbsp;<em>El hilo de Ariadna<\/em>. ArquiLectura Bildumaren zuzendaria izan da.<\/p>\n\n\n\n<p>Argazkia&nbsp;\u00a9 MBueso<\/p>\n","protected":false},"featured_media":2662,"template":"","categoria-participante":[88],"class_list":["post-2664","participante","type-participante","status-publish","has-post-thumbnail","hentry","categoria-participante-europaren-noraeza"],"acf":[],"yoast_head":"<!-- This site is optimized with the Yoast SEO plugin v23.5 - https:\/\/yoast.com\/wordpress\/plugins\/seo\/ -->\n<title>Francisco Jarauta - Encuentros de Pamplona \/ Iru\u00f1eko Topaketak<\/title>\n<meta name=\"robots\" content=\"index, follow, max-snippet:-1, max-image-preview:large, max-video-preview:-1\" \/>\n<link rel=\"canonical\" href=\"https:\/\/www.losencuentrosdepamplona.com\/eu\/participante\/francisco-jarauta-2\/\" \/>\n<meta property=\"og:locale\" content=\"eu_ES\" \/>\n<meta property=\"og:type\" content=\"article\" \/>\n<meta property=\"og:title\" content=\"Francisco Jarauta - Encuentros de Pamplona \/ Iru\u00f1eko Topaketak\" \/>\n<meta property=\"og:description\" content=\"Filosofiako katedraduna da Murtziako Unibertsitatean. Historia, Artearen Historia eta Filosofiako ikasketak egin zituen Valentzia, Erroma, M\u00fcnster, Berlin eta Parisko unibertsitateetan. Haren lanak Ideien historia, Kulturaren soziologia eta Artearen teoria arloetan birbideratzen dira. Besteak beste, lan hauek aipa daitezke:&nbsp;Kierkegaard. Los l\u00edmites de la dial\u00e9ctica del individuo, La filosof\u00eda y su otro, Fragmento y totalidad: los l\u00edmites&hellip;&nbsp;Read More &raquo;Francisco Jarauta\" \/>\n<meta property=\"og:url\" content=\"https:\/\/www.losencuentrosdepamplona.com\/eu\/participante\/francisco-jarauta-2\/\" \/>\n<meta property=\"og:site_name\" content=\"Encuentros de Pamplona \/ Iru\u00f1eko Topaketak\" \/>\n<meta property=\"article:publisher\" content=\"https:\/\/www.facebook.com\/encuentrosdepamplona\/\" \/>\n<meta property=\"article:modified_time\" content=\"2024-04-09T14:39:30+00:00\" \/>\n<meta property=\"og:image\" content=\"https:\/\/www.losencuentrosdepamplona.com\/wp-content\/uploads\/2024\/04\/francisco-jarauta.jpg\" \/>\n\t<meta property=\"og:image:width\" content=\"240\" \/>\n\t<meta property=\"og:image:height\" content=\"240\" \/>\n\t<meta property=\"og:image:type\" content=\"image\/jpeg\" \/>\n<meta name=\"twitter:card\" content=\"summary_large_image\" \/>\n<meta name=\"twitter:site\" content=\"@encuentros2024\" \/>\n<meta name=\"twitter:label1\" content=\"Est. reading time\" \/>\n\t<meta name=\"twitter:data1\" content=\"1 minute\" \/>\n<script type=\"application\/ld+json\" class=\"yoast-schema-graph\">{\"@context\":\"https:\/\/schema.org\",\"@graph\":[{\"@type\":\"WebPage\",\"@id\":\"https:\/\/www.losencuentrosdepamplona.com\/eu\/participante\/francisco-jarauta-2\/\",\"url\":\"https:\/\/www.losencuentrosdepamplona.com\/eu\/participante\/francisco-jarauta-2\/\",\"name\":\"Francisco Jarauta - Encuentros de Pamplona \/ Iru\u00f1eko Topaketak\",\"isPartOf\":{\"@id\":\"https:\/\/www.losencuentrosdepamplona.com\/#website\"},\"primaryImageOfPage\":{\"@id\":\"https:\/\/www.losencuentrosdepamplona.com\/eu\/participante\/francisco-jarauta-2\/#primaryimage\"},\"image\":{\"@id\":\"https:\/\/www.losencuentrosdepamplona.com\/eu\/participante\/francisco-jarauta-2\/#primaryimage\"},\"thumbnailUrl\":\"https:\/\/www.losencuentrosdepamplona.com\/wp-content\/uploads\/2024\/04\/francisco-jarauta.jpg\",\"datePublished\":\"2024-04-09T14:36:19+00:00\",\"dateModified\":\"2024-04-09T14:39:30+00:00\",\"breadcrumb\":{\"@id\":\"https:\/\/www.losencuentrosdepamplona.com\/eu\/participante\/francisco-jarauta-2\/#breadcrumb\"},\"inLanguage\":\"eu-ES\",\"potentialAction\":[{\"@type\":\"ReadAction\",\"target\":[\"https:\/\/www.losencuentrosdepamplona.com\/eu\/participante\/francisco-jarauta-2\/\"]}]},{\"@type\":\"ImageObject\",\"inLanguage\":\"eu-ES\",\"@id\":\"https:\/\/www.losencuentrosdepamplona.com\/eu\/participante\/francisco-jarauta-2\/#primaryimage\",\"url\":\"https:\/\/www.losencuentrosdepamplona.com\/wp-content\/uploads\/2024\/04\/francisco-jarauta.jpg\",\"contentUrl\":\"https:\/\/www.losencuentrosdepamplona.com\/wp-content\/uploads\/2024\/04\/francisco-jarauta.jpg\",\"width\":240,\"height\":240,\"caption\":\"20-01-2022- FRANCISCO JARAUTA EN SU CASA\"},{\"@type\":\"BreadcrumbList\",\"@id\":\"https:\/\/www.losencuentrosdepamplona.com\/eu\/participante\/francisco-jarauta-2\/#breadcrumb\",\"itemListElement\":[{\"@type\":\"ListItem\",\"position\":1,\"name\":\"Portada\",\"item\":\"https:\/\/www.losencuentrosdepamplona.com\/eu\/\"},{\"@type\":\"ListItem\",\"position\":2,\"name\":\"Francisco Jarauta\"}]},{\"@type\":\"WebSite\",\"@id\":\"https:\/\/www.losencuentrosdepamplona.com\/#website\",\"url\":\"https:\/\/www.losencuentrosdepamplona.com\/\",\"name\":\"Encuentros de Pamplona \/ Iru\u00f1eko Topaketak\",\"description\":\"Bienal internacional de cultura, arte y pensamiento\",\"publisher\":{\"@id\":\"https:\/\/www.losencuentrosdepamplona.com\/#organization\"},\"potentialAction\":[{\"@type\":\"SearchAction\",\"target\":{\"@type\":\"EntryPoint\",\"urlTemplate\":\"https:\/\/www.losencuentrosdepamplona.com\/?s={search_term_string}\"},\"query-input\":{\"@type\":\"PropertyValueSpecification\",\"valueRequired\":true,\"valueName\":\"search_term_string\"}}],\"inLanguage\":\"eu-ES\"},{\"@type\":\"Organization\",\"@id\":\"https:\/\/www.losencuentrosdepamplona.com\/#organization\",\"name\":\"Encuentros de Pamplona \/ Iru\u00f1eko Topaketak\",\"url\":\"https:\/\/www.losencuentrosdepamplona.com\/\",\"logo\":{\"@type\":\"ImageObject\",\"inLanguage\":\"eu-ES\",\"@id\":\"https:\/\/www.losencuentrosdepamplona.com\/#\/schema\/logo\/image\/\",\"url\":\"https:\/\/www.losencuentrosdepamplona.com\/wp-content\/uploads\/2024\/02\/encuentros__mid-dark.svg\",\"contentUrl\":\"https:\/\/www.losencuentrosdepamplona.com\/wp-content\/uploads\/2024\/02\/encuentros__mid-dark.svg\",\"width\":1103,\"height\":294,\"caption\":\"Encuentros de Pamplona \/ Iru\u00f1eko Topaketak\"},\"image\":{\"@id\":\"https:\/\/www.losencuentrosdepamplona.com\/#\/schema\/logo\/image\/\"},\"sameAs\":[\"https:\/\/www.facebook.com\/encuentrosdepamplona\/\",\"https:\/\/x.com\/encuentros2024\",\"https:\/\/www.instagram.com\/losencuentrosdepamplona\/?hl=es\"]}]}<\/script>\n<!-- \/ Yoast SEO plugin. -->","yoast_head_json":{"title":"Francisco Jarauta - Encuentros de Pamplona \/ Iru\u00f1eko Topaketak","robots":{"index":"index","follow":"follow","max-snippet":"max-snippet:-1","max-image-preview":"max-image-preview:large","max-video-preview":"max-video-preview:-1"},"canonical":"https:\/\/www.losencuentrosdepamplona.com\/eu\/participante\/francisco-jarauta-2\/","og_locale":"eu_ES","og_type":"article","og_title":"Francisco Jarauta - Encuentros de Pamplona \/ Iru\u00f1eko Topaketak","og_description":"Filosofiako katedraduna da Murtziako Unibertsitatean. Historia, Artearen Historia eta Filosofiako ikasketak egin zituen Valentzia, Erroma, M\u00fcnster, Berlin eta Parisko unibertsitateetan. Haren lanak Ideien historia, Kulturaren soziologia eta Artearen teoria arloetan birbideratzen dira. Besteak beste, lan hauek aipa daitezke:&nbsp;Kierkegaard. Los l\u00edmites de la dial\u00e9ctica del individuo, La filosof\u00eda y su otro, Fragmento y totalidad: los l\u00edmites&hellip;&nbsp;Read More &raquo;Francisco Jarauta","og_url":"https:\/\/www.losencuentrosdepamplona.com\/eu\/participante\/francisco-jarauta-2\/","og_site_name":"Encuentros de Pamplona \/ Iru\u00f1eko Topaketak","article_publisher":"https:\/\/www.facebook.com\/encuentrosdepamplona\/","article_modified_time":"2024-04-09T14:39:30+00:00","og_image":[{"width":240,"height":240,"url":"https:\/\/www.losencuentrosdepamplona.com\/wp-content\/uploads\/2024\/04\/francisco-jarauta.jpg","type":"image\/jpeg"}],"twitter_card":"summary_large_image","twitter_site":"@encuentros2024","twitter_misc":{"Est. reading time":"1 minute"},"schema":{"@context":"https:\/\/schema.org","@graph":[{"@type":"WebPage","@id":"https:\/\/www.losencuentrosdepamplona.com\/eu\/participante\/francisco-jarauta-2\/","url":"https:\/\/www.losencuentrosdepamplona.com\/eu\/participante\/francisco-jarauta-2\/","name":"Francisco Jarauta - Encuentros de Pamplona \/ Iru\u00f1eko Topaketak","isPartOf":{"@id":"https:\/\/www.losencuentrosdepamplona.com\/#website"},"primaryImageOfPage":{"@id":"https:\/\/www.losencuentrosdepamplona.com\/eu\/participante\/francisco-jarauta-2\/#primaryimage"},"image":{"@id":"https:\/\/www.losencuentrosdepamplona.com\/eu\/participante\/francisco-jarauta-2\/#primaryimage"},"thumbnailUrl":"https:\/\/www.losencuentrosdepamplona.com\/wp-content\/uploads\/2024\/04\/francisco-jarauta.jpg","datePublished":"2024-04-09T14:36:19+00:00","dateModified":"2024-04-09T14:39:30+00:00","breadcrumb":{"@id":"https:\/\/www.losencuentrosdepamplona.com\/eu\/participante\/francisco-jarauta-2\/#breadcrumb"},"inLanguage":"eu-ES","potentialAction":[{"@type":"ReadAction","target":["https:\/\/www.losencuentrosdepamplona.com\/eu\/participante\/francisco-jarauta-2\/"]}]},{"@type":"ImageObject","inLanguage":"eu-ES","@id":"https:\/\/www.losencuentrosdepamplona.com\/eu\/participante\/francisco-jarauta-2\/#primaryimage","url":"https:\/\/www.losencuentrosdepamplona.com\/wp-content\/uploads\/2024\/04\/francisco-jarauta.jpg","contentUrl":"https:\/\/www.losencuentrosdepamplona.com\/wp-content\/uploads\/2024\/04\/francisco-jarauta.jpg","width":240,"height":240,"caption":"20-01-2022- FRANCISCO JARAUTA EN SU CASA"},{"@type":"BreadcrumbList","@id":"https:\/\/www.losencuentrosdepamplona.com\/eu\/participante\/francisco-jarauta-2\/#breadcrumb","itemListElement":[{"@type":"ListItem","position":1,"name":"Portada","item":"https:\/\/www.losencuentrosdepamplona.com\/eu\/"},{"@type":"ListItem","position":2,"name":"Francisco Jarauta"}]},{"@type":"WebSite","@id":"https:\/\/www.losencuentrosdepamplona.com\/#website","url":"https:\/\/www.losencuentrosdepamplona.com\/","name":"Encuentros de Pamplona \/ Iru\u00f1eko Topaketak","description":"Bienal internacional de cultura, arte y pensamiento","publisher":{"@id":"https:\/\/www.losencuentrosdepamplona.com\/#organization"},"potentialAction":[{"@type":"SearchAction","target":{"@type":"EntryPoint","urlTemplate":"https:\/\/www.losencuentrosdepamplona.com\/?s={search_term_string}"},"query-input":{"@type":"PropertyValueSpecification","valueRequired":true,"valueName":"search_term_string"}}],"inLanguage":"eu-ES"},{"@type":"Organization","@id":"https:\/\/www.losencuentrosdepamplona.com\/#organization","name":"Encuentros de Pamplona \/ Iru\u00f1eko Topaketak","url":"https:\/\/www.losencuentrosdepamplona.com\/","logo":{"@type":"ImageObject","inLanguage":"eu-ES","@id":"https:\/\/www.losencuentrosdepamplona.com\/#\/schema\/logo\/image\/","url":"https:\/\/www.losencuentrosdepamplona.com\/wp-content\/uploads\/2024\/02\/encuentros__mid-dark.svg","contentUrl":"https:\/\/www.losencuentrosdepamplona.com\/wp-content\/uploads\/2024\/02\/encuentros__mid-dark.svg","width":1103,"height":294,"caption":"Encuentros de Pamplona \/ Iru\u00f1eko Topaketak"},"image":{"@id":"https:\/\/www.losencuentrosdepamplona.com\/#\/schema\/logo\/image\/"},"sameAs":["https:\/\/www.facebook.com\/encuentrosdepamplona\/","https:\/\/x.com\/encuentros2024","https:\/\/www.instagram.com\/losencuentrosdepamplona\/?hl=es"]}]}},"uagb_featured_image_src":{"full":["https:\/\/www.losencuentrosdepamplona.com\/wp-content\/uploads\/2024\/04\/francisco-jarauta.jpg",240,240,false],"thumbnail":["https:\/\/www.losencuentrosdepamplona.com\/wp-content\/uploads\/2024\/04\/francisco-jarauta-150x150.jpg",150,150,true],"medium":["https:\/\/www.losencuentrosdepamplona.com\/wp-content\/uploads\/2024\/04\/francisco-jarauta.jpg",240,240,false],"medium_large":["https:\/\/www.losencuentrosdepamplona.com\/wp-content\/uploads\/2024\/04\/francisco-jarauta.jpg",240,240,false],"large":["https:\/\/www.losencuentrosdepamplona.com\/wp-content\/uploads\/2024\/04\/francisco-jarauta.jpg",240,240,false],"thumblist":["https:\/\/www.losencuentrosdepamplona.com\/wp-content\/uploads\/2024\/04\/francisco-jarauta.jpg",240,240,false],"thumbrelated":["https:\/\/www.losencuentrosdepamplona.com\/wp-content\/uploads\/2024\/04\/francisco-jarauta.jpg",240,240,false],"meccarouselthumb":["https:\/\/www.losencuentrosdepamplona.com\/wp-content\/uploads\/2024\/04\/francisco-jarauta.jpg",240,240,false],"gridsquare":["https:\/\/www.losencuentrosdepamplona.com\/wp-content\/uploads\/2024\/04\/francisco-jarauta.jpg",240,240,false],"tileview":["https:\/\/www.losencuentrosdepamplona.com\/wp-content\/uploads\/2024\/04\/francisco-jarauta.jpg",240,240,false],"1536x1536":["https:\/\/www.losencuentrosdepamplona.com\/wp-content\/uploads\/2024\/04\/francisco-jarauta.jpg",240,240,false],"2048x2048":["https:\/\/www.losencuentrosdepamplona.com\/wp-content\/uploads\/2024\/04\/francisco-jarauta.jpg",240,240,false],"neve-blog":["https:\/\/www.losencuentrosdepamplona.com\/wp-content\/uploads\/2024\/04\/francisco-jarauta.jpg",240,240,false]},"uagb_author_info":{"display_name":"ec6eef2fcc","author_link":"https:\/\/www.losencuentrosdepamplona.com\/eu\/author\/"},"uagb_comment_info":0,"uagb_excerpt":"Filosofiako katedraduna da Murtziako Unibertsitatean. Historia, Artearen Historia eta Filosofiako ikasketak egin zituen Valentzia, Erroma, M\u00fcnster, Berlin eta Parisko unibertsitateetan. Haren lanak Ideien historia, Kulturaren soziologia eta Artearen teoria arloetan birbideratzen dira. Besteak beste, lan hauek aipa daitezke:&nbsp;Kierkegaard. Los l\u00edmites de la dial\u00e9ctica del individuo, La filosof\u00eda y su otro, Fragmento y totalidad: los l\u00edmites&hellip;&nbsp;Read&hellip;","_links":{"self":[{"href":"https:\/\/www.losencuentrosdepamplona.com\/eu\/wp-json\/wp\/v2\/participante\/2664","targetHints":{"allow":["GET"]}}],"collection":[{"href":"https:\/\/www.losencuentrosdepamplona.com\/eu\/wp-json\/wp\/v2\/participante"}],"about":[{"href":"https:\/\/www.losencuentrosdepamplona.com\/eu\/wp-json\/wp\/v2\/types\/participante"}],"wp:featuredmedia":[{"embeddable":true,"href":"https:\/\/www.losencuentrosdepamplona.com\/eu\/wp-json\/wp\/v2\/media\/2662"}],"wp:attachment":[{"href":"https:\/\/www.losencuentrosdepamplona.com\/eu\/wp-json\/wp\/v2\/media?parent=2664"}],"wp:term":[{"taxonomy":"categoria-participante","embeddable":true,"href":"https:\/\/www.losencuentrosdepamplona.com\/eu\/wp-json\/wp\/v2\/categoria-participante?post=2664"}],"curies":[{"name":"wp","href":"https:\/\/api.w.org\/{rel}","templated":true}]}}