{"id":2867,"date":"2024-04-10T12:26:26","date_gmt":"2024-04-10T10:26:26","guid":{"rendered":"https:\/\/www.losencuentrosdepamplona.com\/participante\/adan-kovacsics\/"},"modified":"2024-04-10T12:27:42","modified_gmt":"2024-04-10T10:27:42","slug":"adan-kovacsics","status":"publish","type":"participante","link":"https:\/\/www.losencuentrosdepamplona.com\/eu\/participante\/adan-kovacsics\/","title":{"rendered":"Adan Kovacsics"},"content":{"rendered":"\n<p>Santiagon jaio zen (Txile, 1953), Vienan ikasi zuen eta Espainian bizi da 1980az geroztik. Bertan, literatura itzulpenean jarduten da eta idatzi egiten du. Funtsean Austriako eta Hungariako autoreen lanak itzultzen ditu, hala nola Stefan Zweig, Karl Kraus, Arthur Schnitzler, Imre Kert\u00e9sz edo L\u00e1szl\u00f3 Krasznahorkai. Goethe edo Franz Kafka klasikoak ere itzuli ditu.&nbsp;<\/p>\n\n\n\n<p>Gainera, saiakerak eta fikziozko liburuak ere idatzi ditu:&nbsp;<em>Guerra y lenguaje<\/em>,<em>&nbsp;Karl Kraus en los \u00faltimos d\u00edas de la humanidad,<\/em>&nbsp;<em>El vuelo de Europa<\/em>,&nbsp;<em>Las leyes de la extranjer\u00eda.<\/em>&nbsp;Espainiako Kultura Ministerioaren Itzulpen Sari Nazionala, Austriako Literatura Itzulpeneko Estatuko Saria (biak ala biak 2010ean) eta Hungariako Balassi Itzulpen Sari Handia (2017) jaso ditu. Alemaniako Hizkuntza eta Literatura Akademiaren kidea da.<\/p>\n","protected":false},"featured_media":2865,"template":"","categoria-participante":[94],"class_list":["post-2867","participante","type-participante","status-publish","has-post-thumbnail","hentry","categoria-participante-literatura-labanaren-ahoan"],"acf":[],"yoast_head":"<!-- This site is optimized with the Yoast SEO plugin v23.5 - https:\/\/yoast.com\/wordpress\/plugins\/seo\/ -->\n<title>Adan Kovacsics - Encuentros de Pamplona \/ Iru\u00f1eko Topaketak<\/title>\n<meta name=\"robots\" content=\"index, follow, max-snippet:-1, max-image-preview:large, max-video-preview:-1\" \/>\n<link rel=\"canonical\" href=\"https:\/\/www.losencuentrosdepamplona.com\/participante\/adan-kovacsics\/\" \/>\n<meta property=\"og:locale\" content=\"eu_ES\" \/>\n<meta property=\"og:type\" content=\"article\" \/>\n<meta property=\"og:title\" content=\"Adan Kovacsics - Encuentros de Pamplona \/ Iru\u00f1eko Topaketak\" \/>\n<meta property=\"og:description\" content=\"Santiagon jaio zen (Txile, 1953), Vienan ikasi zuen eta Espainian bizi da 1980az geroztik. Bertan, literatura itzulpenean jarduten da eta idatzi egiten du. Funtsean Austriako eta Hungariako autoreen lanak itzultzen ditu, hala nola Stefan Zweig, Karl Kraus, Arthur Schnitzler, Imre Kert\u00e9sz edo L\u00e1szl\u00f3 Krasznahorkai. Goethe edo Franz Kafka klasikoak ere itzuli ditu.&nbsp; Gainera, saiakerak eta&hellip;&nbsp;Read More &raquo;Adan Kovacsics\" \/>\n<meta property=\"og:url\" content=\"https:\/\/www.losencuentrosdepamplona.com\/participante\/adan-kovacsics\/\" \/>\n<meta property=\"og:site_name\" content=\"Encuentros de Pamplona \/ Iru\u00f1eko Topaketak\" \/>\n<meta property=\"article:publisher\" content=\"https:\/\/www.facebook.com\/encuentrosdepamplona\/\" \/>\n<meta property=\"article:modified_time\" content=\"2024-04-10T10:27:42+00:00\" \/>\n<meta property=\"og:image\" content=\"https:\/\/www.losencuentrosdepamplona.com\/wp-content\/uploads\/2024\/04\/adan-kovacsics-760x760-1.jpg\" \/>\n\t<meta property=\"og:image:width\" content=\"760\" \/>\n\t<meta property=\"og:image:height\" content=\"760\" \/>\n\t<meta property=\"og:image:type\" content=\"image\/jpeg\" \/>\n<meta name=\"twitter:card\" content=\"summary_large_image\" \/>\n<meta name=\"twitter:site\" content=\"@encuentros2024\" \/>\n<meta name=\"twitter:label1\" content=\"Est. reading time\" \/>\n\t<meta name=\"twitter:data1\" content=\"1 minute\" \/>\n<script type=\"application\/ld+json\" class=\"yoast-schema-graph\">{\"@context\":\"https:\/\/schema.org\",\"@graph\":[{\"@type\":\"WebPage\",\"@id\":\"https:\/\/www.losencuentrosdepamplona.com\/participante\/adan-kovacsics\/\",\"url\":\"https:\/\/www.losencuentrosdepamplona.com\/participante\/adan-kovacsics\/\",\"name\":\"Adan Kovacsics - Encuentros de Pamplona \/ Iru\u00f1eko Topaketak\",\"isPartOf\":{\"@id\":\"https:\/\/www.losencuentrosdepamplona.com\/#website\"},\"primaryImageOfPage\":{\"@id\":\"https:\/\/www.losencuentrosdepamplona.com\/participante\/adan-kovacsics\/#primaryimage\"},\"image\":{\"@id\":\"https:\/\/www.losencuentrosdepamplona.com\/participante\/adan-kovacsics\/#primaryimage\"},\"thumbnailUrl\":\"https:\/\/www.losencuentrosdepamplona.com\/wp-content\/uploads\/2024\/04\/adan-kovacsics-760x760-1.jpg\",\"datePublished\":\"2024-04-10T10:26:26+00:00\",\"dateModified\":\"2024-04-10T10:27:42+00:00\",\"breadcrumb\":{\"@id\":\"https:\/\/www.losencuentrosdepamplona.com\/participante\/adan-kovacsics\/#breadcrumb\"},\"inLanguage\":\"eu-ES\",\"potentialAction\":[{\"@type\":\"ReadAction\",\"target\":[\"https:\/\/www.losencuentrosdepamplona.com\/participante\/adan-kovacsics\/\"]}]},{\"@type\":\"ImageObject\",\"inLanguage\":\"eu-ES\",\"@id\":\"https:\/\/www.losencuentrosdepamplona.com\/participante\/adan-kovacsics\/#primaryimage\",\"url\":\"https:\/\/www.losencuentrosdepamplona.com\/wp-content\/uploads\/2024\/04\/adan-kovacsics-760x760-1.jpg\",\"contentUrl\":\"https:\/\/www.losencuentrosdepamplona.com\/wp-content\/uploads\/2024\/04\/adan-kovacsics-760x760-1.jpg\",\"width\":760,\"height\":760},{\"@type\":\"BreadcrumbList\",\"@id\":\"https:\/\/www.losencuentrosdepamplona.com\/participante\/adan-kovacsics\/#breadcrumb\",\"itemListElement\":[{\"@type\":\"ListItem\",\"position\":1,\"name\":\"Portada\",\"item\":\"https:\/\/www.losencuentrosdepamplona.com\/eu\/\"},{\"@type\":\"ListItem\",\"position\":2,\"name\":\"Adan Kovacsics\"}]},{\"@type\":\"WebSite\",\"@id\":\"https:\/\/www.losencuentrosdepamplona.com\/#website\",\"url\":\"https:\/\/www.losencuentrosdepamplona.com\/\",\"name\":\"Encuentros de Pamplona \/ Iru\u00f1eko Topaketak\",\"description\":\"Bienal internacional de cultura, arte y pensamiento\",\"publisher\":{\"@id\":\"https:\/\/www.losencuentrosdepamplona.com\/#organization\"},\"potentialAction\":[{\"@type\":\"SearchAction\",\"target\":{\"@type\":\"EntryPoint\",\"urlTemplate\":\"https:\/\/www.losencuentrosdepamplona.com\/?s={search_term_string}\"},\"query-input\":{\"@type\":\"PropertyValueSpecification\",\"valueRequired\":true,\"valueName\":\"search_term_string\"}}],\"inLanguage\":\"eu-ES\"},{\"@type\":\"Organization\",\"@id\":\"https:\/\/www.losencuentrosdepamplona.com\/#organization\",\"name\":\"Encuentros de Pamplona \/ Iru\u00f1eko Topaketak\",\"url\":\"https:\/\/www.losencuentrosdepamplona.com\/\",\"logo\":{\"@type\":\"ImageObject\",\"inLanguage\":\"eu-ES\",\"@id\":\"https:\/\/www.losencuentrosdepamplona.com\/#\/schema\/logo\/image\/\",\"url\":\"https:\/\/www.losencuentrosdepamplona.com\/wp-content\/uploads\/2024\/02\/encuentros__mid-dark.svg\",\"contentUrl\":\"https:\/\/www.losencuentrosdepamplona.com\/wp-content\/uploads\/2024\/02\/encuentros__mid-dark.svg\",\"width\":1103,\"height\":294,\"caption\":\"Encuentros de Pamplona \/ Iru\u00f1eko Topaketak\"},\"image\":{\"@id\":\"https:\/\/www.losencuentrosdepamplona.com\/#\/schema\/logo\/image\/\"},\"sameAs\":[\"https:\/\/www.facebook.com\/encuentrosdepamplona\/\",\"https:\/\/x.com\/encuentros2024\",\"https:\/\/www.instagram.com\/losencuentrosdepamplona\/?hl=es\"]}]}<\/script>\n<!-- \/ Yoast SEO plugin. -->","yoast_head_json":{"title":"Adan Kovacsics - Encuentros de Pamplona \/ Iru\u00f1eko Topaketak","robots":{"index":"index","follow":"follow","max-snippet":"max-snippet:-1","max-image-preview":"max-image-preview:large","max-video-preview":"max-video-preview:-1"},"canonical":"https:\/\/www.losencuentrosdepamplona.com\/participante\/adan-kovacsics\/","og_locale":"eu_ES","og_type":"article","og_title":"Adan Kovacsics - Encuentros de Pamplona \/ Iru\u00f1eko Topaketak","og_description":"Santiagon jaio zen (Txile, 1953), Vienan ikasi zuen eta Espainian bizi da 1980az geroztik. Bertan, literatura itzulpenean jarduten da eta idatzi egiten du. Funtsean Austriako eta Hungariako autoreen lanak itzultzen ditu, hala nola Stefan Zweig, Karl Kraus, Arthur Schnitzler, Imre Kert\u00e9sz edo L\u00e1szl\u00f3 Krasznahorkai. Goethe edo Franz Kafka klasikoak ere itzuli ditu.&nbsp; Gainera, saiakerak eta&hellip;&nbsp;Read More &raquo;Adan Kovacsics","og_url":"https:\/\/www.losencuentrosdepamplona.com\/participante\/adan-kovacsics\/","og_site_name":"Encuentros de Pamplona \/ Iru\u00f1eko Topaketak","article_publisher":"https:\/\/www.facebook.com\/encuentrosdepamplona\/","article_modified_time":"2024-04-10T10:27:42+00:00","og_image":[{"width":760,"height":760,"url":"https:\/\/www.losencuentrosdepamplona.com\/wp-content\/uploads\/2024\/04\/adan-kovacsics-760x760-1.jpg","type":"image\/jpeg"}],"twitter_card":"summary_large_image","twitter_site":"@encuentros2024","twitter_misc":{"Est. reading time":"1 minute"},"schema":{"@context":"https:\/\/schema.org","@graph":[{"@type":"WebPage","@id":"https:\/\/www.losencuentrosdepamplona.com\/participante\/adan-kovacsics\/","url":"https:\/\/www.losencuentrosdepamplona.com\/participante\/adan-kovacsics\/","name":"Adan Kovacsics - Encuentros de Pamplona \/ Iru\u00f1eko Topaketak","isPartOf":{"@id":"https:\/\/www.losencuentrosdepamplona.com\/#website"},"primaryImageOfPage":{"@id":"https:\/\/www.losencuentrosdepamplona.com\/participante\/adan-kovacsics\/#primaryimage"},"image":{"@id":"https:\/\/www.losencuentrosdepamplona.com\/participante\/adan-kovacsics\/#primaryimage"},"thumbnailUrl":"https:\/\/www.losencuentrosdepamplona.com\/wp-content\/uploads\/2024\/04\/adan-kovacsics-760x760-1.jpg","datePublished":"2024-04-10T10:26:26+00:00","dateModified":"2024-04-10T10:27:42+00:00","breadcrumb":{"@id":"https:\/\/www.losencuentrosdepamplona.com\/participante\/adan-kovacsics\/#breadcrumb"},"inLanguage":"eu-ES","potentialAction":[{"@type":"ReadAction","target":["https:\/\/www.losencuentrosdepamplona.com\/participante\/adan-kovacsics\/"]}]},{"@type":"ImageObject","inLanguage":"eu-ES","@id":"https:\/\/www.losencuentrosdepamplona.com\/participante\/adan-kovacsics\/#primaryimage","url":"https:\/\/www.losencuentrosdepamplona.com\/wp-content\/uploads\/2024\/04\/adan-kovacsics-760x760-1.jpg","contentUrl":"https:\/\/www.losencuentrosdepamplona.com\/wp-content\/uploads\/2024\/04\/adan-kovacsics-760x760-1.jpg","width":760,"height":760},{"@type":"BreadcrumbList","@id":"https:\/\/www.losencuentrosdepamplona.com\/participante\/adan-kovacsics\/#breadcrumb","itemListElement":[{"@type":"ListItem","position":1,"name":"Portada","item":"https:\/\/www.losencuentrosdepamplona.com\/eu\/"},{"@type":"ListItem","position":2,"name":"Adan Kovacsics"}]},{"@type":"WebSite","@id":"https:\/\/www.losencuentrosdepamplona.com\/#website","url":"https:\/\/www.losencuentrosdepamplona.com\/","name":"Encuentros de Pamplona \/ Iru\u00f1eko Topaketak","description":"Bienal internacional de cultura, arte y pensamiento","publisher":{"@id":"https:\/\/www.losencuentrosdepamplona.com\/#organization"},"potentialAction":[{"@type":"SearchAction","target":{"@type":"EntryPoint","urlTemplate":"https:\/\/www.losencuentrosdepamplona.com\/?s={search_term_string}"},"query-input":{"@type":"PropertyValueSpecification","valueRequired":true,"valueName":"search_term_string"}}],"inLanguage":"eu-ES"},{"@type":"Organization","@id":"https:\/\/www.losencuentrosdepamplona.com\/#organization","name":"Encuentros de Pamplona \/ Iru\u00f1eko Topaketak","url":"https:\/\/www.losencuentrosdepamplona.com\/","logo":{"@type":"ImageObject","inLanguage":"eu-ES","@id":"https:\/\/www.losencuentrosdepamplona.com\/#\/schema\/logo\/image\/","url":"https:\/\/www.losencuentrosdepamplona.com\/wp-content\/uploads\/2024\/02\/encuentros__mid-dark.svg","contentUrl":"https:\/\/www.losencuentrosdepamplona.com\/wp-content\/uploads\/2024\/02\/encuentros__mid-dark.svg","width":1103,"height":294,"caption":"Encuentros de Pamplona \/ Iru\u00f1eko Topaketak"},"image":{"@id":"https:\/\/www.losencuentrosdepamplona.com\/#\/schema\/logo\/image\/"},"sameAs":["https:\/\/www.facebook.com\/encuentrosdepamplona\/","https:\/\/x.com\/encuentros2024","https:\/\/www.instagram.com\/losencuentrosdepamplona\/?hl=es"]}]}},"uagb_featured_image_src":{"full":["https:\/\/www.losencuentrosdepamplona.com\/wp-content\/uploads\/2024\/04\/adan-kovacsics-760x760-1.jpg",760,760,false],"thumbnail":["https:\/\/www.losencuentrosdepamplona.com\/wp-content\/uploads\/2024\/04\/adan-kovacsics-760x760-1-150x150.jpg",150,150,true],"medium":["https:\/\/www.losencuentrosdepamplona.com\/wp-content\/uploads\/2024\/04\/adan-kovacsics-760x760-1-300x300.jpg",300,300,true],"medium_large":["https:\/\/www.losencuentrosdepamplona.com\/wp-content\/uploads\/2024\/04\/adan-kovacsics-760x760-1.jpg",760,760,false],"large":["https:\/\/www.losencuentrosdepamplona.com\/wp-content\/uploads\/2024\/04\/adan-kovacsics-760x760-1.jpg",760,760,false],"thumblist":["https:\/\/www.losencuentrosdepamplona.com\/wp-content\/uploads\/2024\/04\/adan-kovacsics-760x760-1.jpg",300,300,false],"thumbrelated":["https:\/\/www.losencuentrosdepamplona.com\/wp-content\/uploads\/2024\/04\/adan-kovacsics-760x760-1.jpg",500,500,false],"meccarouselthumb":["https:\/\/www.losencuentrosdepamplona.com\/wp-content\/uploads\/2024\/04\/adan-kovacsics-760x760-1.jpg",324,324,false],"gridsquare":["https:\/\/www.losencuentrosdepamplona.com\/wp-content\/uploads\/2024\/04\/adan-kovacsics-760x760-1.jpg",260,260,false],"tileview":["https:\/\/www.losencuentrosdepamplona.com\/wp-content\/uploads\/2024\/04\/adan-kovacsics-760x760-1.jpg",300,300,false],"1536x1536":["https:\/\/www.losencuentrosdepamplona.com\/wp-content\/uploads\/2024\/04\/adan-kovacsics-760x760-1.jpg",760,760,false],"2048x2048":["https:\/\/www.losencuentrosdepamplona.com\/wp-content\/uploads\/2024\/04\/adan-kovacsics-760x760-1.jpg",760,760,false],"neve-blog":["https:\/\/www.losencuentrosdepamplona.com\/wp-content\/uploads\/2024\/04\/adan-kovacsics-760x760-1-760x620.jpg",760,620,true]},"uagb_author_info":{"display_name":"ec6eef2fcc","author_link":"https:\/\/www.losencuentrosdepamplona.com\/eu\/author\/"},"uagb_comment_info":0,"uagb_excerpt":"Santiagon jaio zen (Txile, 1953), Vienan ikasi zuen eta Espainian bizi da 1980az geroztik. Bertan, literatura itzulpenean jarduten da eta idatzi egiten du. Funtsean Austriako eta Hungariako autoreen lanak itzultzen ditu, hala nola Stefan Zweig, Karl Kraus, Arthur Schnitzler, Imre Kert\u00e9sz edo L\u00e1szl\u00f3 Krasznahorkai. Goethe edo Franz Kafka klasikoak ere itzuli ditu.&nbsp; Gainera, saiakerak eta&hellip;&nbsp;Read&hellip;","_links":{"self":[{"href":"https:\/\/www.losencuentrosdepamplona.com\/eu\/wp-json\/wp\/v2\/participante\/2867","targetHints":{"allow":["GET"]}}],"collection":[{"href":"https:\/\/www.losencuentrosdepamplona.com\/eu\/wp-json\/wp\/v2\/participante"}],"about":[{"href":"https:\/\/www.losencuentrosdepamplona.com\/eu\/wp-json\/wp\/v2\/types\/participante"}],"wp:featuredmedia":[{"embeddable":true,"href":"https:\/\/www.losencuentrosdepamplona.com\/eu\/wp-json\/wp\/v2\/media\/2865"}],"wp:attachment":[{"href":"https:\/\/www.losencuentrosdepamplona.com\/eu\/wp-json\/wp\/v2\/media?parent=2867"}],"wp:term":[{"taxonomy":"categoria-participante","embeddable":true,"href":"https:\/\/www.losencuentrosdepamplona.com\/eu\/wp-json\/wp\/v2\/categoria-participante?post=2867"}],"curies":[{"name":"wp","href":"https:\/\/api.w.org\/{rel}","templated":true}]}}