{"id":2954,"date":"2024-04-10T15:15:07","date_gmt":"2024-04-10T13:15:07","guid":{"rendered":"https:\/\/www.losencuentrosdepamplona.com\/participante\/sol-pico\/"},"modified":"2024-04-10T15:16:04","modified_gmt":"2024-04-10T13:16:04","slug":"sol-pico","status":"publish","type":"participante","link":"https:\/\/www.losencuentrosdepamplona.com\/eu\/participante\/sol-pico\/","title":{"rendered":"Sol Pic\u00f3"},"content":{"rendered":"\n<p>Bartzelonan bizi den koreografoa eta dantzaria da Sol Pic\u00f3, eta dantza klasikoa, espainiarra eta garaikidea ezagutzen ditu. Haren koreografia lanetan hiru diziplina horiek senti daitezke, nahiz eta dantzaren adierazpenik garaikideenean kokatua egon; izan ere, dantza garaikidearen figura nabarmenetako bat da Sol Pic\u00f3.&nbsp;<\/p>\n\n\n\n<p>1993an, Sol Pic\u00f3 Dantza Konpainia sortu zuen, eta bertan garatu du bere zigilu guztiz pertsonala. Hogeita hamar ikuskizun baino gehiago zuzendu eta interpretatu ditu, eta kontinente guztietako herrialdeetan barrena ibili da.<\/p>\n\n\n\n<p>New Yorkeko Movement Research erakundean trebatu zen, eta interprete eta koreografo gisa lan egin du nazioarteko hainbat konpainiatan eta sortzailerekin; horien artean, Andr\u00e9s Lima, Carme Portaceli edo Sergi Belbel antzerkigileak daude. Gainera, film laburretan eta luzeetan ere lan egin du.&nbsp;<\/p>\n\n\n\n<p>Hainbat sari jaso ditu. Besteak beste, Valentziako Arte Eszenikoen Saria (4 aldiz), Max Saria (10 aldiz), Kataluniako Dantza Sari Nazionala (2004), Dantzako Bartzelona Hiria Saria (2015), Dantza Sari Nazionala (2016) eta Sant Jordiko Gurutzea (2020).<\/p>\n\n\n\n<p>Argazkia&nbsp;\u00a9 Jordi Vidal<\/p>\n","protected":false},"featured_media":2952,"template":"","categoria-participante":[103],"class_list":["post-2954","participante","type-participante","status-publish","has-post-thumbnail","hentry","categoria-participante-mundua-sortzea-behatzea-entzutea"],"acf":[],"yoast_head":"<!-- This site is optimized with the Yoast SEO plugin v23.5 - https:\/\/yoast.com\/wordpress\/plugins\/seo\/ -->\n<title>Sol Pic\u00f3 - Encuentros de Pamplona \/ Iru\u00f1eko Topaketak<\/title>\n<meta name=\"robots\" content=\"index, follow, max-snippet:-1, max-image-preview:large, max-video-preview:-1\" \/>\n<link rel=\"canonical\" href=\"https:\/\/www.losencuentrosdepamplona.com\/participante\/sol-pico\/\" \/>\n<meta property=\"og:locale\" content=\"eu_ES\" \/>\n<meta property=\"og:type\" content=\"article\" \/>\n<meta property=\"og:title\" content=\"Sol Pic\u00f3 - Encuentros de Pamplona \/ Iru\u00f1eko Topaketak\" \/>\n<meta property=\"og:description\" content=\"Bartzelonan bizi den koreografoa eta dantzaria da Sol Pic\u00f3, eta dantza klasikoa, espainiarra eta garaikidea ezagutzen ditu. Haren koreografia lanetan hiru diziplina horiek senti daitezke, nahiz eta dantzaren adierazpenik garaikideenean kokatua egon; izan ere, dantza garaikidearen figura nabarmenetako bat da Sol Pic\u00f3.&nbsp; 1993an, Sol Pic\u00f3 Dantza Konpainia sortu zuen, eta bertan garatu du bere zigilu&hellip;&nbsp;Read More &raquo;Sol Pic\u00f3\" \/>\n<meta property=\"og:url\" content=\"https:\/\/www.losencuentrosdepamplona.com\/participante\/sol-pico\/\" \/>\n<meta property=\"og:site_name\" content=\"Encuentros de Pamplona \/ Iru\u00f1eko Topaketak\" \/>\n<meta property=\"article:publisher\" content=\"https:\/\/www.facebook.com\/encuentrosdepamplona\/\" \/>\n<meta property=\"article:modified_time\" content=\"2024-04-10T13:16:04+00:00\" \/>\n<meta property=\"og:image\" content=\"https:\/\/www.losencuentrosdepamplona.com\/wp-content\/uploads\/2024\/04\/Copia-de-10.-CREAR.-MALDITAS-PLUMAS-Jordi-Vidal-2-1-760x760-1.jpg\" \/>\n\t<meta property=\"og:image:width\" content=\"760\" \/>\n\t<meta property=\"og:image:height\" content=\"760\" \/>\n\t<meta property=\"og:image:type\" content=\"image\/jpeg\" \/>\n<meta name=\"twitter:card\" content=\"summary_large_image\" \/>\n<meta name=\"twitter:site\" content=\"@encuentros2024\" \/>\n<meta name=\"twitter:label1\" content=\"Est. reading time\" \/>\n\t<meta name=\"twitter:data1\" content=\"1 minute\" \/>\n<script type=\"application\/ld+json\" class=\"yoast-schema-graph\">{\"@context\":\"https:\/\/schema.org\",\"@graph\":[{\"@type\":\"WebPage\",\"@id\":\"https:\/\/www.losencuentrosdepamplona.com\/participante\/sol-pico\/\",\"url\":\"https:\/\/www.losencuentrosdepamplona.com\/participante\/sol-pico\/\",\"name\":\"Sol Pic\u00f3 - Encuentros de Pamplona \/ Iru\u00f1eko Topaketak\",\"isPartOf\":{\"@id\":\"https:\/\/www.losencuentrosdepamplona.com\/#website\"},\"primaryImageOfPage\":{\"@id\":\"https:\/\/www.losencuentrosdepamplona.com\/participante\/sol-pico\/#primaryimage\"},\"image\":{\"@id\":\"https:\/\/www.losencuentrosdepamplona.com\/participante\/sol-pico\/#primaryimage\"},\"thumbnailUrl\":\"https:\/\/www.losencuentrosdepamplona.com\/wp-content\/uploads\/2024\/04\/Copia-de-10.-CREAR.-MALDITAS-PLUMAS-Jordi-Vidal-2-1-760x760-1.jpg\",\"datePublished\":\"2024-04-10T13:15:07+00:00\",\"dateModified\":\"2024-04-10T13:16:04+00:00\",\"breadcrumb\":{\"@id\":\"https:\/\/www.losencuentrosdepamplona.com\/participante\/sol-pico\/#breadcrumb\"},\"inLanguage\":\"eu-ES\",\"potentialAction\":[{\"@type\":\"ReadAction\",\"target\":[\"https:\/\/www.losencuentrosdepamplona.com\/participante\/sol-pico\/\"]}]},{\"@type\":\"ImageObject\",\"inLanguage\":\"eu-ES\",\"@id\":\"https:\/\/www.losencuentrosdepamplona.com\/participante\/sol-pico\/#primaryimage\",\"url\":\"https:\/\/www.losencuentrosdepamplona.com\/wp-content\/uploads\/2024\/04\/Copia-de-10.-CREAR.-MALDITAS-PLUMAS-Jordi-Vidal-2-1-760x760-1.jpg\",\"contentUrl\":\"https:\/\/www.losencuentrosdepamplona.com\/wp-content\/uploads\/2024\/04\/Copia-de-10.-CREAR.-MALDITAS-PLUMAS-Jordi-Vidal-2-1-760x760-1.jpg\",\"width\":760,\"height\":760},{\"@type\":\"BreadcrumbList\",\"@id\":\"https:\/\/www.losencuentrosdepamplona.com\/participante\/sol-pico\/#breadcrumb\",\"itemListElement\":[{\"@type\":\"ListItem\",\"position\":1,\"name\":\"Portada\",\"item\":\"https:\/\/www.losencuentrosdepamplona.com\/eu\/\"},{\"@type\":\"ListItem\",\"position\":2,\"name\":\"Sol Pic\u00f3\"}]},{\"@type\":\"WebSite\",\"@id\":\"https:\/\/www.losencuentrosdepamplona.com\/#website\",\"url\":\"https:\/\/www.losencuentrosdepamplona.com\/\",\"name\":\"Encuentros de Pamplona \/ Iru\u00f1eko Topaketak\",\"description\":\"Bienal internacional de cultura, arte y pensamiento\",\"publisher\":{\"@id\":\"https:\/\/www.losencuentrosdepamplona.com\/#organization\"},\"potentialAction\":[{\"@type\":\"SearchAction\",\"target\":{\"@type\":\"EntryPoint\",\"urlTemplate\":\"https:\/\/www.losencuentrosdepamplona.com\/?s={search_term_string}\"},\"query-input\":{\"@type\":\"PropertyValueSpecification\",\"valueRequired\":true,\"valueName\":\"search_term_string\"}}],\"inLanguage\":\"eu-ES\"},{\"@type\":\"Organization\",\"@id\":\"https:\/\/www.losencuentrosdepamplona.com\/#organization\",\"name\":\"Encuentros de Pamplona \/ Iru\u00f1eko Topaketak\",\"url\":\"https:\/\/www.losencuentrosdepamplona.com\/\",\"logo\":{\"@type\":\"ImageObject\",\"inLanguage\":\"eu-ES\",\"@id\":\"https:\/\/www.losencuentrosdepamplona.com\/#\/schema\/logo\/image\/\",\"url\":\"https:\/\/www.losencuentrosdepamplona.com\/wp-content\/uploads\/2024\/02\/encuentros__mid-dark.svg\",\"contentUrl\":\"https:\/\/www.losencuentrosdepamplona.com\/wp-content\/uploads\/2024\/02\/encuentros__mid-dark.svg\",\"width\":1103,\"height\":294,\"caption\":\"Encuentros de Pamplona \/ Iru\u00f1eko Topaketak\"},\"image\":{\"@id\":\"https:\/\/www.losencuentrosdepamplona.com\/#\/schema\/logo\/image\/\"},\"sameAs\":[\"https:\/\/www.facebook.com\/encuentrosdepamplona\/\",\"https:\/\/x.com\/encuentros2024\",\"https:\/\/www.instagram.com\/losencuentrosdepamplona\/?hl=es\"]}]}<\/script>\n<!-- \/ Yoast SEO plugin. -->","yoast_head_json":{"title":"Sol Pic\u00f3 - Encuentros de Pamplona \/ Iru\u00f1eko Topaketak","robots":{"index":"index","follow":"follow","max-snippet":"max-snippet:-1","max-image-preview":"max-image-preview:large","max-video-preview":"max-video-preview:-1"},"canonical":"https:\/\/www.losencuentrosdepamplona.com\/participante\/sol-pico\/","og_locale":"eu_ES","og_type":"article","og_title":"Sol Pic\u00f3 - Encuentros de Pamplona \/ Iru\u00f1eko Topaketak","og_description":"Bartzelonan bizi den koreografoa eta dantzaria da Sol Pic\u00f3, eta dantza klasikoa, espainiarra eta garaikidea ezagutzen ditu. Haren koreografia lanetan hiru diziplina horiek senti daitezke, nahiz eta dantzaren adierazpenik garaikideenean kokatua egon; izan ere, dantza garaikidearen figura nabarmenetako bat da Sol Pic\u00f3.&nbsp; 1993an, Sol Pic\u00f3 Dantza Konpainia sortu zuen, eta bertan garatu du bere zigilu&hellip;&nbsp;Read More &raquo;Sol Pic\u00f3","og_url":"https:\/\/www.losencuentrosdepamplona.com\/participante\/sol-pico\/","og_site_name":"Encuentros de Pamplona \/ Iru\u00f1eko Topaketak","article_publisher":"https:\/\/www.facebook.com\/encuentrosdepamplona\/","article_modified_time":"2024-04-10T13:16:04+00:00","og_image":[{"width":760,"height":760,"url":"https:\/\/www.losencuentrosdepamplona.com\/wp-content\/uploads\/2024\/04\/Copia-de-10.-CREAR.-MALDITAS-PLUMAS-Jordi-Vidal-2-1-760x760-1.jpg","type":"image\/jpeg"}],"twitter_card":"summary_large_image","twitter_site":"@encuentros2024","twitter_misc":{"Est. reading time":"1 minute"},"schema":{"@context":"https:\/\/schema.org","@graph":[{"@type":"WebPage","@id":"https:\/\/www.losencuentrosdepamplona.com\/participante\/sol-pico\/","url":"https:\/\/www.losencuentrosdepamplona.com\/participante\/sol-pico\/","name":"Sol Pic\u00f3 - Encuentros de Pamplona \/ Iru\u00f1eko Topaketak","isPartOf":{"@id":"https:\/\/www.losencuentrosdepamplona.com\/#website"},"primaryImageOfPage":{"@id":"https:\/\/www.losencuentrosdepamplona.com\/participante\/sol-pico\/#primaryimage"},"image":{"@id":"https:\/\/www.losencuentrosdepamplona.com\/participante\/sol-pico\/#primaryimage"},"thumbnailUrl":"https:\/\/www.losencuentrosdepamplona.com\/wp-content\/uploads\/2024\/04\/Copia-de-10.-CREAR.-MALDITAS-PLUMAS-Jordi-Vidal-2-1-760x760-1.jpg","datePublished":"2024-04-10T13:15:07+00:00","dateModified":"2024-04-10T13:16:04+00:00","breadcrumb":{"@id":"https:\/\/www.losencuentrosdepamplona.com\/participante\/sol-pico\/#breadcrumb"},"inLanguage":"eu-ES","potentialAction":[{"@type":"ReadAction","target":["https:\/\/www.losencuentrosdepamplona.com\/participante\/sol-pico\/"]}]},{"@type":"ImageObject","inLanguage":"eu-ES","@id":"https:\/\/www.losencuentrosdepamplona.com\/participante\/sol-pico\/#primaryimage","url":"https:\/\/www.losencuentrosdepamplona.com\/wp-content\/uploads\/2024\/04\/Copia-de-10.-CREAR.-MALDITAS-PLUMAS-Jordi-Vidal-2-1-760x760-1.jpg","contentUrl":"https:\/\/www.losencuentrosdepamplona.com\/wp-content\/uploads\/2024\/04\/Copia-de-10.-CREAR.-MALDITAS-PLUMAS-Jordi-Vidal-2-1-760x760-1.jpg","width":760,"height":760},{"@type":"BreadcrumbList","@id":"https:\/\/www.losencuentrosdepamplona.com\/participante\/sol-pico\/#breadcrumb","itemListElement":[{"@type":"ListItem","position":1,"name":"Portada","item":"https:\/\/www.losencuentrosdepamplona.com\/eu\/"},{"@type":"ListItem","position":2,"name":"Sol Pic\u00f3"}]},{"@type":"WebSite","@id":"https:\/\/www.losencuentrosdepamplona.com\/#website","url":"https:\/\/www.losencuentrosdepamplona.com\/","name":"Encuentros de Pamplona \/ Iru\u00f1eko Topaketak","description":"Bienal internacional de cultura, arte y pensamiento","publisher":{"@id":"https:\/\/www.losencuentrosdepamplona.com\/#organization"},"potentialAction":[{"@type":"SearchAction","target":{"@type":"EntryPoint","urlTemplate":"https:\/\/www.losencuentrosdepamplona.com\/?s={search_term_string}"},"query-input":{"@type":"PropertyValueSpecification","valueRequired":true,"valueName":"search_term_string"}}],"inLanguage":"eu-ES"},{"@type":"Organization","@id":"https:\/\/www.losencuentrosdepamplona.com\/#organization","name":"Encuentros de Pamplona \/ Iru\u00f1eko Topaketak","url":"https:\/\/www.losencuentrosdepamplona.com\/","logo":{"@type":"ImageObject","inLanguage":"eu-ES","@id":"https:\/\/www.losencuentrosdepamplona.com\/#\/schema\/logo\/image\/","url":"https:\/\/www.losencuentrosdepamplona.com\/wp-content\/uploads\/2024\/02\/encuentros__mid-dark.svg","contentUrl":"https:\/\/www.losencuentrosdepamplona.com\/wp-content\/uploads\/2024\/02\/encuentros__mid-dark.svg","width":1103,"height":294,"caption":"Encuentros de Pamplona \/ Iru\u00f1eko Topaketak"},"image":{"@id":"https:\/\/www.losencuentrosdepamplona.com\/#\/schema\/logo\/image\/"},"sameAs":["https:\/\/www.facebook.com\/encuentrosdepamplona\/","https:\/\/x.com\/encuentros2024","https:\/\/www.instagram.com\/losencuentrosdepamplona\/?hl=es"]}]}},"uagb_featured_image_src":{"full":["https:\/\/www.losencuentrosdepamplona.com\/wp-content\/uploads\/2024\/04\/Copia-de-10.-CREAR.-MALDITAS-PLUMAS-Jordi-Vidal-2-1-760x760-1.jpg",760,760,false],"thumbnail":["https:\/\/www.losencuentrosdepamplona.com\/wp-content\/uploads\/2024\/04\/Copia-de-10.-CREAR.-MALDITAS-PLUMAS-Jordi-Vidal-2-1-760x760-1-150x150.jpg",150,150,true],"medium":["https:\/\/www.losencuentrosdepamplona.com\/wp-content\/uploads\/2024\/04\/Copia-de-10.-CREAR.-MALDITAS-PLUMAS-Jordi-Vidal-2-1-760x760-1-300x300.jpg",300,300,true],"medium_large":["https:\/\/www.losencuentrosdepamplona.com\/wp-content\/uploads\/2024\/04\/Copia-de-10.-CREAR.-MALDITAS-PLUMAS-Jordi-Vidal-2-1-760x760-1.jpg",760,760,false],"large":["https:\/\/www.losencuentrosdepamplona.com\/wp-content\/uploads\/2024\/04\/Copia-de-10.-CREAR.-MALDITAS-PLUMAS-Jordi-Vidal-2-1-760x760-1.jpg",760,760,false],"thumblist":["https:\/\/www.losencuentrosdepamplona.com\/wp-content\/uploads\/2024\/04\/Copia-de-10.-CREAR.-MALDITAS-PLUMAS-Jordi-Vidal-2-1-760x760-1.jpg",300,300,false],"thumbrelated":["https:\/\/www.losencuentrosdepamplona.com\/wp-content\/uploads\/2024\/04\/Copia-de-10.-CREAR.-MALDITAS-PLUMAS-Jordi-Vidal-2-1-760x760-1.jpg",500,500,false],"meccarouselthumb":["https:\/\/www.losencuentrosdepamplona.com\/wp-content\/uploads\/2024\/04\/Copia-de-10.-CREAR.-MALDITAS-PLUMAS-Jordi-Vidal-2-1-760x760-1.jpg",324,324,false],"gridsquare":["https:\/\/www.losencuentrosdepamplona.com\/wp-content\/uploads\/2024\/04\/Copia-de-10.-CREAR.-MALDITAS-PLUMAS-Jordi-Vidal-2-1-760x760-1.jpg",260,260,false],"tileview":["https:\/\/www.losencuentrosdepamplona.com\/wp-content\/uploads\/2024\/04\/Copia-de-10.-CREAR.-MALDITAS-PLUMAS-Jordi-Vidal-2-1-760x760-1.jpg",300,300,false],"1536x1536":["https:\/\/www.losencuentrosdepamplona.com\/wp-content\/uploads\/2024\/04\/Copia-de-10.-CREAR.-MALDITAS-PLUMAS-Jordi-Vidal-2-1-760x760-1.jpg",760,760,false],"2048x2048":["https:\/\/www.losencuentrosdepamplona.com\/wp-content\/uploads\/2024\/04\/Copia-de-10.-CREAR.-MALDITAS-PLUMAS-Jordi-Vidal-2-1-760x760-1.jpg",760,760,false],"neve-blog":["https:\/\/www.losencuentrosdepamplona.com\/wp-content\/uploads\/2024\/04\/Copia-de-10.-CREAR.-MALDITAS-PLUMAS-Jordi-Vidal-2-1-760x760-1-760x620.jpg",760,620,true]},"uagb_author_info":{"display_name":"ec6eef2fcc","author_link":"https:\/\/www.losencuentrosdepamplona.com\/eu\/author\/"},"uagb_comment_info":0,"uagb_excerpt":"Bartzelonan bizi den koreografoa eta dantzaria da Sol Pic\u00f3, eta dantza klasikoa, espainiarra eta garaikidea ezagutzen ditu. Haren koreografia lanetan hiru diziplina horiek senti daitezke, nahiz eta dantzaren adierazpenik garaikideenean kokatua egon; izan ere, dantza garaikidearen figura nabarmenetako bat da Sol Pic\u00f3.&nbsp; 1993an, Sol Pic\u00f3 Dantza Konpainia sortu zuen, eta bertan garatu du bere zigilu&hellip;&nbsp;Read&hellip;","_links":{"self":[{"href":"https:\/\/www.losencuentrosdepamplona.com\/eu\/wp-json\/wp\/v2\/participante\/2954","targetHints":{"allow":["GET"]}}],"collection":[{"href":"https:\/\/www.losencuentrosdepamplona.com\/eu\/wp-json\/wp\/v2\/participante"}],"about":[{"href":"https:\/\/www.losencuentrosdepamplona.com\/eu\/wp-json\/wp\/v2\/types\/participante"}],"wp:featuredmedia":[{"embeddable":true,"href":"https:\/\/www.losencuentrosdepamplona.com\/eu\/wp-json\/wp\/v2\/media\/2952"}],"wp:attachment":[{"href":"https:\/\/www.losencuentrosdepamplona.com\/eu\/wp-json\/wp\/v2\/media?parent=2954"}],"wp:term":[{"taxonomy":"categoria-participante","embeddable":true,"href":"https:\/\/www.losencuentrosdepamplona.com\/eu\/wp-json\/wp\/v2\/categoria-participante?post=2954"}],"curies":[{"name":"wp","href":"https:\/\/api.w.org\/{rel}","templated":true}]}}