{"id":3134,"date":"2024-04-11T14:51:58","date_gmt":"2024-04-11T12:51:58","guid":{"rendered":"https:\/\/www.losencuentrosdepamplona.com\/participante\/fermin-jimenez-landa\/"},"modified":"2024-04-11T14:53:40","modified_gmt":"2024-04-11T12:53:40","slug":"fermin-jimenez-landa","status":"publish","type":"participante","link":"https:\/\/www.losencuentrosdepamplona.com\/eu\/participante\/fermin-jimenez-landa\/","title":{"rendered":"Ferm\u00edn Jim\u00e9nez Landa"},"content":{"rendered":"\n<p>Hainbat lengoaiatatik \u2014marrazketa, argazkia, instalazioa edo bideoa\u2014 abiatzen da Iru\u00f1ean, 1979an, jaiotako artista hau; eremu publiko eta sozialetik, batez ere kaletik eta Internetetik, ateratzen dituen eguneroko planteamenduetan arakatzea du helburu.&nbsp;<em>\u201cInolako botererik ez duen ilusionismo euforiko bat, zeinak, absurdoaren erabilera produktibotik, prekarietate gogotsutik (ez, ordea, inozotik) eta normatiboaren gainditzetik, kontzeptualismo desharro eta txantxazale batek definitutako lan bat planteatzen baitu, kontzeptualismo horrek artearen eragin mikropolitikorako gaitasunean jartzen duela arreta. Edo, beste modu batean esanda, bere lanak barregarria bortxatzen du kontzienteki, nola eta gure bizi-erritmoetan aldi baterako denbora-pitzadurak sortzeko eta, horrela, ziurtzat jotzen genuen hura aldatzeko misio parodiko eta antiheroikoaz\u201d<\/em>, David Armengolen arabera.<\/p>\n\n\n\n<p>&nbsp;Hauetan erakutsi ditu lanak:&nbsp;<em>Manifesta 11<\/em>&nbsp;bi urtean behingoa, Zapopan (MAZ), Artium, Musac, CA2M eta Oteiza museoak, K\u00fcnstlerhaus Bethanien, Centro Bot\u00edn eta La casa Encendida, eta, galeriei dagokienez, Mois\u00e9s P\u00e9rez de Alb\u00e9niz, Traves\u00eda Cuatro, Nogueras Blanchrad eta Bacelos. Hauekin ere lan egin du: Consonni, Hagako 1646 eta Helsinkiko HIAP.<\/p>\n","protected":false},"featured_media":3132,"template":"","categoria-participante":[103],"class_list":["post-3134","participante","type-participante","status-publish","has-post-thumbnail","hentry","categoria-participante-mundua-sortzea-behatzea-entzutea"],"acf":[],"yoast_head":"<!-- This site is optimized with the Yoast SEO plugin v23.5 - https:\/\/yoast.com\/wordpress\/plugins\/seo\/ -->\n<title>Ferm\u00edn Jim\u00e9nez Landa - Encuentros de Pamplona \/ Iru\u00f1eko Topaketak<\/title>\n<meta name=\"robots\" content=\"index, follow, max-snippet:-1, max-image-preview:large, max-video-preview:-1\" \/>\n<link rel=\"canonical\" href=\"https:\/\/www.losencuentrosdepamplona.com\/participante\/fermin-jimenez-landa\/\" \/>\n<meta property=\"og:locale\" content=\"eu_ES\" \/>\n<meta property=\"og:type\" content=\"article\" \/>\n<meta property=\"og:title\" content=\"Ferm\u00edn Jim\u00e9nez Landa - Encuentros de Pamplona \/ Iru\u00f1eko Topaketak\" \/>\n<meta property=\"og:description\" content=\"Hainbat lengoaiatatik \u2014marrazketa, argazkia, instalazioa edo bideoa\u2014 abiatzen da Iru\u00f1ean, 1979an, jaiotako artista hau; eremu publiko eta sozialetik, batez ere kaletik eta Internetetik, ateratzen dituen eguneroko planteamenduetan arakatzea du helburu.&nbsp;\u201cInolako botererik ez duen ilusionismo euforiko bat, zeinak, absurdoaren erabilera produktibotik, prekarietate gogotsutik (ez, ordea, inozotik) eta normatiboaren gainditzetik, kontzeptualismo desharro eta txantxazale batek definitutako lan&hellip;&nbsp;Read More &raquo;Ferm\u00edn Jim\u00e9nez Landa\" \/>\n<meta property=\"og:url\" content=\"https:\/\/www.losencuentrosdepamplona.com\/participante\/fermin-jimenez-landa\/\" \/>\n<meta property=\"og:site_name\" content=\"Encuentros de Pamplona \/ Iru\u00f1eko Topaketak\" \/>\n<meta property=\"article:publisher\" content=\"https:\/\/www.facebook.com\/encuentrosdepamplona\/\" \/>\n<meta property=\"article:modified_time\" content=\"2024-04-11T12:53:40+00:00\" \/>\n<meta property=\"og:image\" content=\"https:\/\/www.losencuentrosdepamplona.com\/wp-content\/uploads\/2024\/04\/Fermin-Jimenez-Landa_Foto-760x760-1.jpg\" \/>\n\t<meta property=\"og:image:width\" content=\"760\" \/>\n\t<meta property=\"og:image:height\" content=\"760\" \/>\n\t<meta property=\"og:image:type\" content=\"image\/jpeg\" \/>\n<meta name=\"twitter:card\" content=\"summary_large_image\" \/>\n<meta name=\"twitter:site\" content=\"@encuentros2024\" \/>\n<meta name=\"twitter:label1\" content=\"Est. reading time\" \/>\n\t<meta name=\"twitter:data1\" content=\"1 minute\" \/>\n<script type=\"application\/ld+json\" class=\"yoast-schema-graph\">{\"@context\":\"https:\/\/schema.org\",\"@graph\":[{\"@type\":\"WebPage\",\"@id\":\"https:\/\/www.losencuentrosdepamplona.com\/participante\/fermin-jimenez-landa\/\",\"url\":\"https:\/\/www.losencuentrosdepamplona.com\/participante\/fermin-jimenez-landa\/\",\"name\":\"Ferm\u00edn Jim\u00e9nez Landa - Encuentros de Pamplona \/ Iru\u00f1eko Topaketak\",\"isPartOf\":{\"@id\":\"https:\/\/www.losencuentrosdepamplona.com\/#website\"},\"primaryImageOfPage\":{\"@id\":\"https:\/\/www.losencuentrosdepamplona.com\/participante\/fermin-jimenez-landa\/#primaryimage\"},\"image\":{\"@id\":\"https:\/\/www.losencuentrosdepamplona.com\/participante\/fermin-jimenez-landa\/#primaryimage\"},\"thumbnailUrl\":\"https:\/\/www.losencuentrosdepamplona.com\/wp-content\/uploads\/2024\/04\/Fermin-Jimenez-Landa_Foto-760x760-1.jpg\",\"datePublished\":\"2024-04-11T12:51:58+00:00\",\"dateModified\":\"2024-04-11T12:53:40+00:00\",\"breadcrumb\":{\"@id\":\"https:\/\/www.losencuentrosdepamplona.com\/participante\/fermin-jimenez-landa\/#breadcrumb\"},\"inLanguage\":\"eu-ES\",\"potentialAction\":[{\"@type\":\"ReadAction\",\"target\":[\"https:\/\/www.losencuentrosdepamplona.com\/participante\/fermin-jimenez-landa\/\"]}]},{\"@type\":\"ImageObject\",\"inLanguage\":\"eu-ES\",\"@id\":\"https:\/\/www.losencuentrosdepamplona.com\/participante\/fermin-jimenez-landa\/#primaryimage\",\"url\":\"https:\/\/www.losencuentrosdepamplona.com\/wp-content\/uploads\/2024\/04\/Fermin-Jimenez-Landa_Foto-760x760-1.jpg\",\"contentUrl\":\"https:\/\/www.losencuentrosdepamplona.com\/wp-content\/uploads\/2024\/04\/Fermin-Jimenez-Landa_Foto-760x760-1.jpg\",\"width\":760,\"height\":760},{\"@type\":\"BreadcrumbList\",\"@id\":\"https:\/\/www.losencuentrosdepamplona.com\/participante\/fermin-jimenez-landa\/#breadcrumb\",\"itemListElement\":[{\"@type\":\"ListItem\",\"position\":1,\"name\":\"Portada\",\"item\":\"https:\/\/www.losencuentrosdepamplona.com\/eu\/\"},{\"@type\":\"ListItem\",\"position\":2,\"name\":\"Ferm\u00edn Jim\u00e9nez Landa\"}]},{\"@type\":\"WebSite\",\"@id\":\"https:\/\/www.losencuentrosdepamplona.com\/#website\",\"url\":\"https:\/\/www.losencuentrosdepamplona.com\/\",\"name\":\"Encuentros de Pamplona \/ Iru\u00f1eko Topaketak\",\"description\":\"Bienal internacional de cultura, arte y pensamiento\",\"publisher\":{\"@id\":\"https:\/\/www.losencuentrosdepamplona.com\/#organization\"},\"potentialAction\":[{\"@type\":\"SearchAction\",\"target\":{\"@type\":\"EntryPoint\",\"urlTemplate\":\"https:\/\/www.losencuentrosdepamplona.com\/?s={search_term_string}\"},\"query-input\":{\"@type\":\"PropertyValueSpecification\",\"valueRequired\":true,\"valueName\":\"search_term_string\"}}],\"inLanguage\":\"eu-ES\"},{\"@type\":\"Organization\",\"@id\":\"https:\/\/www.losencuentrosdepamplona.com\/#organization\",\"name\":\"Encuentros de Pamplona \/ Iru\u00f1eko Topaketak\",\"url\":\"https:\/\/www.losencuentrosdepamplona.com\/\",\"logo\":{\"@type\":\"ImageObject\",\"inLanguage\":\"eu-ES\",\"@id\":\"https:\/\/www.losencuentrosdepamplona.com\/#\/schema\/logo\/image\/\",\"url\":\"https:\/\/www.losencuentrosdepamplona.com\/wp-content\/uploads\/2024\/02\/encuentros__mid-dark.svg\",\"contentUrl\":\"https:\/\/www.losencuentrosdepamplona.com\/wp-content\/uploads\/2024\/02\/encuentros__mid-dark.svg\",\"width\":1103,\"height\":294,\"caption\":\"Encuentros de Pamplona \/ Iru\u00f1eko Topaketak\"},\"image\":{\"@id\":\"https:\/\/www.losencuentrosdepamplona.com\/#\/schema\/logo\/image\/\"},\"sameAs\":[\"https:\/\/www.facebook.com\/encuentrosdepamplona\/\",\"https:\/\/x.com\/encuentros2024\",\"https:\/\/www.instagram.com\/losencuentrosdepamplona\/?hl=es\"]}]}<\/script>\n<!-- \/ Yoast SEO plugin. -->","yoast_head_json":{"title":"Ferm\u00edn Jim\u00e9nez Landa - Encuentros de Pamplona \/ Iru\u00f1eko Topaketak","robots":{"index":"index","follow":"follow","max-snippet":"max-snippet:-1","max-image-preview":"max-image-preview:large","max-video-preview":"max-video-preview:-1"},"canonical":"https:\/\/www.losencuentrosdepamplona.com\/participante\/fermin-jimenez-landa\/","og_locale":"eu_ES","og_type":"article","og_title":"Ferm\u00edn Jim\u00e9nez Landa - Encuentros de Pamplona \/ Iru\u00f1eko Topaketak","og_description":"Hainbat lengoaiatatik \u2014marrazketa, argazkia, instalazioa edo bideoa\u2014 abiatzen da Iru\u00f1ean, 1979an, jaiotako artista hau; eremu publiko eta sozialetik, batez ere kaletik eta Internetetik, ateratzen dituen eguneroko planteamenduetan arakatzea du helburu.&nbsp;\u201cInolako botererik ez duen ilusionismo euforiko bat, zeinak, absurdoaren erabilera produktibotik, prekarietate gogotsutik (ez, ordea, inozotik) eta normatiboaren gainditzetik, kontzeptualismo desharro eta txantxazale batek definitutako lan&hellip;&nbsp;Read More &raquo;Ferm\u00edn Jim\u00e9nez Landa","og_url":"https:\/\/www.losencuentrosdepamplona.com\/participante\/fermin-jimenez-landa\/","og_site_name":"Encuentros de Pamplona \/ Iru\u00f1eko Topaketak","article_publisher":"https:\/\/www.facebook.com\/encuentrosdepamplona\/","article_modified_time":"2024-04-11T12:53:40+00:00","og_image":[{"width":760,"height":760,"url":"https:\/\/www.losencuentrosdepamplona.com\/wp-content\/uploads\/2024\/04\/Fermin-Jimenez-Landa_Foto-760x760-1.jpg","type":"image\/jpeg"}],"twitter_card":"summary_large_image","twitter_site":"@encuentros2024","twitter_misc":{"Est. reading time":"1 minute"},"schema":{"@context":"https:\/\/schema.org","@graph":[{"@type":"WebPage","@id":"https:\/\/www.losencuentrosdepamplona.com\/participante\/fermin-jimenez-landa\/","url":"https:\/\/www.losencuentrosdepamplona.com\/participante\/fermin-jimenez-landa\/","name":"Ferm\u00edn Jim\u00e9nez Landa - Encuentros de Pamplona \/ Iru\u00f1eko Topaketak","isPartOf":{"@id":"https:\/\/www.losencuentrosdepamplona.com\/#website"},"primaryImageOfPage":{"@id":"https:\/\/www.losencuentrosdepamplona.com\/participante\/fermin-jimenez-landa\/#primaryimage"},"image":{"@id":"https:\/\/www.losencuentrosdepamplona.com\/participante\/fermin-jimenez-landa\/#primaryimage"},"thumbnailUrl":"https:\/\/www.losencuentrosdepamplona.com\/wp-content\/uploads\/2024\/04\/Fermin-Jimenez-Landa_Foto-760x760-1.jpg","datePublished":"2024-04-11T12:51:58+00:00","dateModified":"2024-04-11T12:53:40+00:00","breadcrumb":{"@id":"https:\/\/www.losencuentrosdepamplona.com\/participante\/fermin-jimenez-landa\/#breadcrumb"},"inLanguage":"eu-ES","potentialAction":[{"@type":"ReadAction","target":["https:\/\/www.losencuentrosdepamplona.com\/participante\/fermin-jimenez-landa\/"]}]},{"@type":"ImageObject","inLanguage":"eu-ES","@id":"https:\/\/www.losencuentrosdepamplona.com\/participante\/fermin-jimenez-landa\/#primaryimage","url":"https:\/\/www.losencuentrosdepamplona.com\/wp-content\/uploads\/2024\/04\/Fermin-Jimenez-Landa_Foto-760x760-1.jpg","contentUrl":"https:\/\/www.losencuentrosdepamplona.com\/wp-content\/uploads\/2024\/04\/Fermin-Jimenez-Landa_Foto-760x760-1.jpg","width":760,"height":760},{"@type":"BreadcrumbList","@id":"https:\/\/www.losencuentrosdepamplona.com\/participante\/fermin-jimenez-landa\/#breadcrumb","itemListElement":[{"@type":"ListItem","position":1,"name":"Portada","item":"https:\/\/www.losencuentrosdepamplona.com\/eu\/"},{"@type":"ListItem","position":2,"name":"Ferm\u00edn Jim\u00e9nez Landa"}]},{"@type":"WebSite","@id":"https:\/\/www.losencuentrosdepamplona.com\/#website","url":"https:\/\/www.losencuentrosdepamplona.com\/","name":"Encuentros de Pamplona \/ Iru\u00f1eko Topaketak","description":"Bienal internacional de cultura, arte y pensamiento","publisher":{"@id":"https:\/\/www.losencuentrosdepamplona.com\/#organization"},"potentialAction":[{"@type":"SearchAction","target":{"@type":"EntryPoint","urlTemplate":"https:\/\/www.losencuentrosdepamplona.com\/?s={search_term_string}"},"query-input":{"@type":"PropertyValueSpecification","valueRequired":true,"valueName":"search_term_string"}}],"inLanguage":"eu-ES"},{"@type":"Organization","@id":"https:\/\/www.losencuentrosdepamplona.com\/#organization","name":"Encuentros de Pamplona \/ Iru\u00f1eko Topaketak","url":"https:\/\/www.losencuentrosdepamplona.com\/","logo":{"@type":"ImageObject","inLanguage":"eu-ES","@id":"https:\/\/www.losencuentrosdepamplona.com\/#\/schema\/logo\/image\/","url":"https:\/\/www.losencuentrosdepamplona.com\/wp-content\/uploads\/2024\/02\/encuentros__mid-dark.svg","contentUrl":"https:\/\/www.losencuentrosdepamplona.com\/wp-content\/uploads\/2024\/02\/encuentros__mid-dark.svg","width":1103,"height":294,"caption":"Encuentros de Pamplona \/ Iru\u00f1eko Topaketak"},"image":{"@id":"https:\/\/www.losencuentrosdepamplona.com\/#\/schema\/logo\/image\/"},"sameAs":["https:\/\/www.facebook.com\/encuentrosdepamplona\/","https:\/\/x.com\/encuentros2024","https:\/\/www.instagram.com\/losencuentrosdepamplona\/?hl=es"]}]}},"uagb_featured_image_src":{"full":["https:\/\/www.losencuentrosdepamplona.com\/wp-content\/uploads\/2024\/04\/Fermin-Jimenez-Landa_Foto-760x760-1.jpg",760,760,false],"thumbnail":["https:\/\/www.losencuentrosdepamplona.com\/wp-content\/uploads\/2024\/04\/Fermin-Jimenez-Landa_Foto-760x760-1-150x150.jpg",150,150,true],"medium":["https:\/\/www.losencuentrosdepamplona.com\/wp-content\/uploads\/2024\/04\/Fermin-Jimenez-Landa_Foto-760x760-1-300x300.jpg",300,300,true],"medium_large":["https:\/\/www.losencuentrosdepamplona.com\/wp-content\/uploads\/2024\/04\/Fermin-Jimenez-Landa_Foto-760x760-1.jpg",760,760,false],"large":["https:\/\/www.losencuentrosdepamplona.com\/wp-content\/uploads\/2024\/04\/Fermin-Jimenez-Landa_Foto-760x760-1.jpg",760,760,false],"thumblist":["https:\/\/www.losencuentrosdepamplona.com\/wp-content\/uploads\/2024\/04\/Fermin-Jimenez-Landa_Foto-760x760-1-300x300.jpg",300,300,true],"thumbrelated":["https:\/\/www.losencuentrosdepamplona.com\/wp-content\/uploads\/2024\/04\/Fermin-Jimenez-Landa_Foto-760x760-1-500x500.jpg",500,500,true],"meccarouselthumb":["https:\/\/www.losencuentrosdepamplona.com\/wp-content\/uploads\/2024\/04\/Fermin-Jimenez-Landa_Foto-760x760-1-474x324.jpg",474,324,true],"gridsquare":["https:\/\/www.losencuentrosdepamplona.com\/wp-content\/uploads\/2024\/04\/Fermin-Jimenez-Landa_Foto-760x760-1-391x260.jpg",391,260,true],"tileview":["https:\/\/www.losencuentrosdepamplona.com\/wp-content\/uploads\/2024\/04\/Fermin-Jimenez-Landa_Foto-760x760-1-300x400.jpg",300,400,true],"1536x1536":["https:\/\/www.losencuentrosdepamplona.com\/wp-content\/uploads\/2024\/04\/Fermin-Jimenez-Landa_Foto-760x760-1.jpg",760,760,false],"2048x2048":["https:\/\/www.losencuentrosdepamplona.com\/wp-content\/uploads\/2024\/04\/Fermin-Jimenez-Landa_Foto-760x760-1.jpg",760,760,false],"neve-blog":["https:\/\/www.losencuentrosdepamplona.com\/wp-content\/uploads\/2024\/04\/Fermin-Jimenez-Landa_Foto-760x760-1-760x620.jpg",760,620,true]},"uagb_author_info":{"display_name":"ec6eef2fcc","author_link":"https:\/\/www.losencuentrosdepamplona.com\/eu\/author\/"},"uagb_comment_info":0,"uagb_excerpt":"Hainbat lengoaiatatik \u2014marrazketa, argazkia, instalazioa edo bideoa\u2014 abiatzen da Iru\u00f1ean, 1979an, jaiotako artista hau; eremu publiko eta sozialetik, batez ere kaletik eta Internetetik, ateratzen dituen eguneroko planteamenduetan arakatzea du helburu.&nbsp;\u201cInolako botererik ez duen ilusionismo euforiko bat, zeinak, absurdoaren erabilera produktibotik, prekarietate gogotsutik (ez, ordea, inozotik) eta normatiboaren gainditzetik, kontzeptualismo desharro eta txantxazale batek definitutako lan&hellip;&nbsp;Read&hellip;","_links":{"self":[{"href":"https:\/\/www.losencuentrosdepamplona.com\/eu\/wp-json\/wp\/v2\/participante\/3134","targetHints":{"allow":["GET"]}}],"collection":[{"href":"https:\/\/www.losencuentrosdepamplona.com\/eu\/wp-json\/wp\/v2\/participante"}],"about":[{"href":"https:\/\/www.losencuentrosdepamplona.com\/eu\/wp-json\/wp\/v2\/types\/participante"}],"wp:featuredmedia":[{"embeddable":true,"href":"https:\/\/www.losencuentrosdepamplona.com\/eu\/wp-json\/wp\/v2\/media\/3132"}],"wp:attachment":[{"href":"https:\/\/www.losencuentrosdepamplona.com\/eu\/wp-json\/wp\/v2\/media?parent=3134"}],"wp:term":[{"taxonomy":"categoria-participante","embeddable":true,"href":"https:\/\/www.losencuentrosdepamplona.com\/eu\/wp-json\/wp\/v2\/categoria-participante?post=3134"}],"curies":[{"name":"wp","href":"https:\/\/api.w.org\/{rel}","templated":true}]}}