{"id":3169,"date":"2024-04-11T16:30:28","date_gmt":"2024-04-11T14:30:28","guid":{"rendered":"https:\/\/www.losencuentrosdepamplona.com\/participante\/miren-doiz\/"},"modified":"2024-04-11T16:33:45","modified_gmt":"2024-04-11T14:33:45","slug":"miren-doiz","status":"publish","type":"participante","link":"https:\/\/www.losencuentrosdepamplona.com\/eu\/participante\/miren-doiz\/","title":{"rendered":"Miren Doiz"},"content":{"rendered":"\n<p>Iru\u00f1ean jaio zen, 1980an, baina Madrilen bizi eta lan egiten du. Arte Ederretan lizentziaduna da Euskal Herriko Unibertsitatean, 2003an, eta, ondoren, Bartzelonako Massana d\u00b4Art i Disseny eskolan ikasten jarraitu zuen.&nbsp;<\/p>\n\n\n\n<p>Estampa DKV 2015 saria, Pollock- Krasner Fundazioaren laguntzak (2014 eta 2015) eta Espainiako Erromako Errege Akademiaren laguntzak (2018) jaso ditu.&nbsp;<em>La cuesti\u00f3n es ir tirando<\/em>&nbsp;erakusketa kolektiboan parte hartu du, zeina Angel Calvo Ulloak komisariatu baitzuen, Mexikoko Espainiako Zentroan, 2020. urtean. Berriki, banakako bi erakusketa egin ditu Mois\u00e9s P\u00e9rez de Alb\u00e9niz galerian, eta Milango Rita Urso-Artopia eta Lisboako Carlos Carvalho galerietako hainbat erakustalditan parte hartu du 2019an. Bere esku-hartzeetako bat hiru urtez ikusi ahal izan zen Tabakalera Kultura Garaikideko Zentroan, Donostian.<\/p>\n\n\n\n<p>Bere lana hauen guztien bildumetan dago: Nafarroako Museoa, Coca Cola Fundazioa, Mariano Yera, Madrilgo Erkidegoko Arte Garaikidea, CA2M, Madrilgo Udal Museoa, Iru\u00f1eko Udalaren Arte Garaikidea, ICO Bildumen Museoa edo DKV.<\/p>\n","protected":false},"featured_media":3167,"template":"","categoria-participante":[103],"class_list":["post-3169","participante","type-participante","status-publish","has-post-thumbnail","hentry","categoria-participante-mundua-sortzea-behatzea-entzutea"],"acf":[],"yoast_head":"<!-- This site is optimized with the Yoast SEO plugin v23.5 - https:\/\/yoast.com\/wordpress\/plugins\/seo\/ -->\n<title>Miren Doiz - Encuentros de Pamplona \/ Iru\u00f1eko Topaketak<\/title>\n<meta name=\"robots\" content=\"index, follow, max-snippet:-1, max-image-preview:large, max-video-preview:-1\" \/>\n<link rel=\"canonical\" href=\"https:\/\/www.losencuentrosdepamplona.com\/eu\/participante\/miren-doiz\/\" \/>\n<meta property=\"og:locale\" content=\"eu_ES\" \/>\n<meta property=\"og:type\" content=\"article\" \/>\n<meta property=\"og:title\" content=\"Miren Doiz - Encuentros de Pamplona \/ Iru\u00f1eko Topaketak\" \/>\n<meta property=\"og:description\" content=\"Iru\u00f1ean jaio zen, 1980an, baina Madrilen bizi eta lan egiten du. Arte Ederretan lizentziaduna da Euskal Herriko Unibertsitatean, 2003an, eta, ondoren, Bartzelonako Massana d\u00b4Art i Disseny eskolan ikasten jarraitu zuen.&nbsp; Estampa DKV 2015 saria, Pollock- Krasner Fundazioaren laguntzak (2014 eta 2015) eta Espainiako Erromako Errege Akademiaren laguntzak (2018) jaso ditu.&nbsp;La cuesti\u00f3n es ir tirando&nbsp;erakusketa kolektiboan&hellip;&nbsp;Read More &raquo;Miren Doiz\" \/>\n<meta property=\"og:url\" content=\"https:\/\/www.losencuentrosdepamplona.com\/eu\/participante\/miren-doiz\/\" \/>\n<meta property=\"og:site_name\" content=\"Encuentros de Pamplona \/ Iru\u00f1eko Topaketak\" \/>\n<meta property=\"article:publisher\" content=\"https:\/\/www.facebook.com\/encuentrosdepamplona\/\" \/>\n<meta property=\"article:modified_time\" content=\"2024-04-11T14:33:45+00:00\" \/>\n<meta property=\"og:image\" content=\"https:\/\/www.losencuentrosdepamplona.com\/wp-content\/uploads\/2024\/04\/Miren_Doiz_Foto-760x760-1.jpg\" \/>\n\t<meta property=\"og:image:width\" content=\"760\" \/>\n\t<meta property=\"og:image:height\" content=\"760\" \/>\n\t<meta property=\"og:image:type\" content=\"image\/jpeg\" \/>\n<meta name=\"twitter:card\" content=\"summary_large_image\" \/>\n<meta name=\"twitter:site\" content=\"@encuentros2024\" \/>\n<meta name=\"twitter:label1\" content=\"Est. reading time\" \/>\n\t<meta name=\"twitter:data1\" content=\"1 minute\" \/>\n<script type=\"application\/ld+json\" class=\"yoast-schema-graph\">{\"@context\":\"https:\/\/schema.org\",\"@graph\":[{\"@type\":\"WebPage\",\"@id\":\"https:\/\/www.losencuentrosdepamplona.com\/eu\/participante\/miren-doiz\/\",\"url\":\"https:\/\/www.losencuentrosdepamplona.com\/eu\/participante\/miren-doiz\/\",\"name\":\"Miren Doiz - Encuentros de Pamplona \/ Iru\u00f1eko Topaketak\",\"isPartOf\":{\"@id\":\"https:\/\/www.losencuentrosdepamplona.com\/#website\"},\"primaryImageOfPage\":{\"@id\":\"https:\/\/www.losencuentrosdepamplona.com\/eu\/participante\/miren-doiz\/#primaryimage\"},\"image\":{\"@id\":\"https:\/\/www.losencuentrosdepamplona.com\/eu\/participante\/miren-doiz\/#primaryimage\"},\"thumbnailUrl\":\"https:\/\/www.losencuentrosdepamplona.com\/wp-content\/uploads\/2024\/04\/Miren_Doiz_Foto-760x760-1.jpg\",\"datePublished\":\"2024-04-11T14:30:28+00:00\",\"dateModified\":\"2024-04-11T14:33:45+00:00\",\"breadcrumb\":{\"@id\":\"https:\/\/www.losencuentrosdepamplona.com\/eu\/participante\/miren-doiz\/#breadcrumb\"},\"inLanguage\":\"eu-ES\",\"potentialAction\":[{\"@type\":\"ReadAction\",\"target\":[\"https:\/\/www.losencuentrosdepamplona.com\/eu\/participante\/miren-doiz\/\"]}]},{\"@type\":\"ImageObject\",\"inLanguage\":\"eu-ES\",\"@id\":\"https:\/\/www.losencuentrosdepamplona.com\/eu\/participante\/miren-doiz\/#primaryimage\",\"url\":\"https:\/\/www.losencuentrosdepamplona.com\/wp-content\/uploads\/2024\/04\/Miren_Doiz_Foto-760x760-1.jpg\",\"contentUrl\":\"https:\/\/www.losencuentrosdepamplona.com\/wp-content\/uploads\/2024\/04\/Miren_Doiz_Foto-760x760-1.jpg\",\"width\":760,\"height\":760},{\"@type\":\"BreadcrumbList\",\"@id\":\"https:\/\/www.losencuentrosdepamplona.com\/eu\/participante\/miren-doiz\/#breadcrumb\",\"itemListElement\":[{\"@type\":\"ListItem\",\"position\":1,\"name\":\"Portada\",\"item\":\"https:\/\/www.losencuentrosdepamplona.com\/eu\/\"},{\"@type\":\"ListItem\",\"position\":2,\"name\":\"Miren Doiz\"}]},{\"@type\":\"WebSite\",\"@id\":\"https:\/\/www.losencuentrosdepamplona.com\/#website\",\"url\":\"https:\/\/www.losencuentrosdepamplona.com\/\",\"name\":\"Encuentros de Pamplona \/ Iru\u00f1eko Topaketak\",\"description\":\"Bienal internacional de cultura, arte y pensamiento\",\"publisher\":{\"@id\":\"https:\/\/www.losencuentrosdepamplona.com\/#organization\"},\"potentialAction\":[{\"@type\":\"SearchAction\",\"target\":{\"@type\":\"EntryPoint\",\"urlTemplate\":\"https:\/\/www.losencuentrosdepamplona.com\/?s={search_term_string}\"},\"query-input\":{\"@type\":\"PropertyValueSpecification\",\"valueRequired\":true,\"valueName\":\"search_term_string\"}}],\"inLanguage\":\"eu-ES\"},{\"@type\":\"Organization\",\"@id\":\"https:\/\/www.losencuentrosdepamplona.com\/#organization\",\"name\":\"Encuentros de Pamplona \/ Iru\u00f1eko Topaketak\",\"url\":\"https:\/\/www.losencuentrosdepamplona.com\/\",\"logo\":{\"@type\":\"ImageObject\",\"inLanguage\":\"eu-ES\",\"@id\":\"https:\/\/www.losencuentrosdepamplona.com\/#\/schema\/logo\/image\/\",\"url\":\"https:\/\/www.losencuentrosdepamplona.com\/wp-content\/uploads\/2024\/02\/encuentros__mid-dark.svg\",\"contentUrl\":\"https:\/\/www.losencuentrosdepamplona.com\/wp-content\/uploads\/2024\/02\/encuentros__mid-dark.svg\",\"width\":1103,\"height\":294,\"caption\":\"Encuentros de Pamplona \/ Iru\u00f1eko Topaketak\"},\"image\":{\"@id\":\"https:\/\/www.losencuentrosdepamplona.com\/#\/schema\/logo\/image\/\"},\"sameAs\":[\"https:\/\/www.facebook.com\/encuentrosdepamplona\/\",\"https:\/\/x.com\/encuentros2024\",\"https:\/\/www.instagram.com\/losencuentrosdepamplona\/?hl=es\"]}]}<\/script>\n<!-- \/ Yoast SEO plugin. -->","yoast_head_json":{"title":"Miren Doiz - Encuentros de Pamplona \/ Iru\u00f1eko Topaketak","robots":{"index":"index","follow":"follow","max-snippet":"max-snippet:-1","max-image-preview":"max-image-preview:large","max-video-preview":"max-video-preview:-1"},"canonical":"https:\/\/www.losencuentrosdepamplona.com\/eu\/participante\/miren-doiz\/","og_locale":"eu_ES","og_type":"article","og_title":"Miren Doiz - Encuentros de Pamplona \/ Iru\u00f1eko Topaketak","og_description":"Iru\u00f1ean jaio zen, 1980an, baina Madrilen bizi eta lan egiten du. Arte Ederretan lizentziaduna da Euskal Herriko Unibertsitatean, 2003an, eta, ondoren, Bartzelonako Massana d\u00b4Art i Disseny eskolan ikasten jarraitu zuen.&nbsp; Estampa DKV 2015 saria, Pollock- Krasner Fundazioaren laguntzak (2014 eta 2015) eta Espainiako Erromako Errege Akademiaren laguntzak (2018) jaso ditu.&nbsp;La cuesti\u00f3n es ir tirando&nbsp;erakusketa kolektiboan&hellip;&nbsp;Read More &raquo;Miren Doiz","og_url":"https:\/\/www.losencuentrosdepamplona.com\/eu\/participante\/miren-doiz\/","og_site_name":"Encuentros de Pamplona \/ Iru\u00f1eko Topaketak","article_publisher":"https:\/\/www.facebook.com\/encuentrosdepamplona\/","article_modified_time":"2024-04-11T14:33:45+00:00","og_image":[{"width":760,"height":760,"url":"https:\/\/www.losencuentrosdepamplona.com\/wp-content\/uploads\/2024\/04\/Miren_Doiz_Foto-760x760-1.jpg","type":"image\/jpeg"}],"twitter_card":"summary_large_image","twitter_site":"@encuentros2024","twitter_misc":{"Est. reading time":"1 minute"},"schema":{"@context":"https:\/\/schema.org","@graph":[{"@type":"WebPage","@id":"https:\/\/www.losencuentrosdepamplona.com\/eu\/participante\/miren-doiz\/","url":"https:\/\/www.losencuentrosdepamplona.com\/eu\/participante\/miren-doiz\/","name":"Miren Doiz - Encuentros de Pamplona \/ Iru\u00f1eko Topaketak","isPartOf":{"@id":"https:\/\/www.losencuentrosdepamplona.com\/#website"},"primaryImageOfPage":{"@id":"https:\/\/www.losencuentrosdepamplona.com\/eu\/participante\/miren-doiz\/#primaryimage"},"image":{"@id":"https:\/\/www.losencuentrosdepamplona.com\/eu\/participante\/miren-doiz\/#primaryimage"},"thumbnailUrl":"https:\/\/www.losencuentrosdepamplona.com\/wp-content\/uploads\/2024\/04\/Miren_Doiz_Foto-760x760-1.jpg","datePublished":"2024-04-11T14:30:28+00:00","dateModified":"2024-04-11T14:33:45+00:00","breadcrumb":{"@id":"https:\/\/www.losencuentrosdepamplona.com\/eu\/participante\/miren-doiz\/#breadcrumb"},"inLanguage":"eu-ES","potentialAction":[{"@type":"ReadAction","target":["https:\/\/www.losencuentrosdepamplona.com\/eu\/participante\/miren-doiz\/"]}]},{"@type":"ImageObject","inLanguage":"eu-ES","@id":"https:\/\/www.losencuentrosdepamplona.com\/eu\/participante\/miren-doiz\/#primaryimage","url":"https:\/\/www.losencuentrosdepamplona.com\/wp-content\/uploads\/2024\/04\/Miren_Doiz_Foto-760x760-1.jpg","contentUrl":"https:\/\/www.losencuentrosdepamplona.com\/wp-content\/uploads\/2024\/04\/Miren_Doiz_Foto-760x760-1.jpg","width":760,"height":760},{"@type":"BreadcrumbList","@id":"https:\/\/www.losencuentrosdepamplona.com\/eu\/participante\/miren-doiz\/#breadcrumb","itemListElement":[{"@type":"ListItem","position":1,"name":"Portada","item":"https:\/\/www.losencuentrosdepamplona.com\/eu\/"},{"@type":"ListItem","position":2,"name":"Miren Doiz"}]},{"@type":"WebSite","@id":"https:\/\/www.losencuentrosdepamplona.com\/#website","url":"https:\/\/www.losencuentrosdepamplona.com\/","name":"Encuentros de Pamplona \/ Iru\u00f1eko Topaketak","description":"Bienal internacional de cultura, arte y pensamiento","publisher":{"@id":"https:\/\/www.losencuentrosdepamplona.com\/#organization"},"potentialAction":[{"@type":"SearchAction","target":{"@type":"EntryPoint","urlTemplate":"https:\/\/www.losencuentrosdepamplona.com\/?s={search_term_string}"},"query-input":{"@type":"PropertyValueSpecification","valueRequired":true,"valueName":"search_term_string"}}],"inLanguage":"eu-ES"},{"@type":"Organization","@id":"https:\/\/www.losencuentrosdepamplona.com\/#organization","name":"Encuentros de Pamplona \/ Iru\u00f1eko Topaketak","url":"https:\/\/www.losencuentrosdepamplona.com\/","logo":{"@type":"ImageObject","inLanguage":"eu-ES","@id":"https:\/\/www.losencuentrosdepamplona.com\/#\/schema\/logo\/image\/","url":"https:\/\/www.losencuentrosdepamplona.com\/wp-content\/uploads\/2024\/02\/encuentros__mid-dark.svg","contentUrl":"https:\/\/www.losencuentrosdepamplona.com\/wp-content\/uploads\/2024\/02\/encuentros__mid-dark.svg","width":1103,"height":294,"caption":"Encuentros de Pamplona \/ Iru\u00f1eko Topaketak"},"image":{"@id":"https:\/\/www.losencuentrosdepamplona.com\/#\/schema\/logo\/image\/"},"sameAs":["https:\/\/www.facebook.com\/encuentrosdepamplona\/","https:\/\/x.com\/encuentros2024","https:\/\/www.instagram.com\/losencuentrosdepamplona\/?hl=es"]}]}},"uagb_featured_image_src":{"full":["https:\/\/www.losencuentrosdepamplona.com\/wp-content\/uploads\/2024\/04\/Miren_Doiz_Foto-760x760-1.jpg",760,760,false],"thumbnail":["https:\/\/www.losencuentrosdepamplona.com\/wp-content\/uploads\/2024\/04\/Miren_Doiz_Foto-760x760-1-150x150.jpg",150,150,true],"medium":["https:\/\/www.losencuentrosdepamplona.com\/wp-content\/uploads\/2024\/04\/Miren_Doiz_Foto-760x760-1-300x300.jpg",300,300,true],"medium_large":["https:\/\/www.losencuentrosdepamplona.com\/wp-content\/uploads\/2024\/04\/Miren_Doiz_Foto-760x760-1.jpg",760,760,false],"large":["https:\/\/www.losencuentrosdepamplona.com\/wp-content\/uploads\/2024\/04\/Miren_Doiz_Foto-760x760-1.jpg",760,760,false],"thumblist":["https:\/\/www.losencuentrosdepamplona.com\/wp-content\/uploads\/2024\/04\/Miren_Doiz_Foto-760x760-1-300x300.jpg",300,300,true],"thumbrelated":["https:\/\/www.losencuentrosdepamplona.com\/wp-content\/uploads\/2024\/04\/Miren_Doiz_Foto-760x760-1-500x500.jpg",500,500,true],"meccarouselthumb":["https:\/\/www.losencuentrosdepamplona.com\/wp-content\/uploads\/2024\/04\/Miren_Doiz_Foto-760x760-1-474x324.jpg",474,324,true],"gridsquare":["https:\/\/www.losencuentrosdepamplona.com\/wp-content\/uploads\/2024\/04\/Miren_Doiz_Foto-760x760-1-391x260.jpg",391,260,true],"tileview":["https:\/\/www.losencuentrosdepamplona.com\/wp-content\/uploads\/2024\/04\/Miren_Doiz_Foto-760x760-1-300x400.jpg",300,400,true],"1536x1536":["https:\/\/www.losencuentrosdepamplona.com\/wp-content\/uploads\/2024\/04\/Miren_Doiz_Foto-760x760-1.jpg",760,760,false],"2048x2048":["https:\/\/www.losencuentrosdepamplona.com\/wp-content\/uploads\/2024\/04\/Miren_Doiz_Foto-760x760-1.jpg",760,760,false],"neve-blog":["https:\/\/www.losencuentrosdepamplona.com\/wp-content\/uploads\/2024\/04\/Miren_Doiz_Foto-760x760-1-760x620.jpg",760,620,true]},"uagb_author_info":{"display_name":"ec6eef2fcc","author_link":"https:\/\/www.losencuentrosdepamplona.com\/eu\/author\/"},"uagb_comment_info":0,"uagb_excerpt":"Iru\u00f1ean jaio zen, 1980an, baina Madrilen bizi eta lan egiten du. Arte Ederretan lizentziaduna da Euskal Herriko Unibertsitatean, 2003an, eta, ondoren, Bartzelonako Massana d\u00b4Art i Disseny eskolan ikasten jarraitu zuen.&nbsp; Estampa DKV 2015 saria, Pollock- Krasner Fundazioaren laguntzak (2014 eta 2015) eta Espainiako Erromako Errege Akademiaren laguntzak (2018) jaso ditu.&nbsp;La cuesti\u00f3n es ir tirando&nbsp;erakusketa kolektiboan&hellip;&nbsp;Read&hellip;","_links":{"self":[{"href":"https:\/\/www.losencuentrosdepamplona.com\/eu\/wp-json\/wp\/v2\/participante\/3169","targetHints":{"allow":["GET"]}}],"collection":[{"href":"https:\/\/www.losencuentrosdepamplona.com\/eu\/wp-json\/wp\/v2\/participante"}],"about":[{"href":"https:\/\/www.losencuentrosdepamplona.com\/eu\/wp-json\/wp\/v2\/types\/participante"}],"wp:featuredmedia":[{"embeddable":true,"href":"https:\/\/www.losencuentrosdepamplona.com\/eu\/wp-json\/wp\/v2\/media\/3167"}],"wp:attachment":[{"href":"https:\/\/www.losencuentrosdepamplona.com\/eu\/wp-json\/wp\/v2\/media?parent=3169"}],"wp:term":[{"taxonomy":"categoria-participante","embeddable":true,"href":"https:\/\/www.losencuentrosdepamplona.com\/eu\/wp-json\/wp\/v2\/categoria-participante?post=3169"}],"curies":[{"name":"wp","href":"https:\/\/api.w.org\/{rel}","templated":true}]}}