{"id":3868,"date":"2024-06-24T09:51:01","date_gmt":"2024-06-24T07:51:01","guid":{"rendered":"https:\/\/www.losencuentrosdepamplona.com\/?post_type=participante&#038;p=3868"},"modified":"2024-06-24T09:51:02","modified_gmt":"2024-06-24T07:51:02","slug":"marta-tafalla","status":"publish","type":"participante","link":"https:\/\/www.losencuentrosdepamplona.com\/eu\/participante\/marta-tafalla\/","title":{"rendered":"Marta Tafalla"},"content":{"rendered":"\n<p><em>Fil\u00f3sofa e investigadora en \u00e9tica animal.<\/em><\/p>\n\n<p>Doctora en Filosof\u00eda, es profesora de \u00c9tica y Est\u00e9tica en la Universidad Aut\u00f3noma de Barcelona y miembro del consejo cient\u00edfico del\u00a0<em>Centre for Animal Ethics<\/em>\u00a0de la Universidad Pompeu Fabra. Su investigaci\u00f3n se centra en la relaci\u00f3n entre animales, humanos y naturaleza desde una perspectiva \u00e9tica y est\u00e9tica. A lo largo de su trayectoria acad\u00e9mica ha realizado estancias de investigaci\u00f3n en las universidades de Friburgo, M\u00fcnster, Potsdam y Londres. Es autora de diversas publicaciones, entre las que destacan las novelas\u00a0<em>La Biblioteca de No\u00e9<\/em>\u00a0(2006) y\u00a0<em>Nunca sabr\u00e1s a qu\u00e9 huele Bagdad<\/em>\u00a0(2010). Tambi\u00e9n es editora de la antolog\u00eda de textos\u00a0<em>Los derechos de los animales<\/em>\u00a0(2004). Sus \u00faltimos libros, publicados por Plaza y Vald\u00e9s, son\u00a0<em>Filosof\u00eda ante la crisis ecol\u00f3gica<\/em>\u00a0(2022) y\u00a0<em>Ecoanimal. Una est\u00e9tica plurisensorial, ecologista y animalista<\/em>\u00a0(2019).<\/p>\n","protected":false},"featured_media":987,"template":"","categoria-participante":[52],"class_list":["post-3868","participante","type-participante","status-publish","has-post-thumbnail","hentry","categoria-participante-irauten-duten-zuhaitzak"],"acf":[],"yoast_head":"<!-- This site is optimized with the Yoast SEO plugin v23.5 - https:\/\/yoast.com\/wordpress\/plugins\/seo\/ -->\n<title>Marta Tafalla - Encuentros de Pamplona \/ Iru\u00f1eko Topaketak<\/title>\n<meta name=\"robots\" content=\"index, follow, max-snippet:-1, max-image-preview:large, max-video-preview:-1\" \/>\n<link rel=\"canonical\" href=\"https:\/\/www.losencuentrosdepamplona.com\/participante\/marta-tafalla\/\" \/>\n<meta property=\"og:locale\" content=\"eu_ES\" \/>\n<meta property=\"og:type\" content=\"article\" \/>\n<meta property=\"og:title\" content=\"Marta Tafalla - Encuentros de Pamplona \/ Iru\u00f1eko Topaketak\" \/>\n<meta property=\"og:description\" content=\"Fil\u00f3sofa e investigadora en \u00e9tica animal. Doctora en Filosof\u00eda, es profesora de \u00c9tica y Est\u00e9tica en la Universidad Aut\u00f3noma de Barcelona y miembro del consejo cient\u00edfico del\u00a0Centre for Animal Ethics\u00a0de la Universidad Pompeu Fabra. Su investigaci\u00f3n se centra en la relaci\u00f3n entre animales, humanos y naturaleza desde una perspectiva \u00e9tica y est\u00e9tica. A lo largo&hellip;&nbsp;Read More &raquo;Marta Tafalla\" \/>\n<meta property=\"og:url\" content=\"https:\/\/www.losencuentrosdepamplona.com\/participante\/marta-tafalla\/\" \/>\n<meta property=\"og:site_name\" content=\"Encuentros de Pamplona \/ Iru\u00f1eko Topaketak\" \/>\n<meta property=\"article:publisher\" content=\"https:\/\/www.facebook.com\/encuentrosdepamplona\/\" \/>\n<meta property=\"article:modified_time\" content=\"2024-06-24T07:51:02+00:00\" \/>\n<meta property=\"og:image\" content=\"https:\/\/www.losencuentrosdepamplona.com\/wp-content\/uploads\/2024\/03\/Marta-Tafalla.webp\" \/>\n\t<meta property=\"og:image:width\" content=\"800\" \/>\n\t<meta property=\"og:image:height\" content=\"915\" \/>\n\t<meta property=\"og:image:type\" content=\"image\/jpeg\" \/>\n<meta name=\"twitter:card\" content=\"summary_large_image\" \/>\n<meta name=\"twitter:site\" content=\"@encuentros2024\" \/>\n<meta name=\"twitter:label1\" content=\"Est. reading time\" \/>\n\t<meta name=\"twitter:data1\" content=\"1 minute\" \/>\n<script type=\"application\/ld+json\" class=\"yoast-schema-graph\">{\"@context\":\"https:\/\/schema.org\",\"@graph\":[{\"@type\":\"WebPage\",\"@id\":\"https:\/\/www.losencuentrosdepamplona.com\/participante\/marta-tafalla\/\",\"url\":\"https:\/\/www.losencuentrosdepamplona.com\/participante\/marta-tafalla\/\",\"name\":\"Marta Tafalla - Encuentros de Pamplona \/ Iru\u00f1eko Topaketak\",\"isPartOf\":{\"@id\":\"https:\/\/www.losencuentrosdepamplona.com\/#website\"},\"primaryImageOfPage\":{\"@id\":\"https:\/\/www.losencuentrosdepamplona.com\/participante\/marta-tafalla\/#primaryimage\"},\"image\":{\"@id\":\"https:\/\/www.losencuentrosdepamplona.com\/participante\/marta-tafalla\/#primaryimage\"},\"thumbnailUrl\":\"https:\/\/www.losencuentrosdepamplona.com\/wp-content\/uploads\/2024\/03\/Marta-Tafalla.webp\",\"datePublished\":\"2024-06-24T07:51:01+00:00\",\"dateModified\":\"2024-06-24T07:51:02+00:00\",\"breadcrumb\":{\"@id\":\"https:\/\/www.losencuentrosdepamplona.com\/participante\/marta-tafalla\/#breadcrumb\"},\"inLanguage\":\"eu-ES\",\"potentialAction\":[{\"@type\":\"ReadAction\",\"target\":[\"https:\/\/www.losencuentrosdepamplona.com\/participante\/marta-tafalla\/\"]}]},{\"@type\":\"ImageObject\",\"inLanguage\":\"eu-ES\",\"@id\":\"https:\/\/www.losencuentrosdepamplona.com\/participante\/marta-tafalla\/#primaryimage\",\"url\":\"https:\/\/www.losencuentrosdepamplona.com\/wp-content\/uploads\/2024\/03\/Marta-Tafalla.webp\",\"contentUrl\":\"https:\/\/www.losencuentrosdepamplona.com\/wp-content\/uploads\/2024\/03\/Marta-Tafalla.webp\",\"width\":800,\"height\":915},{\"@type\":\"BreadcrumbList\",\"@id\":\"https:\/\/www.losencuentrosdepamplona.com\/participante\/marta-tafalla\/#breadcrumb\",\"itemListElement\":[{\"@type\":\"ListItem\",\"position\":1,\"name\":\"Portada\",\"item\":\"https:\/\/www.losencuentrosdepamplona.com\/eu\/\"},{\"@type\":\"ListItem\",\"position\":2,\"name\":\"Marta Tafalla\"}]},{\"@type\":\"WebSite\",\"@id\":\"https:\/\/www.losencuentrosdepamplona.com\/#website\",\"url\":\"https:\/\/www.losencuentrosdepamplona.com\/\",\"name\":\"Encuentros de Pamplona \/ Iru\u00f1eko Topaketak\",\"description\":\"Bienal internacional de cultura, arte y pensamiento\",\"publisher\":{\"@id\":\"https:\/\/www.losencuentrosdepamplona.com\/#organization\"},\"potentialAction\":[{\"@type\":\"SearchAction\",\"target\":{\"@type\":\"EntryPoint\",\"urlTemplate\":\"https:\/\/www.losencuentrosdepamplona.com\/?s={search_term_string}\"},\"query-input\":{\"@type\":\"PropertyValueSpecification\",\"valueRequired\":true,\"valueName\":\"search_term_string\"}}],\"inLanguage\":\"eu-ES\"},{\"@type\":\"Organization\",\"@id\":\"https:\/\/www.losencuentrosdepamplona.com\/#organization\",\"name\":\"Encuentros de Pamplona \/ Iru\u00f1eko Topaketak\",\"url\":\"https:\/\/www.losencuentrosdepamplona.com\/\",\"logo\":{\"@type\":\"ImageObject\",\"inLanguage\":\"eu-ES\",\"@id\":\"https:\/\/www.losencuentrosdepamplona.com\/#\/schema\/logo\/image\/\",\"url\":\"https:\/\/www.losencuentrosdepamplona.com\/wp-content\/uploads\/2024\/02\/encuentros__mid-dark.svg\",\"contentUrl\":\"https:\/\/www.losencuentrosdepamplona.com\/wp-content\/uploads\/2024\/02\/encuentros__mid-dark.svg\",\"width\":1103,\"height\":294,\"caption\":\"Encuentros de Pamplona \/ Iru\u00f1eko Topaketak\"},\"image\":{\"@id\":\"https:\/\/www.losencuentrosdepamplona.com\/#\/schema\/logo\/image\/\"},\"sameAs\":[\"https:\/\/www.facebook.com\/encuentrosdepamplona\/\",\"https:\/\/x.com\/encuentros2024\",\"https:\/\/www.instagram.com\/losencuentrosdepamplona\/?hl=es\"]}]}<\/script>\n<!-- \/ Yoast SEO plugin. -->","yoast_head_json":{"title":"Marta Tafalla - Encuentros de Pamplona \/ Iru\u00f1eko Topaketak","robots":{"index":"index","follow":"follow","max-snippet":"max-snippet:-1","max-image-preview":"max-image-preview:large","max-video-preview":"max-video-preview:-1"},"canonical":"https:\/\/www.losencuentrosdepamplona.com\/participante\/marta-tafalla\/","og_locale":"eu_ES","og_type":"article","og_title":"Marta Tafalla - Encuentros de Pamplona \/ Iru\u00f1eko Topaketak","og_description":"Fil\u00f3sofa e investigadora en \u00e9tica animal. Doctora en Filosof\u00eda, es profesora de \u00c9tica y Est\u00e9tica en la Universidad Aut\u00f3noma de Barcelona y miembro del consejo cient\u00edfico del\u00a0Centre for Animal Ethics\u00a0de la Universidad Pompeu Fabra. Su investigaci\u00f3n se centra en la relaci\u00f3n entre animales, humanos y naturaleza desde una perspectiva \u00e9tica y est\u00e9tica. A lo largo&hellip;&nbsp;Read More &raquo;Marta Tafalla","og_url":"https:\/\/www.losencuentrosdepamplona.com\/participante\/marta-tafalla\/","og_site_name":"Encuentros de Pamplona \/ Iru\u00f1eko Topaketak","article_publisher":"https:\/\/www.facebook.com\/encuentrosdepamplona\/","article_modified_time":"2024-06-24T07:51:02+00:00","og_image":[{"width":800,"height":915,"url":"https:\/\/www.losencuentrosdepamplona.com\/wp-content\/uploads\/2024\/03\/Marta-Tafalla.webp","type":"image\/jpeg"}],"twitter_card":"summary_large_image","twitter_site":"@encuentros2024","twitter_misc":{"Est. reading time":"1 minute"},"schema":{"@context":"https:\/\/schema.org","@graph":[{"@type":"WebPage","@id":"https:\/\/www.losencuentrosdepamplona.com\/participante\/marta-tafalla\/","url":"https:\/\/www.losencuentrosdepamplona.com\/participante\/marta-tafalla\/","name":"Marta Tafalla - Encuentros de Pamplona \/ Iru\u00f1eko Topaketak","isPartOf":{"@id":"https:\/\/www.losencuentrosdepamplona.com\/#website"},"primaryImageOfPage":{"@id":"https:\/\/www.losencuentrosdepamplona.com\/participante\/marta-tafalla\/#primaryimage"},"image":{"@id":"https:\/\/www.losencuentrosdepamplona.com\/participante\/marta-tafalla\/#primaryimage"},"thumbnailUrl":"https:\/\/www.losencuentrosdepamplona.com\/wp-content\/uploads\/2024\/03\/Marta-Tafalla.webp","datePublished":"2024-06-24T07:51:01+00:00","dateModified":"2024-06-24T07:51:02+00:00","breadcrumb":{"@id":"https:\/\/www.losencuentrosdepamplona.com\/participante\/marta-tafalla\/#breadcrumb"},"inLanguage":"eu-ES","potentialAction":[{"@type":"ReadAction","target":["https:\/\/www.losencuentrosdepamplona.com\/participante\/marta-tafalla\/"]}]},{"@type":"ImageObject","inLanguage":"eu-ES","@id":"https:\/\/www.losencuentrosdepamplona.com\/participante\/marta-tafalla\/#primaryimage","url":"https:\/\/www.losencuentrosdepamplona.com\/wp-content\/uploads\/2024\/03\/Marta-Tafalla.webp","contentUrl":"https:\/\/www.losencuentrosdepamplona.com\/wp-content\/uploads\/2024\/03\/Marta-Tafalla.webp","width":800,"height":915},{"@type":"BreadcrumbList","@id":"https:\/\/www.losencuentrosdepamplona.com\/participante\/marta-tafalla\/#breadcrumb","itemListElement":[{"@type":"ListItem","position":1,"name":"Portada","item":"https:\/\/www.losencuentrosdepamplona.com\/eu\/"},{"@type":"ListItem","position":2,"name":"Marta Tafalla"}]},{"@type":"WebSite","@id":"https:\/\/www.losencuentrosdepamplona.com\/#website","url":"https:\/\/www.losencuentrosdepamplona.com\/","name":"Encuentros de Pamplona \/ Iru\u00f1eko Topaketak","description":"Bienal internacional de cultura, arte y pensamiento","publisher":{"@id":"https:\/\/www.losencuentrosdepamplona.com\/#organization"},"potentialAction":[{"@type":"SearchAction","target":{"@type":"EntryPoint","urlTemplate":"https:\/\/www.losencuentrosdepamplona.com\/?s={search_term_string}"},"query-input":{"@type":"PropertyValueSpecification","valueRequired":true,"valueName":"search_term_string"}}],"inLanguage":"eu-ES"},{"@type":"Organization","@id":"https:\/\/www.losencuentrosdepamplona.com\/#organization","name":"Encuentros de Pamplona \/ Iru\u00f1eko Topaketak","url":"https:\/\/www.losencuentrosdepamplona.com\/","logo":{"@type":"ImageObject","inLanguage":"eu-ES","@id":"https:\/\/www.losencuentrosdepamplona.com\/#\/schema\/logo\/image\/","url":"https:\/\/www.losencuentrosdepamplona.com\/wp-content\/uploads\/2024\/02\/encuentros__mid-dark.svg","contentUrl":"https:\/\/www.losencuentrosdepamplona.com\/wp-content\/uploads\/2024\/02\/encuentros__mid-dark.svg","width":1103,"height":294,"caption":"Encuentros de Pamplona \/ Iru\u00f1eko Topaketak"},"image":{"@id":"https:\/\/www.losencuentrosdepamplona.com\/#\/schema\/logo\/image\/"},"sameAs":["https:\/\/www.facebook.com\/encuentrosdepamplona\/","https:\/\/x.com\/encuentros2024","https:\/\/www.instagram.com\/losencuentrosdepamplona\/?hl=es"]}]}},"uagb_featured_image_src":{"full":["https:\/\/www.losencuentrosdepamplona.com\/wp-content\/uploads\/2024\/03\/Marta-Tafalla.webp",800,915,false],"thumbnail":["https:\/\/www.losencuentrosdepamplona.com\/wp-content\/uploads\/2024\/03\/Marta-Tafalla-150x150.jpg",150,150,true],"medium":["https:\/\/www.losencuentrosdepamplona.com\/wp-content\/uploads\/2024\/03\/Marta-Tafalla-262x300.jpg",262,300,true],"medium_large":["https:\/\/www.losencuentrosdepamplona.com\/wp-content\/uploads\/2024\/03\/Marta-Tafalla-768x878.jpg",768,878,true],"large":["https:\/\/www.losencuentrosdepamplona.com\/wp-content\/uploads\/2024\/03\/Marta-Tafalla.webp",800,915,false],"thumblist":["https:\/\/www.losencuentrosdepamplona.com\/wp-content\/uploads\/2024\/03\/Marta-Tafalla.webp",262,300,false],"thumbrelated":["https:\/\/www.losencuentrosdepamplona.com\/wp-content\/uploads\/2024\/03\/Marta-Tafalla.webp",437,500,false],"meccarouselthumb":["https:\/\/www.losencuentrosdepamplona.com\/wp-content\/uploads\/2024\/03\/Marta-Tafalla.webp",283,324,false],"gridsquare":["https:\/\/www.losencuentrosdepamplona.com\/wp-content\/uploads\/2024\/03\/Marta-Tafalla.webp",227,260,false],"tileview":["https:\/\/www.losencuentrosdepamplona.com\/wp-content\/uploads\/2024\/03\/Marta-Tafalla.webp",300,343,false],"1536x1536":["https:\/\/www.losencuentrosdepamplona.com\/wp-content\/uploads\/2024\/03\/Marta-Tafalla.webp",800,915,false],"2048x2048":["https:\/\/www.losencuentrosdepamplona.com\/wp-content\/uploads\/2024\/03\/Marta-Tafalla.webp",800,915,false],"neve-blog":["https:\/\/www.losencuentrosdepamplona.com\/wp-content\/uploads\/2024\/03\/Marta-Tafalla-800x620.jpg",800,620,true]},"uagb_author_info":{"display_name":"ec6eef2fcc","author_link":"https:\/\/www.losencuentrosdepamplona.com\/eu\/author\/"},"uagb_comment_info":0,"uagb_excerpt":"Fil\u00f3sofa e investigadora en \u00e9tica animal. Doctora en Filosof\u00eda, es profesora de \u00c9tica y Est\u00e9tica en la Universidad Aut\u00f3noma de Barcelona y miembro del consejo cient\u00edfico del\u00a0Centre for Animal Ethics\u00a0de la Universidad Pompeu Fabra. Su investigaci\u00f3n se centra en la relaci\u00f3n entre animales, humanos y naturaleza desde una perspectiva \u00e9tica y est\u00e9tica. A lo largo&hellip;&nbsp;Read&hellip;","_links":{"self":[{"href":"https:\/\/www.losencuentrosdepamplona.com\/eu\/wp-json\/wp\/v2\/participante\/3868","targetHints":{"allow":["GET"]}}],"collection":[{"href":"https:\/\/www.losencuentrosdepamplona.com\/eu\/wp-json\/wp\/v2\/participante"}],"about":[{"href":"https:\/\/www.losencuentrosdepamplona.com\/eu\/wp-json\/wp\/v2\/types\/participante"}],"wp:featuredmedia":[{"embeddable":true,"href":"https:\/\/www.losencuentrosdepamplona.com\/eu\/wp-json\/wp\/v2\/media\/987"}],"wp:attachment":[{"href":"https:\/\/www.losencuentrosdepamplona.com\/eu\/wp-json\/wp\/v2\/media?parent=3868"}],"wp:term":[{"taxonomy":"categoria-participante","embeddable":true,"href":"https:\/\/www.losencuentrosdepamplona.com\/eu\/wp-json\/wp\/v2\/categoria-participante?post=3868"}],"curies":[{"name":"wp","href":"https:\/\/api.w.org\/{rel}","templated":true}]}}