{"id":6169,"date":"2024-05-31T13:22:43","date_gmt":"2024-05-31T11:22:43","guid":{"rendered":"https:\/\/www.losencuentrosdepamplona.com\/participante\/ignasi-moreta\/"},"modified":"2024-05-31T13:25:13","modified_gmt":"2024-05-31T11:25:13","slug":"ignasi-moreta","status":"publish","type":"participante","link":"https:\/\/www.losencuentrosdepamplona.com\/eu\/participante\/ignasi-moreta\/","title":{"rendered":"Ignasi Moreta"},"content":{"rendered":"\n<p><em>Argitaratzailea eta saiakeragilea<\/em>.<\/p>\n\n\n\n<p>Literatura irakaslea da Pompeu Fabra Unibertsitatean, eta beste batzuekin batera 2007an fundatutako Fragmenta argitaletxeko argitaratzailea. Doktorea Giza Zientzietan, Pompeu Fabra Unibertsitatean, Joan Maragallen pentsamenduaren azterketan espezializatu da. No et facis posar cendra. Pensament i religi\u00f3 en Joan Maragall (2010) liburuaren eta Josep Rius-Camps, Joan-Carles M\u00e8lich, Llu\u00eds Duch eta Dolors Bramonekin izandako solasaldiak biltzen dituzten liburuen egilea da. Joan Maragallen obra guztien edizio kritikoa argitaratzeko batzordekidea da, Edicions 62 argitaletxearekin kaleratuko da. 2012an, Kataluniako Liburu Ganberak egilearen argitaratze lana aitortu zuen, liburuen sektoreko ekintzaile gaztea saritzeko Memorial Ferran Lara saria emanda. 2018an Komisarioa izan zen Raimon Panikkar filosofo eta teologo katalanaren jaiotzaren mendeurrena ospatzeko ekitaldian.<\/p>\n","protected":false},"featured_media":6167,"template":"","categoria-participante":[137,58],"class_list":["post-6169","participante","type-participante","status-publish","has-post-thumbnail","hentry","categoria-participante-bideratzaileak","categoria-participante-oso-urrutitik-gatoz-denok"],"acf":[],"yoast_head":"<!-- This site is optimized with the Yoast SEO plugin v23.5 - https:\/\/yoast.com\/wordpress\/plugins\/seo\/ -->\n<title>Ignasi Moreta - Encuentros de Pamplona \/ Iru\u00f1eko Topaketak<\/title>\n<meta name=\"robots\" content=\"index, follow, max-snippet:-1, max-image-preview:large, max-video-preview:-1\" \/>\n<link rel=\"canonical\" href=\"https:\/\/www.losencuentrosdepamplona.com\/eu\/participante\/ignasi-moreta\/\" \/>\n<meta property=\"og:locale\" content=\"eu_ES\" \/>\n<meta property=\"og:type\" content=\"article\" \/>\n<meta property=\"og:title\" content=\"Ignasi Moreta - Encuentros de Pamplona \/ Iru\u00f1eko Topaketak\" \/>\n<meta property=\"og:description\" content=\"Argitaratzailea eta saiakeragilea. Literatura irakaslea da Pompeu Fabra Unibertsitatean, eta beste batzuekin batera 2007an fundatutako Fragmenta argitaletxeko argitaratzailea. Doktorea Giza Zientzietan, Pompeu Fabra Unibertsitatean, Joan Maragallen pentsamenduaren azterketan espezializatu da. No et facis posar cendra. Pensament i religi\u00f3 en Joan Maragall (2010) liburuaren eta Josep Rius-Camps, Joan-Carles M\u00e8lich, Llu\u00eds Duch eta Dolors Bramonekin izandako solasaldiak&hellip;&nbsp;Read More &raquo;Ignasi Moreta\" \/>\n<meta property=\"og:url\" content=\"https:\/\/www.losencuentrosdepamplona.com\/eu\/participante\/ignasi-moreta\/\" \/>\n<meta property=\"og:site_name\" content=\"Encuentros de Pamplona \/ Iru\u00f1eko Topaketak\" \/>\n<meta property=\"article:publisher\" content=\"https:\/\/www.facebook.com\/encuentrosdepamplona\/\" \/>\n<meta property=\"article:modified_time\" content=\"2024-05-31T11:25:13+00:00\" \/>\n<meta property=\"og:image\" content=\"https:\/\/www.losencuentrosdepamplona.com\/wp-content\/uploads\/2024\/05\/Ignasi-Moreta-c-Francesc-Moreta.jpg\" \/>\n\t<meta property=\"og:image:width\" content=\"800\" \/>\n\t<meta property=\"og:image:height\" content=\"915\" \/>\n\t<meta property=\"og:image:type\" content=\"image\/jpeg\" \/>\n<meta name=\"twitter:card\" content=\"summary_large_image\" \/>\n<meta name=\"twitter:site\" content=\"@encuentros2024\" \/>\n<meta name=\"twitter:label1\" content=\"Est. reading time\" \/>\n\t<meta name=\"twitter:data1\" content=\"1 minute\" \/>\n<script type=\"application\/ld+json\" class=\"yoast-schema-graph\">{\"@context\":\"https:\/\/schema.org\",\"@graph\":[{\"@type\":\"WebPage\",\"@id\":\"https:\/\/www.losencuentrosdepamplona.com\/eu\/participante\/ignasi-moreta\/\",\"url\":\"https:\/\/www.losencuentrosdepamplona.com\/eu\/participante\/ignasi-moreta\/\",\"name\":\"Ignasi Moreta - Encuentros de Pamplona \/ Iru\u00f1eko Topaketak\",\"isPartOf\":{\"@id\":\"https:\/\/www.losencuentrosdepamplona.com\/#website\"},\"primaryImageOfPage\":{\"@id\":\"https:\/\/www.losencuentrosdepamplona.com\/eu\/participante\/ignasi-moreta\/#primaryimage\"},\"image\":{\"@id\":\"https:\/\/www.losencuentrosdepamplona.com\/eu\/participante\/ignasi-moreta\/#primaryimage\"},\"thumbnailUrl\":\"https:\/\/www.losencuentrosdepamplona.com\/wp-content\/uploads\/2024\/05\/Ignasi-Moreta-c-Francesc-Moreta.jpg\",\"datePublished\":\"2024-05-31T11:22:43+00:00\",\"dateModified\":\"2024-05-31T11:25:13+00:00\",\"breadcrumb\":{\"@id\":\"https:\/\/www.losencuentrosdepamplona.com\/eu\/participante\/ignasi-moreta\/#breadcrumb\"},\"inLanguage\":\"eu-ES\",\"potentialAction\":[{\"@type\":\"ReadAction\",\"target\":[\"https:\/\/www.losencuentrosdepamplona.com\/eu\/participante\/ignasi-moreta\/\"]}]},{\"@type\":\"ImageObject\",\"inLanguage\":\"eu-ES\",\"@id\":\"https:\/\/www.losencuentrosdepamplona.com\/eu\/participante\/ignasi-moreta\/#primaryimage\",\"url\":\"https:\/\/www.losencuentrosdepamplona.com\/wp-content\/uploads\/2024\/05\/Ignasi-Moreta-c-Francesc-Moreta.jpg\",\"contentUrl\":\"https:\/\/www.losencuentrosdepamplona.com\/wp-content\/uploads\/2024\/05\/Ignasi-Moreta-c-Francesc-Moreta.jpg\",\"width\":800,\"height\":915},{\"@type\":\"BreadcrumbList\",\"@id\":\"https:\/\/www.losencuentrosdepamplona.com\/eu\/participante\/ignasi-moreta\/#breadcrumb\",\"itemListElement\":[{\"@type\":\"ListItem\",\"position\":1,\"name\":\"Portada\",\"item\":\"https:\/\/www.losencuentrosdepamplona.com\/eu\/\"},{\"@type\":\"ListItem\",\"position\":2,\"name\":\"Ignasi Moreta\"}]},{\"@type\":\"WebSite\",\"@id\":\"https:\/\/www.losencuentrosdepamplona.com\/#website\",\"url\":\"https:\/\/www.losencuentrosdepamplona.com\/\",\"name\":\"Encuentros de Pamplona \/ Iru\u00f1eko Topaketak\",\"description\":\"Bienal internacional de cultura, arte y pensamiento\",\"publisher\":{\"@id\":\"https:\/\/www.losencuentrosdepamplona.com\/#organization\"},\"potentialAction\":[{\"@type\":\"SearchAction\",\"target\":{\"@type\":\"EntryPoint\",\"urlTemplate\":\"https:\/\/www.losencuentrosdepamplona.com\/?s={search_term_string}\"},\"query-input\":{\"@type\":\"PropertyValueSpecification\",\"valueRequired\":true,\"valueName\":\"search_term_string\"}}],\"inLanguage\":\"eu-ES\"},{\"@type\":\"Organization\",\"@id\":\"https:\/\/www.losencuentrosdepamplona.com\/#organization\",\"name\":\"Encuentros de Pamplona \/ Iru\u00f1eko Topaketak\",\"url\":\"https:\/\/www.losencuentrosdepamplona.com\/\",\"logo\":{\"@type\":\"ImageObject\",\"inLanguage\":\"eu-ES\",\"@id\":\"https:\/\/www.losencuentrosdepamplona.com\/#\/schema\/logo\/image\/\",\"url\":\"https:\/\/www.losencuentrosdepamplona.com\/wp-content\/uploads\/2024\/02\/encuentros__mid-dark.svg\",\"contentUrl\":\"https:\/\/www.losencuentrosdepamplona.com\/wp-content\/uploads\/2024\/02\/encuentros__mid-dark.svg\",\"width\":1103,\"height\":294,\"caption\":\"Encuentros de Pamplona \/ Iru\u00f1eko Topaketak\"},\"image\":{\"@id\":\"https:\/\/www.losencuentrosdepamplona.com\/#\/schema\/logo\/image\/\"},\"sameAs\":[\"https:\/\/www.facebook.com\/encuentrosdepamplona\/\",\"https:\/\/x.com\/encuentros2024\",\"https:\/\/www.instagram.com\/losencuentrosdepamplona\/?hl=es\"]}]}<\/script>\n<!-- \/ Yoast SEO plugin. -->","yoast_head_json":{"title":"Ignasi Moreta - Encuentros de Pamplona \/ Iru\u00f1eko Topaketak","robots":{"index":"index","follow":"follow","max-snippet":"max-snippet:-1","max-image-preview":"max-image-preview:large","max-video-preview":"max-video-preview:-1"},"canonical":"https:\/\/www.losencuentrosdepamplona.com\/eu\/participante\/ignasi-moreta\/","og_locale":"eu_ES","og_type":"article","og_title":"Ignasi Moreta - Encuentros de Pamplona \/ Iru\u00f1eko Topaketak","og_description":"Argitaratzailea eta saiakeragilea. Literatura irakaslea da Pompeu Fabra Unibertsitatean, eta beste batzuekin batera 2007an fundatutako Fragmenta argitaletxeko argitaratzailea. Doktorea Giza Zientzietan, Pompeu Fabra Unibertsitatean, Joan Maragallen pentsamenduaren azterketan espezializatu da. No et facis posar cendra. Pensament i religi\u00f3 en Joan Maragall (2010) liburuaren eta Josep Rius-Camps, Joan-Carles M\u00e8lich, Llu\u00eds Duch eta Dolors Bramonekin izandako solasaldiak&hellip;&nbsp;Read More &raquo;Ignasi Moreta","og_url":"https:\/\/www.losencuentrosdepamplona.com\/eu\/participante\/ignasi-moreta\/","og_site_name":"Encuentros de Pamplona \/ Iru\u00f1eko Topaketak","article_publisher":"https:\/\/www.facebook.com\/encuentrosdepamplona\/","article_modified_time":"2024-05-31T11:25:13+00:00","og_image":[{"width":800,"height":915,"url":"https:\/\/www.losencuentrosdepamplona.com\/wp-content\/uploads\/2024\/05\/Ignasi-Moreta-c-Francesc-Moreta.jpg","type":"image\/jpeg"}],"twitter_card":"summary_large_image","twitter_site":"@encuentros2024","twitter_misc":{"Est. reading time":"1 minute"},"schema":{"@context":"https:\/\/schema.org","@graph":[{"@type":"WebPage","@id":"https:\/\/www.losencuentrosdepamplona.com\/eu\/participante\/ignasi-moreta\/","url":"https:\/\/www.losencuentrosdepamplona.com\/eu\/participante\/ignasi-moreta\/","name":"Ignasi Moreta - Encuentros de Pamplona \/ Iru\u00f1eko Topaketak","isPartOf":{"@id":"https:\/\/www.losencuentrosdepamplona.com\/#website"},"primaryImageOfPage":{"@id":"https:\/\/www.losencuentrosdepamplona.com\/eu\/participante\/ignasi-moreta\/#primaryimage"},"image":{"@id":"https:\/\/www.losencuentrosdepamplona.com\/eu\/participante\/ignasi-moreta\/#primaryimage"},"thumbnailUrl":"https:\/\/www.losencuentrosdepamplona.com\/wp-content\/uploads\/2024\/05\/Ignasi-Moreta-c-Francesc-Moreta.jpg","datePublished":"2024-05-31T11:22:43+00:00","dateModified":"2024-05-31T11:25:13+00:00","breadcrumb":{"@id":"https:\/\/www.losencuentrosdepamplona.com\/eu\/participante\/ignasi-moreta\/#breadcrumb"},"inLanguage":"eu-ES","potentialAction":[{"@type":"ReadAction","target":["https:\/\/www.losencuentrosdepamplona.com\/eu\/participante\/ignasi-moreta\/"]}]},{"@type":"ImageObject","inLanguage":"eu-ES","@id":"https:\/\/www.losencuentrosdepamplona.com\/eu\/participante\/ignasi-moreta\/#primaryimage","url":"https:\/\/www.losencuentrosdepamplona.com\/wp-content\/uploads\/2024\/05\/Ignasi-Moreta-c-Francesc-Moreta.jpg","contentUrl":"https:\/\/www.losencuentrosdepamplona.com\/wp-content\/uploads\/2024\/05\/Ignasi-Moreta-c-Francesc-Moreta.jpg","width":800,"height":915},{"@type":"BreadcrumbList","@id":"https:\/\/www.losencuentrosdepamplona.com\/eu\/participante\/ignasi-moreta\/#breadcrumb","itemListElement":[{"@type":"ListItem","position":1,"name":"Portada","item":"https:\/\/www.losencuentrosdepamplona.com\/eu\/"},{"@type":"ListItem","position":2,"name":"Ignasi Moreta"}]},{"@type":"WebSite","@id":"https:\/\/www.losencuentrosdepamplona.com\/#website","url":"https:\/\/www.losencuentrosdepamplona.com\/","name":"Encuentros de Pamplona \/ Iru\u00f1eko Topaketak","description":"Bienal internacional de cultura, arte y pensamiento","publisher":{"@id":"https:\/\/www.losencuentrosdepamplona.com\/#organization"},"potentialAction":[{"@type":"SearchAction","target":{"@type":"EntryPoint","urlTemplate":"https:\/\/www.losencuentrosdepamplona.com\/?s={search_term_string}"},"query-input":{"@type":"PropertyValueSpecification","valueRequired":true,"valueName":"search_term_string"}}],"inLanguage":"eu-ES"},{"@type":"Organization","@id":"https:\/\/www.losencuentrosdepamplona.com\/#organization","name":"Encuentros de Pamplona \/ Iru\u00f1eko Topaketak","url":"https:\/\/www.losencuentrosdepamplona.com\/","logo":{"@type":"ImageObject","inLanguage":"eu-ES","@id":"https:\/\/www.losencuentrosdepamplona.com\/#\/schema\/logo\/image\/","url":"https:\/\/www.losencuentrosdepamplona.com\/wp-content\/uploads\/2024\/02\/encuentros__mid-dark.svg","contentUrl":"https:\/\/www.losencuentrosdepamplona.com\/wp-content\/uploads\/2024\/02\/encuentros__mid-dark.svg","width":1103,"height":294,"caption":"Encuentros de Pamplona \/ Iru\u00f1eko Topaketak"},"image":{"@id":"https:\/\/www.losencuentrosdepamplona.com\/#\/schema\/logo\/image\/"},"sameAs":["https:\/\/www.facebook.com\/encuentrosdepamplona\/","https:\/\/x.com\/encuentros2024","https:\/\/www.instagram.com\/losencuentrosdepamplona\/?hl=es"]}]}},"uagb_featured_image_src":{"full":["https:\/\/www.losencuentrosdepamplona.com\/wp-content\/uploads\/2024\/05\/Ignasi-Moreta-c-Francesc-Moreta.jpg",800,915,false],"thumbnail":["https:\/\/www.losencuentrosdepamplona.com\/wp-content\/uploads\/2024\/05\/Ignasi-Moreta-c-Francesc-Moreta-150x150.jpg",150,150,true],"medium":["https:\/\/www.losencuentrosdepamplona.com\/wp-content\/uploads\/2024\/05\/Ignasi-Moreta-c-Francesc-Moreta-262x300.jpg",262,300,true],"medium_large":["https:\/\/www.losencuentrosdepamplona.com\/wp-content\/uploads\/2024\/05\/Ignasi-Moreta-c-Francesc-Moreta-768x878.jpg",768,878,true],"large":["https:\/\/www.losencuentrosdepamplona.com\/wp-content\/uploads\/2024\/05\/Ignasi-Moreta-c-Francesc-Moreta.jpg",800,915,false],"thumblist":["https:\/\/www.losencuentrosdepamplona.com\/wp-content\/uploads\/2024\/05\/Ignasi-Moreta-c-Francesc-Moreta-300x300.jpg",300,300,true],"thumbrelated":["https:\/\/www.losencuentrosdepamplona.com\/wp-content\/uploads\/2024\/05\/Ignasi-Moreta-c-Francesc-Moreta-500x500.jpg",500,500,true],"meccarouselthumb":["https:\/\/www.losencuentrosdepamplona.com\/wp-content\/uploads\/2024\/05\/Ignasi-Moreta-c-Francesc-Moreta-474x324.jpg",474,324,true],"gridsquare":["https:\/\/www.losencuentrosdepamplona.com\/wp-content\/uploads\/2024\/05\/Ignasi-Moreta-c-Francesc-Moreta-391x260.jpg",391,260,true],"tileview":["https:\/\/www.losencuentrosdepamplona.com\/wp-content\/uploads\/2024\/05\/Ignasi-Moreta-c-Francesc-Moreta-300x400.jpg",300,400,true],"1536x1536":["https:\/\/www.losencuentrosdepamplona.com\/wp-content\/uploads\/2024\/05\/Ignasi-Moreta-c-Francesc-Moreta.jpg",800,915,false],"2048x2048":["https:\/\/www.losencuentrosdepamplona.com\/wp-content\/uploads\/2024\/05\/Ignasi-Moreta-c-Francesc-Moreta.jpg",800,915,false],"neve-blog":["https:\/\/www.losencuentrosdepamplona.com\/wp-content\/uploads\/2024\/05\/Ignasi-Moreta-c-Francesc-Moreta-800x620.jpg",800,620,true]},"uagb_author_info":{"display_name":"ec6eef2fcc","author_link":"https:\/\/www.losencuentrosdepamplona.com\/eu\/author\/"},"uagb_comment_info":0,"uagb_excerpt":"Argitaratzailea eta saiakeragilea. Literatura irakaslea da Pompeu Fabra Unibertsitatean, eta beste batzuekin batera 2007an fundatutako Fragmenta argitaletxeko argitaratzailea. Doktorea Giza Zientzietan, Pompeu Fabra Unibertsitatean, Joan Maragallen pentsamenduaren azterketan espezializatu da. No et facis posar cendra. Pensament i religi\u00f3 en Joan Maragall (2010) liburuaren eta Josep Rius-Camps, Joan-Carles M\u00e8lich, Llu\u00eds Duch eta Dolors Bramonekin izandako solasaldiak&hellip;&nbsp;Read&hellip;","_links":{"self":[{"href":"https:\/\/www.losencuentrosdepamplona.com\/eu\/wp-json\/wp\/v2\/participante\/6169","targetHints":{"allow":["GET"]}}],"collection":[{"href":"https:\/\/www.losencuentrosdepamplona.com\/eu\/wp-json\/wp\/v2\/participante"}],"about":[{"href":"https:\/\/www.losencuentrosdepamplona.com\/eu\/wp-json\/wp\/v2\/types\/participante"}],"wp:featuredmedia":[{"embeddable":true,"href":"https:\/\/www.losencuentrosdepamplona.com\/eu\/wp-json\/wp\/v2\/media\/6167"}],"wp:attachment":[{"href":"https:\/\/www.losencuentrosdepamplona.com\/eu\/wp-json\/wp\/v2\/media?parent=6169"}],"wp:term":[{"taxonomy":"categoria-participante","embeddable":true,"href":"https:\/\/www.losencuentrosdepamplona.com\/eu\/wp-json\/wp\/v2\/categoria-participante?post=6169"}],"curies":[{"name":"wp","href":"https:\/\/api.w.org\/{rel}","templated":true}]}}