{"id":7308,"date":"2024-06-13T15:33:39","date_gmt":"2024-06-13T13:33:39","guid":{"rendered":"https:\/\/www.losencuentrosdepamplona.com\/participante\/carolina-b-garcia-estevez\/"},"modified":"2024-06-24T11:43:43","modified_gmt":"2024-06-24T09:43:43","slug":"carolina-b-garcia-estevez","status":"publish","type":"participante","link":"https:\/\/www.losencuentrosdepamplona.com\/eu\/participante\/carolina-b-garcia-estevez\/","title":{"rendered":"Carolina B. Garc\u00eda-Est\u00e9vez"},"content":{"rendered":"\n<p><em>Idazlea eta Arte eta Arkitekturaren historialaria.<\/em><\/p>\n\n\n\n<p>Arkitektoa eta Arkitekturaren Teoria eta Historian doktorea (Kataluniako Unibertsitate Politeknikoa), tesi honekin: <em>Opus angelicum. El imaginario arquitect\u00f3nico de las Eleg\u00edas de Duino, 1912-1922<\/em> (Bartzelona, 2012). Bartzelonako Arkitekturako Goi Eskola Teknikoko (ETSAB-UPC) Arte eta Arkitekturaren Historiako Serra H\u00fanter irakaslea da. Irakasle gonbidatua izan da honako hauetan: Ruprecht-Karls-Universit\u00e4t Heidelberg, University of Illinois Urbana-Champaign eta Kunsthistorisches Institut in Florenz. Arkitekturaren, artearen eta literaturaren arteko elkarrekikotasuna ardatz dituen monografia ugariren egilea eta editorea da, Europako abangoardien jatorri berri bat definitzeko bide gisa, eta arreta berezia eskaintzen dio Rainer Maria Rilke (1875-1926) poetaren lanari. Bere azken lanen artean dago monografia kolektibo hau: <em>Las ciudades de Rilke<\/em> (Publicaciones de la Residencia de Estudiantes, 2022).<\/p>\n","protected":false},"featured_media":6852,"template":"","categoria-participante":[395,137,56],"class_list":["post-7308","participante","type-participante","status-publish","has-post-thumbnail","hentry","categoria-participante-nafarroako-topaketak","categoria-participante-bideratzaileak","categoria-participante-xxi-mendean-norabidea-aurkitzeko-filosofia"],"acf":[],"yoast_head":"<!-- This site is optimized with the Yoast SEO plugin v23.5 - https:\/\/yoast.com\/wordpress\/plugins\/seo\/ -->\n<title>Carolina B. Garc\u00eda-Est\u00e9vez - Encuentros de Pamplona \/ Iru\u00f1eko Topaketak<\/title>\n<meta name=\"robots\" content=\"index, follow, max-snippet:-1, max-image-preview:large, max-video-preview:-1\" \/>\n<link rel=\"canonical\" href=\"https:\/\/www.losencuentrosdepamplona.com\/eu\/participante\/carolina-b-garcia-estevez\/\" \/>\n<meta property=\"og:locale\" content=\"eu_ES\" \/>\n<meta property=\"og:type\" content=\"article\" \/>\n<meta property=\"og:title\" content=\"Carolina B. Garc\u00eda-Est\u00e9vez - Encuentros de Pamplona \/ Iru\u00f1eko Topaketak\" \/>\n<meta property=\"og:description\" content=\"Idazlea eta Arte eta Arkitekturaren historialaria. Arkitektoa eta Arkitekturaren Teoria eta Historian doktorea (Kataluniako Unibertsitate Politeknikoa), tesi honekin: Opus angelicum. El imaginario arquitect\u00f3nico de las Eleg\u00edas de Duino, 1912-1922 (Bartzelona, 2012). Bartzelonako Arkitekturako Goi Eskola Teknikoko (ETSAB-UPC) Arte eta Arkitekturaren Historiako Serra H\u00fanter irakaslea da. Irakasle gonbidatua izan da honako hauetan: Ruprecht-Karls-Universit\u00e4t Heidelberg, University of&hellip;&nbsp;Read More &raquo;Carolina B. Garc\u00eda-Est\u00e9vez\" \/>\n<meta property=\"og:url\" content=\"https:\/\/www.losencuentrosdepamplona.com\/eu\/participante\/carolina-b-garcia-estevez\/\" \/>\n<meta property=\"og:site_name\" content=\"Encuentros de Pamplona \/ Iru\u00f1eko Topaketak\" \/>\n<meta property=\"article:publisher\" content=\"https:\/\/www.facebook.com\/encuentrosdepamplona\/\" \/>\n<meta property=\"article:modified_time\" content=\"2024-06-24T09:43:43+00:00\" \/>\n<meta property=\"og:image\" content=\"https:\/\/www.losencuentrosdepamplona.com\/wp-content\/uploads\/2024\/06\/Carolina-B-Garcia-Estevez-c-Xenia-Fuentes.jpg\" \/>\n\t<meta property=\"og:image:width\" content=\"800\" \/>\n\t<meta property=\"og:image:height\" content=\"915\" \/>\n\t<meta property=\"og:image:type\" content=\"image\/jpeg\" \/>\n<meta name=\"twitter:card\" content=\"summary_large_image\" \/>\n<meta name=\"twitter:site\" content=\"@encuentros2024\" \/>\n<meta name=\"twitter:label1\" content=\"Est. reading time\" \/>\n\t<meta name=\"twitter:data1\" content=\"1 minute\" \/>\n<script type=\"application\/ld+json\" class=\"yoast-schema-graph\">{\"@context\":\"https:\/\/schema.org\",\"@graph\":[{\"@type\":\"WebPage\",\"@id\":\"https:\/\/www.losencuentrosdepamplona.com\/eu\/participante\/carolina-b-garcia-estevez\/\",\"url\":\"https:\/\/www.losencuentrosdepamplona.com\/eu\/participante\/carolina-b-garcia-estevez\/\",\"name\":\"Carolina B. Garc\u00eda-Est\u00e9vez - Encuentros de Pamplona \/ Iru\u00f1eko Topaketak\",\"isPartOf\":{\"@id\":\"https:\/\/www.losencuentrosdepamplona.com\/#website\"},\"primaryImageOfPage\":{\"@id\":\"https:\/\/www.losencuentrosdepamplona.com\/eu\/participante\/carolina-b-garcia-estevez\/#primaryimage\"},\"image\":{\"@id\":\"https:\/\/www.losencuentrosdepamplona.com\/eu\/participante\/carolina-b-garcia-estevez\/#primaryimage\"},\"thumbnailUrl\":\"https:\/\/www.losencuentrosdepamplona.com\/wp-content\/uploads\/2024\/06\/Carolina-B-Garcia-Estevez-c-Xenia-Fuentes.jpg\",\"datePublished\":\"2024-06-13T13:33:39+00:00\",\"dateModified\":\"2024-06-24T09:43:43+00:00\",\"breadcrumb\":{\"@id\":\"https:\/\/www.losencuentrosdepamplona.com\/eu\/participante\/carolina-b-garcia-estevez\/#breadcrumb\"},\"inLanguage\":\"eu-ES\",\"potentialAction\":[{\"@type\":\"ReadAction\",\"target\":[\"https:\/\/www.losencuentrosdepamplona.com\/eu\/participante\/carolina-b-garcia-estevez\/\"]}]},{\"@type\":\"ImageObject\",\"inLanguage\":\"eu-ES\",\"@id\":\"https:\/\/www.losencuentrosdepamplona.com\/eu\/participante\/carolina-b-garcia-estevez\/#primaryimage\",\"url\":\"https:\/\/www.losencuentrosdepamplona.com\/wp-content\/uploads\/2024\/06\/Carolina-B-Garcia-Estevez-c-Xenia-Fuentes.jpg\",\"contentUrl\":\"https:\/\/www.losencuentrosdepamplona.com\/wp-content\/uploads\/2024\/06\/Carolina-B-Garcia-Estevez-c-Xenia-Fuentes.jpg\",\"width\":800,\"height\":915},{\"@type\":\"BreadcrumbList\",\"@id\":\"https:\/\/www.losencuentrosdepamplona.com\/eu\/participante\/carolina-b-garcia-estevez\/#breadcrumb\",\"itemListElement\":[{\"@type\":\"ListItem\",\"position\":1,\"name\":\"Portada\",\"item\":\"https:\/\/www.losencuentrosdepamplona.com\/eu\/\"},{\"@type\":\"ListItem\",\"position\":2,\"name\":\"Carolina B. Garc\u00eda-Est\u00e9vez\"}]},{\"@type\":\"WebSite\",\"@id\":\"https:\/\/www.losencuentrosdepamplona.com\/#website\",\"url\":\"https:\/\/www.losencuentrosdepamplona.com\/\",\"name\":\"Encuentros de Pamplona \/ Iru\u00f1eko Topaketak\",\"description\":\"Bienal internacional de cultura, arte y pensamiento\",\"publisher\":{\"@id\":\"https:\/\/www.losencuentrosdepamplona.com\/#organization\"},\"potentialAction\":[{\"@type\":\"SearchAction\",\"target\":{\"@type\":\"EntryPoint\",\"urlTemplate\":\"https:\/\/www.losencuentrosdepamplona.com\/?s={search_term_string}\"},\"query-input\":{\"@type\":\"PropertyValueSpecification\",\"valueRequired\":true,\"valueName\":\"search_term_string\"}}],\"inLanguage\":\"eu-ES\"},{\"@type\":\"Organization\",\"@id\":\"https:\/\/www.losencuentrosdepamplona.com\/#organization\",\"name\":\"Encuentros de Pamplona \/ Iru\u00f1eko Topaketak\",\"url\":\"https:\/\/www.losencuentrosdepamplona.com\/\",\"logo\":{\"@type\":\"ImageObject\",\"inLanguage\":\"eu-ES\",\"@id\":\"https:\/\/www.losencuentrosdepamplona.com\/#\/schema\/logo\/image\/\",\"url\":\"https:\/\/www.losencuentrosdepamplona.com\/wp-content\/uploads\/2024\/02\/encuentros__mid-dark.svg\",\"contentUrl\":\"https:\/\/www.losencuentrosdepamplona.com\/wp-content\/uploads\/2024\/02\/encuentros__mid-dark.svg\",\"width\":1103,\"height\":294,\"caption\":\"Encuentros de Pamplona \/ Iru\u00f1eko Topaketak\"},\"image\":{\"@id\":\"https:\/\/www.losencuentrosdepamplona.com\/#\/schema\/logo\/image\/\"},\"sameAs\":[\"https:\/\/www.facebook.com\/encuentrosdepamplona\/\",\"https:\/\/x.com\/encuentros2024\",\"https:\/\/www.instagram.com\/losencuentrosdepamplona\/?hl=es\"]}]}<\/script>\n<!-- \/ Yoast SEO plugin. -->","yoast_head_json":{"title":"Carolina B. Garc\u00eda-Est\u00e9vez - Encuentros de Pamplona \/ Iru\u00f1eko Topaketak","robots":{"index":"index","follow":"follow","max-snippet":"max-snippet:-1","max-image-preview":"max-image-preview:large","max-video-preview":"max-video-preview:-1"},"canonical":"https:\/\/www.losencuentrosdepamplona.com\/eu\/participante\/carolina-b-garcia-estevez\/","og_locale":"eu_ES","og_type":"article","og_title":"Carolina B. Garc\u00eda-Est\u00e9vez - Encuentros de Pamplona \/ Iru\u00f1eko Topaketak","og_description":"Idazlea eta Arte eta Arkitekturaren historialaria. Arkitektoa eta Arkitekturaren Teoria eta Historian doktorea (Kataluniako Unibertsitate Politeknikoa), tesi honekin: Opus angelicum. El imaginario arquitect\u00f3nico de las Eleg\u00edas de Duino, 1912-1922 (Bartzelona, 2012). Bartzelonako Arkitekturako Goi Eskola Teknikoko (ETSAB-UPC) Arte eta Arkitekturaren Historiako Serra H\u00fanter irakaslea da. Irakasle gonbidatua izan da honako hauetan: Ruprecht-Karls-Universit\u00e4t Heidelberg, University of&hellip;&nbsp;Read More &raquo;Carolina B. Garc\u00eda-Est\u00e9vez","og_url":"https:\/\/www.losencuentrosdepamplona.com\/eu\/participante\/carolina-b-garcia-estevez\/","og_site_name":"Encuentros de Pamplona \/ Iru\u00f1eko Topaketak","article_publisher":"https:\/\/www.facebook.com\/encuentrosdepamplona\/","article_modified_time":"2024-06-24T09:43:43+00:00","og_image":[{"width":800,"height":915,"url":"https:\/\/www.losencuentrosdepamplona.com\/wp-content\/uploads\/2024\/06\/Carolina-B-Garcia-Estevez-c-Xenia-Fuentes.jpg","type":"image\/jpeg"}],"twitter_card":"summary_large_image","twitter_site":"@encuentros2024","twitter_misc":{"Est. reading time":"1 minute"},"schema":{"@context":"https:\/\/schema.org","@graph":[{"@type":"WebPage","@id":"https:\/\/www.losencuentrosdepamplona.com\/eu\/participante\/carolina-b-garcia-estevez\/","url":"https:\/\/www.losencuentrosdepamplona.com\/eu\/participante\/carolina-b-garcia-estevez\/","name":"Carolina B. Garc\u00eda-Est\u00e9vez - Encuentros de Pamplona \/ Iru\u00f1eko Topaketak","isPartOf":{"@id":"https:\/\/www.losencuentrosdepamplona.com\/#website"},"primaryImageOfPage":{"@id":"https:\/\/www.losencuentrosdepamplona.com\/eu\/participante\/carolina-b-garcia-estevez\/#primaryimage"},"image":{"@id":"https:\/\/www.losencuentrosdepamplona.com\/eu\/participante\/carolina-b-garcia-estevez\/#primaryimage"},"thumbnailUrl":"https:\/\/www.losencuentrosdepamplona.com\/wp-content\/uploads\/2024\/06\/Carolina-B-Garcia-Estevez-c-Xenia-Fuentes.jpg","datePublished":"2024-06-13T13:33:39+00:00","dateModified":"2024-06-24T09:43:43+00:00","breadcrumb":{"@id":"https:\/\/www.losencuentrosdepamplona.com\/eu\/participante\/carolina-b-garcia-estevez\/#breadcrumb"},"inLanguage":"eu-ES","potentialAction":[{"@type":"ReadAction","target":["https:\/\/www.losencuentrosdepamplona.com\/eu\/participante\/carolina-b-garcia-estevez\/"]}]},{"@type":"ImageObject","inLanguage":"eu-ES","@id":"https:\/\/www.losencuentrosdepamplona.com\/eu\/participante\/carolina-b-garcia-estevez\/#primaryimage","url":"https:\/\/www.losencuentrosdepamplona.com\/wp-content\/uploads\/2024\/06\/Carolina-B-Garcia-Estevez-c-Xenia-Fuentes.jpg","contentUrl":"https:\/\/www.losencuentrosdepamplona.com\/wp-content\/uploads\/2024\/06\/Carolina-B-Garcia-Estevez-c-Xenia-Fuentes.jpg","width":800,"height":915},{"@type":"BreadcrumbList","@id":"https:\/\/www.losencuentrosdepamplona.com\/eu\/participante\/carolina-b-garcia-estevez\/#breadcrumb","itemListElement":[{"@type":"ListItem","position":1,"name":"Portada","item":"https:\/\/www.losencuentrosdepamplona.com\/eu\/"},{"@type":"ListItem","position":2,"name":"Carolina B. Garc\u00eda-Est\u00e9vez"}]},{"@type":"WebSite","@id":"https:\/\/www.losencuentrosdepamplona.com\/#website","url":"https:\/\/www.losencuentrosdepamplona.com\/","name":"Encuentros de Pamplona \/ Iru\u00f1eko Topaketak","description":"Bienal internacional de cultura, arte y pensamiento","publisher":{"@id":"https:\/\/www.losencuentrosdepamplona.com\/#organization"},"potentialAction":[{"@type":"SearchAction","target":{"@type":"EntryPoint","urlTemplate":"https:\/\/www.losencuentrosdepamplona.com\/?s={search_term_string}"},"query-input":{"@type":"PropertyValueSpecification","valueRequired":true,"valueName":"search_term_string"}}],"inLanguage":"eu-ES"},{"@type":"Organization","@id":"https:\/\/www.losencuentrosdepamplona.com\/#organization","name":"Encuentros de Pamplona \/ Iru\u00f1eko Topaketak","url":"https:\/\/www.losencuentrosdepamplona.com\/","logo":{"@type":"ImageObject","inLanguage":"eu-ES","@id":"https:\/\/www.losencuentrosdepamplona.com\/#\/schema\/logo\/image\/","url":"https:\/\/www.losencuentrosdepamplona.com\/wp-content\/uploads\/2024\/02\/encuentros__mid-dark.svg","contentUrl":"https:\/\/www.losencuentrosdepamplona.com\/wp-content\/uploads\/2024\/02\/encuentros__mid-dark.svg","width":1103,"height":294,"caption":"Encuentros de Pamplona \/ Iru\u00f1eko Topaketak"},"image":{"@id":"https:\/\/www.losencuentrosdepamplona.com\/#\/schema\/logo\/image\/"},"sameAs":["https:\/\/www.facebook.com\/encuentrosdepamplona\/","https:\/\/x.com\/encuentros2024","https:\/\/www.instagram.com\/losencuentrosdepamplona\/?hl=es"]}]}},"uagb_featured_image_src":{"full":["https:\/\/www.losencuentrosdepamplona.com\/wp-content\/uploads\/2024\/06\/Carolina-B-Garcia-Estevez-c-Xenia-Fuentes.jpg",800,915,false],"thumbnail":["https:\/\/www.losencuentrosdepamplona.com\/wp-content\/uploads\/2024\/06\/Carolina-B-Garcia-Estevez-c-Xenia-Fuentes-150x150.jpg",150,150,true],"medium":["https:\/\/www.losencuentrosdepamplona.com\/wp-content\/uploads\/2024\/06\/Carolina-B-Garcia-Estevez-c-Xenia-Fuentes-262x300.jpg",262,300,true],"medium_large":["https:\/\/www.losencuentrosdepamplona.com\/wp-content\/uploads\/2024\/06\/Carolina-B-Garcia-Estevez-c-Xenia-Fuentes-768x878.jpg",768,878,true],"large":["https:\/\/www.losencuentrosdepamplona.com\/wp-content\/uploads\/2024\/06\/Carolina-B-Garcia-Estevez-c-Xenia-Fuentes.jpg",800,915,false],"thumblist":["https:\/\/www.losencuentrosdepamplona.com\/wp-content\/uploads\/2024\/06\/Carolina-B-Garcia-Estevez-c-Xenia-Fuentes-300x300.jpg",300,300,true],"thumbrelated":["https:\/\/www.losencuentrosdepamplona.com\/wp-content\/uploads\/2024\/06\/Carolina-B-Garcia-Estevez-c-Xenia-Fuentes-500x500.jpg",500,500,true],"meccarouselthumb":["https:\/\/www.losencuentrosdepamplona.com\/wp-content\/uploads\/2024\/06\/Carolina-B-Garcia-Estevez-c-Xenia-Fuentes-474x324.jpg",474,324,true],"gridsquare":["https:\/\/www.losencuentrosdepamplona.com\/wp-content\/uploads\/2024\/06\/Carolina-B-Garcia-Estevez-c-Xenia-Fuentes-391x260.jpg",391,260,true],"tileview":["https:\/\/www.losencuentrosdepamplona.com\/wp-content\/uploads\/2024\/06\/Carolina-B-Garcia-Estevez-c-Xenia-Fuentes-300x400.jpg",300,400,true],"1536x1536":["https:\/\/www.losencuentrosdepamplona.com\/wp-content\/uploads\/2024\/06\/Carolina-B-Garcia-Estevez-c-Xenia-Fuentes.jpg",800,915,false],"2048x2048":["https:\/\/www.losencuentrosdepamplona.com\/wp-content\/uploads\/2024\/06\/Carolina-B-Garcia-Estevez-c-Xenia-Fuentes.jpg",800,915,false],"neve-blog":["https:\/\/www.losencuentrosdepamplona.com\/wp-content\/uploads\/2024\/06\/Carolina-B-Garcia-Estevez-c-Xenia-Fuentes-800x620.jpg",800,620,true]},"uagb_author_info":{"display_name":"ec6eef2fcc","author_link":"https:\/\/www.losencuentrosdepamplona.com\/eu\/author\/"},"uagb_comment_info":0,"uagb_excerpt":"Idazlea eta Arte eta Arkitekturaren historialaria. Arkitektoa eta Arkitekturaren Teoria eta Historian doktorea (Kataluniako Unibertsitate Politeknikoa), tesi honekin: Opus angelicum. El imaginario arquitect\u00f3nico de las Eleg\u00edas de Duino, 1912-1922 (Bartzelona, 2012). Bartzelonako Arkitekturako Goi Eskola Teknikoko (ETSAB-UPC) Arte eta Arkitekturaren Historiako Serra H\u00fanter irakaslea da. Irakasle gonbidatua izan da honako hauetan: Ruprecht-Karls-Universit\u00e4t Heidelberg, University of&hellip;&nbsp;Read&hellip;","_links":{"self":[{"href":"https:\/\/www.losencuentrosdepamplona.com\/eu\/wp-json\/wp\/v2\/participante\/7308","targetHints":{"allow":["GET"]}}],"collection":[{"href":"https:\/\/www.losencuentrosdepamplona.com\/eu\/wp-json\/wp\/v2\/participante"}],"about":[{"href":"https:\/\/www.losencuentrosdepamplona.com\/eu\/wp-json\/wp\/v2\/types\/participante"}],"wp:featuredmedia":[{"embeddable":true,"href":"https:\/\/www.losencuentrosdepamplona.com\/eu\/wp-json\/wp\/v2\/media\/6852"}],"wp:attachment":[{"href":"https:\/\/www.losencuentrosdepamplona.com\/eu\/wp-json\/wp\/v2\/media?parent=7308"}],"wp:term":[{"taxonomy":"categoria-participante","embeddable":true,"href":"https:\/\/www.losencuentrosdepamplona.com\/eu\/wp-json\/wp\/v2\/categoria-participante?post=7308"}],"curies":[{"name":"wp","href":"https:\/\/api.w.org\/{rel}","templated":true}]}}