{"id":8762,"date":"2024-08-27T15:46:07","date_gmt":"2024-08-27T13:46:07","guid":{"rendered":"https:\/\/www.losencuentrosdepamplona.com\/participante\/cabeza-de-artista\/"},"modified":"2024-08-27T15:46:07","modified_gmt":"2024-08-27T13:46:07","slug":"cabeza-de-artista","status":"publish","type":"participante","link":"https:\/\/www.losencuentrosdepamplona.com\/eu\/participante\/cabeza-de-artista\/","title":{"rendered":"Cabeza de Artista"},"content":{"rendered":"\n<p>Alfredo Murillok eta Patxi Aldunatek osatutako proiektu artistikoa. Lankidetza hori 2004an hasi zen izenik gabe, Una Salida es Posible erakusketaren barnean Aranak eta Mediak instalazioarekin. Hurrengo urteetan hainbat esku hartze egin zituen Euskal Autonomia Erkidegoko, Valentziako Erkidegoko edo Nafarroako hainbat lekutan. 2013an Arte Garaikideko Huarte Zentroan egindako instalazioaren ondorioz sortu zen Cabeza de Artista izena. Izen horrekin hainbat proiektu egin dituzte orduz geroztik, hala nola <em>NON SERVIAM<\/em> Eibarko Portalean, <em>Partidero<\/em>, Landarte 2020ren barruan, Tulebras eta Barillasen edo <em>Dena airean dago<\/em> Iru\u00f1eko Ziudadelan. Nabarmentzekoa da 2021ean Iru\u00f1eko Apaindu galerian egindako AC\u00c9-PHALE erakusketa. Hainbat fanzine kolektibo ere koordinatu dituzte.<\/p>\n","protected":false},"featured_media":8691,"template":"","categoria-participante":[42],"class_list":["post-8762","participante","type-participante","status-publish","has-post-thumbnail","hentry","categoria-participante-artea-begi-bistakoa-zein-begietsia"],"acf":[],"yoast_head":"<!-- This site is optimized with the Yoast SEO plugin v23.5 - https:\/\/yoast.com\/wordpress\/plugins\/seo\/ -->\n<title>Cabeza de Artista - Encuentros de Pamplona \/ Iru\u00f1eko Topaketak<\/title>\n<meta name=\"robots\" content=\"index, follow, max-snippet:-1, max-image-preview:large, max-video-preview:-1\" \/>\n<link rel=\"canonical\" href=\"https:\/\/www.losencuentrosdepamplona.com\/eu\/participante\/cabeza-de-artista\/\" \/>\n<meta property=\"og:locale\" content=\"eu_ES\" \/>\n<meta property=\"og:type\" content=\"article\" \/>\n<meta property=\"og:title\" content=\"Cabeza de Artista - Encuentros de Pamplona \/ Iru\u00f1eko Topaketak\" \/>\n<meta property=\"og:description\" content=\"Alfredo Murillok eta Patxi Aldunatek osatutako proiektu artistikoa. Lankidetza hori 2004an hasi zen izenik gabe, Una Salida es Posible erakusketaren barnean Aranak eta Mediak instalazioarekin. Hurrengo urteetan hainbat esku hartze egin zituen Euskal Autonomia Erkidegoko, Valentziako Erkidegoko edo Nafarroako hainbat lekutan. 2013an Arte Garaikideko Huarte Zentroan egindako instalazioaren ondorioz sortu zen Cabeza de Artista izena.&hellip;&nbsp;Read More &raquo;Cabeza de Artista\" \/>\n<meta property=\"og:url\" content=\"https:\/\/www.losencuentrosdepamplona.com\/eu\/participante\/cabeza-de-artista\/\" \/>\n<meta property=\"og:site_name\" content=\"Encuentros de Pamplona \/ Iru\u00f1eko Topaketak\" \/>\n<meta property=\"article:publisher\" content=\"https:\/\/www.facebook.com\/encuentrosdepamplona\/\" \/>\n<meta property=\"og:image\" content=\"https:\/\/www.losencuentrosdepamplona.com\/wp-content\/uploads\/2024\/07\/CACH_cabezadeartista.jpg\" \/>\n\t<meta property=\"og:image:width\" content=\"1200\" \/>\n\t<meta property=\"og:image:height\" content=\"1200\" \/>\n\t<meta property=\"og:image:type\" content=\"image\/jpeg\" \/>\n<meta name=\"twitter:card\" content=\"summary_large_image\" \/>\n<meta name=\"twitter:site\" content=\"@encuentros2024\" \/>\n<meta name=\"twitter:label1\" content=\"Est. reading time\" \/>\n\t<meta name=\"twitter:data1\" content=\"1 minute\" \/>\n<script type=\"application\/ld+json\" class=\"yoast-schema-graph\">{\"@context\":\"https:\/\/schema.org\",\"@graph\":[{\"@type\":\"WebPage\",\"@id\":\"https:\/\/www.losencuentrosdepamplona.com\/eu\/participante\/cabeza-de-artista\/\",\"url\":\"https:\/\/www.losencuentrosdepamplona.com\/eu\/participante\/cabeza-de-artista\/\",\"name\":\"Cabeza de Artista - Encuentros de Pamplona \/ Iru\u00f1eko Topaketak\",\"isPartOf\":{\"@id\":\"https:\/\/www.losencuentrosdepamplona.com\/#website\"},\"primaryImageOfPage\":{\"@id\":\"https:\/\/www.losencuentrosdepamplona.com\/eu\/participante\/cabeza-de-artista\/#primaryimage\"},\"image\":{\"@id\":\"https:\/\/www.losencuentrosdepamplona.com\/eu\/participante\/cabeza-de-artista\/#primaryimage\"},\"thumbnailUrl\":\"https:\/\/www.losencuentrosdepamplona.com\/wp-content\/uploads\/2024\/07\/CACH_cabezadeartista.jpg\",\"datePublished\":\"2024-08-27T13:46:07+00:00\",\"dateModified\":\"2024-08-27T13:46:07+00:00\",\"breadcrumb\":{\"@id\":\"https:\/\/www.losencuentrosdepamplona.com\/eu\/participante\/cabeza-de-artista\/#breadcrumb\"},\"inLanguage\":\"eu-ES\",\"potentialAction\":[{\"@type\":\"ReadAction\",\"target\":[\"https:\/\/www.losencuentrosdepamplona.com\/eu\/participante\/cabeza-de-artista\/\"]}]},{\"@type\":\"ImageObject\",\"inLanguage\":\"eu-ES\",\"@id\":\"https:\/\/www.losencuentrosdepamplona.com\/eu\/participante\/cabeza-de-artista\/#primaryimage\",\"url\":\"https:\/\/www.losencuentrosdepamplona.com\/wp-content\/uploads\/2024\/07\/CACH_cabezadeartista.jpg\",\"contentUrl\":\"https:\/\/www.losencuentrosdepamplona.com\/wp-content\/uploads\/2024\/07\/CACH_cabezadeartista.jpg\",\"width\":1200,\"height\":1200},{\"@type\":\"BreadcrumbList\",\"@id\":\"https:\/\/www.losencuentrosdepamplona.com\/eu\/participante\/cabeza-de-artista\/#breadcrumb\",\"itemListElement\":[{\"@type\":\"ListItem\",\"position\":1,\"name\":\"Portada\",\"item\":\"https:\/\/www.losencuentrosdepamplona.com\/eu\/\"},{\"@type\":\"ListItem\",\"position\":2,\"name\":\"Cabeza de Artista\"}]},{\"@type\":\"WebSite\",\"@id\":\"https:\/\/www.losencuentrosdepamplona.com\/#website\",\"url\":\"https:\/\/www.losencuentrosdepamplona.com\/\",\"name\":\"Encuentros de Pamplona \/ Iru\u00f1eko Topaketak\",\"description\":\"Bienal internacional de cultura, arte y pensamiento\",\"publisher\":{\"@id\":\"https:\/\/www.losencuentrosdepamplona.com\/#organization\"},\"potentialAction\":[{\"@type\":\"SearchAction\",\"target\":{\"@type\":\"EntryPoint\",\"urlTemplate\":\"https:\/\/www.losencuentrosdepamplona.com\/?s={search_term_string}\"},\"query-input\":{\"@type\":\"PropertyValueSpecification\",\"valueRequired\":true,\"valueName\":\"search_term_string\"}}],\"inLanguage\":\"eu-ES\"},{\"@type\":\"Organization\",\"@id\":\"https:\/\/www.losencuentrosdepamplona.com\/#organization\",\"name\":\"Encuentros de Pamplona \/ Iru\u00f1eko Topaketak\",\"url\":\"https:\/\/www.losencuentrosdepamplona.com\/\",\"logo\":{\"@type\":\"ImageObject\",\"inLanguage\":\"eu-ES\",\"@id\":\"https:\/\/www.losencuentrosdepamplona.com\/#\/schema\/logo\/image\/\",\"url\":\"https:\/\/www.losencuentrosdepamplona.com\/wp-content\/uploads\/2024\/02\/encuentros__mid-dark.svg\",\"contentUrl\":\"https:\/\/www.losencuentrosdepamplona.com\/wp-content\/uploads\/2024\/02\/encuentros__mid-dark.svg\",\"width\":1103,\"height\":294,\"caption\":\"Encuentros de Pamplona \/ Iru\u00f1eko Topaketak\"},\"image\":{\"@id\":\"https:\/\/www.losencuentrosdepamplona.com\/#\/schema\/logo\/image\/\"},\"sameAs\":[\"https:\/\/www.facebook.com\/encuentrosdepamplona\/\",\"https:\/\/x.com\/encuentros2024\",\"https:\/\/www.instagram.com\/losencuentrosdepamplona\/?hl=es\"]}]}<\/script>\n<!-- \/ Yoast SEO plugin. -->","yoast_head_json":{"title":"Cabeza de Artista - Encuentros de Pamplona \/ Iru\u00f1eko Topaketak","robots":{"index":"index","follow":"follow","max-snippet":"max-snippet:-1","max-image-preview":"max-image-preview:large","max-video-preview":"max-video-preview:-1"},"canonical":"https:\/\/www.losencuentrosdepamplona.com\/eu\/participante\/cabeza-de-artista\/","og_locale":"eu_ES","og_type":"article","og_title":"Cabeza de Artista - Encuentros de Pamplona \/ Iru\u00f1eko Topaketak","og_description":"Alfredo Murillok eta Patxi Aldunatek osatutako proiektu artistikoa. Lankidetza hori 2004an hasi zen izenik gabe, Una Salida es Posible erakusketaren barnean Aranak eta Mediak instalazioarekin. Hurrengo urteetan hainbat esku hartze egin zituen Euskal Autonomia Erkidegoko, Valentziako Erkidegoko edo Nafarroako hainbat lekutan. 2013an Arte Garaikideko Huarte Zentroan egindako instalazioaren ondorioz sortu zen Cabeza de Artista izena.&hellip;&nbsp;Read More &raquo;Cabeza de Artista","og_url":"https:\/\/www.losencuentrosdepamplona.com\/eu\/participante\/cabeza-de-artista\/","og_site_name":"Encuentros de Pamplona \/ Iru\u00f1eko Topaketak","article_publisher":"https:\/\/www.facebook.com\/encuentrosdepamplona\/","og_image":[{"width":1200,"height":1200,"url":"https:\/\/www.losencuentrosdepamplona.com\/wp-content\/uploads\/2024\/07\/CACH_cabezadeartista.jpg","type":"image\/jpeg"}],"twitter_card":"summary_large_image","twitter_site":"@encuentros2024","twitter_misc":{"Est. reading time":"1 minute"},"schema":{"@context":"https:\/\/schema.org","@graph":[{"@type":"WebPage","@id":"https:\/\/www.losencuentrosdepamplona.com\/eu\/participante\/cabeza-de-artista\/","url":"https:\/\/www.losencuentrosdepamplona.com\/eu\/participante\/cabeza-de-artista\/","name":"Cabeza de Artista - Encuentros de Pamplona \/ Iru\u00f1eko Topaketak","isPartOf":{"@id":"https:\/\/www.losencuentrosdepamplona.com\/#website"},"primaryImageOfPage":{"@id":"https:\/\/www.losencuentrosdepamplona.com\/eu\/participante\/cabeza-de-artista\/#primaryimage"},"image":{"@id":"https:\/\/www.losencuentrosdepamplona.com\/eu\/participante\/cabeza-de-artista\/#primaryimage"},"thumbnailUrl":"https:\/\/www.losencuentrosdepamplona.com\/wp-content\/uploads\/2024\/07\/CACH_cabezadeartista.jpg","datePublished":"2024-08-27T13:46:07+00:00","dateModified":"2024-08-27T13:46:07+00:00","breadcrumb":{"@id":"https:\/\/www.losencuentrosdepamplona.com\/eu\/participante\/cabeza-de-artista\/#breadcrumb"},"inLanguage":"eu-ES","potentialAction":[{"@type":"ReadAction","target":["https:\/\/www.losencuentrosdepamplona.com\/eu\/participante\/cabeza-de-artista\/"]}]},{"@type":"ImageObject","inLanguage":"eu-ES","@id":"https:\/\/www.losencuentrosdepamplona.com\/eu\/participante\/cabeza-de-artista\/#primaryimage","url":"https:\/\/www.losencuentrosdepamplona.com\/wp-content\/uploads\/2024\/07\/CACH_cabezadeartista.jpg","contentUrl":"https:\/\/www.losencuentrosdepamplona.com\/wp-content\/uploads\/2024\/07\/CACH_cabezadeartista.jpg","width":1200,"height":1200},{"@type":"BreadcrumbList","@id":"https:\/\/www.losencuentrosdepamplona.com\/eu\/participante\/cabeza-de-artista\/#breadcrumb","itemListElement":[{"@type":"ListItem","position":1,"name":"Portada","item":"https:\/\/www.losencuentrosdepamplona.com\/eu\/"},{"@type":"ListItem","position":2,"name":"Cabeza de Artista"}]},{"@type":"WebSite","@id":"https:\/\/www.losencuentrosdepamplona.com\/#website","url":"https:\/\/www.losencuentrosdepamplona.com\/","name":"Encuentros de Pamplona \/ Iru\u00f1eko Topaketak","description":"Bienal internacional de cultura, arte y pensamiento","publisher":{"@id":"https:\/\/www.losencuentrosdepamplona.com\/#organization"},"potentialAction":[{"@type":"SearchAction","target":{"@type":"EntryPoint","urlTemplate":"https:\/\/www.losencuentrosdepamplona.com\/?s={search_term_string}"},"query-input":{"@type":"PropertyValueSpecification","valueRequired":true,"valueName":"search_term_string"}}],"inLanguage":"eu-ES"},{"@type":"Organization","@id":"https:\/\/www.losencuentrosdepamplona.com\/#organization","name":"Encuentros de Pamplona \/ Iru\u00f1eko Topaketak","url":"https:\/\/www.losencuentrosdepamplona.com\/","logo":{"@type":"ImageObject","inLanguage":"eu-ES","@id":"https:\/\/www.losencuentrosdepamplona.com\/#\/schema\/logo\/image\/","url":"https:\/\/www.losencuentrosdepamplona.com\/wp-content\/uploads\/2024\/02\/encuentros__mid-dark.svg","contentUrl":"https:\/\/www.losencuentrosdepamplona.com\/wp-content\/uploads\/2024\/02\/encuentros__mid-dark.svg","width":1103,"height":294,"caption":"Encuentros de Pamplona \/ Iru\u00f1eko Topaketak"},"image":{"@id":"https:\/\/www.losencuentrosdepamplona.com\/#\/schema\/logo\/image\/"},"sameAs":["https:\/\/www.facebook.com\/encuentrosdepamplona\/","https:\/\/x.com\/encuentros2024","https:\/\/www.instagram.com\/losencuentrosdepamplona\/?hl=es"]}]}},"uagb_featured_image_src":{"full":["https:\/\/www.losencuentrosdepamplona.com\/wp-content\/uploads\/2024\/07\/CACH_cabezadeartista.jpg",1200,1200,false],"thumbnail":["https:\/\/www.losencuentrosdepamplona.com\/wp-content\/uploads\/2024\/07\/CACH_cabezadeartista-150x150.jpg",150,150,true],"medium":["https:\/\/www.losencuentrosdepamplona.com\/wp-content\/uploads\/2024\/07\/CACH_cabezadeartista-300x300.jpg",300,300,true],"medium_large":["https:\/\/www.losencuentrosdepamplona.com\/wp-content\/uploads\/2024\/07\/CACH_cabezadeartista-768x768.jpg",768,768,true],"large":["https:\/\/www.losencuentrosdepamplona.com\/wp-content\/uploads\/2024\/07\/CACH_cabezadeartista-1024x1024.jpg",1024,1024,true],"thumblist":["https:\/\/www.losencuentrosdepamplona.com\/wp-content\/uploads\/2024\/07\/CACH_cabezadeartista-300x300.jpg",300,300,true],"thumbrelated":["https:\/\/www.losencuentrosdepamplona.com\/wp-content\/uploads\/2024\/07\/CACH_cabezadeartista-500x500.jpg",500,500,true],"meccarouselthumb":["https:\/\/www.losencuentrosdepamplona.com\/wp-content\/uploads\/2024\/07\/CACH_cabezadeartista-474x324.jpg",474,324,true],"gridsquare":["https:\/\/www.losencuentrosdepamplona.com\/wp-content\/uploads\/2024\/07\/CACH_cabezadeartista-391x260.jpg",391,260,true],"tileview":["https:\/\/www.losencuentrosdepamplona.com\/wp-content\/uploads\/2024\/07\/CACH_cabezadeartista-300x400.jpg",300,400,true],"1536x1536":["https:\/\/www.losencuentrosdepamplona.com\/wp-content\/uploads\/2024\/07\/CACH_cabezadeartista.jpg",1200,1200,false],"2048x2048":["https:\/\/www.losencuentrosdepamplona.com\/wp-content\/uploads\/2024\/07\/CACH_cabezadeartista.jpg",1200,1200,false],"neve-blog":["https:\/\/www.losencuentrosdepamplona.com\/wp-content\/uploads\/2024\/07\/CACH_cabezadeartista-930x620.jpg",930,620,true]},"uagb_author_info":{"display_name":"ec6eef2fcc","author_link":"https:\/\/www.losencuentrosdepamplona.com\/eu\/author\/"},"uagb_comment_info":0,"uagb_excerpt":"Alfredo Murillok eta Patxi Aldunatek osatutako proiektu artistikoa. Lankidetza hori 2004an hasi zen izenik gabe, Una Salida es Posible erakusketaren barnean Aranak eta Mediak instalazioarekin. Hurrengo urteetan hainbat esku hartze egin zituen Euskal Autonomia Erkidegoko, Valentziako Erkidegoko edo Nafarroako hainbat lekutan. 2013an Arte Garaikideko Huarte Zentroan egindako instalazioaren ondorioz sortu zen Cabeza de Artista izena.&hellip;&nbsp;Read&hellip;","_links":{"self":[{"href":"https:\/\/www.losencuentrosdepamplona.com\/eu\/wp-json\/wp\/v2\/participante\/8762","targetHints":{"allow":["GET"]}}],"collection":[{"href":"https:\/\/www.losencuentrosdepamplona.com\/eu\/wp-json\/wp\/v2\/participante"}],"about":[{"href":"https:\/\/www.losencuentrosdepamplona.com\/eu\/wp-json\/wp\/v2\/types\/participante"}],"wp:featuredmedia":[{"embeddable":true,"href":"https:\/\/www.losencuentrosdepamplona.com\/eu\/wp-json\/wp\/v2\/media\/8691"}],"wp:attachment":[{"href":"https:\/\/www.losencuentrosdepamplona.com\/eu\/wp-json\/wp\/v2\/media?parent=8762"}],"wp:term":[{"taxonomy":"categoria-participante","embeddable":true,"href":"https:\/\/www.losencuentrosdepamplona.com\/eu\/wp-json\/wp\/v2\/categoria-participante?post=8762"}],"curies":[{"name":"wp","href":"https:\/\/api.w.org\/{rel}","templated":true}]}}